
{"version":"1.0","provider_name":"Freddy Morezon","provider_url":"https:\/\/freddymorezon.org\/en","title":"15 ans ! Freddy Morezon & Un Pav\u00e9 dans le Jazz au Th\u00e9\u00e2tre du Pav\u00e9 | Freddy Morezon","type":"rich","width":600,"height":338,"html":"<blockquote class=\"wp-embedded-content\" data-secret=\"5HDTqtGbkh\"><a href=\"https:\/\/freddymorezon.org\/en\/2017\/03\/22\/15-ans-freddy-morezon-pave-jazz\/\">15 ans ! Freddy Morezon &#038; Un Pav\u00e9 dans le Jazz au Th\u00e9\u00e2tre du Pav\u00e9<\/a><\/blockquote><iframe sandbox=\"allow-scripts\" security=\"restricted\" src=\"https:\/\/freddymorezon.org\/en\/2017\/03\/22\/15-ans-freddy-morezon-pave-jazz\/embed\/#?secret=5HDTqtGbkh\" width=\"600\" height=\"338\" title=\"&#8220;15 ans ! Freddy Morezon &#038; Un Pav\u00e9 dans le Jazz au Th\u00e9\u00e2tre du Pav\u00e9&#8221; &#8212; Freddy Morezon\" data-secret=\"5HDTqtGbkh\" frameborder=\"0\" marginwidth=\"0\" marginheight=\"0\" scrolling=\"no\" class=\"wp-embedded-content\"><\/iframe><script type=\"text\/javascript\">\n\/* <![CDATA[ *\/\n\/*! This file is auto-generated *\/\n!function(d,l){\"use strict\";l.querySelector&&d.addEventListener&&\"undefined\"!=typeof URL&&(d.wp=d.wp||{},d.wp.receiveEmbedMessage||(d.wp.receiveEmbedMessage=function(e){var t=e.data;if((t||t.secret||t.message||t.value)&&!\/[^a-zA-Z0-9]\/.test(t.secret)){for(var s,r,n,a=l.querySelectorAll('iframe[data-secret=\"'+t.secret+'\"]'),o=l.querySelectorAll('blockquote[data-secret=\"'+t.secret+'\"]'),c=new RegExp(\"^https?:$\",\"i\"),i=0;i<o.length;i++)o[i].style.display=\"none\";for(i=0;i<a.length;i++)s=a[i],e.source===s.contentWindow&&(s.removeAttribute(\"style\"),\"height\"===t.message?(1e3<(r=parseInt(t.value,10))?r=1e3:~~r<200&&(r=200),s.height=r):\"link\"===t.message&&(r=new URL(s.getAttribute(\"src\")),n=new URL(t.value),c.test(n.protocol))&&n.host===r.host&&l.activeElement===s&&(d.top.location.href=t.value))}},d.addEventListener(\"message\",d.wp.receiveEmbedMessage,!1),l.addEventListener(\"DOMContentLoaded\",function(){for(var e,t,s=l.querySelectorAll(\"iframe.wp-embedded-content\"),r=0;r<s.length;r++)(t=(e=s[r]).getAttribute(\"data-secret\"))||(t=Math.random().toString(36).substring(2,12),e.src+=\"#?secret=\"+t,e.setAttribute(\"data-secret\",t)),e.contentWindow.postMessage({message:\"ready\",secret:t},\"*\")},!1)))}(window,document);\n\/* ]]> *\/\n<\/script>\n","thumbnail_url":"https:\/\/freddymorezon.org\/wp-content\/uploads\/2016\/11\/bandeau_site_15anspavefreddym02.jpg","thumbnail_width":1600,"thumbnail_height":820,"description":"Les 8 et 9 avril prochains, on f\u00eate nos 15 ans d&#8217;existence, conjointement avec Un Pav\u00e9 dans le Jazz ! Quinze ans d\u2019activit\u00e9s-activisme au service des sc\u00e8nes du jazz et de la musique improvis\u00e9e, \u00e0 Toulouse et ailleurs, pour le Pav\u00e9 dans le Jazz comme pour Freddy Morezon, c\u00e9l\u00e9br\u00e9s par toute une programmation sur un&hellip;Continue reading &rarr;"}