
{"id":132,"date":"2016-02-04T16:26:17","date_gmt":"2016-02-04T15:26:17","guid":{"rendered":"https:\/\/freddymorezon.org\/?page_id=132"},"modified":"2024-09-23T14:44:18","modified_gmt":"2024-09-23T13:44:18","slug":"duo-wodrascka-evrard","status":"publish","type":"page","link":"https:\/\/freddymorezon.org\/en\/catalogue\/duo-wodrascka-evrard\/","title":{"rendered":"Duo Wodrascka-Evrard"},"content":{"rendered":"<div id=\"pl-132\"  class=\"panel-layout\" ><div id=\"pg-132-0\"  class=\"panel-grid panel-no-style\" ><div id=\"pgc-132-0-0\"  class=\"panel-grid-cell\" ><div id=\"panel-132-0-0-0\" class=\"so-panel widget widget_eo_event_list_widget EO_Event_List_Widget panel-first-child\" data-index=\"0\" >\n\n<\/div><div id=\"panel-132-0-0-1\" class=\"so-panel widget widget_sow-editor\" data-index=\"1\" ><div\n\t\t\t\n\t\t\tclass=\"so-widget-sow-editor so-widget-sow-editor-base\"\n\t\t\t\n\t\t>\n<div class=\"siteorigin-widget-tinymce textwidget\">\n\t<h3>News<\/h3>\n<p>The duo's album has been released this autumn 2019 on the brand new label of the GMEA, \"Montagne Noire\". <i class=\"fa fa-chevron-right fa-2x\"><\/i> <a href=\"http:\/\/montagnenoire.org\/disques\/article\/mn2-jean-yves-evrard-christine-wodrascka\" target=\"_blank\">more infos<\/a><\/p>\n<\/div>\n<\/div><\/div><div id=\"panel-132-0-0-2\" class=\"so-panel widget widget_sow-headline\" data-index=\"2\" ><div\n\t\t\t\n\t\t\tclass=\"so-widget-sow-headline so-widget-sow-headline-default-f6f7cdd9a3c6-132\"\n\t\t\t\n\t\t><div class=\"sow-headline-container \">\n\t\t\t\t\t\t<div class=\"decoration\">\n\t\t\t\t\t\t<div class=\"decoration-inside\"><\/div>\n\t\t\t\t\t<\/div>\n\t\t\t\t\t<\/div>\n<\/div><\/div><div id=\"panel-132-0-0-3\" class=\"so-panel widget widget_sow-editor\" data-index=\"3\" ><div\n\t\t\t\n\t\t\tclass=\"so-widget-sow-editor so-widget-sow-editor-base\"\n\t\t\t\n\t\t>\n<div class=\"siteorigin-widget-tinymce textwidget\">\n\t<h3>Line-up<\/h3>\n<p><strong>Christine Wodrascka :<\/strong> piano<br \/>\n<strong>Jean-Yves Evrard :<\/strong> guitar<\/p>\n<\/div>\n<\/div><\/div><div id=\"panel-132-0-0-4\" class=\"so-panel widget widget_sow-editor\" data-index=\"4\" ><div\n\t\t\t\n\t\t\tclass=\"so-widget-sow-editor so-widget-sow-editor-base\"\n\t\t\t\n\t\t>\n<div class=\"siteorigin-widget-tinymce textwidget\">\n\t<h3>listen<\/h3>\n<p><iframe style=\"border: 0; width: 100%; height: 265px;\" src=\"https:\/\/bandcamp.com\/EmbeddedPlayer\/album=3530644996\/size=large\/bgcol=ffffff\/linkcol=de270f\/artwork=none\/transparent=true\/\" seamless><a href=\"http:\/\/montagnenoire.bandcamp.com\/album\/jean-yves-evrard-christine-wodrascka\">JEAN-YVES  EVRARD &amp; CHRISTINE  WODRASCKA by Jean-Yves Evrard, Christine Wodrascka<\/a><\/iframe><\/p>\n<\/div>\n<\/div><\/div><div id=\"panel-132-0-0-5\" class=\"so-panel widget widget_sow-headline\" data-index=\"5\" ><div\n\t\t\t\n\t\t\tclass=\"so-widget-sow-headline so-widget-sow-headline-default-f6f7cdd9a3c6-132\"\n\t\t\t\n\t\t><div class=\"sow-headline-container \">\n\t\t\t\t\t\t<div class=\"decoration\">\n\t\t\t\t\t\t<div class=\"decoration-inside\"><\/div>\n\t\t\t\t\t<\/div>\n\t\t\t\t\t<\/div>\n<\/div><\/div><div id=\"panel-132-0-0-6\" class=\"so-panel widget widget_sow-editor\" data-index=\"6\" ><div\n\t\t\t\n\t\t\tclass=\"so-widget-sow-editor so-widget-sow-editor-base\"\n\t\t\t\n\t\t>\n<div class=\"siteorigin-widget-tinymce textwidget\">\n\t<h3>Contact<\/h3>\n<p>Claire Dabos \/\/ claire@freddymorezon.org<\/p>\n<\/div>\n<\/div><\/div><div id=\"panel-132-0-0-7\" class=\"so-panel widget widget_sow-headline\" data-index=\"7\" ><div\n\t\t\t\n\t\t\tclass=\"so-widget-sow-headline so-widget-sow-headline-default-f6f7cdd9a3c6-132\"\n\t\t\t\n\t\t><div class=\"sow-headline-container \">\n\t\t\t\t\t\t<div class=\"decoration\">\n\t\t\t\t\t\t<div class=\"decoration-inside\"><\/div>\n\t\t\t\t\t<\/div>\n\t\t\t\t\t<\/div>\n<\/div><\/div><div id=\"panel-132-0-0-8\" class=\"so-panel widget widget_sow-editor\" data-index=\"8\" ><div\n\t\t\t\n\t\t\tclass=\"so-widget-sow-editor so-widget-sow-editor-base\"\n\t\t\t\n\t\t>\n<div class=\"siteorigin-widget-tinymce textwidget\">\n\t<h3>Press review<\/h3>\n<div class=\"pt-cv-wrapper\">\n<div class=\"pt-cv-view pt-cv-scrollable pt-cv-colsys pt-cv-left pt-cv-sharp-buttons\" id=\"pt-cv-view-9f94bferdh\">\n<div data-id=\"pt-cv-page-1\" class=\"pt-cv-page\" data-cvc=\"1\">\n<div id=\"bb2521bv3j\" class=\"pt-cv-carousel pt-cv-slide\" data-ride=\"cvcarousel\" data-interval=false>\n<div class=\"carousel-inner\">\n<div class=\"item active\">\n<div class=\"row\">\n<div class=\"col-md-12 col-sm-12 col-xs-12 pt-cv-content-item pt-cv-1-col\"  data-pid=\"7944\">\n<div class=\"pt-cv-carousel-caption pt-cv-cap-wo-img\"><span class=\"dashicons dashicons-format-quote pt-cv-pficon\"><\/span><\/p>\n<div class=\"pt-cv-content\">\n<h4 style=\"text-align: right;\">Le son du Grisli<\/h4>\n<blockquote>\n<p>[\u2026] Une rencontre qui a bien fait d\u2019avoir eu lieu.<br \/>\nY montent des rumeurs de piano qui feront bient\u00f4t l\u2019effet d\u2019une d\u00e9ferlante apr\u00e8s laquelle on n\u2019oserait plus rien imaginer. Or, de la guitare d\u2019Evrard \u00e9mergent des notes qui cr\u00e9pitent, et insistent apr\u00e8s le piano : c\u2019est \u00e0 une musique de sombres m\u00e9andres et non \u00e0 des notes qui batifolent sans compter que les deux instruments ont \u00e9t\u00e9 consacr\u00e9s. Rampantes, les tra\u00een\u00e9es de sons que le duo laisse derri\u00e8re lui jouent de stridences, d\u2019\u00e9tranges accordages, de ronflements voire d\u2019\u00e9touffements. Comment, apr\u00e8s cela, \u00e9tait-il possible d\u2019intituler la rencontre ?<\/p>\n<\/blockquote>\n<p style=\"text-align: right;\">Guillaume Belhomme, Le Son du Grisli, octobre 2019<\/p>\n<p style=\"text-align: right;\"><a href=\"http:\/\/grisli.canalblog.com\/archives\/2019\/09\/30\/37673823.html\" target=\"_blank\" rel=\"noopener noreferrer\"><i class=\"fa fa-chevron-right fa-2x\"><\/i> lire la chronique<\/a><\/p>\n<\/div>\n<\/div>\n<\/div>\n<\/div>\n<\/div>\n<\/div>\n<\/div>\n<\/div>\n<\/div>\n<\/div>\n<style type=\"text\/css\" id=\"pt-cv-inline-style-9241c49uh0\">#pt-cv-view-9f94bferdh.pt-cv-post-border .pt-cv-content-item   { border-top-style: solid; border-left-style: solid; }\n#pt-cv-view-9f94bferdh .pt-cv-title a, #pt-cv-view-9f94bferdh  .panel-title { font-weight: 600 !important; }\n#pt-cv-view-9f94bferdh .pt-cv-specialp * { font-size: 13px !important; line-height: 1.3 !important; color: #fff !important; background-color: #CC3333 !important; }\n#pt-cv-view-9f94bferdh .pt-cv-pficon  { color: #bbb !important; }\n#pt-cv-view-9f94bferdh  .add_to_cart_button, #pt-cv-view-9f94bferdh  .add_to_cart_button *   { color: #ffffff !important; background-color: #00aeef !important; }\n#pt-cv-view-9f94bferdh  .woocommerce-onsale   { color: #ffffff !important; background-color: #ff5a5f !important; }\n#pt-cv-view-9f94bferdh .pt-cv-readmore  { color: #ffffff !important; background-color: #00aeef !important; }\n#pt-cv-view-9f94bferdh .pt-cv-readmore:hover  { color: #ffffff !important; background-color: #00aeef !important; }\n#pt-cv-view-9f94bferdh  + .pt-cv-pagination-wrapper .pt-cv-more , #pt-cv-view-9f94bferdh  + .pt-cv-pagination-wrapper .pagination .active a { color: #ffffff !important; background-color: #00aeef !important; }\n#pt-cv-view-9f94bferdh .pt-cv-gls-header  { background-color: #00aeef !important; }\n#pt-cv-view-9f94bferdh .pt-cv-tao  { font-size: 20px !important; line-height: 1.3 !important; color: #ffffff !important; background-color: #00aeef !important; }\n#pt-cv-view-9f94bferdh { text-align: left; }<\/style>\n<\/div>\n<\/div><\/div><div id=\"panel-132-0-0-9\" class=\"so-panel widget widget_sow-headline\" data-index=\"9\" ><div\n\t\t\t\n\t\t\tclass=\"so-widget-sow-headline so-widget-sow-headline-default-f6f7cdd9a3c6-132\"\n\t\t\t\n\t\t><div class=\"sow-headline-container \">\n\t\t\t\t\t\t<div class=\"decoration\">\n\t\t\t\t\t\t<div class=\"decoration-inside\"><\/div>\n\t\t\t\t\t<\/div>\n\t\t\t\t\t<\/div>\n<\/div><\/div><div id=\"panel-132-0-0-10\" class=\"so-panel widget widget_sow-editor panel-last-child\" data-index=\"10\" ><div\n\t\t\t\n\t\t\tclass=\"so-widget-sow-editor so-widget-sow-editor-base\"\n\t\t\t\n\t\t>\n<div class=\"siteorigin-widget-tinymce textwidget\">\n\t<h3>links<\/h3>\n<ul>\n<li><i class=\"fa fa-chevron-right fa-2x\"><\/i> <a title=\"Christine Wodrascka\" href=\"https:\/\/freddymorezon.org\/artistes\/christine-wodrascka\/\">Christine Wodrascka<\/a><\/li>\n<\/ul>\n<\/div>\n<\/div><\/div><\/div><div id=\"pgc-132-0-1\"  class=\"panel-grid-cell\" ><div id=\"panel-132-0-1-0\" class=\"so-panel widget widget_sow-editor panel-first-child panel-last-child\" data-index=\"11\" ><div\n\t\t\t\n\t\t\tclass=\"so-widget-sow-editor so-widget-sow-editor-base\"\n\t\t\t\n\t\t>\n<div class=\"siteorigin-widget-tinymce textwidget\">\n\t<h1>Duo Wodrascka-Evrard<\/h1>\n<p>Deux personnalit\u00e9s. Deux instruments diff\u00e9rents. Christine Wodrascka, pianiste et improvisatrice, et Jean-Yves Evrard, guitariste et improvisateur, produisent une seule et m\u00eame mati\u00e8re sonore complexe, somme homog\u00e8ne et multiple, pr\u00f4nant une libert\u00e9 nich\u00e9e dans l\u2019interstice des notes. Les deux musiciens, d\u00e9barrass\u00e9s des conventions, des discours et des formes, deviennent r\u00e9cepteurs puis restituteurs des fr\u00e9quences et des vibrations enveloppant les espaces. \u00c0 l\u2019unisson, les instruments se font alors prolongement de cette masse sonore, libre et luxuriante.<\/p>\n<p>Christine Wodrascka et Jean-Yves Evrard sont deux figures majeures de la musique improvis\u00e9e. Les deux artistes ont suivi chacun un chemin parall\u00e8le, jalonn\u00e9 de m\u00eame figures tut\u00e9laires (Misha Mengelberg, John Cage...) et de rencontres communes (Fred Frith, Peter Jacquemin, Jean Luc Cappozzo...). Ils partagent un rapport particulier \u00e0 la musique \u00e9crite, dont ils nourrissent \u00e0 chaque seconde leur jeu d\u2019improvisateur. Leur duo, perp\u00e9tuellement renouvel\u00e9, a vu le jour en septembre 2013 \u00e0 l'occasion de La Carte Blanche \u00e0 Freddy Morezon au Petit Faucheux de Tours. Une musique de l'instant, charg\u00e9e de po\u00e9sie vivante et libre.<br \/>\nL'album du duo, enregistr\u00e9 au GMEA - Centre National de Cr\u00e9ation Musicale d\u2019Albi-Tarn, est paru sur le label Montagne Noire en octobre 2019.<\/p>\n<h3>Videos<\/h3>\n<div class=\"pt-cv-wrapper\">\n<div class=\"pt-cv-view pt-cv-scrollable pt-cv-colsys pt-cv-left pt-cv-sharp-buttons\" id=\"pt-cv-view-1dc018ee40\">\n<div data-id=\"pt-cv-page-1\" class=\"pt-cv-page\" data-cvc=\"2\">\n<div id=\"dd56dafkc0\" class=\"pt-cv-carousel pt-cv-slide\" data-ride=\"cvcarousel\" data-interval=false>\n<div class=\"carousel-inner\">\n<div class=\"item active\">\n<div class=\"row\">\n<div class=\"col-md-6 col-sm-6 col-xs-12 pt-cv-content-item pt-cv-1-col\"  data-pid=\"1217\">\n<div class=\"pt-cv-carousel-caption pt-cv-cap-wo-img\">\n<div class=\"pt-cv-content\">\n<p><iframe loading=\"lazy\" width=\"790\" height=\"444\" src=\"https:\/\/www.youtube.com\/embed\/BxVJ64SNvus?feature=oembed\" frameborder=\"0\" allowfullscreen><\/iframe><br \/>\nPrise de son et mixage : Fr\u00e9d\u00e9ric Legras<br \/>\nImage : Le\u00efla Morouche et Christina Hallstr\u00f6m<br \/>\nMontage : Le\u00efla Morouche<\/p>\n<\/div>\n<\/div>\n<\/div>\n<div class=\"col-md-6 col-sm-6 col-xs-12 pt-cv-content-item pt-cv-1-col\"  data-pid=\"1219\">\n<div class=\"pt-cv-carousel-caption pt-cv-cap-wo-img\">\n<div class=\"pt-cv-content\">\n<p><iframe loading=\"lazy\" width=\"790\" height=\"444\" src=\"https:\/\/www.youtube.com\/embed\/6g-sDpGZrMk?feature=oembed\" frameborder=\"0\" allowfullscreen><\/iframe><br \/>\nPrise de son et mixage : Fr\u00e9d\u00e9ric Legras<br \/>\nImage : Le\u00efla Morouche et Christina Hallstr\u00f6m<br \/>\nMontage : Le\u00efla Morouche<\/p>\n<\/div>\n<\/div>\n<\/div>\n<\/div>\n<\/div>\n<div class=\"item\">\n<div class=\"row\">\n<div class=\"col-md-6 col-sm-6 col-xs-12 pt-cv-content-item pt-cv-1-col\"  data-pid=\"1221\">\n<div class=\"pt-cv-carousel-caption pt-cv-cap-wo-img\">\n<div class=\"pt-cv-content\">\n<p><iframe loading=\"lazy\" width=\"790\" height=\"444\" src=\"https:\/\/www.youtube.com\/embed\/videoseries?list=PLG_k4hTlcRtI0OgPCqTEHgcgRkcopofOE\" frameborder=\"0\" allowfullscreen><\/iframe><\/p>\n<\/div>\n<\/div>\n<\/div>\n<\/div>\n<\/div>\n<\/div>\n<p><a class=\"left carousel-control\" data-target=\"#dd56dafkc0\" data-cvslide=\"prev\"><br \/>\n\t\t\t\t\t\t<span class=\"glyphicon glyphicon-chevron-left\"><\/span><br \/>\n\t\t\t\t\t<\/a><br \/>\n\t\t\t\t\t<a class=\"right carousel-control\" data-target=\"#dd56dafkc0\" data-cvslide=\"next\"><br \/>\n\t\t\t\t\t\t<span class=\"glyphicon glyphicon-chevron-right\"><\/span><br \/>\n\t\t\t\t\t<\/a><\/div>\n<\/div>\n<\/div>\n<\/div>\n<style type=\"text\/css\" id=\"pt-cv-inline-style-ba24ab670o\">#pt-cv-view-1dc018ee40.pt-cv-post-border .pt-cv-content-item   { border-top-style: solid; border-left-style: solid; }\n#pt-cv-view-1dc018ee40 .pt-cv-title a, #pt-cv-view-1dc018ee40  .panel-title { font-weight: 600 !important; }\n#pt-cv-view-1dc018ee40 .pt-cv-specialp * { font-size: 13px !important; line-height: 1.3 !important; color: #fff !important; background-color: #CC3333 !important; }\n#pt-cv-view-1dc018ee40 .pt-cv-pficon  { color: #bbb !important; }\n#pt-cv-view-1dc018ee40  .add_to_cart_button, #pt-cv-view-1dc018ee40  .add_to_cart_button *   { color: #ffffff !important; background-color: #00aeef !important; }\n#pt-cv-view-1dc018ee40  .woocommerce-onsale   { color: #ffffff !important; background-color: #ff5a5f !important; }\n#pt-cv-view-1dc018ee40 .pt-cv-readmore  { color: #ffffff !important; background-color: #00aeef !important; }\n#pt-cv-view-1dc018ee40 .pt-cv-readmore:hover  { color: #ffffff !important; background-color: #00aeef !important; }\n#pt-cv-view-1dc018ee40  + .pt-cv-pagination-wrapper .pt-cv-more , #pt-cv-view-1dc018ee40  + .pt-cv-pagination-wrapper .pagination .active a { color: #ffffff !important; background-color: #00aeef !important; }\n#pt-cv-view-1dc018ee40 .pt-cv-gls-header  { background-color: #00aeef !important; }\n#pt-cv-view-1dc018ee40 .pt-cv-tao  { font-size: 20px !important; line-height: 1.3 !important; color: #ffffff !important; background-color: #00aeef !important; }\n#pt-cv-view-1dc018ee40 { text-align: left; }<\/style>\n<\/div>\n<\/div><\/div><\/div><\/div><\/div>","protected":false},"excerpt":{"rendered":"<p>Christine Wodrascka et Jean-Yves Evrard sont tous deux des figures discr\u00e8tes mais majeures de la musique improvis\u00e9e. Les deux artistes ont suivi chacun un chemin parall\u00e8le, jalonn\u00e9 de m\u00eame figures tut\u00e9laires (Misha Mengelberg, John Cage\u2026) et de rencontres communes (Fred Frith, Peter Jacquemin, Jean Luc Cappozzo\u2026). Ils partagent \u00e9galement un rapport particulier \u00e0 la musique \u00e9crite, dont ils nourrissent \u00e0 chaque seconde leur jeu d\u2019improvisateur.<\/p>\n","protected":false},"author":1,"featured_media":25,"parent":134,"menu_order":0,"comment_status":"closed","ping_status":"closed","template":"page-templates\/full-width.php","meta":{"om_disable_all_campaigns":false,"_monsterinsights_skip_tracking":false,"_monsterinsights_sitenote_active":false,"_monsterinsights_sitenote_note":"","_monsterinsights_sitenote_category":0,"_uf_show_specific_survey":0,"_uf_disable_surveys":false,"footnotes":""},"categories":[283],"tags":[7,8],"class_list":["post-132","page","type-page","status-publish","has-post-thumbnail","hentry","category-christine-wodrascka","tag-christine-wodrascka","tag-jean-yves-evrard"],"aioseo_notices":[],"yoast_head":"<!-- This site is optimized with the Yoast SEO plugin v27.4 - https:\/\/yoast.com\/product\/yoast-seo-wordpress\/ -->\n<title>Duo Wodrascka-Evrard | Freddy Morezon<\/title>\n<meta name=\"description\" content=\"Christine Wodrascka : piano - Jean-Yves Evrard : guitare. Christine Wodrascka et Jean-Yves Evrard sont tous deux des figures discr\u00e8tes mais majeures de la musique improvis\u00e9e. Les deux artistes ont suivi chacun un chemin parall\u00e8le, jalonn\u00e9 de m\u00eame figures tut\u00e9laires (Misha Mengelberg, John Cage\u2026) et de rencontres communes (Fred Frith, Peter Jacquemin, Jean Luc Cappozzo\u2026). Ils partagent \u00e9galement un rapport particulier \u00e0 la musique \u00e9crite, dont ils nourrissent \u00e0 chaque seconde leur jeu d\u2019improvisateur. Une musique charg\u00e9e de po\u00e9sie vivante et libre.\" \/>\n<meta name=\"robots\" content=\"index, follow, max-snippet:-1, max-image-preview:large, max-video-preview:-1\" \/>\n<link rel=\"canonical\" href=\"https:\/\/freddymorezon.org\/catalogue\/duo-wodrascka-evrard\/\" \/>\n<meta property=\"og:locale\" content=\"en_US\" \/>\n<meta property=\"og:type\" content=\"article\" \/>\n<meta property=\"og:title\" content=\"Duo Wodrascka-Evrard | Freddy Morezon\" \/>\n<meta property=\"og:description\" content=\"Christine Wodrascka : piano - Jean-Yves Evrard : guitare. Christine Wodrascka et Jean-Yves Evrard sont tous deux des figures discr\u00e8tes mais majeures de la musique improvis\u00e9e. Les deux artistes ont suivi chacun un chemin parall\u00e8le, jalonn\u00e9 de m\u00eame figures tut\u00e9laires (Misha Mengelberg, John Cage\u2026) et de rencontres communes (Fred Frith, Peter Jacquemin, Jean Luc Cappozzo\u2026). Ils partagent \u00e9galement un rapport particulier \u00e0 la musique \u00e9crite, dont ils nourrissent \u00e0 chaque seconde leur jeu d\u2019improvisateur. Une musique charg\u00e9e de po\u00e9sie vivante et libre.\" \/>\n<meta property=\"og:url\" content=\"https:\/\/freddymorezon.org\/catalogue\/duo-wodrascka-evrard\/\" \/>\n<meta property=\"og:site_name\" content=\"Freddy Morezon\" \/>\n<meta property=\"article:publisher\" content=\"https:\/\/www.facebook.com\/freddy.morezon\/\" \/>\n<meta property=\"article:modified_time\" content=\"2024-09-23T13:44:18+00:00\" \/>\n<meta property=\"og:image\" content=\"https:\/\/freddymorezon.org\/wp-content\/uploads\/2016\/02\/duo-Christine-Wodrascka-Jean-Yves-Evrard.jpg\" \/>\n\t<meta property=\"og:image:width\" content=\"1366\" \/>\n\t<meta property=\"og:image:height\" content=\"768\" \/>\n\t<meta property=\"og:image:type\" content=\"image\/jpeg\" \/>\n<meta name=\"twitter:card\" content=\"summary_large_image\" \/>\n<script type=\"application\/ld+json\" class=\"yoast-schema-graph\">{\"@context\":\"https:\\\/\\\/schema.org\",\"@graph\":[{\"@type\":\"WebPage\",\"@id\":\"https:\\\/\\\/freddymorezon.org\\\/catalogue\\\/duo-wodrascka-evrard\\\/\",\"url\":\"https:\\\/\\\/freddymorezon.org\\\/catalogue\\\/duo-wodrascka-evrard\\\/\",\"name\":\"Duo Wodrascka-Evrard | Freddy Morezon\",\"isPartOf\":{\"@id\":\"https:\\\/\\\/freddymorezon.org\\\/#website\"},\"primaryImageOfPage\":{\"@id\":\"https:\\\/\\\/freddymorezon.org\\\/catalogue\\\/duo-wodrascka-evrard\\\/#primaryimage\"},\"image\":{\"@id\":\"https:\\\/\\\/freddymorezon.org\\\/catalogue\\\/duo-wodrascka-evrard\\\/#primaryimage\"},\"thumbnailUrl\":\"https:\\\/\\\/freddymorezon.org\\\/wp-content\\\/uploads\\\/2016\\\/02\\\/duo-Christine-Wodrascka-Jean-Yves-Evrard.jpg\",\"datePublished\":\"2016-02-04T15:26:17+00:00\",\"dateModified\":\"2024-09-23T13:44:18+00:00\",\"description\":\"Christine Wodrascka : piano - Jean-Yves Evrard : guitare. Christine Wodrascka et Jean-Yves Evrard sont tous deux des figures discr\u00e8tes mais majeures de la musique improvis\u00e9e. Les deux artistes ont suivi chacun un chemin parall\u00e8le, jalonn\u00e9 de m\u00eame figures tut\u00e9laires (Misha Mengelberg, John Cage\u2026) et de rencontres communes (Fred Frith, Peter Jacquemin, Jean Luc Cappozzo\u2026). Ils partagent \u00e9galement un rapport particulier \u00e0 la musique \u00e9crite, dont ils nourrissent \u00e0 chaque seconde leur jeu d\u2019improvisateur. Une musique charg\u00e9e de po\u00e9sie vivante et libre.\",\"breadcrumb\":{\"@id\":\"https:\\\/\\\/freddymorezon.org\\\/catalogue\\\/duo-wodrascka-evrard\\\/#breadcrumb\"},\"inLanguage\":\"en-US\",\"potentialAction\":[{\"@type\":\"ReadAction\",\"target\":[\"https:\\\/\\\/freddymorezon.org\\\/catalogue\\\/duo-wodrascka-evrard\\\/\"]}]},{\"@type\":\"ImageObject\",\"inLanguage\":\"en-US\",\"@id\":\"https:\\\/\\\/freddymorezon.org\\\/catalogue\\\/duo-wodrascka-evrard\\\/#primaryimage\",\"url\":\"https:\\\/\\\/freddymorezon.org\\\/wp-content\\\/uploads\\\/2016\\\/02\\\/duo-Christine-Wodrascka-Jean-Yves-Evrard.jpg\",\"contentUrl\":\"https:\\\/\\\/freddymorezon.org\\\/wp-content\\\/uploads\\\/2016\\\/02\\\/duo-Christine-Wodrascka-Jean-Yves-Evrard.jpg\",\"width\":1366,\"height\":768},{\"@type\":\"BreadcrumbList\",\"@id\":\"https:\\\/\\\/freddymorezon.org\\\/catalogue\\\/duo-wodrascka-evrard\\\/#breadcrumb\",\"itemListElement\":[{\"@type\":\"ListItem\",\"position\":1,\"name\":\"Accueil\",\"item\":\"https:\\\/\\\/freddymorezon.org\\\/\"},{\"@type\":\"ListItem\",\"position\":2,\"name\":\"Catalogue\",\"item\":\"https:\\\/\\\/freddymorezon.org\\\/catalogue\\\/\"},{\"@type\":\"ListItem\",\"position\":3,\"name\":\"Duo Wodrascka-Evrard\"}]},{\"@type\":\"WebSite\",\"@id\":\"https:\\\/\\\/freddymorezon.org\\\/#website\",\"url\":\"https:\\\/\\\/freddymorezon.org\\\/\",\"name\":\"Freddy Morezon\",\"description\":\"jazz - musique improvis\u00e9e - esth\u00e9tiques plurielles\",\"publisher\":{\"@id\":\"https:\\\/\\\/freddymorezon.org\\\/#organization\"},\"potentialAction\":[{\"@type\":\"SearchAction\",\"target\":{\"@type\":\"EntryPoint\",\"urlTemplate\":\"https:\\\/\\\/freddymorezon.org\\\/?s={search_term_string}\"},\"query-input\":{\"@type\":\"PropertyValueSpecification\",\"valueRequired\":true,\"valueName\":\"search_term_string\"}}],\"inLanguage\":\"en-US\"},{\"@type\":\"Organization\",\"@id\":\"https:\\\/\\\/freddymorezon.org\\\/#organization\",\"name\":\"Association Freddy Morezon\",\"url\":\"https:\\\/\\\/freddymorezon.org\\\/\",\"logo\":{\"@type\":\"ImageObject\",\"inLanguage\":\"en-US\",\"@id\":\"https:\\\/\\\/freddymorezon.org\\\/#\\\/schema\\\/logo\\\/image\\\/\",\"url\":\"https:\\\/\\\/freddymorezon.org\\\/wp-content\\\/uploads\\\/2016\\\/02\\\/mini-logo-header-site2.jpg\",\"contentUrl\":\"https:\\\/\\\/freddymorezon.org\\\/wp-content\\\/uploads\\\/2016\\\/02\\\/mini-logo-header-site2.jpg\",\"width\":234,\"height\":174,\"caption\":\"Association Freddy Morezon\"},\"image\":{\"@id\":\"https:\\\/\\\/freddymorezon.org\\\/#\\\/schema\\\/logo\\\/image\\\/\"},\"sameAs\":[\"https:\\\/\\\/www.facebook.com\\\/freddy.morezon\\\/\",\"https:\\\/\\\/www.instagram.com\\\/freddymorezon\\\/\",\"https:\\\/\\\/www.youtube.com\\\/user\\\/freddymorezon\",\"https:\\\/\\\/fr.linkedin.com\\\/company\\\/freddy-morezon-p.r.o.d.\"]}]}<\/script>\n<!-- \/ Yoast SEO plugin. -->","yoast_head_json":{"title":"Duo Wodrascka-Evrard | Freddy Morezon","description":"Christine Wodrascka : piano - Jean-Yves Evrard : guitare. Christine Wodrascka et Jean-Yves Evrard sont tous deux des figures discr\u00e8tes mais majeures de la musique improvis\u00e9e. Les deux artistes ont suivi chacun un chemin parall\u00e8le, jalonn\u00e9 de m\u00eame figures tut\u00e9laires (Misha Mengelberg, John Cage\u2026) et de rencontres communes (Fred Frith, Peter Jacquemin, Jean Luc Cappozzo\u2026). Ils partagent \u00e9galement un rapport particulier \u00e0 la musique \u00e9crite, dont ils nourrissent \u00e0 chaque seconde leur jeu d\u2019improvisateur. Une musique charg\u00e9e de po\u00e9sie vivante et libre.","robots":{"index":"index","follow":"follow","max-snippet":"max-snippet:-1","max-image-preview":"max-image-preview:large","max-video-preview":"max-video-preview:-1"},"canonical":"https:\/\/freddymorezon.org\/catalogue\/duo-wodrascka-evrard\/","og_locale":"en_US","og_type":"article","og_title":"Duo Wodrascka-Evrard | Freddy Morezon","og_description":"Christine Wodrascka : piano - Jean-Yves Evrard : guitare. Christine Wodrascka et Jean-Yves Evrard sont tous deux des figures discr\u00e8tes mais majeures de la musique improvis\u00e9e. Les deux artistes ont suivi chacun un chemin parall\u00e8le, jalonn\u00e9 de m\u00eame figures tut\u00e9laires (Misha Mengelberg, John Cage\u2026) et de rencontres communes (Fred Frith, Peter Jacquemin, Jean Luc Cappozzo\u2026). Ils partagent \u00e9galement un rapport particulier \u00e0 la musique \u00e9crite, dont ils nourrissent \u00e0 chaque seconde leur jeu d\u2019improvisateur. Une musique charg\u00e9e de po\u00e9sie vivante et libre.","og_url":"https:\/\/freddymorezon.org\/catalogue\/duo-wodrascka-evrard\/","og_site_name":"Freddy Morezon","article_publisher":"https:\/\/www.facebook.com\/freddy.morezon\/","article_modified_time":"2024-09-23T13:44:18+00:00","og_image":[{"width":1366,"height":768,"url":"https:\/\/freddymorezon.org\/wp-content\/uploads\/2016\/02\/duo-Christine-Wodrascka-Jean-Yves-Evrard.jpg","type":"image\/jpeg"}],"twitter_card":"summary_large_image","schema":{"@context":"https:\/\/schema.org","@graph":[{"@type":"WebPage","@id":"https:\/\/freddymorezon.org\/catalogue\/duo-wodrascka-evrard\/","url":"https:\/\/freddymorezon.org\/catalogue\/duo-wodrascka-evrard\/","name":"Duo Wodrascka-Evrard | Freddy Morezon","isPartOf":{"@id":"https:\/\/freddymorezon.org\/#website"},"primaryImageOfPage":{"@id":"https:\/\/freddymorezon.org\/catalogue\/duo-wodrascka-evrard\/#primaryimage"},"image":{"@id":"https:\/\/freddymorezon.org\/catalogue\/duo-wodrascka-evrard\/#primaryimage"},"thumbnailUrl":"https:\/\/freddymorezon.org\/wp-content\/uploads\/2016\/02\/duo-Christine-Wodrascka-Jean-Yves-Evrard.jpg","datePublished":"2016-02-04T15:26:17+00:00","dateModified":"2024-09-23T13:44:18+00:00","description":"Christine Wodrascka : piano - Jean-Yves Evrard : guitare. Christine Wodrascka et Jean-Yves Evrard sont tous deux des figures discr\u00e8tes mais majeures de la musique improvis\u00e9e. Les deux artistes ont suivi chacun un chemin parall\u00e8le, jalonn\u00e9 de m\u00eame figures tut\u00e9laires (Misha Mengelberg, John Cage\u2026) et de rencontres communes (Fred Frith, Peter Jacquemin, Jean Luc Cappozzo\u2026). Ils partagent \u00e9galement un rapport particulier \u00e0 la musique \u00e9crite, dont ils nourrissent \u00e0 chaque seconde leur jeu d\u2019improvisateur. Une musique charg\u00e9e de po\u00e9sie vivante et libre.","breadcrumb":{"@id":"https:\/\/freddymorezon.org\/catalogue\/duo-wodrascka-evrard\/#breadcrumb"},"inLanguage":"en-US","potentialAction":[{"@type":"ReadAction","target":["https:\/\/freddymorezon.org\/catalogue\/duo-wodrascka-evrard\/"]}]},{"@type":"ImageObject","inLanguage":"en-US","@id":"https:\/\/freddymorezon.org\/catalogue\/duo-wodrascka-evrard\/#primaryimage","url":"https:\/\/freddymorezon.org\/wp-content\/uploads\/2016\/02\/duo-Christine-Wodrascka-Jean-Yves-Evrard.jpg","contentUrl":"https:\/\/freddymorezon.org\/wp-content\/uploads\/2016\/02\/duo-Christine-Wodrascka-Jean-Yves-Evrard.jpg","width":1366,"height":768},{"@type":"BreadcrumbList","@id":"https:\/\/freddymorezon.org\/catalogue\/duo-wodrascka-evrard\/#breadcrumb","itemListElement":[{"@type":"ListItem","position":1,"name":"Accueil","item":"https:\/\/freddymorezon.org\/"},{"@type":"ListItem","position":2,"name":"Catalogue","item":"https:\/\/freddymorezon.org\/catalogue\/"},{"@type":"ListItem","position":3,"name":"Duo Wodrascka-Evrard"}]},{"@type":"WebSite","@id":"https:\/\/freddymorezon.org\/#website","url":"https:\/\/freddymorezon.org\/","name":"Freddy Morezon","description":"jazz - musique improvis\u00e9e - esth\u00e9tiques plurielles","publisher":{"@id":"https:\/\/freddymorezon.org\/#organization"},"potentialAction":[{"@type":"SearchAction","target":{"@type":"EntryPoint","urlTemplate":"https:\/\/freddymorezon.org\/?s={search_term_string}"},"query-input":{"@type":"PropertyValueSpecification","valueRequired":true,"valueName":"search_term_string"}}],"inLanguage":"en-US"},{"@type":"Organization","@id":"https:\/\/freddymorezon.org\/#organization","name":"Association Freddy Morezon","url":"https:\/\/freddymorezon.org\/","logo":{"@type":"ImageObject","inLanguage":"en-US","@id":"https:\/\/freddymorezon.org\/#\/schema\/logo\/image\/","url":"https:\/\/freddymorezon.org\/wp-content\/uploads\/2016\/02\/mini-logo-header-site2.jpg","contentUrl":"https:\/\/freddymorezon.org\/wp-content\/uploads\/2016\/02\/mini-logo-header-site2.jpg","width":234,"height":174,"caption":"Association Freddy Morezon"},"image":{"@id":"https:\/\/freddymorezon.org\/#\/schema\/logo\/image\/"},"sameAs":["https:\/\/www.facebook.com\/freddy.morezon\/","https:\/\/www.instagram.com\/freddymorezon\/","https:\/\/www.youtube.com\/user\/freddymorezon","https:\/\/fr.linkedin.com\/company\/freddy-morezon-p.r.o.d."]}]}},"_links":{"self":[{"href":"https:\/\/freddymorezon.org\/en\/wp-json\/wp\/v2\/pages\/132","targetHints":{"allow":["GET"]}}],"collection":[{"href":"https:\/\/freddymorezon.org\/en\/wp-json\/wp\/v2\/pages"}],"about":[{"href":"https:\/\/freddymorezon.org\/en\/wp-json\/wp\/v2\/types\/page"}],"author":[{"embeddable":true,"href":"https:\/\/freddymorezon.org\/en\/wp-json\/wp\/v2\/users\/1"}],"replies":[{"embeddable":true,"href":"https:\/\/freddymorezon.org\/en\/wp-json\/wp\/v2\/comments?post=132"}],"version-history":[{"count":39,"href":"https:\/\/freddymorezon.org\/en\/wp-json\/wp\/v2\/pages\/132\/revisions"}],"predecessor-version":[{"id":20898,"href":"https:\/\/freddymorezon.org\/en\/wp-json\/wp\/v2\/pages\/132\/revisions\/20898"}],"up":[{"embeddable":true,"href":"https:\/\/freddymorezon.org\/en\/wp-json\/wp\/v2\/pages\/134"}],"wp:featuredmedia":[{"embeddable":true,"href":"https:\/\/freddymorezon.org\/en\/wp-json\/wp\/v2\/media\/25"}],"wp:attachment":[{"href":"https:\/\/freddymorezon.org\/en\/wp-json\/wp\/v2\/media?parent=132"}],"wp:term":[{"taxonomy":"category","embeddable":true,"href":"https:\/\/freddymorezon.org\/en\/wp-json\/wp\/v2\/categories?post=132"},{"taxonomy":"post_tag","embeddable":true,"href":"https:\/\/freddymorezon.org\/en\/wp-json\/wp\/v2\/tags?post=132"}],"curies":[{"name":"wp","href":"https:\/\/api.w.org\/{rel}","templated":true}]}}