
{"id":17809,"date":"2023-06-28T13:27:18","date_gmt":"2023-06-28T12:27:18","guid":{"rendered":"https:\/\/freddymorezon.org\/?page_id=17809"},"modified":"2025-06-10T11:48:25","modified_gmt":"2025-06-10T09:48:25","slug":"agenda-cirus-vircule","status":"publish","type":"page","link":"https:\/\/freddymorezon.org\/en\/productions\/cirus-vircule\/agenda-cirus-vircule\/","title":{"rendered":"Agenda &#8211; CiRuS ViRCuLe"},"content":{"rendered":"<div id=\"pl-17809\"  class=\"panel-layout\" ><div id=\"pg-17809-0\"  class=\"panel-grid panel-no-style\" ><div id=\"pgc-17809-0-0\"  class=\"panel-grid-cell\" ><div id=\"panel-17809-0-0-0\" class=\"so-panel widget widget_sow-editor panel-first-child\" data-index=\"0\" ><div\n\t\t\t\n\t\t\tclass=\"so-widget-sow-editor so-widget-sow-editor-base\"\n\t\t\t\n\t\t><h3 class=\"widget-title\">Agenda CiRuS ViRCuLe<\/h3>\n<div class=\"siteorigin-widget-tinymce textwidget\">\n\t<\/div>\n<\/div><\/div><div id=\"panel-17809-0-0-1\" class=\"so-panel widget widget_sow-button panel-last-child\" data-index=\"1\" ><div\n\t\t\t\n\t\t\tclass=\"so-widget-sow-button so-widget-sow-button-flat-a657a074bb6d-17809\"\n\t\t\t\n\t\t><div class=\"ow-button-base ow-button-align-left\"\n>\n\t\t\t<a\n\t\t\t\t\thref=\"https:\/\/freddymorezon.org\/projets\/cirus-vircule\/\"\n\t\t\t\t\tclass=\"sowb-button ow-icon-placement-left ow-button-hover\" \t>\n\t\t<span>\n\t\t\t\n\t\t\tRetour \u00e0 la page CiRuS ViRCuLe\t\t<\/span>\n\t\t\t<\/a>\n\t<\/div>\n<\/div><\/div><\/div><\/div><div id=\"pg-17809-1\"  class=\"panel-grid panel-no-style\" ><div id=\"pgc-17809-1-0\"  class=\"panel-grid-cell panel-grid-cell-empty\" ><\/div><div id=\"pgc-17809-1-1\"  class=\"panel-grid-cell panel-grid-cell-mobile-last\" ><div id=\"panel-17809-1-1-0\" class=\"so-panel widget widget_sow-headline panel-first-child panel-last-child\" data-index=\"2\" ><div\n\t\t\t\n\t\t\tclass=\"so-widget-sow-headline so-widget-sow-headline-default-b62386e0a6dd-17809\"\n\t\t\t\n\t\t><div class=\"sow-headline-container \">\n\t\t\t\t\t\t\t<h3 class=\"sow-headline\">\n\t\t\t\t\t\tTour dates\t\t\t\t\t\t<\/h3>\n\t\t\t\t\t\t\t\t\t\t\t<div class=\"decoration\">\n\t\t\t\t\t\t<div class=\"decoration-inside\"><\/div>\n\t\t\t\t\t<\/div>\n\t\t\t\t\t<\/div>\n<\/div><\/div><\/div><div id=\"pgc-17809-1-2\"  class=\"panel-grid-cell panel-grid-cell-empty\" ><\/div><\/div><div id=\"pg-17809-2\"  class=\"panel-grid panel-no-style\" ><div id=\"pgc-17809-2-0\"  class=\"panel-grid-cell panel-grid-cell-empty\" ><\/div><div id=\"pgc-17809-2-1\"  class=\"panel-grid-cell panel-grid-cell-mobile-last\" ><div id=\"panel-17809-2-1-0\" class=\"so-panel widget widget_eo_event_list_widget EO_Event_List_Widget panel-first-child panel-last-child\" data-index=\"3\" >\n\n<\/div><\/div><div id=\"pgc-17809-2-2\"  class=\"panel-grid-cell panel-grid-cell-empty\" ><\/div><\/div><div id=\"pg-17809-3\"  class=\"panel-grid panel-no-style\" ><div id=\"pgc-17809-3-0\"  class=\"panel-grid-cell panel-grid-cell-empty\" ><\/div><div id=\"pgc-17809-3-1\"  class=\"panel-grid-cell panel-grid-cell-mobile-last\" ><div id=\"panel-17809-3-1-0\" class=\"so-panel widget widget_sow-headline panel-first-child panel-last-child\" data-index=\"4\" ><div\n\t\t\t\n\t\t\tclass=\"so-widget-sow-headline so-widget-sow-headline-default-b62386e0a6dd-17809\"\n\t\t\t\n\t\t><div class=\"sow-headline-container \">\n\t\t\t\t\t\t\t<h3 class=\"sow-headline\">\n\t\t\t\t\t\tPast tour dates\t\t\t\t\t\t<\/h3>\n\t\t\t\t\t\t\t\t\t\t\t<div class=\"decoration\">\n\t\t\t\t\t\t<div class=\"decoration-inside\"><\/div>\n\t\t\t\t\t<\/div>\n\t\t\t\t\t<\/div>\n<\/div><\/div><\/div><div id=\"pgc-17809-3-2\"  class=\"panel-grid-cell panel-grid-cell-empty\" ><\/div><\/div><div id=\"pg-17809-4\"  class=\"panel-grid panel-no-style\" ><div id=\"pgc-17809-4-0\"  class=\"panel-grid-cell panel-grid-cell-empty\" ><\/div><div id=\"pgc-17809-4-1\"  class=\"panel-grid-cell panel-grid-cell-mobile-last\" ><div id=\"panel-17809-4-1-0\" class=\"so-panel widget widget_eo_event_list_widget EO_Event_List_Widget panel-first-child panel-last-child\" data-index=\"5\" ><div class=\"dates-passees panel-widget-style panel-widget-style-for-17809-4-1-0\" ><ul  class=\"eo-events eo-events-widget\"><li class=\"eo-event-venue-lusine-triple-zero eo-event-cat-agenda eo-event-cat-betty-hovette eo-event-cat-cirus-vircule eo-event-cat-laurent-paris eo-event-past eo-all-day\"><div class=\"date\"> <div class=\"jour\"> 19<\/div> <div class=\"mois\">Oct<\/div> <div class=\"annee\">2025<\/div> <\/div> <div class=\"contenu-date\"> <h4 class=\"titre\">CiRuS ViRCuLe x Karine Sancerry - <\/h4> <div class=\"detail\"> <span class=\"lieu\">L'Usine Triple Z\u00e9ro, Durfort<\/span><!-- \/.lieu --> - <span   class=\"heure\"><\/span><!-- \/.heure --><br> <span class=\"extrait\"><a href=\"https:\/\/freddymorezon.org\/productions\/cirus-vircule\/\" title=\"+ d'infos\" alt=\"+ d'infos\"><i class=\"fa fa-plus-square\"><\/i><\/a><a href=\" \" target=\"_blank\" title=\"+ d'infos\" alt=\"+ d'infos\"><i class=\"fa fa-plus-square\"><\/i><\/a><\/span><!-- \/.extrait --><br> <\/div>\t<!-- \/.detail --> <\/div> <!-- \/.contenu-date --><\/li><li class=\"eo-event-venue-feystival eo-event-cat-agenda eo-event-cat-betty-hovette eo-event-cat-cirus-vircule eo-event-cat-laurent-paris eo-event-past eo-all-day\"><div class=\"date\"> <div class=\"jour\"> 14<\/div> <div class=\"mois\">Sep<\/div> <div class=\"annee\">2025<\/div> <\/div> <div class=\"contenu-date\"> <h4 class=\"titre\">CiRuS ViRCuLe programm\u00e9 par Fragments - <\/h4> <div class=\"detail\"> <span class=\"lieu\">Fey'stival, Fey<\/span><!-- \/.lieu --> - <span   class=\"heure\"><\/span><!-- \/.heure --><br> <span class=\"extrait\"><a href=\"https:\/\/freddymorezon.org\/productions\/cirus-vircule\/\" title=\"+ d'infos\" alt=\"+ d'infos\"><i class=\"fa fa-plus-square\"><\/i><\/span><!-- \/.extrait --><br> <\/div>\t<!-- \/.detail --> <\/div> <!-- \/.contenu-date --><\/li><li class=\"eo-event-venue-apnees eo-event-cat-agenda eo-event-cat-betty-hovette eo-event-cat-cirus-vircule eo-event-cat-laurent-paris eo-event-past eo-all-day\"><div class=\"date\"> <div class=\"jour\"> 13<\/div> <div class=\"mois\">Sep<\/div> <div class=\"annee\">2025<\/div> <\/div> <div class=\"contenu-date\"> <h4 class=\"titre\">CiRuS ViRCuLe - <\/h4> <div class=\"detail\"> <span class=\"lieu\">Apn\u00e9es, Grenoble<\/span><!-- \/.lieu --> - <span   class=\"heure\"><\/span><!-- \/.heure --><br> <span class=\"extrait\"><a href=\"https:\/\/freddymorezon.org\/productions\/cirus-vircule\/\" title=\"+ d'infos\" alt=\"+ d'infos\"><i class=\"fa fa-plus-square\"><\/i><\/a><a href=\"https:\/\/apnees.wordpress.com\/\" target=\"_blank\" title=\"+ d'infos\" alt=\"+ d'infos\"><i class=\"fa fa-plus-square\"><\/i><\/a><\/span><!-- \/.extrait --><br> <\/div>\t<!-- \/.detail --> <\/div> <!-- \/.contenu-date --><\/li><li class=\"eo-event-venue-apnees eo-event-cat-agenda eo-event-cat-betty-hovette eo-event-cat-cirus-vircule eo-event-cat-laurent-paris eo-event-cat-residence eo-event-past eo-multi-day eo-all-day\"><div class=\"date\"> <div class=\"jour\"> 12<\/div> <div class=\"mois\">Sep<\/div> <div class=\"annee\">2025<\/div> <\/div> <div class=\"contenu-date\"> <h4 class=\"titre\">CiRuS ViRCuLe - <\/h4> <div class=\"detail\"> <span class=\"lieu\">Apn\u00e9es, Grenoble<\/span><!-- \/.lieu --> - <span   class=\"heure\"><\/span><!-- \/.heure --><br> <span class=\"extrait\"><a href=\"https:\/\/freddymorezon.org\/productions\/cirus-vircule\/\" title=\"+ d'infos\" alt=\"+ d'infos\"><i class=\"fa fa-plus-square\"><\/i><\/a><a href=\"https:\/\/apnees.wordpress.com\/\" target=\"_blank\" title=\"+ d'infos\" alt=\"+ d'infos\"><i class=\"fa fa-plus-square\"><\/i><\/a><\/span><!-- \/.extrait --><br> <\/div>\t<!-- \/.detail --> <\/div> <!-- \/.contenu-date --><\/li><li class=\"eo-event-venue-chez-lily eo-event-cat-agenda eo-event-cat-betty-hovette eo-event-cat-cirus-vircule eo-event-cat-laurent-paris eo-event-cat-residence eo-event-past eo-multi-day eo-all-day\"><div class=\"date\"> <div class=\"jour\"> 07<\/div> <div class=\"mois\">Apr<\/div> <div class=\"annee\">2025<\/div> <\/div> <div class=\"contenu-date\"> <h4 class=\"titre\">CiRuS RaMa - <\/h4> <div class=\"detail\"> <span class=\"lieu\">Chez Lily, Germ-Louron<\/span><!-- \/.lieu --> - <span   class=\"heure\"><\/span><!-- \/.heure --><br> <span class=\"extrait\"><a href=\"https:\/\/freddymorezon.org\/productions\/cirus-vircule\/\" title=\"+ d'infos\" alt=\"+ d'infos\"><i class=\"fa fa-plus-square\"><\/i><\/a><a href=\"https:\/\/www.lilygerm.com\/\" target=\"_blank\" title=\"+ d'infos\" alt=\"+ d'infos\"><i class=\"fa fa-plus-square\"><\/i><\/a>\r\n<\/span><!-- \/.extrait --><br> <\/div>\t<!-- \/.detail --> <\/div> <!-- \/.contenu-date --><\/li><li class=\"eo-event-venue-college-daspet eo-event-cat-agenda eo-event-cat-betty-hovette eo-event-cat-cirus-vircule eo-event-cat-laurent-paris eo-event-past eo-all-day\"><div class=\"date\"> <div class=\"jour\"> 10<\/div> <div class=\"mois\">Mar<\/div> <div class=\"annee\">2025<\/div> <\/div> <div class=\"contenu-date\"> <h4 class=\"titre\">CiRuS ViRCuLe x Un Pav\u00e9 dans le Jazz - <\/h4> <div class=\"detail\"> <span class=\"lieu\">Coll\u00e8ge d'Aspet, <\/span><!-- \/.lieu --> - <span   class=\"heure\"><\/span><!-- \/.heure --><br> <span class=\"extrait\"><a href=\"https:\/\/freddymorezon.org\/productions\/cirus-vircule\/\" title=\"+ d'infos\" alt=\"+ d'infos\"><i class=\"fa fa-plus-square\"><\/i><\/a><a href=\"https:\/\/unpavedanslejazz.fr\/\" target=\"_blank\" title=\"+ d'infos\" alt=\"+ d'infos\"><i class=\"fa fa-plus-square\"><\/i><\/a>\r\n<\/span><!-- \/.extrait --><br> <\/div>\t<!-- \/.detail --> <\/div> <!-- \/.contenu-date --><\/li><li class=\"eo-event-venue-archives-departementales-du-tarn eo-event-cat-agenda eo-event-cat-betty-hovette eo-event-cat-cirus-vircule eo-event-cat-laurent-paris eo-event-past\"><div class=\"date\"> <div class=\"jour\"> 01 <\/div> <div class=\"mois\">Feb <\/div> <div class=\"annee\">2025 <\/div> <\/div> <div class=\"contenu-date\"> <h4 class=\"titre\">CiRuS ViRCuLe - <\/h4> <div class=\"detail\"> <span class=\"lieu\">Archives d\u00e9partementales du Tarn, Albi<\/span><!-- \/.lieu --> - <span   class=\"heure\"> 18:30<\/span><!-- \/.heure --><br> <span class=\"extrait\"><a href=\"https:\/\/freddymorezon.org\/productions\/cirus-vircule\/\" title=\"+ d'infos\" alt=\"+ d'infos\"><i class=\"fa fa-plus-square\"><\/i><\/a><a href=\"https:\/\/archives.tarn.fr\/accueil\" target=\"_blank\" title=\"+ d'infos\" alt=\"+ d'infos\"><i class=\"fa fa-plus-square\"><\/i><\/a>\r\n<\/span><!-- \/.extrait --><br> <\/div>\t<!-- \/.detail --> <\/div> <!-- \/.contenu-date --><\/li><li class=\"eo-event-venue-festival-eau-pierre-foret eo-event-cat-agenda eo-event-cat-betty-hovette eo-event-cat-cirus-vircule eo-event-cat-laurent-paris eo-event-past\"><div class=\"date\"> <div class=\"jour\"> 03 <\/div> <div class=\"mois\">Aug <\/div> <div class=\"annee\">2024 <\/div> <\/div> <div class=\"contenu-date\"> <h4 class=\"titre\">CiRuS ViRCuLe &#8211; Rencontre avec Karine Sancerry - <\/h4> <div class=\"detail\"> <span class=\"lieu\">Festival Eau, Pierre &amp; For\u00eat, Arfons<\/span><!-- \/.lieu --> - <span   class=\"heure\"> 21:30<\/span><!-- \/.heure --><br> <span class=\"extrait\"><a href=\"https:\/\/freddymorezon.org\/productions\/cirus-vircule\/\" title=\"+ d'infos\" alt=\"+ d'infos\"><i class=\"fa fa-plus-square\"><\/i><\/a>\r\n<\/span><!-- \/.extrait --><br> <\/div>\t<!-- \/.detail --> <\/div> <!-- \/.contenu-date --><\/li><li class=\"eo-event-venue-chez-lily eo-event-cat-agenda eo-event-cat-betty-hovette eo-event-cat-cirus-vircule eo-event-cat-laurent-paris eo-event-past eo-all-day\"><div class=\"date\"> <div class=\"jour\"> 17<\/div> <div class=\"mois\">Jul<\/div> <div class=\"annee\">2024<\/div> <\/div> <div class=\"contenu-date\"> <h4 class=\"titre\">CiRuS ViRCuLe - <\/h4> <div class=\"detail\"> <span class=\"lieu\">Chez Lily, Germ-Louron<\/span><!-- \/.lieu --> - <span   class=\"heure\"><\/span><!-- \/.heure --><br> <span class=\"extrait\"><a href=\"https:\/\/freddymorezon.org\/label\/cirus-vircule\/\" title=\"+ d'infos\" alt=\"+ d'infos\"><i class=\"fa fa-plus-square\"><\/i><\/a><a href=\"https:\/\/www.lilygerm.com\/\" target=\"_blank\" title=\"+ d'infos\" alt=\"+ d'infos\" rel=\"noopener\"><i class=\"fa fa-plus-square\"><\/i><\/a><\/span><!-- \/.extrait --><br> <\/div>\t<!-- \/.detail --> <\/div> <!-- \/.contenu-date --><\/li><li class=\"eo-event-venue-jardin-des-plantes eo-event-cat-agenda eo-event-cat-betty-hovette eo-event-cat-cirus-vircule eo-event-cat-laurent-paris eo-event-past eo-all-day\"><div class=\"date\"> <div class=\"jour\"> 16<\/div> <div class=\"mois\">Jun<\/div> <div class=\"annee\">2024<\/div> <\/div> <div class=\"contenu-date\"> <h4 class=\"titre\">CiRuS VIRCuLe - <\/h4> <div class=\"detail\"> <span class=\"lieu\">Jardin des Plantes, Poitiers<\/span><!-- \/.lieu --> - <span   class=\"heure\"><\/span><!-- \/.heure --><br> <span class=\"extrait\"><a href=\" https:\/\/freddymorezon.org\/label\/cirus-vircule\/\" title=\"+ d'infos\" alt=\"+ d'infos\"><i class=\"fa fa-plus-square\"><\/i><\/a><a href=\"https:\/\/pocollectif.fr\/\" target=\"_blank\" title=\"+ d'infos\" alt=\"+ d'infos\" rel=\"noopener\"><i class=\"fa fa-plus-square\"><\/i><\/a><a href=\"https:\/\/www.facebook.com\/lepocollectif\" target=\"_blank\" title=\"\u00e9v\u00e9nement facebook\" alt=\"\u00e9v\u00e9nement facebook\" rel=\"noopener\"><i class=\"fa fa-facebook\"><\/i><\/a>\r\n\r\n<\/span><!-- \/.extrait --><br> <\/div>\t<!-- \/.detail --> <\/div> <!-- \/.contenu-date --><\/li><li class=\"eo-event-venue-theatre-madeleine-louaintier eo-event-cat-betty-hovette eo-event-cat-cirus-vircule eo-event-cat-laurent-paris eo-event-past eo-all-day\"><div class=\"date\"> <div class=\"jour\"> 25<\/div> <div class=\"mois\">May<\/div> <div class=\"annee\">2024<\/div> <\/div> <div class=\"contenu-date\"> <h4 class=\"titre\">CiRuS ViRCuLe - <\/h4> <div class=\"detail\"> <span class=\"lieu\">Th\u00e9\u00e2tre Madeleine Louaintier, Flers<\/span><!-- \/.lieu --> - <span   class=\"heure\"><\/span><!-- \/.heure --><br> <span class=\"extrait\"><\/span><!-- \/.extrait --><br> <\/div>\t<!-- \/.detail --> <\/div> <!-- \/.contenu-date --><\/li><li class=\"eo-event-venue-conservatoire-de-flers-61 eo-event-cat-action-culturelle eo-event-cat-betty-hovette eo-event-cat-cirus-vircule eo-event-cat-laurent-paris eo-event-past eo-all-day\"><div class=\"date\"> <div class=\"jour\"> 24<\/div> <div class=\"mois\">May<\/div> <div class=\"annee\">2024<\/div> <\/div> <div class=\"contenu-date\"> <h4 class=\"titre\">CiRuS ViRCuLe - <\/h4> <div class=\"detail\"> <span class=\"lieu\">Conservatoire, Flers<\/span><!-- \/.lieu --> - <span   class=\"heure\"><\/span><!-- \/.heure --><br> <span class=\"extrait\"><\/span><!-- \/.extrait --><br> <\/div>\t<!-- \/.detail --> <\/div> <!-- \/.contenu-date --><\/li><li class=\"eo-event-venue-conservatoire-de-flers-61 eo-event-cat-action-culturelle eo-event-cat-betty-hovette eo-event-cat-cirus-vircule eo-event-cat-laurent-paris eo-event-past eo-all-day\"><div class=\"date\"> <div class=\"jour\"> 23<\/div> <div class=\"mois\">May<\/div> <div class=\"annee\">2024<\/div> <\/div> <div class=\"contenu-date\"> <h4 class=\"titre\">CiRuS ViRCuLe - <\/h4> <div class=\"detail\"> <span class=\"lieu\">Conservatoire, Flers<\/span><!-- \/.lieu --> - <span   class=\"heure\"><\/span><!-- \/.heure --><br> <span class=\"extrait\"><\/span><!-- \/.extrait --><br> <\/div>\t<!-- \/.detail --> <\/div> <!-- \/.contenu-date --><\/li><li class=\"eo-event-venue-garage-5 eo-event-cat-betty-hovette eo-event-cat-cirus-vircule eo-event-cat-laurent-paris eo-event-past\"><div class=\"date\"> <div class=\"jour\"> 22 <\/div> <div class=\"mois\">May <\/div> <div class=\"annee\">2024 <\/div> <\/div> <div class=\"contenu-date\"> <h4 class=\"titre\">CiRuS ViRCuLe - <\/h4> <div class=\"detail\"> <span class=\"lieu\">Garage 5, Le Mans<\/span><!-- \/.lieu --> - <span   class=\"heure\"> 19:30<\/span><!-- \/.heure --><br> <span class=\"extrait\"><\/span><!-- \/.extrait --><br> <\/div>\t<!-- \/.detail --> <\/div> <!-- \/.contenu-date --><\/li><li class=\"eo-event-venue-bastringue eo-event-cat-betty-hovette eo-event-cat-cirus-vircule eo-event-cat-laurent-paris eo-event-past\"><div class=\"date\"> <div class=\"jour\"> 30 <\/div> <div class=\"mois\">Apr <\/div> <div class=\"annee\">2024 <\/div> <\/div> <div class=\"contenu-date\"> <h4 class=\"titre\">CiRuS ViRCuLe - <\/h4> <div class=\"detail\"> <span class=\"lieu\">Bastringue, Bayonne<\/span><!-- \/.lieu --> - <span   class=\"heure\"> 19:00<\/span><!-- \/.heure --><br> <span class=\"extrait\"><a href=\"https:\/\/www.facebook.com\/profile.php?id=100049409714488\" title=\"+ d'infos\"><i class=\"fa fa-plus-square\"><\/i><\/a><\/span><!-- \/.extrait --><br> <\/div>\t<!-- \/.detail --> <\/div> <!-- \/.contenu-date --><\/li><li class=\"eo-event-venue-eureka eo-event-cat-agenda eo-event-cat-betty-hovette eo-event-cat-cirus-vircule eo-event-cat-laurent-paris eo-event-past\"><div class=\"date\"> <div class=\"jour\"> 29 <\/div> <div class=\"mois\">Apr <\/div> <div class=\"annee\">2024 <\/div> <\/div> <div class=\"contenu-date\"> <h4 class=\"titre\">CiRuS VIRCuLe - <\/h4> <div class=\"detail\"> <span class=\"lieu\">Eur\u00e9ka, Santander<\/span><!-- \/.lieu --> - <span   class=\"heure\"> 20:00<\/span><!-- \/.heure --><br> <span class=\"extrait\"><\/span><!-- \/.extrait --><br> <\/div>\t<!-- \/.detail --> <\/div> <!-- \/.contenu-date --><\/li><li class=\"eo-event-venue-arts-house eo-event-cat-betty-hovette eo-event-cat-cirus-vircule eo-event-cat-laurent-paris eo-event-past\"><div class=\"date\"> <div class=\"jour\"> 28 <\/div> <div class=\"mois\">Apr <\/div> <div class=\"annee\">2024 <\/div> <\/div> <div class=\"contenu-date\"> <h4 class=\"titre\">CiRuS ViRCuLe - <\/h4> <div class=\"detail\"> <span class=\"lieu\">Arts House, Aveiro<\/span><!-- \/.lieu --> - <span   class=\"heure\"> 19:00<\/span><!-- \/.heure --><br> <span class=\"extrait\"><a href=\"https:\/\/www.facebook.com\/aveiroartshouse\/\" target=\"_blank\" title=\"+ d'infos\" rel=\"noopener\"><i class=\"fa fa-plus-square\"><\/i><\/a><\/span><!-- \/.extrait --><br> <\/div>\t<!-- \/.detail --> <\/div> <!-- \/.contenu-date --><\/li><li class=\"eo-event-venue-sonoscopia eo-event-cat-betty-hovette eo-event-cat-cirus-vircule eo-event-cat-laurent-paris eo-event-past\"><div class=\"date\"> <div class=\"jour\"> 26 <\/div> <div class=\"mois\">Apr <\/div> <div class=\"annee\">2024 <\/div> <\/div> <div class=\"contenu-date\"> <h4 class=\"titre\">CiRuS ViRCuLe - <\/h4> <div class=\"detail\"> <span class=\"lieu\">Sonoscopia, Porto<\/span><!-- \/.lieu --> - <span   class=\"heure\"> 19:00<\/span><!-- \/.heure --><br> <span class=\"extrait\"><a href=\"http:\/\/sonoscopia.pt\/\" target=\"_blank\" title=\"+ d'infos\" rel=\"noopener\"><i class=\"fa fa-plus-square\"><\/i><\/a><\/span><!-- \/.extrait --><br> <\/div>\t<!-- \/.detail --> <\/div> <!-- \/.contenu-date --><\/li><li class=\"eo-event-venue-concert-chez-lhabitant-a-gijon eo-event-cat-agenda eo-event-cat-betty-hovette eo-event-cat-cirus-vircule eo-event-cat-laurent-paris eo-event-past\"><div class=\"date\"> <div class=\"jour\"> 25 <\/div> <div class=\"mois\">Apr <\/div> <div class=\"annee\">2024 <\/div> <\/div> <div class=\"contenu-date\"> <h4 class=\"titre\">CiRuS ViRCuLe - <\/h4> <div class=\"detail\"> <span class=\"lieu\">concert chez l'habitant \u00e0 Gijon, Gijon<\/span><!-- \/.lieu --> - <span   class=\"heure\"> 19:00<\/span><!-- \/.heure --><br> <span class=\"extrait\"><\/span><!-- \/.extrait --><br> <\/div>\t<!-- \/.detail --> <\/div> <!-- \/.contenu-date --><\/li><li class=\"eo-event-venue-theatre-le-vent-des-signes eo-event-cat-betty-hovette eo-event-cat-cirus-vircule eo-event-cat-laurent-paris eo-event-past\"><div class=\"date\"> <div class=\"jour\"> 01 <\/div> <div class=\"mois\">Dec <\/div> <div class=\"annee\">2023 <\/div> <\/div> <div class=\"contenu-date\"> <h4 class=\"titre\">CiRuS ViRCuLe - <\/h4> <div class=\"detail\"> <span class=\"lieu\">Th\u00e9\u00e2tre Le Vent des Signes, Toulouse<\/span><!-- \/.lieu --> - <span   class=\"heure\"> 19:00<\/span><!-- \/.heure --><br> <span class=\"extrait\"><a href=\"https:\/\/www.leventdessignes.fr\/class\/festival-etsiaffinites-2\/\" target=\"_blank\" title=\"+ d'infos\" alt=\"+ d'infos\" rel=\"noopener noreferrer\"><i class=\"fa fa-plus-square\"><\/i><\/a><\/span><!-- \/.extrait --><br> <\/div>\t<!-- \/.detail --> <\/div> <!-- \/.contenu-date --><\/li><li class=\"eo-event-venue-le-lieu-dit eo-event-cat-betty-hovette eo-event-cat-cirus-vircule eo-event-cat-laurent-paris eo-event-past eo-all-day\"><div class=\"date\"> <div class=\"jour\"> 30<\/div> <div class=\"mois\">Nov<\/div> <div class=\"annee\">2023<\/div> <\/div> <div class=\"contenu-date\"> <h4 class=\"titre\">CiRuS ViRCuLe - <\/h4> <div class=\"detail\"> <span class=\"lieu\">Le Lieu Dit, Clermont Ferrand<\/span><!-- \/.lieu --> - <span   class=\"heure\"><\/span><!-- \/.heure --><br> <span class=\"extrait\"><a href=\"https:\/\/www.facebook.com\/lelieuditruefontgieve\/\" target=\"_blank\" title=\"+ d'infos\" alt=\"+ d'infos\" rel=\"noopener noreferrer\"><i class=\"fa fa-plus-square\"><\/i><\/a><\/span><!-- \/.extrait --><br> <\/div>\t<!-- \/.detail --> <\/div> <!-- \/.contenu-date --><\/li><li class=\"eo-event-venue-au-22-chez-georges-sybesma eo-event-cat-betty-hovette eo-event-cat-cirus-vircule eo-event-cat-laurent-paris eo-event-past\"><div class=\"date\"> <div class=\"jour\"> 29 <\/div> <div class=\"mois\">Nov <\/div> <div class=\"annee\">2023 <\/div> <\/div> <div class=\"contenu-date\"> <h4 class=\"titre\">CiRus ViRCule - <\/h4> <div class=\"detail\"> <span class=\"lieu\">au 22! chez Georges Sybesma, Henrichemont<\/span><!-- \/.lieu --> - <span   class=\"heure\"> 21:00<\/span><!-- \/.heure --><br> <span class=\"extrait\"><a href=\"https:\/\/www.facebook.com\/groups\/421395019399110\/posts\/914227673449173\/\" target=\"_blank\" title=\"+ d'infos\" rel=\"noopener\"><i class=\"fa fa-plus-square\"><\/i><\/a><\/span><!-- \/.extrait --><br> <\/div>\t<!-- \/.detail --> <\/div> <!-- \/.contenu-date --><\/li><li class=\"eo-event-venue-le-carreau-du-temple eo-event-cat-betty-hovette eo-event-cat-cirus-vircule eo-event-cat-laurent-paris eo-event-past\"><div class=\"date\"> <div class=\"jour\"> 28 <\/div> <div class=\"mois\">Nov <\/div> <div class=\"annee\">2023 <\/div> <\/div> <div class=\"contenu-date\"> <h4 class=\"titre\">CiRuS ViRCuLe - <\/h4> <div class=\"detail\"> <span class=\"lieu\">Le Carreau du Temple, Paris<\/span><!-- \/.lieu --> - <span   class=\"heure\"> 19:30<\/span><!-- \/.heure --><br> <span class=\"extrait\">\u00c9mission A l'Improviste de Anne Montaron, France Musique <a href=\"https:\/\/www.maisondelaradioetdelamusique.fr\/evenement\/emission-en-public\/concert-limproviste-12\" target=\"_blank\" title=\"+ d'infos\" alt=\"+ d'infos\" rel=\"noopener noreferrer\"><i class=\"fa fa-plus-square\"><\/i><\/a><\/span><!-- \/.extrait --><br> <\/div>\t<!-- \/.detail --> <\/div> <!-- \/.contenu-date --><\/li><li class=\"eo-event-venue-bastringue eo-event-cat-betty-hovette eo-event-cat-cirus-vircule eo-event-cat-laurent-paris eo-event-past eo-all-day\"><div class=\"date\"> <div class=\"jour\"> 24<\/div> <div class=\"mois\">Nov<\/div> <div class=\"annee\">2023<\/div> <\/div> <div class=\"contenu-date\"> <h4 class=\"titre\">CiRuS ViRCuLe - <\/h4> <div class=\"detail\"> <span class=\"lieu\">Bastringue, Bayonne<\/span><!-- \/.lieu --> - <span   class=\"heure\"><\/span><!-- \/.heure --><br> <span class=\"extrait\"><\/span><!-- \/.extrait --><br> <\/div>\t<!-- \/.detail --> <\/div> <!-- \/.contenu-date --><\/li><li class=\"eo-event-venue-galerie-dart-espacio-local-gijon eo-event-cat-betty-hovette eo-event-cat-cirus-vircule eo-event-cat-laurent-paris eo-event-past eo-all-day\"><div class=\"date\"> <div class=\"jour\"> 23<\/div> <div class=\"mois\">Nov<\/div> <div class=\"annee\">2023<\/div> <\/div> <div class=\"contenu-date\"> <h4 class=\"titre\">CiRuS ViRCuLe - <\/h4> <div class=\"detail\"> <span class=\"lieu\">Galerie d'art \"Espacio Local\" Gijon, Gijon<\/span><!-- \/.lieu --> - <span   class=\"heure\"><\/span><!-- \/.heure --><br> <span class=\"extrait\"><a href=\"https:\/\/www.facebook.com\/profile.php?id=100063503566028&locale=fr_FR\" target=\"_blank\" title=\"+ d'infos\" alt=\"+ d'infos\" rel=\"noopener noreferrer\"><i class=\"fa fa-plus-square\"><\/i><\/a><\/span><!-- \/.extrait --><br> <\/div>\t<!-- \/.detail --> <\/div> <!-- \/.contenu-date --><\/li><li class=\"eo-event-venue-el-bolero eo-event-cat-betty-hovette eo-event-cat-cirus-vircule eo-event-cat-laurent-paris eo-event-past\"><div class=\"date\"> <div class=\"jour\"> 22 <\/div> <div class=\"mois\">Nov <\/div> <div class=\"annee\">2023 <\/div> <\/div> <div class=\"contenu-date\"> <h4 class=\"titre\">CiRuS ViRCuLe - <\/h4> <div class=\"detail\"> <span class=\"lieu\">El Bolero, Santander<\/span><!-- \/.lieu --> - <span   class=\"heure\"> 19:00<\/span><!-- \/.heure --><br> <span class=\"extrait\"><a href=\"https:\/\/www.facebook.com\/BarBoleroSantander?locale=fr_FR\" target=\"_blank\" title=\"+ d'infos\" alt=\"+ d'infos\" rel=\"noopener noreferrer\"><i class=\"fa fa-plus-square\"><\/i><\/a><\/span><!-- \/.extrait --><br> <\/div>\t<!-- \/.detail --> <\/div> <!-- \/.contenu-date --><\/li><li class=\"eo-event-venue-cruce eo-event-cat-betty-hovette eo-event-cat-cirus-vircule eo-event-cat-laurent-paris eo-event-past eo-all-day\"><div class=\"date\"> <div class=\"jour\"> 20<\/div> <div class=\"mois\">Nov<\/div> <div class=\"annee\">2023<\/div> <\/div> <div class=\"contenu-date\"> <h4 class=\"titre\">CiRuS ViRCuLe - <\/h4> <div class=\"detail\"> <span class=\"lieu\">Cruce, Madrid<\/span><!-- \/.lieu --> - <span   class=\"heure\"><\/span><!-- \/.heure --><br> <span class=\"extrait\"><\/span><!-- \/.extrait --><br> <\/div>\t<!-- \/.detail --> <\/div> <!-- \/.contenu-date --><\/li><li class=\"eo-event-venue-theatre-el-musical eo-event-cat-betty-hovette eo-event-cat-cirus-vircule eo-event-cat-laurent-paris eo-event-past eo-all-day\"><div class=\"date\"> <div class=\"jour\"> 19<\/div> <div class=\"mois\">Nov<\/div> <div class=\"annee\">2023<\/div> <\/div> <div class=\"contenu-date\"> <h4 class=\"titre\">CiRuS ViRCuLe - <\/h4> <div class=\"detail\"> <span class=\"lieu\">Th\u00e9\u00e2tre El Musical, Valencia<\/span><!-- \/.lieu --> - <span   class=\"heure\"><\/span><!-- \/.heure --><br> <span class=\"extrait\">Festival de musiques innovantes<\/span><!-- \/.extrait --><br> <\/div>\t<!-- \/.detail --> <\/div> <!-- \/.contenu-date --><\/li><li class=\"eo-event-venue-festival-mem eo-event-cat-betty-hovette eo-event-cat-cirus-vircule eo-event-cat-laurent-paris eo-event-past\"><div class=\"date\"> <div class=\"jour\"> 17 <\/div> <div class=\"mois\">Nov <\/div> <div class=\"annee\">2023 <\/div> <\/div> <div class=\"contenu-date\"> <h4 class=\"titre\">CiRuS ViRCuLe - <\/h4> <div class=\"detail\"> <span class=\"lieu\">Festival MEM, Bilbao<\/span><!-- \/.lieu --> - <span   class=\"heure\"> 18:00<\/span><!-- \/.heure --><br> <span class=\"extrait\"><\/span><!-- \/.extrait --><br> <\/div>\t<!-- \/.detail --> <\/div> <!-- \/.contenu-date --><\/li><li class=\"eo-event-venue-la-seu-durgell eo-event-cat-betty-hovette eo-event-cat-cirus-vircule eo-event-cat-laurent-paris eo-event-past eo-all-day\"><div class=\"date\"> <div class=\"jour\"> 16<\/div> <div class=\"mois\">Nov<\/div> <div class=\"annee\">2023<\/div> <\/div> <div class=\"contenu-date\"> <h4 class=\"titre\">CiRuS ViRCuLe - <\/h4> <div class=\"detail\"> <span class=\"lieu\">La Seu d'Urgell, <\/span><!-- \/.lieu --> - <span   class=\"heure\"><\/span><!-- \/.heure --><br> <span class=\"extrait\"><\/span><!-- \/.extrait --><br> <\/div>\t<!-- \/.detail --> <\/div> <!-- \/.contenu-date --><\/li><li class=\"eo-event-venue-lanthropo eo-event-cat-betty-hovette eo-event-cat-cirus-vircule eo-event-cat-laurent-paris eo-event-past eo-all-day\"><div class=\"date\"> <div class=\"jour\"> 15<\/div> <div class=\"mois\">Nov<\/div> <div class=\"annee\">2023<\/div> <\/div> <div class=\"contenu-date\"> <h4 class=\"titre\">CiRuS ViRCuLe - <\/h4> <div class=\"detail\"> <span class=\"lieu\">L'Anthropo, Perpignan<\/span><!-- \/.lieu --> - <span   class=\"heure\"><\/span><!-- \/.heure --><br> <span class=\"extrait\"><\/span><!-- \/.extrait --><br> <\/div>\t<!-- \/.detail --> <\/div> <!-- \/.contenu-date --><\/li><li class=\"eo-event-venue-la-fabrique-universite-toulouse-jean-jaures eo-event-cat-andy-leveque eo-event-cat-betty-hovette eo-event-cat-cirus-vircule eo-event-cat-court-circuit eo-event-cat-florian-nastorg eo-event-cat-granit-lip eo-event-cat-la-ligue-des-objets eo-event-cat-laurent-paris eo-event-cat-le-grand-silence eo-event-cat-marc-demereau eo-event-cat-marc-maffiolo eo-event-cat-mister-bishop-guests eo-event-cat-nicolas-lafourest eo-event-cat-no-noise-no-reduction eo-event-cat-nos-evenements eo-event-cat-sebastien-cirotteau eo-event-past eo-all-day\"><div class=\"date\"> <div class=\"jour\"> 17<\/div> <div class=\"mois\">Oct<\/div> <div class=\"annee\">2023<\/div> <\/div> <div class=\"contenu-date\"> <h4 class=\"titre\">Court-Circuit : Inauguration du premier GR de randonn\u00e9e universitaire au monde ! - <\/h4> <div class=\"detail\"> <span class=\"lieu\">CIAM \/ La Fabrique, Toulouse<\/span><!-- \/.lieu --> - <span   class=\"heure\"><\/span><!-- \/.heure --><br> <span class=\"extrait\"><a href=\"https:\/\/www.facebook.com\/events\/914432846529659\/914432853196325\/\" target=\"_blank\" title=\"\u00e9v\u00e9nement facebook\" alt=\"\u00e9v\u00e9nement facebook\" rel=\"noopener noreferrer\"><i class=\"fa fa-facebook\"><\/i><\/a><\/span><!-- \/.extrait --><br> <\/div>\t<!-- \/.detail --> <\/div> <!-- \/.contenu-date --><\/li><li class=\"eo-event-venue-la-fabrique-universite-toulouse-jean-jaures eo-event-cat-andy-leveque eo-event-cat-betty-hovette eo-event-cat-cirus-vircule eo-event-cat-court-circuit eo-event-cat-florian-nastorg eo-event-cat-granit-lip eo-event-cat-la-ligue-des-objets eo-event-cat-laurent-paris eo-event-cat-le-grand-silence eo-event-cat-marc-demereau eo-event-cat-marc-maffiolo eo-event-cat-mister-bishop-guests eo-event-cat-nicolas-lafourest eo-event-cat-no-noise-no-reduction eo-event-cat-nos-evenements eo-event-cat-sebastien-cirotteau eo-event-past eo-all-day\"><div class=\"date\"> <div class=\"jour\"> 10<\/div> <div class=\"mois\">Oct<\/div> <div class=\"annee\">2023<\/div> <\/div> <div class=\"contenu-date\"> <h4 class=\"titre\">Court-Circuit : Inauguration du premier GR de randonn\u00e9e universitaire au monde ! - <\/h4> <div class=\"detail\"> <span class=\"lieu\">CIAM \/ La Fabrique, Toulouse<\/span><!-- \/.lieu --> - <span   class=\"heure\"><\/span><!-- \/.heure --><br> <span class=\"extrait\"><a href=\"https:\/\/www.facebook.com\/events\/914432846529659\/914432853196325\/\" target=\"_blank\" title=\"\u00e9v\u00e9nement facebook\" alt=\"\u00e9v\u00e9nement facebook\" rel=\"noopener noreferrer\"><i class=\"fa fa-facebook\"><\/i><\/a><\/span><!-- \/.extrait --><br> <\/div>\t<!-- \/.detail --> <\/div> <!-- \/.contenu-date --><\/li><li class=\"eo-event-venue-la-cour eo-event-cat-betty-hovette eo-event-cat-cirus-vircule eo-event-cat-laurent-paris eo-event-past eo-all-day\"><div class=\"date\"> <div class=\"jour\"> 08<\/div> <div class=\"mois\">Oct<\/div> <div class=\"annee\">2023<\/div> <\/div> <div class=\"contenu-date\"> <h4 class=\"titre\">CiRuS ViRCuLe - <\/h4> <div class=\"detail\"> <span class=\"lieu\">La Cour, Saint Etienne<\/span><!-- \/.lieu --> - <span   class=\"heure\"><\/span><!-- \/.heure --><br> <span class=\"extrait\"><\/span><!-- \/.extrait --><br> <\/div>\t<!-- \/.detail --> <\/div> <!-- \/.contenu-date --><\/li><li class=\"eo-event-venue-les-philanthropes eo-event-cat-betty-hovette eo-event-cat-cirus-vircule eo-event-cat-laurent-paris eo-event-past eo-all-day\"><div class=\"date\"> <div class=\"jour\"> 07<\/div> <div class=\"mois\">Oct<\/div> <div class=\"annee\">2023<\/div> <\/div> <div class=\"contenu-date\"> <h4 class=\"titre\">CiRuS ViRCuLe - <\/h4> <div class=\"detail\"> <span class=\"lieu\">Les Philanthropes, Les Pilles<\/span><!-- \/.lieu --> - <span   class=\"heure\"><\/span><!-- \/.heure --><br> <span class=\"extrait\">Dans le cadre des Instants musicales<\/span><!-- \/.extrait --><br> <\/div>\t<!-- \/.detail --> <\/div> <!-- \/.contenu-date --><\/li><li class=\"eo-event-venue-la-remise eo-event-cat-betty-hovette eo-event-cat-cirus-vircule eo-event-cat-laurent-paris eo-event-past\"><div class=\"date\"> <div class=\"jour\"> 06 <\/div> <div class=\"mois\">Oct <\/div> <div class=\"annee\">2023 <\/div> <\/div> <div class=\"contenu-date\"> <h4 class=\"titre\">CiRuS ViRCuLe - <\/h4> <div class=\"detail\"> <span class=\"lieu\">La Remise, Estagel<\/span><!-- \/.lieu --> - <span   class=\"heure\"> 20:00<\/span><!-- \/.heure --><br> <span class=\"extrait\"><\/span><!-- \/.extrait --><br> <\/div>\t<!-- \/.detail --> <\/div> <!-- \/.contenu-date --><\/li><li class=\"eo-event-venue-festival-vent-daout eo-event-cat-betty-hovette eo-event-cat-cirus-vircule eo-event-cat-laurent-paris eo-event-cat-nos-evenements eo-event-cat-plein-air eo-event-past eo-all-day\"><div class=\"date\"> <div class=\"jour\"> 13<\/div> <div class=\"mois\">Aug<\/div> <div class=\"annee\">2023<\/div> <\/div> <div class=\"contenu-date\"> <h4 class=\"titre\">CiRuS ViRCuLe - <\/h4> <div class=\"detail\"> <span class=\"lieu\">Festival Vent d'Ao\u00fbt, Davejean<\/span><!-- \/.lieu --> - <span   class=\"heure\"><\/span><!-- \/.heure --><br> <span class=\"extrait\"><a href=\"https:\/\/www.leventdaout.com\/\" target=\"_blank\" title=\"+ d'infos\" alt=\"+ d'infos\" rel=\"noopener noreferrer\"><i class=\"fa fa-plus-square\"><\/i><\/a> Avec Karine Sancerry \/ Dans le cadre de Plein Air <a href=\"https:\/\/freddymorezon.org\/nos-evenements\/plein-air\/\" target=\"_blank\" title=\"+ d'infos\" alt=\"+ d'infos\" rel=\"noopener noreferrer\"><i class=\"fa fa-plus-square\"><\/i><\/a><\/span><!-- \/.extrait --><br> <\/div>\t<!-- \/.detail --> <\/div> <!-- \/.contenu-date --><\/li><li class=\"eo-event-venue-jardin-public-de-saint-cere-46 eo-event-cat-betty-hovette eo-event-cat-cirus-vircule eo-event-cat-laurent-paris eo-event-cat-nos-evenements eo-event-cat-plein-air eo-event-past\"><div class=\"date\"> <div class=\"jour\"> 02 <\/div> <div class=\"mois\">Aug <\/div> <div class=\"annee\">2023 <\/div> <\/div> <div class=\"contenu-date\"> <h4 class=\"titre\">CiRuS ViRCuLe - <\/h4> <div class=\"detail\"> <span class=\"lieu\">Jardin public de Saint-C\u00e9r\u00e9, <\/span><!-- \/.lieu --> - <span   class=\"heure\"> 19:00<\/span><!-- \/.heure --><br> <span class=\"extrait\">Les mercredis guinguettes \u00e0 Saint-C\u00e9ret \/ Dans le cadre de Plein Air <a href=\"https:\/\/freddymorezon.org\/nos-evenements\/plein-air\/\" target=\"_blank\" title=\"+ d'infos\" alt=\"+ d'infos\" rel=\"noopener noreferrer\"><i class=\"fa fa-plus-square\"><\/i><\/a><\/span><!-- \/.extrait --><br> <\/div>\t<!-- \/.detail --> <\/div> <!-- \/.contenu-date --><\/li><li class=\"eo-event-venue-cafe-le-bouche-a-oreille eo-event-cat-betty-hovette eo-event-cat-cirus-vircule eo-event-cat-laurent-paris eo-event-past eo-all-day\"><div class=\"date\"> <div class=\"jour\"> 29<\/div> <div class=\"mois\">Jul<\/div> <div class=\"annee\">2023<\/div> <\/div> <div class=\"contenu-date\"> <h4 class=\"titre\">CiRuS ViRCuLe - <\/h4> <div class=\"detail\"> <span class=\"lieu\">Le Bouche \u00e0 Oreille, Simorre (32)<\/span><!-- \/.lieu --> - <span   class=\"heure\"><\/span><!-- \/.heure --><br> <span class=\"extrait\"><a href=\"https:\/\/lebao.fr\/\" target=\"_blank\" title=\"+ d'infos\" alt=\"+ d'infos\" rel=\"noopener noreferrer\"><i class=\"fa fa-plus-square\"><\/i><\/a><\/span><!-- \/.extrait --><br> <\/div>\t<!-- \/.detail --> <\/div> <!-- \/.contenu-date --><\/li><li class=\"eo-event-venue-jazz-a-luz eo-event-cat-betty-hovette eo-event-cat-cirus-vircule eo-event-cat-laurent-paris eo-event-past\"><div class=\"date\"> <div class=\"jour\"> 15 <\/div> <div class=\"mois\">Jul <\/div> <div class=\"annee\">2023 <\/div> <\/div> <div class=\"contenu-date\"> <h4 class=\"titre\">CiRuS ViRCuLe - <\/h4> <div class=\"detail\"> <span class=\"lieu\">Jazz \u00e0 Luz, Luz-Saint-Sauveur<\/span><!-- \/.lieu --> - <span   class=\"heure\"> 00:30<\/span><!-- \/.heure --><br> <span class=\"extrait\">Lieu secret, d\u00e9part \u00e0 pied \u00e0 23h45 du parc Massoure (dans la nuit de vendredi \u00e0 samedi) <a href=\"https:\/\/www.jazzaluz.com\/index.php\/festival-jazz-a-luz-2023\/vendredi-14-juillet-2023\" target=\"_blank\" title=\"+ d'infos\" alt=\"+ d'infos\" rel=\"noopener noreferrer\"><i class=\"fa fa-plus-square\"><\/i><\/a> <a href=\"https:\/\/www.facebook.com\/events\/780277230082946\" target=\"_blank\" title=\"\u00e9v\u00e9nement facebook\" alt=\"\u00e9v\u00e9nement facebook\" rel=\"noopener noreferrer\"><i class=\"fa fa-facebook\"><\/i><\/a><\/span><!-- \/.extrait --><br> <\/div>\t<!-- \/.detail --> <\/div> <!-- \/.contenu-date --><\/li><li class=\"eo-event-venue-faites-de-limage eo-event-cat-betty-hovette eo-event-cat-cirus-vircule eo-event-cat-laurent-paris eo-event-past\"><div class=\"date\"> <div class=\"jour\"> 07 <\/div> <div class=\"mois\">Jul <\/div> <div class=\"annee\">2023 <\/div> <\/div> <div class=\"contenu-date\"> <h4 class=\"titre\">CiRuS RaMa - <\/h4> <div class=\"detail\"> <span class=\"lieu\">Faites de l'Image, Toulouse<\/span><!-- \/.lieu --> - <span   class=\"heure\"> 23:30<\/span><!-- \/.heure --><br> <span class=\"extrait\">Rue B\u00e9ranger, Toulouse <a href=\"https:\/\/www.calameo.com\/read\/006736554f2a7fdd4d000\" target=\"_blank\" title=\"+ d'infos\" alt=\"+ d'infos\" rel=\"noopener noreferrer\"><i class=\"fa fa-plus-square\"><\/i><\/a><\/span><!-- \/.extrait --><br> <\/div>\t<!-- \/.detail --> <\/div> <!-- \/.contenu-date --><\/li><li class=\"eo-event-venue-la-fabrique-universite-toulouse-jean-jaures eo-event-cat-andy-leveque eo-event-cat-betty-hovette eo-event-cat-cirus-vircule eo-event-cat-court-circuit eo-event-cat-florian-nastorg eo-event-cat-granit-lip eo-event-cat-la-ligue-des-objets eo-event-cat-laurent-paris eo-event-cat-le-grand-silence eo-event-cat-marc-demereau eo-event-cat-marc-maffiolo eo-event-cat-mister-bishop-guests eo-event-cat-nicolas-lafourest eo-event-cat-no-noise-no-reduction eo-event-cat-nos-evenements eo-event-cat-sebastien-cirotteau eo-event-past eo-all-day\"><div class=\"date\"> <div class=\"jour\"> 30<\/div> <div class=\"mois\">Mar<\/div> <div class=\"annee\">2023<\/div> <\/div> <div class=\"contenu-date\"> <h4 class=\"titre\">Court-Circuit : Inauguration du premier GR de randonn\u00e9e universitaire au monde ! - <\/h4> <div class=\"detail\"> <span class=\"lieu\">CIAM \/ La Fabrique, Toulouse<\/span><!-- \/.lieu --> - <span   class=\"heure\"><\/span><!-- \/.heure --><br> <span class=\"extrait\"><a href=\"https:\/\/www.facebook.com\/events\/914432846529659\/914432853196325\/\" target=\"_blank\" title=\"\u00e9v\u00e9nement facebook\" alt=\"\u00e9v\u00e9nement facebook\" rel=\"noopener noreferrer\"><i class=\"fa fa-facebook\"><\/i><\/a><\/span><!-- \/.extrait --><br> <\/div>\t<!-- \/.detail --> <\/div> <!-- \/.contenu-date --><\/li><li class=\"eo-event-venue-centre-social-de-bagatelle eo-event-cat-action-culturelle eo-event-cat-betty-hovette eo-event-cat-cirus-vircule eo-event-cat-court-circuit eo-event-cat-laurent-paris eo-event-cat-nos-evenements eo-event-past\"><div class=\"date\"> <div class=\"jour\"> 02 <\/div> <div class=\"mois\">Mar <\/div> <div class=\"annee\">2023 <\/div> <\/div> <div class=\"contenu-date\"> <h4 class=\"titre\">CiRuS ViRCuLe [Souper-concert] - <\/h4> <div class=\"detail\"> <span class=\"lieu\">Centre Social de Bagatelle, Toulouse<\/span><!-- \/.lieu --> - <span   class=\"heure\"> 16:00<\/span><!-- \/.heure --><br> <span class=\"extrait\">dans le cadre de l'atelier cuisine du Centre social \/ Dans le cadre de Court-Circuit <a href=\"https:\/\/freddymorezon.org\/action-culturelle\/court-circuit\/\" target=\"_blank\" title=\"+ d'infos\" alt=\"+ d'infos\" rel=\"noopener noreferrer\"><i class=\"fa fa-plus-square\"><\/i><\/a><\/span><!-- \/.extrait --><br> <\/div>\t<!-- \/.detail --> <\/div> <!-- \/.contenu-date --><\/li><li class=\"eo-event-venue-le-taquin eo-event-cat-betty-hovette eo-event-cat-cirus-vircule eo-event-cat-freddy-taquine eo-event-cat-laurent-paris eo-event-cat-nos-evenements eo-event-past\"><div class=\"date\"> <div class=\"jour\"> 05 <\/div> <div class=\"mois\">Feb <\/div> <div class=\"annee\">2023 <\/div> <\/div> <div class=\"contenu-date\"> <h4 class=\"titre\">Freddy Taquine : CiRuS RaMa &#038; Tokchandail - <\/h4> <div class=\"detail\"> <span class=\"lieu\">Le Taquin, Toulouse<\/span><!-- \/.lieu --> - <span   class=\"heure\"> 16:30<\/span><!-- \/.heure --><br> <span class=\"extrait\"><\/span><!-- \/.extrait --><br> <\/div>\t<!-- \/.detail --> <\/div> <!-- \/.contenu-date --><\/li><li class=\"eo-event-venue-chez-lily eo-event-cat-betty-hovette eo-event-cat-cirus-vircule eo-event-cat-hors-freddy eo-event-past eo-all-day\"><div class=\"date\"> <div class=\"jour\"> 28<\/div> <div class=\"mois\">Jul<\/div> <div class=\"annee\">2022<\/div> <\/div> <div class=\"contenu-date\"> <h4 class=\"titre\">CiRus ViRCule - <\/h4> <div class=\"detail\"> <span class=\"lieu\">Chez Lily, Germ-Louron<\/span><!-- \/.lieu --> - <span   class=\"heure\"><\/span><!-- \/.heure --><br> <span class=\"extrait\"><\/span><!-- \/.extrait --><br> <\/div>\t<!-- \/.detail --> <\/div> <!-- \/.contenu-date --><\/li><li class=\"eo-event-venue-toulouse eo-event-cat-betty-hovette eo-event-cat-cirus-vircule eo-event-cat-hors-freddy eo-event-past eo-all-day\"><div class=\"date\"> <div class=\"jour\"> 29<\/div> <div class=\"mois\">May<\/div> <div class=\"annee\">2022<\/div> <\/div> <div class=\"contenu-date\"> <h4 class=\"titre\">CiRus ViRCule - <\/h4> <div class=\"detail\"> <span class=\"lieu\">Toulouse, <\/span><!-- \/.lieu --> - <span   class=\"heure\"><\/span><!-- \/.heure --><br> <span class=\"extrait\">Concert chez l'habitant<\/span><!-- \/.extrait --><br> <\/div>\t<!-- \/.detail --> <\/div> <!-- \/.contenu-date --><\/li><li class=\"eo-event-venue-67-rue-denfert-rochereau eo-event-cat-betty-hovette eo-event-cat-cirus-vircule eo-event-cat-laurent-paris eo-event-past\"><div class=\"date\"> <div class=\"jour\"> 26 <\/div> <div class=\"mois\">Feb <\/div> <div class=\"annee\">2022 <\/div> <\/div> <div class=\"contenu-date\"> <h4 class=\"titre\">CiRus ViRCule - <\/h4> <div class=\"detail\"> <span class=\"lieu\">67 rue Denfert Rochereau, Sainte Foy la Grande<\/span><!-- \/.lieu --> - <span   class=\"heure\"> 20:00<\/span><!-- \/.heure --><br> <span class=\"extrait\">Duo Betty Hovette - Laurent Paris. R\u00e9servations : 05 57 41 81 46\/ 06 78 00 11 66 <\/span><!-- \/.extrait --><br> <\/div>\t<!-- \/.detail --> <\/div> <!-- \/.contenu-date --><\/li><\/ul><\/div><\/div><\/div><div id=\"pgc-17809-4-2\"  class=\"panel-grid-cell panel-grid-cell-empty\" ><\/div><\/div><\/div>","protected":false},"excerpt":{"rendered":"<p>Agenda CiRuS ViRCuLe Retour \u00e0 la page CiRuS ViRCuLe Tour dates Past tour dates 19 Oct 2025 CiRuS ViRCuLe x Karine Sancerry &#8211; L&#8217;Usine Triple Z\u00e9ro, Durfort &#8211; 14 Sep 2025 CiRuS ViRCuLe programm\u00e9 par Fragments &#8211; Fey&#8217;stival, Fey &#8211; 13 Sep 2025 CiRuS ViRCuLe &#8211; Apn\u00e9es, Grenoble &#8211; 12 Sep 2025 CiRuS ViRCuLe -&hellip;<\/p>\n<p><a class=\"more-link\" href=\"https:\/\/freddymorezon.org\/en\/productions\/cirus-vircule\/agenda-cirus-vircule\/\" title=\"Continue reading &lsquo;Agenda &#8211; CiRuS ViRCuLe&rsquo;\">Continue reading <span class=\"meta-nav\">&rarr;<\/span><\/a><\/p>\n","protected":false},"author":1,"featured_media":0,"parent":17786,"menu_order":0,"comment_status":"closed","ping_status":"closed","template":"page-templates\/full-width.php","meta":{"om_disable_all_campaigns":false,"_monsterinsights_skip_tracking":false,"_monsterinsights_sitenote_active":false,"_monsterinsights_sitenote_note":"","_monsterinsights_sitenote_category":0,"_uf_show_specific_survey":0,"_uf_disable_surveys":false,"footnotes":""},"categories":[],"tags":[],"class_list":["post-17809","page","type-page","status-publish","hentry"],"aioseo_notices":[],"yoast_head":"<!-- This site is optimized with the Yoast SEO plugin v27.5 - https:\/\/yoast.com\/product\/yoast-seo-wordpress\/ -->\n<title>Agenda - CiRuS ViRCuLe | Freddy Morezon<\/title>\n<meta name=\"robots\" content=\"index, follow, max-snippet:-1, max-image-preview:large, max-video-preview:-1\" \/>\n<link rel=\"canonical\" href=\"https:\/\/freddymorezon.org\/productions\/cirus-vircule\/agenda-cirus-vircule\/\" \/>\n<meta property=\"og:locale\" content=\"en_US\" \/>\n<meta property=\"og:type\" content=\"article\" \/>\n<meta property=\"og:title\" content=\"Agenda - CiRuS ViRCuLe | Freddy Morezon\" \/>\n<meta property=\"og:description\" content=\"Agenda CiRuS ViRCuLe Retour \u00e0 la page CiRuS ViRCuLe Tour dates Past tour dates 19 Oct 2025 CiRuS ViRCuLe x Karine Sancerry - L&#039;Usine Triple Z\u00e9ro, Durfort - 14 Sep 2025 CiRuS ViRCuLe programm\u00e9 par Fragments - Fey&#039;stival, Fey - 13 Sep 2025 CiRuS ViRCuLe - Apn\u00e9es, Grenoble - 12 Sep 2025 CiRuS ViRCuLe -&hellip;Continue reading &rarr;\" \/>\n<meta property=\"og:url\" content=\"https:\/\/freddymorezon.org\/productions\/cirus-vircule\/agenda-cirus-vircule\/\" \/>\n<meta property=\"og:site_name\" content=\"Freddy Morezon\" \/>\n<meta property=\"article:publisher\" content=\"https:\/\/www.facebook.com\/freddy.morezon\/\" \/>\n<meta property=\"article:modified_time\" content=\"2025-06-10T09:48:25+00:00\" \/>\n<meta property=\"og:image\" content=\"https:\/\/freddymorezon.org\/wp-content\/uploads\/2016\/02\/mini-logo-header-site2.jpg\" \/>\n\t<meta property=\"og:image:width\" content=\"234\" \/>\n\t<meta property=\"og:image:height\" content=\"174\" \/>\n\t<meta property=\"og:image:type\" content=\"image\/jpeg\" \/>\n<meta name=\"twitter:card\" content=\"summary_large_image\" \/>\n<script type=\"application\/ld+json\" class=\"yoast-schema-graph\">{\"@context\":\"https:\\\/\\\/schema.org\",\"@graph\":[{\"@type\":\"WebPage\",\"@id\":\"https:\\\/\\\/freddymorezon.org\\\/productions\\\/cirus-vircule\\\/agenda-cirus-vircule\\\/\",\"url\":\"https:\\\/\\\/freddymorezon.org\\\/productions\\\/cirus-vircule\\\/agenda-cirus-vircule\\\/\",\"name\":\"Agenda - CiRuS ViRCuLe | Freddy Morezon\",\"isPartOf\":{\"@id\":\"https:\\\/\\\/freddymorezon.org\\\/#website\"},\"datePublished\":\"2023-06-28T12:27:18+00:00\",\"dateModified\":\"2025-06-10T09:48:25+00:00\",\"breadcrumb\":{\"@id\":\"https:\\\/\\\/freddymorezon.org\\\/productions\\\/cirus-vircule\\\/agenda-cirus-vircule\\\/#breadcrumb\"},\"inLanguage\":\"en-US\",\"potentialAction\":[{\"@type\":\"ReadAction\",\"target\":[\"https:\\\/\\\/freddymorezon.org\\\/productions\\\/cirus-vircule\\\/agenda-cirus-vircule\\\/\"]}]},{\"@type\":\"BreadcrumbList\",\"@id\":\"https:\\\/\\\/freddymorezon.org\\\/productions\\\/cirus-vircule\\\/agenda-cirus-vircule\\\/#breadcrumb\",\"itemListElement\":[{\"@type\":\"ListItem\",\"position\":1,\"name\":\"Accueil\",\"item\":\"https:\\\/\\\/freddymorezon.org\\\/\"},{\"@type\":\"ListItem\",\"position\":2,\"name\":\"Productions\",\"item\":\"https:\\\/\\\/freddymorezon.org\\\/productions\\\/\"},{\"@type\":\"ListItem\",\"position\":3,\"name\":\"CiRuS ViRCuLe\",\"item\":\"https:\\\/\\\/freddymorezon.org\\\/productions\\\/cirus-vircule\\\/\"},{\"@type\":\"ListItem\",\"position\":4,\"name\":\"Agenda &#8211; CiRuS ViRCuLe\"}]},{\"@type\":\"WebSite\",\"@id\":\"https:\\\/\\\/freddymorezon.org\\\/#website\",\"url\":\"https:\\\/\\\/freddymorezon.org\\\/\",\"name\":\"Freddy Morezon\",\"description\":\"jazz - musique improvis\u00e9e - esth\u00e9tiques plurielles\",\"publisher\":{\"@id\":\"https:\\\/\\\/freddymorezon.org\\\/#organization\"},\"potentialAction\":[{\"@type\":\"SearchAction\",\"target\":{\"@type\":\"EntryPoint\",\"urlTemplate\":\"https:\\\/\\\/freddymorezon.org\\\/?s={search_term_string}\"},\"query-input\":{\"@type\":\"PropertyValueSpecification\",\"valueRequired\":true,\"valueName\":\"search_term_string\"}}],\"inLanguage\":\"en-US\"},{\"@type\":\"Organization\",\"@id\":\"https:\\\/\\\/freddymorezon.org\\\/#organization\",\"name\":\"Association Freddy Morezon\",\"url\":\"https:\\\/\\\/freddymorezon.org\\\/\",\"logo\":{\"@type\":\"ImageObject\",\"inLanguage\":\"en-US\",\"@id\":\"https:\\\/\\\/freddymorezon.org\\\/#\\\/schema\\\/logo\\\/image\\\/\",\"url\":\"https:\\\/\\\/freddymorezon.org\\\/wp-content\\\/uploads\\\/2016\\\/02\\\/mini-logo-header-site2.jpg\",\"contentUrl\":\"https:\\\/\\\/freddymorezon.org\\\/wp-content\\\/uploads\\\/2016\\\/02\\\/mini-logo-header-site2.jpg\",\"width\":234,\"height\":174,\"caption\":\"Association Freddy Morezon\"},\"image\":{\"@id\":\"https:\\\/\\\/freddymorezon.org\\\/#\\\/schema\\\/logo\\\/image\\\/\"},\"sameAs\":[\"https:\\\/\\\/www.facebook.com\\\/freddy.morezon\\\/\",\"https:\\\/\\\/www.instagram.com\\\/freddymorezon\\\/\",\"https:\\\/\\\/www.youtube.com\\\/user\\\/freddymorezon\",\"https:\\\/\\\/fr.linkedin.com\\\/company\\\/freddy-morezon-p.r.o.d.\"]}]}<\/script>\n<!-- \/ Yoast SEO plugin. -->","yoast_head_json":{"title":"Agenda - CiRuS ViRCuLe | Freddy Morezon","robots":{"index":"index","follow":"follow","max-snippet":"max-snippet:-1","max-image-preview":"max-image-preview:large","max-video-preview":"max-video-preview:-1"},"canonical":"https:\/\/freddymorezon.org\/productions\/cirus-vircule\/agenda-cirus-vircule\/","og_locale":"en_US","og_type":"article","og_title":"Agenda - CiRuS ViRCuLe | Freddy Morezon","og_description":"Agenda CiRuS ViRCuLe Retour \u00e0 la page CiRuS ViRCuLe Tour dates Past tour dates 19 Oct 2025 CiRuS ViRCuLe x Karine Sancerry - L'Usine Triple Z\u00e9ro, Durfort - 14 Sep 2025 CiRuS ViRCuLe programm\u00e9 par Fragments - Fey'stival, Fey - 13 Sep 2025 CiRuS ViRCuLe - Apn\u00e9es, Grenoble - 12 Sep 2025 CiRuS ViRCuLe -&hellip;Continue reading &rarr;","og_url":"https:\/\/freddymorezon.org\/productions\/cirus-vircule\/agenda-cirus-vircule\/","og_site_name":"Freddy Morezon","article_publisher":"https:\/\/www.facebook.com\/freddy.morezon\/","article_modified_time":"2025-06-10T09:48:25+00:00","og_image":[{"width":234,"height":174,"url":"https:\/\/freddymorezon.org\/wp-content\/uploads\/2016\/02\/mini-logo-header-site2.jpg","type":"image\/jpeg"}],"twitter_card":"summary_large_image","schema":{"@context":"https:\/\/schema.org","@graph":[{"@type":"WebPage","@id":"https:\/\/freddymorezon.org\/productions\/cirus-vircule\/agenda-cirus-vircule\/","url":"https:\/\/freddymorezon.org\/productions\/cirus-vircule\/agenda-cirus-vircule\/","name":"Agenda - CiRuS ViRCuLe | Freddy Morezon","isPartOf":{"@id":"https:\/\/freddymorezon.org\/#website"},"datePublished":"2023-06-28T12:27:18+00:00","dateModified":"2025-06-10T09:48:25+00:00","breadcrumb":{"@id":"https:\/\/freddymorezon.org\/productions\/cirus-vircule\/agenda-cirus-vircule\/#breadcrumb"},"inLanguage":"en-US","potentialAction":[{"@type":"ReadAction","target":["https:\/\/freddymorezon.org\/productions\/cirus-vircule\/agenda-cirus-vircule\/"]}]},{"@type":"BreadcrumbList","@id":"https:\/\/freddymorezon.org\/productions\/cirus-vircule\/agenda-cirus-vircule\/#breadcrumb","itemListElement":[{"@type":"ListItem","position":1,"name":"Accueil","item":"https:\/\/freddymorezon.org\/"},{"@type":"ListItem","position":2,"name":"Productions","item":"https:\/\/freddymorezon.org\/productions\/"},{"@type":"ListItem","position":3,"name":"CiRuS ViRCuLe","item":"https:\/\/freddymorezon.org\/productions\/cirus-vircule\/"},{"@type":"ListItem","position":4,"name":"Agenda &#8211; CiRuS ViRCuLe"}]},{"@type":"WebSite","@id":"https:\/\/freddymorezon.org\/#website","url":"https:\/\/freddymorezon.org\/","name":"Freddy Morezon","description":"jazz - musique improvis\u00e9e - esth\u00e9tiques plurielles","publisher":{"@id":"https:\/\/freddymorezon.org\/#organization"},"potentialAction":[{"@type":"SearchAction","target":{"@type":"EntryPoint","urlTemplate":"https:\/\/freddymorezon.org\/?s={search_term_string}"},"query-input":{"@type":"PropertyValueSpecification","valueRequired":true,"valueName":"search_term_string"}}],"inLanguage":"en-US"},{"@type":"Organization","@id":"https:\/\/freddymorezon.org\/#organization","name":"Association Freddy Morezon","url":"https:\/\/freddymorezon.org\/","logo":{"@type":"ImageObject","inLanguage":"en-US","@id":"https:\/\/freddymorezon.org\/#\/schema\/logo\/image\/","url":"https:\/\/freddymorezon.org\/wp-content\/uploads\/2016\/02\/mini-logo-header-site2.jpg","contentUrl":"https:\/\/freddymorezon.org\/wp-content\/uploads\/2016\/02\/mini-logo-header-site2.jpg","width":234,"height":174,"caption":"Association Freddy Morezon"},"image":{"@id":"https:\/\/freddymorezon.org\/#\/schema\/logo\/image\/"},"sameAs":["https:\/\/www.facebook.com\/freddy.morezon\/","https:\/\/www.instagram.com\/freddymorezon\/","https:\/\/www.youtube.com\/user\/freddymorezon","https:\/\/fr.linkedin.com\/company\/freddy-morezon-p.r.o.d."]}]}},"_links":{"self":[{"href":"https:\/\/freddymorezon.org\/en\/wp-json\/wp\/v2\/pages\/17809","targetHints":{"allow":["GET"]}}],"collection":[{"href":"https:\/\/freddymorezon.org\/en\/wp-json\/wp\/v2\/pages"}],"about":[{"href":"https:\/\/freddymorezon.org\/en\/wp-json\/wp\/v2\/types\/page"}],"author":[{"embeddable":true,"href":"https:\/\/freddymorezon.org\/en\/wp-json\/wp\/v2\/users\/1"}],"replies":[{"embeddable":true,"href":"https:\/\/freddymorezon.org\/en\/wp-json\/wp\/v2\/comments?post=17809"}],"version-history":[{"count":8,"href":"https:\/\/freddymorezon.org\/en\/wp-json\/wp\/v2\/pages\/17809\/revisions"}],"predecessor-version":[{"id":23115,"href":"https:\/\/freddymorezon.org\/en\/wp-json\/wp\/v2\/pages\/17809\/revisions\/23115"}],"up":[{"embeddable":true,"href":"https:\/\/freddymorezon.org\/en\/wp-json\/wp\/v2\/pages\/17786"}],"wp:attachment":[{"href":"https:\/\/freddymorezon.org\/en\/wp-json\/wp\/v2\/media?parent=17809"}],"wp:term":[{"taxonomy":"category","embeddable":true,"href":"https:\/\/freddymorezon.org\/en\/wp-json\/wp\/v2\/categories?post=17809"},{"taxonomy":"post_tag","embeddable":true,"href":"https:\/\/freddymorezon.org\/en\/wp-json\/wp\/v2\/tags?post=17809"}],"curies":[{"name":"wp","href":"https:\/\/api.w.org\/{rel}","templated":true}]}}