
{"id":19345,"date":"2024-03-14T12:56:52","date_gmt":"2024-03-14T11:56:52","guid":{"rendered":"https:\/\/freddymorezon.org\/?page_id=19345"},"modified":"2025-06-10T11:50:52","modified_gmt":"2025-06-10T09:50:52","slug":"agenda-eela-laitinen","status":"publish","type":"page","link":"https:\/\/freddymorezon.org\/en\/agenda-eela-laitinen\/","title":{"rendered":"Agenda &#8211; Eela Laitinen"},"content":{"rendered":"<div id=\"pl-19345\"  class=\"panel-layout\" ><div id=\"pg-19345-0\"  class=\"panel-grid panel-no-style\" ><div id=\"pgc-19345-0-0\"  class=\"panel-grid-cell\" ><div id=\"panel-19345-0-0-0\" class=\"so-panel widget widget_sow-editor panel-first-child panel-last-child\" data-index=\"0\" ><div\n\t\t\t\n\t\t\tclass=\"so-widget-sow-editor so-widget-sow-editor-base\"\n\t\t\t\n\t\t>\n<div class=\"siteorigin-widget-tinymce textwidget\">\n\t<h3>Agenda<\/h3>\n<h2 class=\"agenda-par-groupe\">Eela Laitinen<\/h2>\n<p><i class=\"fa fa-chevron-left fa-2x\"><\/i> <a href=\"https:\/\/freddymorezon.org\/artistes\/eela-laitinen\/\">Return to artist's page<\/a><\/p>\n<\/div>\n<\/div><\/div><\/div><\/div><div id=\"pg-19345-1\"  class=\"panel-grid panel-no-style\" ><div id=\"pgc-19345-1-0\"  class=\"panel-grid-cell panel-grid-cell-empty\" ><\/div><div id=\"pgc-19345-1-1\"  class=\"panel-grid-cell panel-grid-cell-mobile-last\" ><div id=\"panel-19345-1-1-0\" class=\"so-panel widget widget_sow-headline panel-first-child panel-last-child\" data-index=\"1\" ><div\n\t\t\t\n\t\t\tclass=\"so-widget-sow-headline so-widget-sow-headline-default-4ca758f74951-19345\"\n\t\t\t\n\t\t><div class=\"sow-headline-container \">\n\t\t\t\t\t\t\t<h3 class=\"sow-headline\">\n\t\t\t\t\t\tUpcoming events\t\t\t\t\t\t<\/h3>\n\t\t\t\t\t\t<\/div>\n<\/div><\/div><\/div><div id=\"pgc-19345-1-2\"  class=\"panel-grid-cell panel-grid-cell-empty\" ><\/div><\/div><div id=\"pg-19345-2\"  class=\"panel-grid panel-no-style\" ><div id=\"pgc-19345-2-0\"  class=\"panel-grid-cell panel-grid-cell-empty\" ><\/div><div id=\"pgc-19345-2-1\"  class=\"panel-grid-cell panel-grid-cell-mobile-last\" ><div id=\"panel-19345-2-1-0\" class=\"so-panel widget widget_eo_event_list_widget EO_Event_List_Widget panel-first-child panel-last-child\" data-index=\"2\" >\n\n\t<h3 class=\"widget-title evenements\">Tour<\/h3>\n\t<ul  class=\"eo-events eo-events-widget\" > \n\n\t\t\n\t\t\t\t\t\t\n\t\t\t<li class=\"eo-event-venue-stereolux-2 eo-event-cat-agenda eo-event-cat-eela-laitinen eo-event-cat-residence eo-event-future eo-multi-day eo-all-day\" >\n\t\t\t\n\t\t\n\t\t\t\n\t\t\n\t\t\t\t<div class=\"date\"> \n\t\t\t\t <div class=\"jour\">04<\/div> <div class=\"mois\">May<\/div><\/div>\t\t\t\n\t\t\t\t\t\n\t\t\t\t\t\t\t\t\t\t<div class=\"date2\"> \n\t\t\t\t<div class=\"jour\">08<\/div> <div class=\"mois\">May<\/div><\/div>\t\t\t\t\t\n\t\t\t\t\t\n\t\t\t\t <div class=\"contenu-date\">\n\t\t\t\t\n\t\t\t\t<h4 class=\"titre\">bocage &#038; Eela Laitinen &#8211; pour la cr\u00e9ation Petit Ruisseau - <\/h4> \n\t\t\t\t<div class=\"detail\">\n\t\t\t\t<span class=\"lieu\">St\u00e9r\u00e9olux, Nantes<\/span><!-- \/.lieu --><div class=\"jour\">04<\/div> <div class=\"mois\">May<\/div><\/div>\t\t\t\t\n\t\t\t\t\n\t\t\t\t\n\t\t\t\t<span class=\"extrait\"> - <p><a href=\"https:\/\/freddymorezon.org\/artistes\/eela-laitinen\/\" title=\"+ d'infos\" alt=\"+ d'infos\"><i class=\"fa fa-plus-square\"><\/i><\/a><a href=\"http:\/\/www.ilovebocage.com\/\" target=\"_blank\" title=\"+ d'infos\" alt=\"+ d'infos\"><i class=\"fa fa-plus-square\"><\/i><\/a><\/a><a href=\"https:\/\/stereolux.org\/\" target=\"_blank\" title=\"+ d'infos\" alt=\"+ d'infos\"><i class=\"fa fa-plus-square\"><\/i><\/a><\/p>\n<\/span><!-- \/.extrait -->\t\t\t\t\n\t\t\t\t\t\t\t\t&nbsp;<span class=\"meta\"><ul class='post-meta'>\n<li><span class='post-meta-key'>om_disable_all_campaigns:<\/span> <\/li>\n<\/ul>\n<\/span><!-- \/.meta -->\n\t\t\t\t<\/div> <!-- \/.detail -->\n\t\t\t\t\n\t\t\t\t\n\t\t\t\t\n\t\t\t\t\n\t\t\t\t\n\t\t\t\t\n\t\t\t\t\n\t\t\t\t\n\t\t\t\t\n\t\t\t\t\n\t\t<!--\t<div class=\"meta-projet-associe-a-l-actu\"><\/div> -->\n\t\t\t\t  \n\t\t\t\t  <div class=\"mois-titre\">\t\t\t\t<!-- \/.mois-titre -->\n\t\t\t\t\n\t\t\t\t   \n\t\t\t\t <\/div><!-- \/.contenu-date -->\n\t\t\t<\/li>\n\n\t\t\n\t\t\t\t\t\t\n\t\t\t<li class=\"eo-event-venue-jazz-a-luz eo-event-cat-agenda eo-event-cat-christine-wodrascka eo-event-cat-eela-laitinen eo-event-cat-for-john-cage eo-event-cat-mathieu-werchowski eo-event-future\" >\n\t\t\t\n\t\t\n\t\t\t\n\t\t\n\t\t\t\t<div class=\"date\"> \n\t\t\t\t <div class=\"jour\">11<\/div> <div class=\"mois\">Jul<\/div><\/div>\t\t\t\n\t\t\t\t\t\n\t\t\t\t\t\t\t\t\t\t\n\t\t\t\t\t\n\t\t\t\t <div class=\"contenu-date\">\n\t\t\t\t\n\t\t\t\t<h4 class=\"titre\">For John Cage (Morton Feldman 1982) - <\/h4> \n\t\t\t\t<div class=\"detail\">\n\t\t\t\t<span class=\"lieu\">Jazz \u00e0 Luz, Luz-Saint-Sauveur<\/span><!-- \/.lieu --> - <span class=\"heure\">11h00<\/span>\t\t\t\t\n\t\t\t\t\n\t\t\t\t\n\t\t\t\t<span class=\"extrait\"> - <p><a href=\"https:\/\/freddymorezon.org\/catalogue\/for-john-cage-morton-feldman-wodrascka-x-laitinen-x-werchowski\/\" title=\"+ d'infos\" alt=\"+ d'infos\"><i class=\"fa fa-plus-square\"><\/i><\/a><a href=\"https:\/\/jazzaluz.com\/\" target=\"_blank\" title=\"+ d'infos\" alt=\"+ d'infos\"><i class=\"fa fa-plus-square\"><\/i><\/a><\/p>\n<\/span><!-- \/.extrait -->\t\t\t\t\n\t\t\t\t\t\t\t\t&nbsp;<span class=\"meta\"><ul class='post-meta'>\n<li><span class='post-meta-key'>om_disable_all_campaigns:<\/span> <\/li>\n<\/ul>\n<\/span><!-- \/.meta -->\n\t\t\t\t<\/div> <!-- \/.detail -->\n\t\t\t\t\n\t\t\t\t\n\t\t\t\t\n\t\t\t\t\n\t\t\t\t\n\t\t\t\t\n\t\t\t\t\n\t\t\t\t\n\t\t\t\t\n\t\t\t\t\n\t\t<!--\t<div class=\"meta-projet-associe-a-l-actu\"><\/div> -->\n\t\t\t\t  \n\t\t\t\t  <div class=\"mois-titre\">\t\t\t\t<!-- \/.mois-titre -->\n\t\t\t\t\n\t\t\t\t   \n\t\t\t\t <\/div><!-- \/.contenu-date -->\n\t\t\t<\/li>\n\n\t\t\n\t\t\t\t\t\t\n\t\t\t<li class=\"eo-event-venue-festival-riverrun eo-event-cat-agenda eo-event-cat-christine-wodrascka eo-event-cat-eela-laitinen eo-event-cat-for-john-cage eo-event-cat-mathieu-werchowski eo-event-future eo-all-day\" >\n\t\t\t\n\t\t\n\t\t\t\n\t\t\n\t\t\t\t<div class=\"date\"> \n\t\t\t\t <div class=\"jour\">10<\/div> <div class=\"mois\">Oct<\/div><\/div>\t\t\t\n\t\t\t\t\t\n\t\t\t\t\t\t\t\t\t\t\n\t\t\t\t\t\n\t\t\t\t <div class=\"contenu-date\">\n\t\t\t\t\n\t\t\t\t<h4 class=\"titre\">For John Cage (Morton Feldman 1982) - <\/h4> \n\t\t\t\t<div class=\"detail\">\n\t\t\t\t<span class=\"lieu\">Festival Riverrun, Albi<\/span><!-- \/.lieu --><div class=\"jour\">10<\/div> <div class=\"mois\">Oct<\/div><\/div>\t\t\t\t\n\t\t\t\t\n\t\t\t\t\n\t\t\t\t<span class=\"extrait\"> - <p><a href=\"https:\/\/freddymorezon.org\/catalogue\/for-john-cage-morton-feldman-wodrascka-x-laitinen-x-werchowski\/\" title=\"+ d'infos\" alt=\"+ d'infos\"><i class=\"fa fa-plus-square\"><\/i><\/a><a href=\"https:\/\/www.gmea.net\/activites\/article\/riverrun\" target=\"_blank\" title=\"+ d'infos\" alt=\"+ d'infos\"><i class=\"fa fa-plus-square\"><\/i><\/a><\/p>\n<\/span><!-- \/.extrait -->\t\t\t\t\n\t\t\t\t\t\t\t\t&nbsp;<span class=\"meta\"><ul class='post-meta'>\n<li><span class='post-meta-key'>om_disable_all_campaigns:<\/span> <\/li>\n<\/ul>\n<\/span><!-- \/.meta -->\n\t\t\t\t<\/div> <!-- \/.detail -->\n\t\t\t\t\n\t\t\t\t\n\t\t\t\t\n\t\t\t\t\n\t\t\t\t\n\t\t\t\t\n\t\t\t\t\n\t\t\t\t\n\t\t\t\t\n\t\t\t\t\n\t\t<!--\t<div class=\"meta-projet-associe-a-l-actu\"><\/div> -->\n\t\t\t\t  \n\t\t\t\t  <div class=\"mois-titre\">\t\t\t\t<!-- \/.mois-titre -->\n\t\t\t\t\n\t\t\t\t   \n\t\t\t\t <\/div><!-- \/.contenu-date -->\n\t\t\t<\/li>\n\n\t\t\n\t<\/ul>\n\n\n<\/div><\/div><div id=\"pgc-19345-2-2\"  class=\"panel-grid-cell panel-grid-cell-empty\" ><\/div><\/div><div id=\"pg-19345-3\"  class=\"panel-grid panel-no-style\" ><div id=\"pgc-19345-3-0\"  class=\"panel-grid-cell panel-grid-cell-empty\" ><\/div><div id=\"pgc-19345-3-1\"  class=\"panel-grid-cell panel-grid-cell-mobile-last\" ><div id=\"panel-19345-3-1-0\" class=\"so-panel widget widget_sow-headline panel-first-child panel-last-child\" data-index=\"3\" ><div\n\t\t\t\n\t\t\tclass=\"so-widget-sow-headline so-widget-sow-headline-default-4ca758f74951-25058\"\n\t\t\t\n\t\t><div class=\"sow-headline-container \">\n\t\t\t\t\t\t\t<h3 class=\"sow-headline\">\n\t\t\t\t\t\tPast events\t\t\t\t\t\t<\/h3>\n\t\t\t\t\t\t<\/div>\n<\/div><\/div><\/div><div id=\"pgc-19345-3-2\"  class=\"panel-grid-cell panel-grid-cell-empty\" ><\/div><\/div><div id=\"pg-19345-4\"  class=\"panel-grid panel-no-style\" ><div id=\"pgc-19345-4-0\"  class=\"panel-grid-cell panel-grid-cell-empty\" ><\/div><div id=\"pgc-19345-4-1\"  class=\"panel-grid-cell panel-grid-cell-mobile-last\" ><div id=\"panel-19345-4-1-0\" class=\"so-panel widget widget_eo_event_list_widget EO_Event_List_Widget panel-first-child panel-last-child\" data-index=\"4\" ><div class=\"dates-passees panel-widget-style panel-widget-style-for-19345-4-1-0\" ><ul  class=\"eo-events eo-events-widget\"><li class=\"eo-event-venue-gmea-centre-national-de-creation-musicale-albi-tarn eo-event-cat-agenda eo-event-cat-christine-wodrascka eo-event-cat-eela-laitinen eo-event-cat-for-john-cage eo-event-cat-mathieu-werchowski eo-event-cat-residence eo-event-past eo-multi-day eo-all-day\"><div class=\"date\"> <div class=\"jour\"> 02<\/div> <div class=\"mois\">Mar<\/div> <div class=\"annee\">2026<\/div> <\/div> <div class=\"contenu-date\"> <h4 class=\"titre\">For John Cage - <\/h4> <div class=\"detail\"> <span class=\"lieu\">GMEA, Centre National de Cr\u00e9ation Musicale Albi \u2014 Tarn, Albi<\/span><!-- \/.lieu --> - <span   class=\"heure\"><\/span><!-- \/.heure --><br> <span class=\"extrait\"><a href=\"https:\/\/freddymorezon.org\/?page_id=23793&preview=true\" title=\"+ d'infos\" alt=\"+ d'infos\"><i class=\"fa fa-plus-square\"><\/i><\/a><a href=\"https:\/\/www.gmea.net\/\" target=\"_blank\" title=\"+ d'infos\" alt=\"+ d'infos\"><i class=\"fa fa-plus-square\"><\/i><\/a><\/span><!-- \/.extrait --><br> <\/div>\t<!-- \/.detail --> <\/div> <!-- \/.contenu-date --><\/li><li class=\"eo-event-venue-la-maisoun--mjc eo-event-cat-agenda eo-event-cat-detournees eo-event-cat-eela-laitinen eo-event-cat-sebastien-cirotteau eo-event-past eo-all-day\"><div class=\"date\"> <div class=\"jour\"> 27<\/div> <div class=\"mois\">Feb<\/div> <div class=\"annee\">2026<\/div> <\/div> <div class=\"contenu-date\"> <h4 class=\"titre\">D\u00e9(tourn\u00e9es) \/\/ Exploration \u00b7 Territoire Sensible - <\/h4> <div class=\"detail\"> <span class=\"lieu\">La Maisoun \u00b7 MJC, L'Isle-Jourdain<\/span><!-- \/.lieu --> - <span   class=\"heure\"><\/span><!-- \/.heure --><br> <span class=\"extrait\"><a href=\"https:\/\/freddymorezon.org\/nos-evenements\/27-02-2026-detournees-%c2%b7-exploration-1\/\" title=\"+ d'infos\" alt=\"+ d'infos\"><i class=\"fa fa-plus-square\"><\/i><\/a><a href=\"https:\/\/mjclamaisoun.fr\/\" target=\"_blank\" title=\"+ d'infos\" alt=\"+ d'infos\"><i class=\"fa fa-plus-square\"><\/i><\/a><\/span><!-- \/.extrait --><br> <\/div>\t<!-- \/.detail --> <\/div> <!-- \/.contenu-date --><\/li><li class=\"eo-event-venue-mjc eo-event-cat-agenda eo-event-cat-detournees eo-event-cat-eela-laitinen eo-event-cat-residence eo-event-cat-sebastien-cirotteau eo-event-past eo-multi-day eo-all-day\"><div class=\"date\"> <div class=\"jour\"> 23<\/div> <div class=\"mois\">Feb<\/div> <div class=\"annee\">2026<\/div> <\/div> <div class=\"contenu-date\"> <h4 class=\"titre\">D\u00e9(tourn\u00e9es) \/\/ Laboratoire #1 &#8211; Territoire Sensible - <\/h4> <div class=\"detail\"> <span class=\"lieu\">MJC, L'Isle-Jourdain<\/span><!-- \/.lieu --> - <span   class=\"heure\"><\/span><!-- \/.heure --><br> <span class=\"extrait\"><a href=\"https:\/\/freddymorezon.org\/projets-de-territoire\/projet-de-territoire-gers\/\" title=\"+ d'infos\" alt=\"+ d'infos\"><i class=\"fa fa-plus-square\"><\/i><\/a><\/span><!-- \/.extrait --><br> <\/div>\t<!-- \/.detail --> <\/div> <!-- \/.contenu-date --><\/li><li class=\"eo-event-venue-ecole-rene-cassin eo-event-cat-action-culturelle eo-event-cat-agenda eo-event-cat-detournees eo-event-cat-eela-laitinen eo-event-past eo-all-day\"><div class=\"date\"> <div class=\"jour\"> 16<\/div> <div class=\"mois\">Feb<\/div> <div class=\"annee\">2026<\/div> <\/div> <div class=\"contenu-date\"> <h4 class=\"titre\">D\u00e9(tourn\u00e9es) \/\/ Cartographie sensible - <\/h4> <div class=\"detail\"> <span class=\"lieu\">Ecole Ren\u00e9 Cassin, L'Isle-Jourdain<\/span><!-- \/.lieu --> - <span   class=\"heure\"><\/span><!-- \/.heure --><br> <span class=\"extrait\"><a href=\"https:\/\/freddymorezon.org\/projets-de-territoire\/projet-de-territoire-gers\/\" title=\"+ d'infos\" alt=\"+ d'infos\"><i class=\"fa fa-plus-square\"><\/i><\/a><\/span><!-- \/.extrait --><br> <\/div>\t<!-- \/.detail --> <\/div> <!-- \/.contenu-date --><\/li><li class=\"eo-event-venue-ecole-rene-cassin eo-event-cat-action-culturelle eo-event-cat-agenda eo-event-cat-detournees eo-event-cat-eela-laitinen eo-event-past eo-all-day\"><div class=\"date\"> <div class=\"jour\"> 05<\/div> <div class=\"mois\">Feb<\/div> <div class=\"annee\">2026<\/div> <\/div> <div class=\"contenu-date\"> <h4 class=\"titre\">D\u00e9(tourn\u00e9es) \/\/ Cartographie sensible - <\/h4> <div class=\"detail\"> <span class=\"lieu\">Ecole Ren\u00e9 Cassin, L'Isle-Jourdain<\/span><!-- \/.lieu --> - <span   class=\"heure\"><\/span><!-- \/.heure --><br> <span class=\"extrait\"><a href=\"https:\/\/freddymorezon.org\/projets-de-territoire\/projet-de-territoire-gers\/\" title=\"+ d'infos\" alt=\"+ d'infos\"><i class=\"fa fa-plus-square\"><\/i><\/a><\/span><!-- \/.extrait --><br> <\/div>\t<!-- \/.detail --> <\/div> <!-- \/.contenu-date --><\/li><li class=\"eo-event-venue-ecole-rene-cassin eo-event-cat-action-culturelle eo-event-cat-agenda eo-event-cat-detournees eo-event-cat-eela-laitinen eo-event-past eo-all-day\"><div class=\"date\"> <div class=\"jour\"> 03<\/div> <div class=\"mois\">Feb<\/div> <div class=\"annee\">2026<\/div> <\/div> <div class=\"contenu-date\"> <h4 class=\"titre\">D\u00e9(tourn\u00e9es) \/\/ Cartographie sensible - <\/h4> <div class=\"detail\"> <span class=\"lieu\">Ecole Ren\u00e9 Cassin, L'Isle-Jourdain<\/span><!-- \/.lieu --> - <span   class=\"heure\"><\/span><!-- \/.heure --><br> <span class=\"extrait\"><a href=\"https:\/\/freddymorezon.org\/projets-de-territoire\/projet-de-territoire-gers\/\" title=\"+ d'infos\" alt=\"+ d'infos\"><i class=\"fa fa-plus-square\"><\/i><\/a><\/span><!-- \/.extrait --><br> <\/div>\t<!-- \/.detail --> <\/div> <!-- \/.contenu-date --><\/li><li class=\"eo-event-venue-stereolux-2 eo-event-cat-agenda eo-event-cat-eela-laitinen eo-event-cat-residence eo-event-past eo-multi-day eo-all-day\"><div class=\"date\"> <div class=\"jour\"> 26<\/div> <div class=\"mois\">Jan<\/div> <div class=\"annee\">2026<\/div> <\/div> <div class=\"contenu-date\"> <h4 class=\"titre\">bocage &#038; Eela Laitinen &#8211; pour la cr\u00e9ation Petit Ruisseau - <\/h4> <div class=\"detail\"> <span class=\"lieu\">St\u00e9r\u00e9olux, Nantes<\/span><!-- \/.lieu --> - <span   class=\"heure\"><\/span><!-- \/.heure --><br> <span class=\"extrait\"><a href=\"https:\/\/freddymorezon.org\/artistes\/eela-laitinen\/\" title=\"+ d'infos\" alt=\"+ d'infos\"><i class=\"fa fa-plus-square\"><\/i><\/a><a href=\"http:\/\/www.ilovebocage.com\/\" target=\"_blank\" title=\"+ d'infos\" alt=\"+ d'infos\"><i class=\"fa fa-plus-square\"><\/i><\/a><\/a><a href=\"https:\/\/stereolux.org\/\" target=\"_blank\" title=\"+ d'infos\" alt=\"+ d'infos\"><i class=\"fa fa-plus-square\"><\/i><\/a><\/span><!-- \/.extrait --><br> <\/div>\t<!-- \/.detail --> <\/div> <!-- \/.contenu-date --><\/li><li class=\"eo-event-venue-chapelle-de-lhotel-dieu-saint-jacques eo-event-cat-agenda eo-event-cat-eela-laitinen eo-event-past eo-multi-day eo-all-day\"><div class=\"date\"> <div class=\"jour\"> 06<\/div> <div class=\"mois\">Nov<\/div> <div class=\"annee\">2025<\/div> <\/div> <div class=\"contenu-date\"> <h4 class=\"titre\">Eela Laitinen \/\/ Exposition Les 111 des Arts - <\/h4> <div class=\"detail\"> <span class=\"lieu\">Chapelle de l\u2019H\u00f4tel Dieu Saint-Jacques, Toulouse<\/span><!-- \/.lieu --> - <span   class=\"heure\"><\/span><!-- \/.heure --><br> <span class=\"extrait\"><a href=\"https:\/\/freddymorezon.org\/artistes\/eela-laitinen\/\" title=\"+ d'infos\" alt=\"+ d'infos\"><i class=\"fa fa-plus-square\"><\/i><\/a><a href=\"https:\/\/les111desartstoulouse.com\/ \" target=\"_blank\" title=\"+ d'infos\" alt=\"+ d'infos\"><i class=\"fa fa-plus-square\"><\/i><\/a>\r\n<\/span><!-- \/.extrait --><br> <\/div>\t<!-- \/.detail --> <\/div> <!-- \/.contenu-date --><\/li><li class=\"eo-event-venue-ecluse eo-event-cat-action-culturelle eo-event-cat-agenda eo-event-cat-eela-laitinen eo-event-past\"><div class=\"date\"> <div class=\"jour\"> 20 <\/div> <div class=\"mois\">Sep <\/div> <div class=\"annee\">2025 <\/div> <\/div> <div class=\"contenu-date\"> <h4 class=\"titre\">Eela Laitinen &#8211; Vernissage exposition &#8221; Esp\u00e8ces aquatiques &#8220; - <\/h4> <div class=\"detail\"> <span class=\"lieu\">Ecluse, Villes\u00e8que<\/span><!-- \/.lieu --> - <span   class=\"heure\"> 18:00<\/span><!-- \/.heure --><br> <span class=\"extrait\"><a href=\"https:\/\/freddymorezon.org\/artistes\/eela-laitinen\/\" title=\"+ d'infos\" alt=\"+ d'infos\"><i class=\"fa fa-plus-square\"><\/i><\/a><a href=\"https:\/\/www.eelalaitinen.com\/\" target=\"_blank\" title=\"+ d'infos\" alt=\"+ d'infos\"><i class=\"fa fa-plus-square\"><\/i><\/a><\/span><!-- \/.extrait --><br> <\/div>\t<!-- \/.detail --> <\/div> <!-- \/.contenu-date --><\/li><li class=\"eo-event-venue-ecluse eo-event-cat-action-culturelle eo-event-cat-agenda eo-event-cat-eela-laitinen eo-event-past\"><div class=\"date\"> <div class=\"jour\"> 20 <\/div> <div class=\"mois\">Sep <\/div> <div class=\"annee\">2025 <\/div> <\/div> <div class=\"contenu-date\"> <h4 class=\"titre\">Eela Laitinen &#8211; Ateliers Sumi - <\/h4> <div class=\"detail\"> <span class=\"lieu\">Ecluse, Villes\u00e8que<\/span><!-- \/.lieu --> - <span   class=\"heure\"> 14:00<\/span><!-- \/.heure --><br> <span class=\"extrait\"><a href=\"https:\/\/freddymorezon.org\/artistes\/eela-laitinen\/\" title=\"+ d'infos\" alt=\"+ d'infos\"><i class=\"fa fa-plus-square\"><\/i><\/a><a href=\"https:\/\/www.eelalaitinen.com\/\" target=\"_blank\" title=\"+ d'infos\" alt=\"+ d'infos\"><i class=\"fa fa-plus-square\"><\/i><\/a><\/span><!-- \/.extrait --><br> <\/div>\t<!-- \/.detail --> <\/div> <!-- \/.contenu-date --><\/li><li class=\"eo-event-venue-musee-de-javols eo-event-cat-action-culturelle eo-event-cat-agenda eo-event-cat-eela-laitinen eo-event-past eo-multi-day eo-all-day\"><div class=\"date\"> <div class=\"jour\"> 01<\/div> <div class=\"mois\">Aug<\/div> <div class=\"annee\">2025<\/div> <\/div> <div class=\"contenu-date\"> <h4 class=\"titre\">Eela Laitinen x Cie Bocage \/\/ cr\u00e9ation Petit Ruisseau - <\/h4> <div class=\"detail\"> <span class=\"lieu\">Mus\u00e9e de Javols, Javols<\/span><!-- \/.lieu --> - <span   class=\"heure\"><\/span><!-- \/.heure --><br> <span class=\"extrait\"><a href=\"https:\/\/freddymorezon.org\/artistes\/eela-laitinen\/\" title=\"+ d'infos\" alt=\"+ d'infos\"><i class=\"fa fa-plus-square\"><\/i><\/a><a href=\"https:\/\/archeologie-javols.org\/\" target=\"_blank\" title=\"+ d'infos\" alt=\"+ d'infos\"><i class=\"fa fa-plus-square\"><\/i><\/a><\/span><!-- \/.extrait --><br> <\/div>\t<!-- \/.detail --> <\/div> <!-- \/.contenu-date --><\/li><li class=\"eo-event-venue-college-joliot-curie eo-event-cat-agenda eo-event-cat-eela-laitinen eo-event-past eo-multi-day eo-all-day\"><div class=\"date\"> <div class=\"jour\"> 26<\/div> <div class=\"mois\">May<\/div> <div class=\"annee\">2025<\/div> <\/div> <div class=\"contenu-date\"> <h4 class=\"titre\">Eela Laitinen x Cie Shin &#8211; Restitution du projet de R\u00e9sidence IN SITU &#8211; Art &#038; M\u00e9moire : les r\u00e9cits des rescap\u00e9.e.s de la d\u00e9portation - <\/h4> <div class=\"detail\"> <span class=\"lieu\">Coll\u00e8ge Joliot Curie, Stains<\/span><!-- \/.lieu --> - <span   class=\"heure\"><\/span><!-- \/.heure --><br> <span class=\"extrait\"><a href=\"https:\/\/freddymorezon.org\/artistes\/eela-laitinen\/\" title=\"+ d'infos\" alt=\"+ d'infos\"><i class=\"fa fa-plus-square\"><\/i><\/a><a href=\"https:\/\/www.compagnieshin.com\/\" target=\"_blank\" title=\"+ d'infos\" alt=\"+ d'infos\"><i class=\"fa fa-plus-square\"><\/i><\/a><\/span><!-- \/.extrait --><br> <\/div>\t<!-- \/.detail --> <\/div> <!-- \/.contenu-date --><\/li><li class=\"eo-event-venue-college-la-serre-de-sarsan eo-event-cat-action-culturelle eo-event-cat-agenda eo-event-cat-eela-laitinen eo-event-past eo-all-day\"><div class=\"date\"> <div class=\"jour\"> 15<\/div> <div class=\"mois\">May<\/div> <div class=\"annee\">2025<\/div> <\/div> <div class=\"contenu-date\"> <h4 class=\"titre\">Eela Laitinen &#8211; Montagnes Sensibles &#8211; Exposition, restitution du projet - <\/h4> <div class=\"detail\"> <span class=\"lieu\">Coll\u00e8ge La Serre de Sarsan, Lourdes<\/span><!-- \/.lieu --> - <span   class=\"heure\"><\/span><!-- \/.heure --><br> <span class=\"extrait\"><a href=\"https:\/\/freddymorezon.org\/artistes\/eela-laitinen\/\" title=\"+ d'infos\" alt=\"+ d'infos\"><i class=\"fa fa-plus-square\"><\/i><\/a><\/span><!-- \/.extrait --><br> <\/div>\t<!-- \/.detail --> <\/div> <!-- \/.contenu-date --><\/li><li class=\"eo-event-venue-abbadiale eo-event-cat-action-culturelle eo-event-cat-agenda eo-event-cat-eela-laitinen eo-event-past\"><div class=\"date\"> <div class=\"jour\"> 12 <\/div> <div class=\"mois\">Apr <\/div> <div class=\"annee\">2025 <\/div> <\/div> <div class=\"contenu-date\"> <h4 class=\"titre\">Eela Laitinen &#8211; Ateliers de cartographie sensible - <\/h4> <div class=\"detail\"> <span class=\"lieu\">Abbadiale, Arras en Lavedan<\/span><!-- \/.lieu --> - <span   class=\"heure\"> 10:00<\/span><!-- \/.heure --><br> <span class=\"extrait\"><a href=\"https:\/\/freddymorezon.org\/artistes\/eela-laitinen\/\" title=\"+ d'infos\" alt=\"+ d'infos\"><i class=\"fa fa-plus-square\"><\/i><\/a><a href=\"https:\/\/www.abbadiale.fr\/\" target=\"_blank\" title=\"+ d'infos\" alt=\"+ d'infos\"><i class=\"fa fa-plus-square\"><\/i><\/a><\/span><!-- \/.extrait --><br> <\/div>\t<!-- \/.detail --> <\/div> <!-- \/.contenu-date --><\/li><li class=\"eo-event-venue-college-la-serre-de-sarsan eo-event-cat-action-culturelle eo-event-cat-agenda eo-event-cat-eela-laitinen eo-event-past eo-all-day\"><div class=\"date\"> <div class=\"jour\"> 10<\/div> <div class=\"mois\">Apr<\/div> <div class=\"annee\">2025<\/div> <\/div> <div class=\"contenu-date\"> <h4 class=\"titre\">Eela Laitinen &#8211; Montagnes Sensibles &#8211; Atelier de cartographie sensible - <\/h4> <div class=\"detail\"> <span class=\"lieu\">Coll\u00e8ge La Serre de Sarsan, Lourdes<\/span><!-- \/.lieu --> - <span   class=\"heure\"><\/span><!-- \/.heure --><br> <span class=\"extrait\"><a href=\"https:\/\/freddymorezon.org\/artistes\/eela-laitinen\/\" title=\"+ d'infos\" alt=\"+ d'infos\"><i class=\"fa fa-plus-square\"><\/i><\/a><\/span><!-- \/.extrait --><br> <\/div>\t<!-- \/.detail --> <\/div> <!-- \/.contenu-date --><\/li><li class=\"eo-event-cat-action-culturelle eo-event-cat-agenda eo-event-cat-eela-laitinen eo-event-past\"><div class=\"date\"> <div class=\"jour\"> 06 <\/div> <div class=\"mois\">Apr <\/div> <div class=\"annee\">2025 <\/div> <\/div> <div class=\"contenu-date\"> <h4 class=\"titre\">Eela Laitinen &#8211;  Ateliers de cartographie sensible - <\/h4> <div class=\"detail\"> <span class=\"lieu\">, <\/span><!-- \/.lieu --> - <span   class=\"heure\"> 10:00<\/span><!-- \/.heure --><br> <span class=\"extrait\"><a href=\"https:\/\/freddymorezon.org\/artistes\/eela-laitinen\/\" title=\"+ d'infos\" alt=\"+ d'infos\"><i class=\"fa fa-plus-square\"><\/i><\/a><a href=\"https:\/\/www.abbadiale.fr\/\" target=\"_blank\" title=\"+ d'infos\" alt=\"+ d'infos\"><i class=\"fa fa-plus-square\"><\/i><\/a><\/span><!-- \/.extrait --><br> <\/div>\t<!-- \/.detail --> <\/div> <!-- \/.contenu-date --><\/li><li class=\"eo-event-venue-vallee-des-gaves eo-event-cat-action-culturelle eo-event-cat-agenda eo-event-cat-eela-laitinen eo-event-past eo-all-day\"><div class=\"date\"> <div class=\"jour\"> 04<\/div> <div class=\"mois\">Apr<\/div> <div class=\"annee\">2025<\/div> <\/div> <div class=\"contenu-date\"> <h4 class=\"titre\">Eela Laitinen &#8211; Montagnes Sensibles &#8211; Randonn\u00e9e et rep\u00e9rage sensible - <\/h4> <div class=\"detail\"> <span class=\"lieu\">Vall\u00e9e des Gaves, <\/span><!-- \/.lieu --> - <span   class=\"heure\"><\/span><!-- \/.heure --><br> <span class=\"extrait\"><a href=\"https:\/\/freddymorezon.org\/artistes\/eela-laitinen\/\" title=\"+ d'infos\" alt=\"+ d'infos\"><i class=\"fa fa-plus-square\"><\/i><\/a><\/span><!-- \/.extrait --><br> <\/div>\t<!-- \/.detail --> <\/div> <!-- \/.contenu-date --><\/li><li class=\"eo-event-venue-ecole-jean-bourdette eo-event-cat-action-culturelle eo-event-cat-agenda eo-event-cat-eela-laitinen eo-event-past eo-multi-day eo-all-day\"><div class=\"date\"> <div class=\"jour\"> 31<\/div> <div class=\"mois\">Mar<\/div> <div class=\"annee\">2025<\/div> <\/div> <div class=\"contenu-date\"> <h4 class=\"titre\">Eela Laitinen &#8211; Espaces Imaginaires &#8211; Ateliers de Cartographie sensible - <\/h4> <div class=\"detail\"> <span class=\"lieu\">Ecole Jean Bourdette, Argeles-Gazost<\/span><!-- \/.lieu --> - <span   class=\"heure\"><\/span><!-- \/.heure --><br> <span class=\"extrait\"><a href=\"https:\/\/freddymorezon.org\/artistes\/eela-laitinen\/\" title=\"+ d'infos\" alt=\"+ d'infos\"><i class=\"fa fa-plus-square\"><\/i><\/a><a href=\"https:\/\/www.eelalaitinen.com\/\" target=\"_blank\" title=\"+ d'infos\" alt=\"+ d'infos\"><i class=\"fa fa-plus-square\"><\/i><\/a><\/span><!-- \/.extrait --><br> <\/div>\t<!-- \/.detail --> <\/div> <!-- \/.contenu-date --><\/li><li class=\"eo-event-venue-college-joliot-curie eo-event-cat-action-culturelle eo-event-cat-agenda eo-event-cat-eela-laitinen eo-event-past eo-multi-day eo-all-day\"><div class=\"date\"> <div class=\"jour\"> 10<\/div> <div class=\"mois\">Feb<\/div> <div class=\"annee\">2025<\/div> <\/div> <div class=\"contenu-date\"> <h4 class=\"titre\">Eela Laitinen x Cie Shin &#8221; In Situ : r\u00e9cits des rescap\u00e9\u00b7es de la d\u00e9portation &#8221; ateliers de cartographie sensible - <\/h4> <div class=\"detail\"> <span class=\"lieu\">Coll\u00e8ge Joliot Curie, Stains<\/span><!-- \/.lieu --> - <span   class=\"heure\"><\/span><!-- \/.heure --><br> <span class=\"extrait\"><a href=\"https:\/\/freddymorezon.org\/artistes\/eela-laitinen\/\" title=\"+ d'infos\" alt=\"+ d'infos\"><i class=\"fa fa-plus-square\"><\/i><\/a><a href=\"https:\/\/www.compagnieshin.com\/\" target=\"_blank\" title=\"+ d'infos\" alt=\"+ d'infos\" rel=\"noopener\"><i class=\"fa fa-plus-square\"><\/i><\/a><\/span><!-- \/.extrait --><br> <\/div>\t<!-- \/.detail --> <\/div> <!-- \/.contenu-date --><\/li><li class=\"eo-event-venue-college-joliot-curie eo-event-cat-action-culturelle eo-event-cat-agenda eo-event-cat-eela-laitinen eo-event-past eo-multi-day eo-all-day\"><div class=\"date\"> <div class=\"jour\"> 06<\/div> <div class=\"mois\">Feb<\/div> <div class=\"annee\">2025<\/div> <\/div> <div class=\"contenu-date\"> <h4 class=\"titre\">Eela Laitinen x Cie Shin &#8221; In Situ : r\u00e9cits des rescap\u00e9\u00b7es de la d\u00e9portation &#8221; ateliers de cartographie sensible - <\/h4> <div class=\"detail\"> <span class=\"lieu\">Coll\u00e8ge Joliot Curie, Stains<\/span><!-- \/.lieu --> - <span   class=\"heure\"><\/span><!-- \/.heure --><br> <span class=\"extrait\"><a href=\"https:\/\/freddymorezon.org\/artistes\/eela-laitinen\/\" title=\"+ d'infos\" alt=\"+ d'infos\"><i class=\"fa fa-plus-square\"><\/i><\/a><a href=\"https:\/\/www.compagnieshin.com\/\" target=\"_blank\" title=\"+ d'infos\" alt=\"+ d'infos\" rel=\"noopener\"><i class=\"fa fa-plus-square\"><\/i><\/a><\/span><!-- \/.extrait --><br> <\/div>\t<!-- \/.detail --> <\/div> <!-- \/.contenu-date --><\/li><li class=\"eo-event-cat-agenda eo-event-cat-eela-laitinen eo-event-cat-residence eo-event-past eo-multi-day eo-all-day\"><div class=\"date\"> <div class=\"jour\"> 05<\/div> <div class=\"mois\">Dec<\/div> <div class=\"annee\">2024<\/div> <\/div> <div class=\"contenu-date\"> <h4 class=\"titre\">Eela Laitinen x Bocage &#8221; Petit ruisseau deviendra grand &#8221; cr\u00e9ation jeune public - <\/h4> <div class=\"detail\"> <span class=\"lieu\">, <\/span><!-- \/.lieu --> - <span   class=\"heure\"><\/span><!-- \/.heure --><br> <span class=\"extrait\"><a href=\"https:\/\/freddymorezon.org\/artistes\/eela-laitinen\/\" title=\"+ d'infos\" alt=\"+ d'infos\"><i class=\"fa fa-plus-square\"><\/i><\/a><a href=\"http:\/\/www.ilovebocage.com\" target=\"_blank\" title=\"+ d'infos\" alt=\"+ d'infos\" rel=\"noopener\"><i class=\"fa fa-plus-square\"><\/i><\/a>\r\n<\/span><!-- \/.extrait --><br> <\/div>\t<!-- \/.detail --> <\/div> <!-- \/.contenu-date --><\/li><li class=\"eo-event-venue-salle-communale eo-event-cat-betty-hovette eo-event-cat-eela-laitinen eo-event-cat-residence eo-event-past eo-multi-day eo-all-day\"><div class=\"date\"> <div class=\"jour\"> 21<\/div> <div class=\"mois\">Nov<\/div> <div class=\"annee\">2024<\/div> <\/div> <div class=\"contenu-date\"> <h4 class=\"titre\">\u00c0 flot &#8211; Betty Hovette x Eela Laitinen - <\/h4> <div class=\"detail\"> <span class=\"lieu\">Salle municipale, Belb\u00e8ze-en-Comminges<\/span><!-- \/.lieu --> - <span   class=\"heure\"><\/span><!-- \/.heure --><br> <span class=\"extrait\"><a href=\"https:\/\/freddymorezon.org\/artistes\/betty-hovette\/\" title=\"+ d'infos\" alt=\"+ d'infos\"><i class=\"fa fa-plus-square\"><\/i><\/a><a href=\"https:\/\/freddymorezon.org\/artistes\/eela-laitinen\/\" title=\"+ d'infos\" alt=\"+ d'infos\"><i class=\"fa fa-plus-square\"><\/i><\/a><\/span><!-- \/.extrait --><br> <\/div>\t<!-- \/.detail --> <\/div> <!-- \/.contenu-date --><\/li><li class=\"eo-event-venue-abbadiale-maison-des-arts eo-event-cat-action-culturelle eo-event-cat-agenda eo-event-cat-eela-laitinen eo-event-past\"><div class=\"date\"> <div class=\"jour\"> 14 <\/div> <div class=\"mois\">Nov <\/div> <div class=\"annee\">2024 <\/div> <\/div> <div class=\"contenu-date\"> <h4 class=\"titre\">Eela Laitinen &#8211; Visite guid\u00e9e de l&#8217;exposition Montagne Multiple avec les coll\u00e9gien\u00b7nes de Lourdes - <\/h4> <div class=\"detail\"> <span class=\"lieu\">Abbadiale, Maison des Arts, Arras en Lavedan<\/span><!-- \/.lieu --> - <span   class=\"heure\"> 14:30<\/span><!-- \/.heure --><br> <span class=\"extrait\"><a href=\"https:\/\/freddymorezon.org\/artistes\/eela-laitinen\/\" title=\"+ d'infos\" alt=\"+ d'infos\"><i class=\"fa fa-plus-square\"><\/i><\/a><a href=\"https:\/\/www.abbadiale.fr\/montagnemultiple\/\" target=\"_blank\" title=\"+ d'infos\" alt=\"+ d'infos\" rel=\"noopener\"><i class=\"fa fa-plus-square\"><\/i><\/a>\r\n\r\n<\/span><!-- \/.extrait --><br> <\/div>\t<!-- \/.detail --> <\/div> <!-- \/.contenu-date --><\/li><li class=\"eo-event-venue-abbadiale-maison-des-arts eo-event-cat-action-culturelle eo-event-cat-agenda eo-event-cat-eela-laitinen eo-event-past\"><div class=\"date\"> <div class=\"jour\"> 20 <\/div> <div class=\"mois\">Oct <\/div> <div class=\"annee\">2024 <\/div> <\/div> <div class=\"contenu-date\"> <h4 class=\"titre\">Eela Laitinen &#8211; Atelier de cartographie sensible - <\/h4> <div class=\"detail\"> <span class=\"lieu\">Abbadiale, Maison des Arts, Arras en Lavedan<\/span><!-- \/.lieu --> - <span   class=\"heure\"> 10:00<\/span><!-- \/.heure --><br> <span class=\"extrait\"><a href=\"https:\/\/freddymorezon.org\/artistes\/eela-laitinen\/\" title=\"+ d'infos\" alt=\"+ d'infos\"><i class=\"fa fa-plus-square\"><\/i><\/a><a href=\"https:\/\/www.abbadiale.fr\/eela-cart-10-2024\/\" target=\"_blank\" title=\"+ d'infos\" alt=\"+ d'infos\" rel=\"noopener\"><i class=\"fa fa-plus-square\"><\/i><\/a>\r\n<\/span><!-- \/.extrait --><br> <\/div>\t<!-- \/.detail --> <\/div> <!-- \/.contenu-date --><\/li><li class=\"eo-event-venue-abbadiale-maison-des-arts eo-event-cat-agenda eo-event-cat-eela-laitinen eo-event-past\"><div class=\"date\"> <div class=\"jour\"> 19 <\/div> <div class=\"mois\">Oct <\/div> <div class=\"annee\">2024 <\/div> <\/div> <div class=\"contenu-date\"> <h4 class=\"titre\">Eela Laitinen &#8211; Vernissage &#8221; Montagne Multiple &#8211; Exp\u00e9riences cartographiques &#8220; - <\/h4> <div class=\"detail\"> <span class=\"lieu\">Abbadiale, Maison des Arts, Arras en Lavedan<\/span><!-- \/.lieu --> - <span   class=\"heure\"> 17:30<\/span><!-- \/.heure --><br> <span class=\"extrait\"><a href=\"https:\/\/freddymorezon.org\/artistes\/eela-laitinen\/\" title=\"+ d'infos\" alt=\"+ d'infos\"><i class=\"fa fa-plus-square\"><\/i><\/a><a href=\"https:\/\/www.abbadiale.fr\/montagnemultiple\/\" target=\"_blank\" title=\"+ d'infos\" alt=\"+ d'infos\" rel=\"noopener\"><i class=\"fa fa-plus-square\"><\/i><\/a><a href=\"https:\/\/www.eelalaitinen.com\/montagne-multiple\" target=\"_blank\" title=\"+ d'infos\" alt=\"+ d'infos\" rel=\"noopener\"><i class=\"fa fa-plus-square\"><\/i><\/a>\r\n<\/span><!-- \/.extrait --><br> <\/div>\t<!-- \/.detail --> <\/div> <!-- \/.contenu-date --><\/li><li class=\"eo-event-venue-la-reynerie-le-mirail eo-event-cat-agenda eo-event-cat-court-circuit eo-event-cat-eela-laitinen eo-event-cat-freddy-morezon eo-event-past eo-all-day\"><div class=\"date\"> <div class=\"jour\"> 08<\/div> <div class=\"mois\">Jun<\/div> <div class=\"annee\">2024<\/div> <\/div> <div class=\"contenu-date\"> <h4 class=\"titre\">Court-Circuit - <\/h4> <div class=\"detail\"> <span class=\"lieu\">La Reynerie-Le Mirail, Toulouse<\/span><!-- \/.lieu --> - <span   class=\"heure\"><\/span><!-- \/.heure --><br> <span class=\"extrait\"><a href=\"https:\/\/freddymorezon.org\/action-culturelle\/court-circuit\/\" title=\"+ d'infos\" alt=\"+ d'infos\"><i class=\"fa fa-plus-square\"><\/i><\/a><\/span><!-- \/.extrait --><br> <\/div>\t<!-- \/.detail --> <\/div> <!-- \/.contenu-date --><\/li><li class=\"eo-event-venue-la-fabrique-universite-toulouse-jean-jaures eo-event-cat-action-culturelle eo-event-cat-agenda eo-event-cat-eela-laitinen eo-event-cat-residence-territoire-09 eo-event-past\"><div class=\"date\"> <div class=\"jour\"> 22 <\/div> <div class=\"mois\">Mar <\/div> <div class=\"annee\">2023 <\/div> <\/div> <div class=\"contenu-date\"> <h4 class=\"titre\">Atelier cartographie sensible - <\/h4> <div class=\"detail\"> <span class=\"lieu\">CIAM \/ La Fabrique, Toulouse<\/span><!-- \/.lieu --> - <span   class=\"heure\"> 18:00<\/span><!-- \/.heure --><br> <span class=\"extrait\">Cr\u00e9ation graphique avec Eela Laitinen <a href=\"https:\/\/culture.univ-tlse2.fr\/accueil\/ateliers\/atelier-de-creation-dune-cartographie-artistique-et-monumentale\" target=\"_blank\" title=\"+ d'infos\" alt=\"+ d'infos\" rel=\"noopener noreferrer\"><i class=\"fa fa-plus-square\"><\/i><\/a> Dans le cadre de Court-Circuit<\/span><!-- \/.extrait --><br> <\/div>\t<!-- \/.detail --> <\/div> <!-- \/.contenu-date --><\/li><li class=\"eo-event-venue-la-fabrique-universite-toulouse-jean-jaures eo-event-cat-action-culturelle eo-event-cat-agenda eo-event-cat-eela-laitinen eo-event-cat-residence-territoire-09 eo-event-past\"><div class=\"date\"> <div class=\"jour\"> 13 <\/div> <div class=\"mois\">Mar <\/div> <div class=\"annee\">2023 <\/div> <\/div> <div class=\"contenu-date\"> <h4 class=\"titre\">Atelier cartographie sensible - <\/h4> <div class=\"detail\"> <span class=\"lieu\">CIAM \/ La Fabrique, Toulouse<\/span><!-- \/.lieu --> - <span   class=\"heure\"> 18:00<\/span><!-- \/.heure --><br> <span class=\"extrait\">Cr\u00e9ation graphique avec Eela Laitinen <a href=\"https:\/\/culture.univ-tlse2.fr\/accueil\/ateliers\/atelier-de-creation-dune-cartographie-artistique-et-monumentale\" target=\"_blank\" title=\"+ d'infos\" alt=\"+ d'infos\" rel=\"noopener noreferrer\"><i class=\"fa fa-plus-square\"><\/i><\/a> Dans le cadre de Court-Circuit<\/span><!-- \/.extrait --><br> <\/div>\t<!-- \/.detail --> <\/div> <!-- \/.contenu-date --><\/li><li class=\"eo-event-venue-la-fabrique-universite-toulouse-jean-jaures eo-event-cat-action-culturelle eo-event-cat-agenda eo-event-cat-eela-laitinen eo-event-cat-residence-territoire-09 eo-event-past\"><div class=\"date\"> <div class=\"jour\"> 08 <\/div> <div class=\"mois\">Mar <\/div> <div class=\"annee\">2023 <\/div> <\/div> <div class=\"contenu-date\"> <h4 class=\"titre\">Atelier cartographie sensible - <\/h4> <div class=\"detail\"> <span class=\"lieu\">CIAM \/ La Fabrique, Toulouse<\/span><!-- \/.lieu --> - <span   class=\"heure\"> 18:00<\/span><!-- \/.heure --><br> <span class=\"extrait\">Cr\u00e9ation graphique avec Eela Laitinen <a href=\"https:\/\/culture.univ-tlse2.fr\/accueil\/ateliers\/atelier-de-creation-dune-cartographie-artistique-et-monumentale\" target=\"_blank\" title=\"+ d'infos\" alt=\"+ d'infos\" rel=\"noopener noreferrer\"><i class=\"fa fa-plus-square\"><\/i><\/a> Dans le cadre de Court-Circuit<\/span><!-- \/.extrait --><br> <\/div>\t<!-- \/.detail --> <\/div> <!-- \/.contenu-date --><\/li><li class=\"eo-event-venue-la-fabrique-universite-toulouse-jean-jaures eo-event-cat-action-culturelle eo-event-cat-agenda eo-event-cat-eela-laitinen eo-event-cat-residence-territoire-09 eo-event-past\"><div class=\"date\"> <div class=\"jour\"> 13 <\/div> <div class=\"mois\">Feb <\/div> <div class=\"annee\">2023 <\/div> <\/div> <div class=\"contenu-date\"> <h4 class=\"titre\">Atelier cartographie sensible - <\/h4> <div class=\"detail\"> <span class=\"lieu\">CIAM \/ La Fabrique, Toulouse<\/span><!-- \/.lieu --> - <span   class=\"heure\"> 18:00<\/span><!-- \/.heure --><br> <span class=\"extrait\">Cr\u00e9ation graphique avec Eela Laitinen <a href=\"https:\/\/culture.univ-tlse2.fr\/accueil\/ateliers\/atelier-de-creation-dune-cartographie-artistique-et-monumentale\" target=\"_blank\" title=\"+ d'infos\" alt=\"+ d'infos\" rel=\"noopener noreferrer\"><i class=\"fa fa-plus-square\"><\/i><\/a> Dans le cadre de Court-Circuit<\/span><!-- \/.extrait --><br> <\/div>\t<!-- \/.detail --> <\/div> <!-- \/.contenu-date --><\/li><li class=\"eo-event-venue-la-fabrique-universite-toulouse-jean-jaures eo-event-cat-action-culturelle eo-event-cat-agenda eo-event-cat-eela-laitinen eo-event-cat-residence-territoire-09 eo-event-past\"><div class=\"date\"> <div class=\"jour\"> 08 <\/div> <div class=\"mois\">Feb <\/div> <div class=\"annee\">2023 <\/div> <\/div> <div class=\"contenu-date\"> <h4 class=\"titre\">Atelier cartographie sensible - <\/h4> <div class=\"detail\"> <span class=\"lieu\">CIAM \/ La Fabrique, Toulouse<\/span><!-- \/.lieu --> - <span   class=\"heure\"> 18:00<\/span><!-- \/.heure --><br> <span class=\"extrait\">Cr\u00e9ation graphique avec Eela Laitinen <a href=\"https:\/\/culture.univ-tlse2.fr\/accueil\/ateliers\/atelier-de-creation-dune-cartographie-artistique-et-monumentale\" target=\"_blank\" title=\"+ d'infos\" alt=\"+ d'infos\" rel=\"noopener noreferrer\"><i class=\"fa fa-plus-square\"><\/i><\/a> Dans le cadre de Court-Circuit<\/span><!-- \/.extrait --><br> <\/div>\t<!-- \/.detail --> <\/div> <!-- \/.contenu-date --><\/li><li class=\"eo-event-venue-la-fabrique-universite-toulouse-jean-jaures eo-event-cat-action-culturelle eo-event-cat-agenda eo-event-cat-eela-laitinen eo-event-cat-residence-territoire-09 eo-event-past\"><div class=\"date\"> <div class=\"jour\"> 30 <\/div> <div class=\"mois\">Jan <\/div> <div class=\"annee\">2023 <\/div> <\/div> <div class=\"contenu-date\"> <h4 class=\"titre\">Atelier cartographie sensible - <\/h4> <div class=\"detail\"> <span class=\"lieu\">CIAM \/ La Fabrique, Toulouse<\/span><!-- \/.lieu --> - <span   class=\"heure\"> 18:00<\/span><!-- \/.heure --><br> <span class=\"extrait\">Cr\u00e9ation graphique avec Eela Laitinen <a href=\"https:\/\/culture.univ-tlse2.fr\/accueil\/ateliers\/atelier-de-creation-dune-cartographie-artistique-et-monumentale\" target=\"_blank\" title=\"+ d'infos\" alt=\"+ d'infos\" rel=\"noopener noreferrer\"><i class=\"fa fa-plus-square\"><\/i><\/a> Dans le cadre de Court-Circuit<\/span><!-- \/.extrait --><br> <\/div>\t<!-- \/.detail --> <\/div> <!-- \/.contenu-date --><\/li><li class=\"eo-event-venue-la-fabrique-universite-toulouse-jean-jaures eo-event-cat-action-culturelle eo-event-cat-agenda eo-event-cat-eela-laitinen eo-event-cat-residence-territoire-09 eo-event-past\"><div class=\"date\"> <div class=\"jour\"> 25 <\/div> <div class=\"mois\">Jan <\/div> <div class=\"annee\">2023 <\/div> <\/div> <div class=\"contenu-date\"> <h4 class=\"titre\">Atelier cartographie sensible - <\/h4> <div class=\"detail\"> <span class=\"lieu\">CIAM \/ La Fabrique, Toulouse<\/span><!-- \/.lieu --> - <span   class=\"heure\"> 18:00<\/span><!-- \/.heure --><br> <span class=\"extrait\">Cr\u00e9ation graphique avec Eela Laitinen <a href=\"https:\/\/culture.univ-tlse2.fr\/accueil\/ateliers\/atelier-de-creation-dune-cartographie-artistique-et-monumentale\" target=\"_blank\" title=\"+ d'infos\" alt=\"+ d'infos\" rel=\"noopener noreferrer\"><i class=\"fa fa-plus-square\"><\/i><\/a> Dans le cadre de Court-Circuit<\/span><!-- \/.extrait --><br> <\/div>\t<!-- \/.detail --> <\/div> <!-- \/.contenu-date --><\/li><\/ul><\/div><\/div><\/div><div id=\"pgc-19345-4-2\"  class=\"panel-grid-cell panel-grid-cell-empty\" ><\/div><\/div><\/div>","protected":false},"excerpt":{"rendered":"<p>Agenda Eela Laitinen Return to artist&#8217;s page<\/p>\n","protected":false},"author":1,"featured_media":0,"parent":0,"menu_order":0,"comment_status":"closed","ping_status":"closed","template":"page-templates\/full-width.php","meta":{"om_disable_all_campaigns":false,"_monsterinsights_skip_tracking":false,"_monsterinsights_sitenote_active":false,"_monsterinsights_sitenote_note":"","_monsterinsights_sitenote_category":0,"_uf_show_specific_survey":0,"_uf_disable_surveys":false,"footnotes":""},"categories":[],"tags":[],"class_list":["post-19345","page","type-page","status-publish","hentry"],"aioseo_notices":[],"yoast_head":"<!-- This site is optimized with the Yoast SEO plugin v27.4 - https:\/\/yoast.com\/product\/yoast-seo-wordpress\/ -->\n<title>Agenda - Eela Laitinen | Freddy Morezon<\/title>\n<meta name=\"robots\" content=\"index, follow, max-snippet:-1, max-image-preview:large, max-video-preview:-1\" \/>\n<link rel=\"canonical\" href=\"https:\/\/freddymorezon.org\/agenda-eela-laitinen\/\" \/>\n<meta property=\"og:locale\" content=\"en_US\" \/>\n<meta property=\"og:type\" content=\"article\" \/>\n<meta property=\"og:title\" content=\"Agenda - Eela Laitinen | Freddy Morezon\" \/>\n<meta property=\"og:description\" content=\"Agenda Eela Laitinen Return to artist&#039;s page\" \/>\n<meta property=\"og:url\" content=\"https:\/\/freddymorezon.org\/agenda-eela-laitinen\/\" \/>\n<meta property=\"og:site_name\" content=\"Freddy Morezon\" \/>\n<meta property=\"article:publisher\" content=\"https:\/\/www.facebook.com\/freddy.morezon\/\" \/>\n<meta property=\"article:modified_time\" content=\"2025-06-10T09:50:52+00:00\" \/>\n<meta property=\"og:image\" content=\"https:\/\/freddymorezon.org\/wp-content\/uploads\/2016\/02\/mini-logo-header-site2.jpg\" \/>\n\t<meta property=\"og:image:width\" content=\"234\" \/>\n\t<meta property=\"og:image:height\" content=\"174\" \/>\n\t<meta property=\"og:image:type\" content=\"image\/jpeg\" \/>\n<meta name=\"twitter:card\" content=\"summary_large_image\" \/>\n<script type=\"application\/ld+json\" class=\"yoast-schema-graph\">{\"@context\":\"https:\\\/\\\/schema.org\",\"@graph\":[{\"@type\":\"WebPage\",\"@id\":\"https:\\\/\\\/freddymorezon.org\\\/agenda-eela-laitinen\\\/\",\"url\":\"https:\\\/\\\/freddymorezon.org\\\/agenda-eela-laitinen\\\/\",\"name\":\"Agenda - Eela Laitinen | Freddy Morezon\",\"isPartOf\":{\"@id\":\"https:\\\/\\\/freddymorezon.org\\\/#website\"},\"datePublished\":\"2024-03-14T11:56:52+00:00\",\"dateModified\":\"2025-06-10T09:50:52+00:00\",\"breadcrumb\":{\"@id\":\"https:\\\/\\\/freddymorezon.org\\\/agenda-eela-laitinen\\\/#breadcrumb\"},\"inLanguage\":\"en-US\",\"potentialAction\":[{\"@type\":\"ReadAction\",\"target\":[\"https:\\\/\\\/freddymorezon.org\\\/agenda-eela-laitinen\\\/\"]}]},{\"@type\":\"BreadcrumbList\",\"@id\":\"https:\\\/\\\/freddymorezon.org\\\/agenda-eela-laitinen\\\/#breadcrumb\",\"itemListElement\":[{\"@type\":\"ListItem\",\"position\":1,\"name\":\"Accueil\",\"item\":\"https:\\\/\\\/freddymorezon.org\\\/\"},{\"@type\":\"ListItem\",\"position\":2,\"name\":\"Agenda &#8211; Eela Laitinen\"}]},{\"@type\":\"WebSite\",\"@id\":\"https:\\\/\\\/freddymorezon.org\\\/#website\",\"url\":\"https:\\\/\\\/freddymorezon.org\\\/\",\"name\":\"Freddy Morezon\",\"description\":\"jazz - musique improvis\u00e9e - esth\u00e9tiques plurielles\",\"publisher\":{\"@id\":\"https:\\\/\\\/freddymorezon.org\\\/#organization\"},\"potentialAction\":[{\"@type\":\"SearchAction\",\"target\":{\"@type\":\"EntryPoint\",\"urlTemplate\":\"https:\\\/\\\/freddymorezon.org\\\/?s={search_term_string}\"},\"query-input\":{\"@type\":\"PropertyValueSpecification\",\"valueRequired\":true,\"valueName\":\"search_term_string\"}}],\"inLanguage\":\"en-US\"},{\"@type\":\"Organization\",\"@id\":\"https:\\\/\\\/freddymorezon.org\\\/#organization\",\"name\":\"Association Freddy Morezon\",\"url\":\"https:\\\/\\\/freddymorezon.org\\\/\",\"logo\":{\"@type\":\"ImageObject\",\"inLanguage\":\"en-US\",\"@id\":\"https:\\\/\\\/freddymorezon.org\\\/#\\\/schema\\\/logo\\\/image\\\/\",\"url\":\"https:\\\/\\\/freddymorezon.org\\\/wp-content\\\/uploads\\\/2016\\\/02\\\/mini-logo-header-site2.jpg\",\"contentUrl\":\"https:\\\/\\\/freddymorezon.org\\\/wp-content\\\/uploads\\\/2016\\\/02\\\/mini-logo-header-site2.jpg\",\"width\":234,\"height\":174,\"caption\":\"Association Freddy Morezon\"},\"image\":{\"@id\":\"https:\\\/\\\/freddymorezon.org\\\/#\\\/schema\\\/logo\\\/image\\\/\"},\"sameAs\":[\"https:\\\/\\\/www.facebook.com\\\/freddy.morezon\\\/\",\"https:\\\/\\\/www.instagram.com\\\/freddymorezon\\\/\",\"https:\\\/\\\/www.youtube.com\\\/user\\\/freddymorezon\",\"https:\\\/\\\/fr.linkedin.com\\\/company\\\/freddy-morezon-p.r.o.d.\"]}]}<\/script>\n<!-- \/ Yoast SEO plugin. -->","yoast_head_json":{"title":"Agenda - Eela Laitinen | Freddy Morezon","robots":{"index":"index","follow":"follow","max-snippet":"max-snippet:-1","max-image-preview":"max-image-preview:large","max-video-preview":"max-video-preview:-1"},"canonical":"https:\/\/freddymorezon.org\/agenda-eela-laitinen\/","og_locale":"en_US","og_type":"article","og_title":"Agenda - Eela Laitinen | Freddy Morezon","og_description":"Agenda Eela Laitinen Return to artist's page","og_url":"https:\/\/freddymorezon.org\/agenda-eela-laitinen\/","og_site_name":"Freddy Morezon","article_publisher":"https:\/\/www.facebook.com\/freddy.morezon\/","article_modified_time":"2025-06-10T09:50:52+00:00","og_image":[{"width":234,"height":174,"url":"https:\/\/freddymorezon.org\/wp-content\/uploads\/2016\/02\/mini-logo-header-site2.jpg","type":"image\/jpeg"}],"twitter_card":"summary_large_image","schema":{"@context":"https:\/\/schema.org","@graph":[{"@type":"WebPage","@id":"https:\/\/freddymorezon.org\/agenda-eela-laitinen\/","url":"https:\/\/freddymorezon.org\/agenda-eela-laitinen\/","name":"Agenda - Eela Laitinen | Freddy Morezon","isPartOf":{"@id":"https:\/\/freddymorezon.org\/#website"},"datePublished":"2024-03-14T11:56:52+00:00","dateModified":"2025-06-10T09:50:52+00:00","breadcrumb":{"@id":"https:\/\/freddymorezon.org\/agenda-eela-laitinen\/#breadcrumb"},"inLanguage":"en-US","potentialAction":[{"@type":"ReadAction","target":["https:\/\/freddymorezon.org\/agenda-eela-laitinen\/"]}]},{"@type":"BreadcrumbList","@id":"https:\/\/freddymorezon.org\/agenda-eela-laitinen\/#breadcrumb","itemListElement":[{"@type":"ListItem","position":1,"name":"Accueil","item":"https:\/\/freddymorezon.org\/"},{"@type":"ListItem","position":2,"name":"Agenda &#8211; Eela Laitinen"}]},{"@type":"WebSite","@id":"https:\/\/freddymorezon.org\/#website","url":"https:\/\/freddymorezon.org\/","name":"Freddy Morezon","description":"jazz - musique improvis\u00e9e - esth\u00e9tiques plurielles","publisher":{"@id":"https:\/\/freddymorezon.org\/#organization"},"potentialAction":[{"@type":"SearchAction","target":{"@type":"EntryPoint","urlTemplate":"https:\/\/freddymorezon.org\/?s={search_term_string}"},"query-input":{"@type":"PropertyValueSpecification","valueRequired":true,"valueName":"search_term_string"}}],"inLanguage":"en-US"},{"@type":"Organization","@id":"https:\/\/freddymorezon.org\/#organization","name":"Association Freddy Morezon","url":"https:\/\/freddymorezon.org\/","logo":{"@type":"ImageObject","inLanguage":"en-US","@id":"https:\/\/freddymorezon.org\/#\/schema\/logo\/image\/","url":"https:\/\/freddymorezon.org\/wp-content\/uploads\/2016\/02\/mini-logo-header-site2.jpg","contentUrl":"https:\/\/freddymorezon.org\/wp-content\/uploads\/2016\/02\/mini-logo-header-site2.jpg","width":234,"height":174,"caption":"Association Freddy Morezon"},"image":{"@id":"https:\/\/freddymorezon.org\/#\/schema\/logo\/image\/"},"sameAs":["https:\/\/www.facebook.com\/freddy.morezon\/","https:\/\/www.instagram.com\/freddymorezon\/","https:\/\/www.youtube.com\/user\/freddymorezon","https:\/\/fr.linkedin.com\/company\/freddy-morezon-p.r.o.d."]}]}},"_links":{"self":[{"href":"https:\/\/freddymorezon.org\/en\/wp-json\/wp\/v2\/pages\/19345","targetHints":{"allow":["GET"]}}],"collection":[{"href":"https:\/\/freddymorezon.org\/en\/wp-json\/wp\/v2\/pages"}],"about":[{"href":"https:\/\/freddymorezon.org\/en\/wp-json\/wp\/v2\/types\/page"}],"author":[{"embeddable":true,"href":"https:\/\/freddymorezon.org\/en\/wp-json\/wp\/v2\/users\/1"}],"replies":[{"embeddable":true,"href":"https:\/\/freddymorezon.org\/en\/wp-json\/wp\/v2\/comments?post=19345"}],"version-history":[{"count":5,"href":"https:\/\/freddymorezon.org\/en\/wp-json\/wp\/v2\/pages\/19345\/revisions"}],"predecessor-version":[{"id":23129,"href":"https:\/\/freddymorezon.org\/en\/wp-json\/wp\/v2\/pages\/19345\/revisions\/23129"}],"wp:attachment":[{"href":"https:\/\/freddymorezon.org\/en\/wp-json\/wp\/v2\/media?parent=19345"}],"wp:term":[{"taxonomy":"category","embeddable":true,"href":"https:\/\/freddymorezon.org\/en\/wp-json\/wp\/v2\/categories?post=19345"},{"taxonomy":"post_tag","embeddable":true,"href":"https:\/\/freddymorezon.org\/en\/wp-json\/wp\/v2\/tags?post=19345"}],"curies":[{"name":"wp","href":"https:\/\/api.w.org\/{rel}","templated":true}]}}