
{"id":24342,"date":"2025-11-13T15:42:44","date_gmt":"2025-11-13T13:42:44","guid":{"rendered":"https:\/\/freddymorezon.org\/?page_id=24342"},"modified":"2026-04-08T18:14:55","modified_gmt":"2026-04-08T16:14:55","slug":"la-patata-bollente","status":"publish","type":"page","link":"https:\/\/freddymorezon.org\/en\/catalogue\/la-patata-bollente\/","title":{"rendered":"La Patata Bollente"},"content":{"rendered":"<div id=\"pl-24342\"  class=\"panel-layout\" ><div id=\"pg-24342-0\"  class=\"panel-grid panel-no-style\" ><div id=\"pgc-24342-0-0\"  class=\"panel-grid-cell\" ><div id=\"panel-24342-0-0-0\" class=\"so-panel widget widget_eo_event_list_widget EO_Event_List_Widget panel-first-child\" data-index=\"0\" >\n\n\t<h3 class=\"widget-title evenements\">Tour<\/h3>\n\t<ul  class=\"eo-events eo-events-widget\" > \n\n\t\t\n\t\t\t\t\t\t\n\t\t\t<li class=\"eo-event-venue-jazz-a-luz eo-event-cat-agenda eo-event-cat-la-patata-bollente eo-event-cat-marc-demereau eo-event-future\" >\n\t\t\t\n\t\t\n\t\t\t\n\t\t\n\t\t\t\t<div class=\"date\"> \n\t\t\t\t <div class=\"jour\">13<\/div> <div class=\"mois\">Jul<\/div><\/div>\t\t\t\n\t\t\t\t\t\n\t\t\t\t\t\t\t\t\t\t\n\t\t\t\t\t\n\t\t\t\t <div class=\"contenu-date\">\n\t\t\t\t\n\t\t\t\t<h4 class=\"titre\">La Patata Bollente - <\/h4> \n\t\t\t\t<div class=\"detail\">\n\t\t\t\t<span class=\"lieu\">Jazz \u00e0 Luz, Luz-Saint-Sauveur<\/span><!-- \/.lieu --> - <span class=\"heure\">20h30<\/span>\t\t\t\t\n\t\t\t\t\n\t\t\t\t\n\t\t\t\t<span class=\"extrait\"> - <p><a href=\"https:\/\/freddymorezon.org\/en\/catalogue\/la-patata-bollente\/\" title=\"+ d'infos\" alt=\"+ d'infos\"><i class=\"fa fa-plus-square\"><\/i><\/a><a href=\"https:\/\/jazzaluz.com\/\" target=\"_blank\" title=\"+ d'infos\" alt=\"+ d'infos\"><i class=\"fa fa-plus-square\"><\/i><\/a><\/p>\n<\/span><!-- \/.extrait -->\t\t\t\t\n\t\t\t\t\t\t\t\t&nbsp;<span class=\"meta\"><ul class='post-meta'>\n<li><span class='post-meta-key'>om_disable_all_campaigns:<\/span> <\/li>\n<\/ul>\n<\/span><!-- \/.meta -->\n\t\t\t\t<\/div> <!-- \/.detail -->\n\t\t\t\t\n\t\t\t\t\n\t\t\t\t\n\t\t\t\t\n\t\t\t\t\n\t\t\t\t\n\t\t\t\t\n\t\t\t\t\n\t\t\t\t\n\t\t\t\t\n\t\t<!--\t<div class=\"meta-projet-associe-a-l-actu\"><\/div> -->\n\t\t\t\t  \n\t\t\t\t  <div class=\"mois-titre\">\t\t\t\t<!-- \/.mois-titre -->\n\t\t\t\t\n\t\t\t\t   \n\t\t\t\t <\/div><!-- \/.contenu-date -->\n\t\t\t<\/li>\n\n\t\t\n\t<\/ul>\n\n\n<\/div><div id=\"panel-24342-0-0-1\" class=\"so-panel widget widget_sow-button\" data-index=\"1\" ><div\n\t\t\t\n\t\t\tclass=\"so-widget-sow-button so-widget-sow-button-flat-5192bebda948-25084\"\n\t\t\t\n\t\t><div class=\"ow-button-base ow-button-align-center\"\n>\n\t\t\t<a\n\t\t\t\tclass=\"sowb-button ow-icon-placement-left ow-button-hover\" \t>\n\t\t<span>\n\t\t\t\n\t\t\tToutes les dates de La Patata Bollente\t\t<\/span>\n\t\t\t<\/a>\n\t<\/div>\n<\/div><\/div><div id=\"panel-24342-0-0-2\" class=\"so-panel widget widget_sow-headline\" data-index=\"2\" ><div\n\t\t\t\n\t\t\tclass=\"so-widget-sow-headline so-widget-sow-headline-default-7f8f2d03a0dd-25084\"\n\t\t\t\n\t\t><div class=\"sow-headline-container \">\n\t\t\t\t\t\t<div class=\"decoration\">\n\t\t\t\t\t\t<div class=\"decoration-inside\"><\/div>\n\t\t\t\t\t<\/div>\n\t\t\t\t\t<\/div>\n<\/div><\/div><div id=\"panel-24342-0-0-3\" class=\"so-panel widget widget_sow-editor\" data-index=\"3\" ><div\n\t\t\t\n\t\t\tclass=\"so-widget-sow-editor so-widget-sow-editor-base\"\n\t\t\t\n\t\t><h3 class=\"widget-title\">News<\/h3>\n<div class=\"siteorigin-widget-tinymce textwidget\">\n\t<p>La Patata Bollente est Laur\u00e9at Occijazz 2026.\u00a0Le groupe sera accueilli en r\u00e9sidence de cr\u00e9ation par\u00a0Jazz Pyr' -\u00a0<i>Festival d'Altitude Pyr\u00e9n\u00e9es Vall\u00e9es des Gaves, Jazz \u00e0 Luz<\/i>\u00a0\u00e0 la maison de la vall\u00e9e en avril 2026<\/p>\n<\/div>\n<\/div><\/div><div id=\"panel-24342-0-0-4\" class=\"so-panel widget widget_sow-headline\" data-index=\"4\" ><div\n\t\t\t\n\t\t\tclass=\"so-widget-sow-headline so-widget-sow-headline-default-7f8f2d03a0dd-25084\"\n\t\t\t\n\t\t><div class=\"sow-headline-container \">\n\t\t\t\t\t\t<div class=\"decoration\">\n\t\t\t\t\t\t<div class=\"decoration-inside\"><\/div>\n\t\t\t\t\t<\/div>\n\t\t\t\t\t<\/div>\n<\/div><\/div><div id=\"panel-24342-0-0-5\" class=\"so-panel widget widget_sow-editor\" data-index=\"5\" ><div\n\t\t\t\n\t\t\tclass=\"so-widget-sow-editor so-widget-sow-editor-base\"\n\t\t\t\n\t\t><h3 class=\"widget-title\">ECOUTER <\/h3>\n<div class=\"siteorigin-widget-tinymce textwidget\">\n\t<p><iframe style=\"border: 0; width: 350px; height: 241px;\" src=\"https:\/\/bandcamp.com\/EmbeddedPlayer\/album=1111365094\/size=large\/bgcol=ffffff\/linkcol=0687f5\/artwork=none\/transparent=true\/\" seamless><a href=\"https:\/\/lapatatabollente2026.bandcamp.com\/album\/-\">_____________ de &quot;LA PATATA BOLLENTE<\/a><\/iframe><\/p>\n<\/div>\n<\/div><\/div><div id=\"panel-24342-0-0-6\" class=\"so-panel widget widget_sow-editor\" data-index=\"6\" ><div\n\t\t\t\n\t\t\tclass=\"so-widget-sow-editor so-widget-sow-editor-base\"\n\t\t\t\n\t\t><h3 class=\"widget-title\">Line-up<\/h3>\n<div class=\"siteorigin-widget-tinymce textwidget\">\n\t<p><strong>Merilu Solito<\/strong> Voix<br \/>\n<strong>Marc D\u00e9mereau<\/strong> Saxophone, Synthe<br \/>\n<strong>Laurent Avizou<\/strong> Guitare<br \/>\n<strong>Thomas Fiancette<\/strong> Batterie<\/p>\n<\/div>\n<\/div><\/div><div id=\"panel-24342-0-0-7\" class=\"so-panel widget widget_sow-headline\" data-index=\"7\" ><div\n\t\t\t\n\t\t\tclass=\"so-widget-sow-headline so-widget-sow-headline-default-7f8f2d03a0dd-25084\"\n\t\t\t\n\t\t><div class=\"sow-headline-container \">\n\t\t\t\t\t\t<div class=\"decoration\">\n\t\t\t\t\t\t<div class=\"decoration-inside\"><\/div>\n\t\t\t\t\t<\/div>\n\t\t\t\t\t<\/div>\n<\/div><\/div><div id=\"panel-24342-0-0-8\" class=\"so-panel widget widget_sow-editor\" data-index=\"8\" ><div\n\t\t\t\n\t\t\tclass=\"so-widget-sow-editor so-widget-sow-editor-base\"\n\t\t\t\n\t\t><h3 class=\"widget-title\">Contacts<\/h3>\n<div class=\"siteorigin-widget-tinymce textwidget\">\n\t<p><strong>Booking<\/strong> Fran\u00e7ois Montjosieu \/\/ francois[a]freddymorezon.org<\/p>\n<\/div>\n<\/div><\/div><div id=\"panel-24342-0-0-9\" class=\"so-panel widget widget_sow-headline\" data-index=\"9\" ><div\n\t\t\t\n\t\t\tclass=\"so-widget-sow-headline so-widget-sow-headline-default-7f8f2d03a0dd-25084\"\n\t\t\t\n\t\t><div class=\"sow-headline-container \">\n\t\t\t\t\t\t<div class=\"decoration\">\n\t\t\t\t\t\t<div class=\"decoration-inside\"><\/div>\n\t\t\t\t\t<\/div>\n\t\t\t\t\t<\/div>\n<\/div><\/div><div id=\"panel-24342-0-0-10\" class=\"so-panel widget widget_sow-editor panel-last-child\" data-index=\"10\" ><div\n\t\t\t\n\t\t\tclass=\"so-widget-sow-editor so-widget-sow-editor-base\"\n\t\t\t\n\t\t><h3 class=\"widget-title\">links<\/h3>\n<div class=\"siteorigin-widget-tinymce textwidget\">\n\t<ul>\n \t<i class=\"fa fa-chevron-right fa-2x\"><\/i> <a title=\"Marc D\u00e9mereau\" href=\"https:\/\/freddymorezon.org\/artistes\/marc-demereau\/\">Marc D\u00e9mereau<\/a><\/ul>\n<p><i class=\"fa fa-chevron-right fa-2x\"><\/i> <a title=\"Bandcamp\" href=\"https:\/\/lapatatabollente.bandcamp.com\/track\/2\">Bandcamp<\/a><\/p>\n<\/div>\n<\/div><\/div><\/div><div id=\"pgc-24342-0-1\"  class=\"panel-grid-cell\" ><div id=\"panel-24342-0-1-0\" class=\"so-panel widget widget_sow-editor panel-first-child\" data-index=\"11\" ><div\n\t\t\t\n\t\t\tclass=\"so-widget-sow-editor so-widget-sow-editor-base\"\n\t\t\t\n\t\t>\n<div class=\"siteorigin-widget-tinymce textwidget\">\n\t<h1>La Patata Bollente<\/h1>\n<\/div>\n<\/div><\/div><div id=\"panel-24342-0-1-1\" class=\"so-panel widget widget_sow-image\" data-index=\"12\" ><div\n\t\t\t\n\t\t\tclass=\"so-widget-sow-image so-widget-sow-image-default-8b5b6f678277-25084\"\n\t\t\t\n\t\t>\n<div class=\"sow-image-container\">\n\t\t<img \n\tsrc=\"https:\/\/freddymorezon.org\/wp-content\/uploads\/2026\/03\/P1380158-scaled.jpg\" width=\"2560\" height=\"1707\" srcset=\"https:\/\/freddymorezon.org\/wp-content\/uploads\/2026\/03\/P1380158-scaled.jpg 2560w, https:\/\/freddymorezon.org\/wp-content\/uploads\/2026\/03\/P1380158-800x533.jpg 800w, https:\/\/freddymorezon.org\/wp-content\/uploads\/2026\/03\/P1380158-1536x1024.jpg 1536w, https:\/\/freddymorezon.org\/wp-content\/uploads\/2026\/03\/P1380158-2048x1365.jpg 2048w, https:\/\/freddymorezon.org\/wp-content\/uploads\/2026\/03\/P1380158-300x200.jpg 300w, https:\/\/freddymorezon.org\/wp-content\/uploads\/2026\/03\/P1380158-400x267.jpg 400w, https:\/\/freddymorezon.org\/wp-content\/uploads\/2026\/03\/P1380158-272x182.jpg 272w\" sizes=\"(max-width: 2560px) 100vw, 2560px\" title=\"P1380158\" alt=\"\" \t\tclass=\"so-widget-image\"\/>\n\t<\/div>\n\n<\/div><\/div><div id=\"panel-24342-0-1-2\" class=\"so-panel widget widget_sow-editor panel-last-child\" data-index=\"13\" ><div\n\t\t\t\n\t\t\tclass=\"so-widget-sow-editor so-widget-sow-editor-base\"\n\t\t\t\n\t\t>\n<div class=\"siteorigin-widget-tinymce textwidget\">\n\t<p style=\"text-align: right;\">\u00a9Fran\u00e7ois Montjosieu<\/p>\n<p class=\"P2\"><span style=\"font-family: Georgia;\">La Patata Bollente, projet n\u00e9 en mai 2025,\u00a0 est en pleine effervescence.<br \/>\n<\/span><span style=\"font-family: Georgia;\">Son nom, en italien, \u00e9voque la \u00ab\u00a0patate chaude\u00a0\u00bb, qui br\u00fble les doigts, qu'on se refile\u2026<br \/>\n<\/span><span style=\"font-family: Georgia;\"><span class=\"T3\">Le quartet s'est d'abord identifi\u00e9 par l'image d'une \u00e9nergie, assez rock, dans une esth\u00e9tique tr\u00e8s ouverte. <\/span><span class=\"T3\">La charge <\/span>\u00e9motionnelle puissante dans laquelle nous met notre regard sur les \u00e9v\u00e9nements qui secouent la plan\u00e8te\u00a0est le moteur de notre travail.<br \/>\n<\/span><span style=\"font-family: Georgia;\">Sans pathos, \u00e9lans revendicateurs ni col\u00e8re d\u00e9nonciatrice, mais recherchant plut\u00f4t la\u00a0\u00ab\u00a0juste distance\u00a0\u00bb, parfois l'humour et une belle vibration cathartique, le quartet aspire \u00e0 g\u00e9n\u00e9rer une grande \u00e9nergie positive.<br \/>\n<\/span><span style=\"font-family: Georgia;\">Huit compositions et la \u00ab\u00a0reprise\u00a0\u00bb d'un tr\u00e8s ancien morceau de <b>Cassiber <\/b>(un des premier groupes du grand compositeur <b>Heiner Goebbels<\/b>), \u00abOur colourful Culture\u00a0\u00bb, sont en chantier, ainsi que de nombreux textes, qui ne demandent qu'\u00e0 trouver leur musique.<\/span><\/p>\n<p><span style=\"font-family: Georgia;\">Au sujet des textes, laissons la parole \u00e0 Meril\u00f9 Solito.<br \/>\n<\/span><span style=\"font-family: Georgia;\">\u00a0\"Les mots que nous avons choisis, et que nous choisissons encore, nous lient \u00e0 ceux et celles qui les ont \u00e9crits, ils nous lient entre nous et nous aimons imaginer qu\u2019il nous lieront \u00e0 qui voudra les \u00e9couter\u00a0; \u00e7a fait beaucoup de liens. Des liens n\u00e9cessaires \u00e0 tisser une corde bien r\u00e9sistante.<br \/>\n<\/span><span style=\"font-family: Georgia;\">Notre premier texte porte la parole d\u2019un po\u00e8te qui \u00e9crit sous les bombes, <b>Refaat Alareer<\/b>, \u00e9crivain gazaoui pacifiste et engag\u00e9, tu\u00e9 par un bombardement isra\u00e9lien le 6 d\u00e9cembre 2023.<br \/>\n<\/span><span style=\"font-family: Georgia;\">Parmi nos choix aussi des texte du philosophe <b>Paul B. Preciado,<\/b> du po\u00e8te congolais <b>Henri Lopes<\/b>, de la po\u00e9tesse \u00e9tasunienne <b>Gloria Anzald\u00f9a<\/b>, du po\u00e8te s\u00e9n\u00e9galais <b>David Diop<\/b>, du po\u00e8te afro-antillais <b>Guy Tirolien<\/b> ainsi que des chercheuses activistes \u00e9tasuniennes <b>M.E. O\u2019Brien <\/b>et <b>Eman Abdelhadi<\/b>, autrice du livre <i>Tout pour tout le monde. Une Histoire Orale de la Commune de New-York 2052-20723 .\"<\/i><\/span><\/p>\n<p><em>La Patata Bollente est une production Freddy Morezon, r\u00e9alis\u00e9e en coproduction avec l'association Jazz Pyr' - Festival d'Altitude Pyr\u00e9n\u00e9es Vall\u00e9es des Gaves, Jazz \u00e0 Luz<\/em><\/p>\n<\/div>\n<\/div><\/div><\/div><\/div><\/div>","protected":false},"excerpt":{"rendered":"<p>La Patata Bollente est Laur\u00e9at Occijazz 2026.\u00a0Le groupe sera accueilli en r\u00e9sidence de cr\u00e9ation par\u00a0Jazz Pyr&#8217; &#8211;\u00a0Festival d&#8217;Altitude Pyr\u00e9n\u00e9es Vall\u00e9es des Gaves, Jazz \u00e0 Luz\u00a0\u00e0 la maison de la vall\u00e9e en avril 2026 _____________ de &quot;LA PATATA BOLLENTE Merilu Solito Voix Marc D\u00e9mereau Saxophone, Synthe Laurent Avizou Guitare Thomas Fiancette Batterie Booking Fran\u00e7ois Montjosieu \/\/&hellip;<\/p>\n<p><a class=\"more-link\" href=\"https:\/\/freddymorezon.org\/en\/catalogue\/la-patata-bollente\/\" title=\"Continue reading &lsquo;La Patata Bollente&rsquo;\">Continue reading <span class=\"meta-nav\">&rarr;<\/span><\/a><\/p>\n","protected":false},"author":1,"featured_media":25287,"parent":134,"menu_order":0,"comment_status":"closed","ping_status":"closed","template":"page-templates\/full-width.php","meta":{"om_disable_all_campaigns":false,"_monsterinsights_skip_tracking":false,"_monsterinsights_sitenote_active":false,"_monsterinsights_sitenote_note":"","_monsterinsights_sitenote_category":0,"_uf_show_specific_survey":0,"_uf_disable_surveys":false,"footnotes":""},"categories":[1074,1173],"tags":[],"class_list":["post-24342","page","type-page","status-publish","has-post-thumbnail","hentry","category-marc-demereau","category-page-creation"],"aioseo_notices":[],"yoast_head":"<!-- This site is optimized with the Yoast SEO plugin v27.4 - https:\/\/yoast.com\/product\/yoast-seo-wordpress\/ -->\n<title>La Patata Bollente | Freddy Morezon<\/title>\n<meta name=\"robots\" content=\"index, follow, max-snippet:-1, max-image-preview:large, max-video-preview:-1\" \/>\n<link rel=\"canonical\" href=\"https:\/\/freddymorezon.org\/catalogue\/la-patata-bollente\/\" \/>\n<meta property=\"og:locale\" content=\"en_US\" \/>\n<meta property=\"og:type\" content=\"article\" \/>\n<meta property=\"og:title\" content=\"La Patata Bollente | Freddy Morezon\" \/>\n<meta property=\"og:description\" content=\"La Patata Bollente est Laur\u00e9at Occijazz 2026.\u00a0Le groupe sera accueilli en r\u00e9sidence de cr\u00e9ation par\u00a0Jazz Pyr&#039; -\u00a0Festival d&#039;Altitude Pyr\u00e9n\u00e9es Vall\u00e9es des Gaves, Jazz \u00e0 Luz\u00a0\u00e0 la maison de la vall\u00e9e en avril 2026 _____________ de &quot;LA PATATA BOLLENTE Merilu Solito Voix Marc D\u00e9mereau Saxophone, Synthe Laurent Avizou Guitare Thomas Fiancette Batterie Booking Fran\u00e7ois Montjosieu \/\/&hellip;Continue reading &rarr;\" \/>\n<meta property=\"og:url\" content=\"https:\/\/freddymorezon.org\/catalogue\/la-patata-bollente\/\" \/>\n<meta property=\"og:site_name\" content=\"Freddy Morezon\" \/>\n<meta property=\"article:publisher\" content=\"https:\/\/www.facebook.com\/freddy.morezon\/\" \/>\n<meta property=\"article:modified_time\" content=\"2026-04-08T16:14:55+00:00\" \/>\n<meta property=\"og:image\" content=\"https:\/\/freddymorezon.org\/wp-content\/uploads\/2026\/04\/P1380153-copie.jpg\" \/>\n\t<meta property=\"og:image:width\" content=\"1200\" \/>\n\t<meta property=\"og:image:height\" content=\"1200\" \/>\n\t<meta property=\"og:image:type\" content=\"image\/jpeg\" \/>\n<meta name=\"twitter:card\" content=\"summary_large_image\" \/>\n<script type=\"application\/ld+json\" class=\"yoast-schema-graph\">{\"@context\":\"https:\\\/\\\/schema.org\",\"@graph\":[{\"@type\":\"WebPage\",\"@id\":\"https:\\\/\\\/freddymorezon.org\\\/catalogue\\\/la-patata-bollente\\\/\",\"url\":\"https:\\\/\\\/freddymorezon.org\\\/catalogue\\\/la-patata-bollente\\\/\",\"name\":\"La Patata Bollente | Freddy Morezon\",\"isPartOf\":{\"@id\":\"https:\\\/\\\/freddymorezon.org\\\/#website\"},\"primaryImageOfPage\":{\"@id\":\"https:\\\/\\\/freddymorezon.org\\\/catalogue\\\/la-patata-bollente\\\/#primaryimage\"},\"image\":{\"@id\":\"https:\\\/\\\/freddymorezon.org\\\/catalogue\\\/la-patata-bollente\\\/#primaryimage\"},\"thumbnailUrl\":\"https:\\\/\\\/freddymorezon.org\\\/wp-content\\\/uploads\\\/2026\\\/04\\\/P1380153-copie.jpg\",\"datePublished\":\"2025-11-13T13:42:44+00:00\",\"dateModified\":\"2026-04-08T16:14:55+00:00\",\"breadcrumb\":{\"@id\":\"https:\\\/\\\/freddymorezon.org\\\/catalogue\\\/la-patata-bollente\\\/#breadcrumb\"},\"inLanguage\":\"en-US\",\"potentialAction\":[{\"@type\":\"ReadAction\",\"target\":[\"https:\\\/\\\/freddymorezon.org\\\/catalogue\\\/la-patata-bollente\\\/\"]}]},{\"@type\":\"ImageObject\",\"inLanguage\":\"en-US\",\"@id\":\"https:\\\/\\\/freddymorezon.org\\\/catalogue\\\/la-patata-bollente\\\/#primaryimage\",\"url\":\"https:\\\/\\\/freddymorezon.org\\\/wp-content\\\/uploads\\\/2026\\\/04\\\/P1380153-copie.jpg\",\"contentUrl\":\"https:\\\/\\\/freddymorezon.org\\\/wp-content\\\/uploads\\\/2026\\\/04\\\/P1380153-copie.jpg\",\"width\":1200,\"height\":1200},{\"@type\":\"BreadcrumbList\",\"@id\":\"https:\\\/\\\/freddymorezon.org\\\/catalogue\\\/la-patata-bollente\\\/#breadcrumb\",\"itemListElement\":[{\"@type\":\"ListItem\",\"position\":1,\"name\":\"Accueil\",\"item\":\"https:\\\/\\\/freddymorezon.org\\\/\"},{\"@type\":\"ListItem\",\"position\":2,\"name\":\"Catalogue\",\"item\":\"https:\\\/\\\/freddymorezon.org\\\/catalogue\\\/\"},{\"@type\":\"ListItem\",\"position\":3,\"name\":\"La Patata Bollente\"}]},{\"@type\":\"WebSite\",\"@id\":\"https:\\\/\\\/freddymorezon.org\\\/#website\",\"url\":\"https:\\\/\\\/freddymorezon.org\\\/\",\"name\":\"Freddy Morezon\",\"description\":\"jazz - musique improvis\u00e9e - esth\u00e9tiques plurielles\",\"publisher\":{\"@id\":\"https:\\\/\\\/freddymorezon.org\\\/#organization\"},\"potentialAction\":[{\"@type\":\"SearchAction\",\"target\":{\"@type\":\"EntryPoint\",\"urlTemplate\":\"https:\\\/\\\/freddymorezon.org\\\/?s={search_term_string}\"},\"query-input\":{\"@type\":\"PropertyValueSpecification\",\"valueRequired\":true,\"valueName\":\"search_term_string\"}}],\"inLanguage\":\"en-US\"},{\"@type\":\"Organization\",\"@id\":\"https:\\\/\\\/freddymorezon.org\\\/#organization\",\"name\":\"Association Freddy Morezon\",\"url\":\"https:\\\/\\\/freddymorezon.org\\\/\",\"logo\":{\"@type\":\"ImageObject\",\"inLanguage\":\"en-US\",\"@id\":\"https:\\\/\\\/freddymorezon.org\\\/#\\\/schema\\\/logo\\\/image\\\/\",\"url\":\"https:\\\/\\\/freddymorezon.org\\\/wp-content\\\/uploads\\\/2016\\\/02\\\/mini-logo-header-site2.jpg\",\"contentUrl\":\"https:\\\/\\\/freddymorezon.org\\\/wp-content\\\/uploads\\\/2016\\\/02\\\/mini-logo-header-site2.jpg\",\"width\":234,\"height\":174,\"caption\":\"Association Freddy Morezon\"},\"image\":{\"@id\":\"https:\\\/\\\/freddymorezon.org\\\/#\\\/schema\\\/logo\\\/image\\\/\"},\"sameAs\":[\"https:\\\/\\\/www.facebook.com\\\/freddy.morezon\\\/\",\"https:\\\/\\\/www.instagram.com\\\/freddymorezon\\\/\",\"https:\\\/\\\/www.youtube.com\\\/user\\\/freddymorezon\",\"https:\\\/\\\/fr.linkedin.com\\\/company\\\/freddy-morezon-p.r.o.d.\"]}]}<\/script>\n<!-- \/ Yoast SEO plugin. -->","yoast_head_json":{"title":"La Patata Bollente | Freddy Morezon","robots":{"index":"index","follow":"follow","max-snippet":"max-snippet:-1","max-image-preview":"max-image-preview:large","max-video-preview":"max-video-preview:-1"},"canonical":"https:\/\/freddymorezon.org\/catalogue\/la-patata-bollente\/","og_locale":"en_US","og_type":"article","og_title":"La Patata Bollente | Freddy Morezon","og_description":"La Patata Bollente est Laur\u00e9at Occijazz 2026.\u00a0Le groupe sera accueilli en r\u00e9sidence de cr\u00e9ation par\u00a0Jazz Pyr' -\u00a0Festival d'Altitude Pyr\u00e9n\u00e9es Vall\u00e9es des Gaves, Jazz \u00e0 Luz\u00a0\u00e0 la maison de la vall\u00e9e en avril 2026 _____________ de &quot;LA PATATA BOLLENTE Merilu Solito Voix Marc D\u00e9mereau Saxophone, Synthe Laurent Avizou Guitare Thomas Fiancette Batterie Booking Fran\u00e7ois Montjosieu \/\/&hellip;Continue reading &rarr;","og_url":"https:\/\/freddymorezon.org\/catalogue\/la-patata-bollente\/","og_site_name":"Freddy Morezon","article_publisher":"https:\/\/www.facebook.com\/freddy.morezon\/","article_modified_time":"2026-04-08T16:14:55+00:00","og_image":[{"width":1200,"height":1200,"url":"https:\/\/freddymorezon.org\/wp-content\/uploads\/2026\/04\/P1380153-copie.jpg","type":"image\/jpeg"}],"twitter_card":"summary_large_image","schema":{"@context":"https:\/\/schema.org","@graph":[{"@type":"WebPage","@id":"https:\/\/freddymorezon.org\/catalogue\/la-patata-bollente\/","url":"https:\/\/freddymorezon.org\/catalogue\/la-patata-bollente\/","name":"La Patata Bollente | Freddy Morezon","isPartOf":{"@id":"https:\/\/freddymorezon.org\/#website"},"primaryImageOfPage":{"@id":"https:\/\/freddymorezon.org\/catalogue\/la-patata-bollente\/#primaryimage"},"image":{"@id":"https:\/\/freddymorezon.org\/catalogue\/la-patata-bollente\/#primaryimage"},"thumbnailUrl":"https:\/\/freddymorezon.org\/wp-content\/uploads\/2026\/04\/P1380153-copie.jpg","datePublished":"2025-11-13T13:42:44+00:00","dateModified":"2026-04-08T16:14:55+00:00","breadcrumb":{"@id":"https:\/\/freddymorezon.org\/catalogue\/la-patata-bollente\/#breadcrumb"},"inLanguage":"en-US","potentialAction":[{"@type":"ReadAction","target":["https:\/\/freddymorezon.org\/catalogue\/la-patata-bollente\/"]}]},{"@type":"ImageObject","inLanguage":"en-US","@id":"https:\/\/freddymorezon.org\/catalogue\/la-patata-bollente\/#primaryimage","url":"https:\/\/freddymorezon.org\/wp-content\/uploads\/2026\/04\/P1380153-copie.jpg","contentUrl":"https:\/\/freddymorezon.org\/wp-content\/uploads\/2026\/04\/P1380153-copie.jpg","width":1200,"height":1200},{"@type":"BreadcrumbList","@id":"https:\/\/freddymorezon.org\/catalogue\/la-patata-bollente\/#breadcrumb","itemListElement":[{"@type":"ListItem","position":1,"name":"Accueil","item":"https:\/\/freddymorezon.org\/"},{"@type":"ListItem","position":2,"name":"Catalogue","item":"https:\/\/freddymorezon.org\/catalogue\/"},{"@type":"ListItem","position":3,"name":"La Patata Bollente"}]},{"@type":"WebSite","@id":"https:\/\/freddymorezon.org\/#website","url":"https:\/\/freddymorezon.org\/","name":"Freddy Morezon","description":"jazz - musique improvis\u00e9e - esth\u00e9tiques plurielles","publisher":{"@id":"https:\/\/freddymorezon.org\/#organization"},"potentialAction":[{"@type":"SearchAction","target":{"@type":"EntryPoint","urlTemplate":"https:\/\/freddymorezon.org\/?s={search_term_string}"},"query-input":{"@type":"PropertyValueSpecification","valueRequired":true,"valueName":"search_term_string"}}],"inLanguage":"en-US"},{"@type":"Organization","@id":"https:\/\/freddymorezon.org\/#organization","name":"Association Freddy Morezon","url":"https:\/\/freddymorezon.org\/","logo":{"@type":"ImageObject","inLanguage":"en-US","@id":"https:\/\/freddymorezon.org\/#\/schema\/logo\/image\/","url":"https:\/\/freddymorezon.org\/wp-content\/uploads\/2016\/02\/mini-logo-header-site2.jpg","contentUrl":"https:\/\/freddymorezon.org\/wp-content\/uploads\/2016\/02\/mini-logo-header-site2.jpg","width":234,"height":174,"caption":"Association Freddy Morezon"},"image":{"@id":"https:\/\/freddymorezon.org\/#\/schema\/logo\/image\/"},"sameAs":["https:\/\/www.facebook.com\/freddy.morezon\/","https:\/\/www.instagram.com\/freddymorezon\/","https:\/\/www.youtube.com\/user\/freddymorezon","https:\/\/fr.linkedin.com\/company\/freddy-morezon-p.r.o.d."]}]}},"_links":{"self":[{"href":"https:\/\/freddymorezon.org\/en\/wp-json\/wp\/v2\/pages\/24342","targetHints":{"allow":["GET"]}}],"collection":[{"href":"https:\/\/freddymorezon.org\/en\/wp-json\/wp\/v2\/pages"}],"about":[{"href":"https:\/\/freddymorezon.org\/en\/wp-json\/wp\/v2\/types\/page"}],"author":[{"embeddable":true,"href":"https:\/\/freddymorezon.org\/en\/wp-json\/wp\/v2\/users\/1"}],"replies":[{"embeddable":true,"href":"https:\/\/freddymorezon.org\/en\/wp-json\/wp\/v2\/comments?post=24342"}],"version-history":[{"count":16,"href":"https:\/\/freddymorezon.org\/en\/wp-json\/wp\/v2\/pages\/24342\/revisions"}],"predecessor-version":[{"id":25210,"href":"https:\/\/freddymorezon.org\/en\/wp-json\/wp\/v2\/pages\/24342\/revisions\/25210"}],"up":[{"embeddable":true,"href":"https:\/\/freddymorezon.org\/en\/wp-json\/wp\/v2\/pages\/134"}],"wp:featuredmedia":[{"embeddable":true,"href":"https:\/\/freddymorezon.org\/en\/wp-json\/wp\/v2\/media\/25287"}],"wp:attachment":[{"href":"https:\/\/freddymorezon.org\/en\/wp-json\/wp\/v2\/media?parent=24342"}],"wp:term":[{"taxonomy":"category","embeddable":true,"href":"https:\/\/freddymorezon.org\/en\/wp-json\/wp\/v2\/categories?post=24342"},{"taxonomy":"post_tag","embeddable":true,"href":"https:\/\/freddymorezon.org\/en\/wp-json\/wp\/v2\/tags?post=24342"}],"curies":[{"name":"wp","href":"https:\/\/api.w.org\/{rel}","templated":true}]}}