
{"id":25111,"date":"2026-01-27T14:30:43","date_gmt":"2026-01-27T12:30:43","guid":{"rendered":"https:\/\/freddymorezon.org\/?page_id=25111"},"modified":"2026-04-13T08:42:29","modified_gmt":"2026-04-13T06:42:29","slug":"10-04-26-detournees-%c2%b7-future-folk-stories-2-une-%c2%b7-sophie-bernado","status":"publish","type":"page","link":"https:\/\/freddymorezon.org\/en\/nos-evenements\/10-04-26-detournees-%c2%b7-future-folk-stories-2-une-%c2%b7-sophie-bernado\/","title":{"rendered":"10.04.26 \/\/ D\u00e9(tourn\u00e9es) \u00b7 Future Folk Stories &#8221; 2 + une &#8221; \u00b7  Sophie Bernado"},"content":{"rendered":"<div id=\"pl-25111\"  class=\"panel-layout\" ><div id=\"pg-25111-0\"  class=\"panel-grid panel-no-style\" ><div id=\"pgc-25111-0-0\"  class=\"panel-grid-cell\" ><div id=\"panel-25111-0-0-0\" class=\"so-panel widget widget_sow-image panel-first-child\" data-index=\"0\" ><div\n\t\t\t\n\t\t\tclass=\"so-widget-sow-image so-widget-sow-image-default-8b5b6f678277-25111\"\n\t\t\t\n\t\t>\n<div class=\"sow-image-container\">\n\t\t<img \n\tsrc=\"https:\/\/freddymorezon.org\/wp-content\/uploads\/2026\/03\/Vignettes-2-1-.png\" width=\"1080\" height=\"1080\" srcset=\"https:\/\/freddymorezon.org\/wp-content\/uploads\/2026\/03\/Vignettes-2-1-.png 1080w, https:\/\/freddymorezon.org\/wp-content\/uploads\/2026\/03\/Vignettes-2-1--800x800.png 800w, https:\/\/freddymorezon.org\/wp-content\/uploads\/2026\/03\/Vignettes-2-1--150x150.png 150w, https:\/\/freddymorezon.org\/wp-content\/uploads\/2026\/03\/Vignettes-2-1--400x400.png 400w, https:\/\/freddymorezon.org\/wp-content\/uploads\/2026\/03\/Vignettes-2-1--100x100.png 100w, https:\/\/freddymorezon.org\/wp-content\/uploads\/2026\/03\/Vignettes-2-1--300x300.png 300w\" sizes=\"(max-width: 1080px) 100vw, 1080px\" title=\"Vignettes 2 + 1\" alt=\"\" \t\tclass=\"so-widget-image\"\/>\n\t<\/div>\n\n<\/div><\/div><div id=\"panel-25111-0-0-1\" class=\"so-panel widget widget_sow-headline\" data-index=\"1\" ><div\n\t\t\t\n\t\t\tclass=\"so-widget-sow-headline so-widget-sow-headline-default-44f6e7c37f02-25111\"\n\t\t\t\n\t\t><div class=\"sow-headline-container \">\n\t\t\t\t\t\t<div class=\"decoration\">\n\t\t\t\t\t\t<div class=\"decoration-inside\"><\/div>\n\t\t\t\t\t<\/div>\n\t\t\t\t\t<\/div>\n<\/div><\/div><div id=\"panel-25111-0-0-2\" class=\"so-panel widget widget_sow-editor\" data-index=\"2\" ><div\n\t\t\t\n\t\t\tclass=\"so-widget-sow-editor so-widget-sow-editor-base\"\n\t\t\t\n\t\t><h3 class=\"widget-title\">INFOS PRATIQUES<\/h3>\n<div class=\"siteorigin-widget-tinymce textwidget\">\n\t<p class=\"cvGsUA direction-ltr align-center para-style-body\"><strong><span class=\"a_GcMg font-feature-liga-off font-feature-clig-off font-feature-calt-off text-decoration-none text-strikethrough-none\">Vendredi 10 avril \u00b7 18h \u00b7 <\/span><\/strong><span class=\"a_GcMg font-feature-liga-off font-feature-clig-off font-feature-calt-off text-decoration-none text-strikethrough-none\"><strong>Concert<\/strong><br \/>\n<\/span><span class=\"a_GcMg font-feature-liga-off font-feature-clig-off font-feature-calt-off text-decoration-none text-strikethrough-none\">Future Folk Stories \" 2 + une \" avec Sophie Bernado<br \/>\n<\/span><span class=\"a_GcMg font-feature-liga-off font-feature-clig-off font-feature-calt-off text-decoration-none text-strikethrough-none\">Salle des f\u00eates \u00b7 Laymont<br \/>\n<\/span><span class=\"a_GcMg font-feature-liga-off font-feature-clig-off font-feature-calt-off text-decoration-none text-strikethrough-none\">Gratuit \u00b7 Tout public<\/span><\/p>\n<\/div>\n<\/div><\/div><div id=\"panel-25111-0-0-3\" class=\"so-panel widget widget_sow-headline\" data-index=\"3\" ><div\n\t\t\t\n\t\t\tclass=\"so-widget-sow-headline so-widget-sow-headline-default-44f6e7c37f02-25111\"\n\t\t\t\n\t\t><div class=\"sow-headline-container \">\n\t\t\t\t\t\t<div class=\"decoration\">\n\t\t\t\t\t\t<div class=\"decoration-inside\"><\/div>\n\t\t\t\t\t<\/div>\n\t\t\t\t\t<\/div>\n<\/div><\/div><div id=\"panel-25111-0-0-4\" class=\"so-panel widget widget_sow-editor\" data-index=\"4\" ><div\n\t\t\t\n\t\t\tclass=\"so-widget-sow-editor so-widget-sow-editor-base\"\n\t\t\t\n\t\t><h3 class=\"widget-title\">LIENS<\/h3>\n<div class=\"siteorigin-widget-tinymce textwidget\">\n\t<p><a href=\"https:\/\/freddymorezon.org\/projets-de-territoire\/projet-de-territoire-gers\/\">D\u00e9(tourn\u00e9es)<\/a><br \/>\n<a href=\"https:\/\/freddymorezon.org\/wp-content\/uploads\/2026\/01\/DOSSIER-DE-PRESSE-Detournees-2026-def.pdf\">Dossier de presse D\u00e9(tourn\u00e9es)<\/a><\/p>\n<p><a href=\"https:\/\/freddymorezon.org\/future-folk-stories-2-1\/<\/a><\/a><\/p>\n<\/div>\n<\/div><\/div><div id=\"panel-25111-0-0-5\" class=\"so-panel widget widget_sow-headline\" data-index=\"5\" ><div\n\t\t\t\n\t\t\tclass=\"so-widget-sow-headline so-widget-sow-headline-default-44f6e7c37f02-25111\"\n\t\t\t\n\t\t><div class=\"sow-headline-container \">\n\t\t\t\t\t\t<div class=\"decoration\">\n\t\t\t\t\t\t<div class=\"decoration-inside\"><\/div>\n\t\t\t\t\t<\/div>\n\t\t\t\t\t<\/div>\n<\/div><\/div><div id=\"panel-25111-0-0-6\" class=\"so-panel widget widget_sow-editor\" data-index=\"6\" ><div\n\t\t\t\n\t\t\tclass=\"so-widget-sow-editor so-widget-sow-editor-base\"\n\t\t\t\n\t\t><h3 class=\"widget-title\">PARTENAIRES<\/h3>\n<div class=\"siteorigin-widget-tinymce textwidget\">\n\t<p><em>D\u00e9(tourn\u00e9es) est une production du collectif Freddy Morezon, r\u00e9alis\u00e9 en partenariat avec le Pays Portes de Gascogne. <\/em><em>Ce projet b\u00e9n\u00e9ficie du soutien du programme europ\u00e9en Leader du Pays Portes de Gascogne, de la DRAC Occitanie, de la R\u00e9gion Occitanie, du Pays Portes<\/em> <em>de Gascogne et de la DAAC via la DSDEN 32. <\/em><\/p>\n<\/div>\n<\/div><\/div><div id=\"panel-25111-0-0-7\" class=\"so-panel widget widget_sow-button\" data-index=\"7\" ><div\n\t\t\t\n\t\t\tclass=\"so-widget-sow-button so-widget-sow-button-flat-a657a074bb6d-25111\"\n\t\t\t\n\t\t><div class=\"ow-button-base ow-button-align-left\"\n>\n\t\t\t<a\n\t\t\t\t\thref=\"https:\/\/freddymorezon.org\/projets-de-territoire\/projet-de-territoire-gers\/\"\n\t\t\t\t\tclass=\"sowb-button ow-icon-placement-left ow-button-hover\" \t>\n\t\t<span>\n\t\t\t\n\t\t\tRetour \u00e0 la page D\u00e9(tourn\u00e9es)\t\t<\/span>\n\t\t\t<\/a>\n\t<\/div>\n<\/div><\/div><div id=\"panel-25111-0-0-8\" class=\"so-panel widget widget_sow-button panel-last-child\" data-index=\"8\" ><div\n\t\t\t\n\t\t\tclass=\"so-widget-sow-button so-widget-sow-button-flat-a657a074bb6d-25111\"\n\t\t\t\n\t\t><div class=\"ow-button-base ow-button-align-left\"\n>\n\t\t\t<a\n\t\t\t\t\thref=\"https:\/\/freddymorezon.org\/nos-evenements\/\"\n\t\t\t\t\tclass=\"sowb-button ow-icon-placement-left ow-button-hover\" \t>\n\t\t<span>\n\t\t\t\n\t\t\tRetour \u00e0 la page \u00c9v\u00e9nements\t\t<\/span>\n\t\t\t<\/a>\n\t<\/div>\n<\/div><\/div><\/div><div id=\"pgc-25111-0-1\"  class=\"panel-grid-cell\" ><div id=\"panel-25111-0-1-0\" class=\"so-panel widget widget_sow-headline panel-first-child\" data-index=\"9\" ><div\n\t\t\t\n\t\t\tclass=\"so-widget-sow-headline so-widget-sow-headline-default-44f6e7c37f02-25111\"\n\t\t\t\n\t\t><div class=\"sow-headline-container \">\n\t\t\t\t\t\t\t<h2 class=\"sow-headline\">\n\t\t\t\t\t\tD\u00c9(TOURN\u00c9ES) \/\/ Future Folk Stories \" 2 + une \" \u00b7 Sophie Bernado\t\t\t\t\t\t<\/h2>\n\t\t\t\t\t\t\t\t\t\t\t<div class=\"decoration\">\n\t\t\t\t\t\t<div class=\"decoration-inside\"><\/div>\n\t\t\t\t\t<\/div>\n\t\t\t\t\t<\/div>\n<\/div><\/div><div id=\"panel-25111-0-1-1\" class=\"so-panel widget widget_sow-editor\" data-index=\"10\" ><div\n\t\t\t\n\t\t\tclass=\"so-widget-sow-editor so-widget-sow-editor-base\"\n\t\t\t\n\t\t>\n<div class=\"siteorigin-widget-tinymce textwidget\">\n\t<p class=\"cvGsUA direction-ltr align-justify para-style-body\" style=\"text-align: left;\"><span class=\"a_GcMg font-feature-liga-off font-feature-clig-off font-feature-calt-off text-decoration-none text-strikethrough-none\">Future Folk Stories est un projet musical port\u00e9 par Robin Fincker et Mathieu Werchowski. Munis de micros, ils vont \u00e0 la rencontre de personnes pour les interroger sur leur folk int\u00e9rieure : leur propre d\u00e9finition de la tradition, des souvenirs, des airs ou des r\u00e9cits qui les constituent. \u00c0 partir de ces collectages, ils composent sur ordinateur une pi\u00e8ce sonore m\u00ealant paroles enregistr\u00e9es, sons du quotidien et fragments de chansons.<\/span><\/p>\n<p class=\"cvGsUA direction-ltr align-justify para-style-body\" style=\"text-align: left;\"><span class=\"a_GcMg font-feature-liga-off font-feature-clig-off font-feature-calt-off text-decoration-none text-strikethrough-none\">Sur sc\u00e8ne, au saxophone et au violon, ils donnent vie \u00e0 cette mati\u00e8re sonore : une musique largement improvis\u00e9e, \u00e0 la crois\u00e9e du jazz et des musiques folk traditionnelles, o\u00f9 les enregistrements capt\u00e9s sont jou\u00e9s en direct.<\/span><\/p>\n<p style=\"text-align: left;\"><span class=\"a_GcMg font-feature-liga-off font-feature-clig-off font-feature-calt-off text-decoration-none text-strikethrough-none\">Pour D\u00e9(tourn\u00e9es), ils s\u2019immergent dans les villages de Laymont et Saint-Loube afin de rencontrer les habitants et recueillir leurs r\u00e9cits.\u00a0<\/span><\/p>\n<p style=\"text-align: left;\"><strong>Nous vous donnons rendez-vous le vendredi 10 avril pour partager avec vous la restitutuion artistique de cette semaine de rencontres avec Robin Fincker, Mathieu Werchowski et Sophie Bernado, l'invit\u00e9e de ce \" 2 + une \".<\/strong><\/p>\n<p>&nbsp;<\/p>\n<\/div>\n<\/div><\/div><div id=\"panel-25111-0-1-2\" class=\"so-panel widget widget_sow-image\" data-index=\"11\" ><div\n\t\t\t\n\t\t\tclass=\"so-widget-sow-image so-widget-sow-image-default-8b5b6f678277-25111\"\n\t\t\t\n\t\t><\/div><\/div><div id=\"panel-25111-0-1-3\" class=\"so-panel widget widget_sow-editor panel-last-child\" data-index=\"12\" ><div\n\t\t\t\n\t\t\tclass=\"so-widget-sow-editor so-widget-sow-editor-base\"\n\t\t\t\n\t\t>\n<div class=\"siteorigin-widget-tinymce textwidget\">\n\t<p><iframe loading=\"lazy\" title=\"FUTURE FOLK STORIES &quot; 2 + une &quot; - Robin Fincker &amp; Mathieu Werchowski + Lucile Marsac\" width=\"790\" height=\"444\" src=\"https:\/\/www.youtube.com\/embed\/Ba_Q5tYoyuY?feature=oembed\" frameborder=\"0\" allow=\"accelerometer; autoplay; clipboard-write; encrypted-media; gyroscope; picture-in-picture; web-share\" referrerpolicy=\"strict-origin-when-cross-origin\" allowfullscreen><\/iframe><\/p>\n<\/div>\n<\/div><\/div><\/div><\/div><\/div>","protected":false},"excerpt":{"rendered":"<p>Vendredi 10 avril \u00b7 18h \u00b7 Concert Future Folk Stories &#8221; 2 + une &#8221; avec Sophie Bernado Salle des f\u00eates \u00b7 Laymont Gratuit \u00b7 Tout public D\u00e9(tourn\u00e9es) Dossier de presse D\u00e9(tourn\u00e9es)<\/p>\n","protected":false},"author":1,"featured_media":25113,"parent":10655,"menu_order":0,"comment_status":"closed","ping_status":"closed","template":"page-templates\/full-width.php","meta":{"om_disable_all_campaigns":false,"_monsterinsights_skip_tracking":false,"_monsterinsights_sitenote_active":false,"_monsterinsights_sitenote_note":"","_monsterinsights_sitenote_category":0,"_uf_show_specific_survey":0,"_uf_disable_surveys":false,"footnotes":""},"categories":[1401],"tags":[],"class_list":["post-25111","page","type-page","status-publish","has-post-thumbnail","hentry","category-nos-evenements-passes"],"aioseo_notices":[],"yoast_head":"<!-- This site is optimized with the Yoast SEO plugin v27.5 - https:\/\/yoast.com\/product\/yoast-seo-wordpress\/ -->\n<title>10.04.26 \/\/ D\u00e9(tourn\u00e9es) \u00b7 Future Folk Stories &quot; 2 + une &quot; \u00b7 Sophie Bernado | Freddy Morezon<\/title>\n<meta name=\"robots\" content=\"index, follow, max-snippet:-1, max-image-preview:large, max-video-preview:-1\" \/>\n<link rel=\"canonical\" href=\"https:\/\/freddymorezon.org\/nos-evenements\/10-04-26-detournees-\u00b7-future-folk-stories-2-une-\u00b7-sophie-bernado\/\" \/>\n<meta property=\"og:locale\" content=\"en_US\" \/>\n<meta property=\"og:type\" content=\"article\" \/>\n<meta property=\"og:title\" content=\"10.04.26 \/\/ D\u00e9(tourn\u00e9es) \u00b7 Future Folk Stories &quot; 2 + une &quot; \u00b7 Sophie Bernado | Freddy Morezon\" \/>\n<meta property=\"og:description\" content=\"Vendredi 10 avril \u00b7 18h \u00b7 Concert Future Folk Stories &quot; 2 + une &quot; avec Sophie Bernado Salle des f\u00eates \u00b7 Laymont Gratuit \u00b7 Tout public D\u00e9(tourn\u00e9es) Dossier de presse D\u00e9(tourn\u00e9es)\" \/>\n<meta property=\"og:url\" content=\"https:\/\/freddymorezon.org\/nos-evenements\/10-04-26-detournees-\u00b7-future-folk-stories-2-une-\u00b7-sophie-bernado\/\" \/>\n<meta property=\"og:site_name\" content=\"Freddy Morezon\" \/>\n<meta property=\"article:publisher\" content=\"https:\/\/www.facebook.com\/freddy.morezon\/\" \/>\n<meta property=\"article:modified_time\" content=\"2026-04-13T06:42:29+00:00\" \/>\n<meta property=\"og:image\" content=\"https:\/\/freddymorezon.org\/wp-content\/uploads\/2026\/03\/Vignettes-2-1-.png\" \/>\n\t<meta property=\"og:image:width\" content=\"1080\" \/>\n\t<meta property=\"og:image:height\" content=\"1080\" \/>\n\t<meta property=\"og:image:type\" content=\"image\/png\" \/>\n<meta name=\"twitter:card\" content=\"summary_large_image\" \/>\n<script type=\"application\/ld+json\" class=\"yoast-schema-graph\">{\"@context\":\"https:\\\/\\\/schema.org\",\"@graph\":[{\"@type\":\"WebPage\",\"@id\":\"https:\\\/\\\/freddymorezon.org\\\/nos-evenements\\\/10-04-26-detournees-%c2%b7-future-folk-stories-2-une-%c2%b7-sophie-bernado\\\/\",\"url\":\"https:\\\/\\\/freddymorezon.org\\\/nos-evenements\\\/10-04-26-detournees-%c2%b7-future-folk-stories-2-une-%c2%b7-sophie-bernado\\\/\",\"name\":\"10.04.26 \\\/\\\/ D\u00e9(tourn\u00e9es) \u00b7 Future Folk Stories \\\" 2 + une \\\" \u00b7 Sophie Bernado | Freddy Morezon\",\"isPartOf\":{\"@id\":\"https:\\\/\\\/freddymorezon.org\\\/#website\"},\"primaryImageOfPage\":{\"@id\":\"https:\\\/\\\/freddymorezon.org\\\/nos-evenements\\\/10-04-26-detournees-%c2%b7-future-folk-stories-2-une-%c2%b7-sophie-bernado\\\/#primaryimage\"},\"image\":{\"@id\":\"https:\\\/\\\/freddymorezon.org\\\/nos-evenements\\\/10-04-26-detournees-%c2%b7-future-folk-stories-2-une-%c2%b7-sophie-bernado\\\/#primaryimage\"},\"thumbnailUrl\":\"https:\\\/\\\/freddymorezon.org\\\/wp-content\\\/uploads\\\/2026\\\/03\\\/Vignettes-2-1-.png\",\"datePublished\":\"2026-01-27T12:30:43+00:00\",\"dateModified\":\"2026-04-13T06:42:29+00:00\",\"breadcrumb\":{\"@id\":\"https:\\\/\\\/freddymorezon.org\\\/nos-evenements\\\/10-04-26-detournees-%c2%b7-future-folk-stories-2-une-%c2%b7-sophie-bernado\\\/#breadcrumb\"},\"inLanguage\":\"en-US\",\"potentialAction\":[{\"@type\":\"ReadAction\",\"target\":[\"https:\\\/\\\/freddymorezon.org\\\/nos-evenements\\\/10-04-26-detournees-%c2%b7-future-folk-stories-2-une-%c2%b7-sophie-bernado\\\/\"]}]},{\"@type\":\"ImageObject\",\"inLanguage\":\"en-US\",\"@id\":\"https:\\\/\\\/freddymorezon.org\\\/nos-evenements\\\/10-04-26-detournees-%c2%b7-future-folk-stories-2-une-%c2%b7-sophie-bernado\\\/#primaryimage\",\"url\":\"https:\\\/\\\/freddymorezon.org\\\/wp-content\\\/uploads\\\/2026\\\/03\\\/Vignettes-2-1-.png\",\"contentUrl\":\"https:\\\/\\\/freddymorezon.org\\\/wp-content\\\/uploads\\\/2026\\\/03\\\/Vignettes-2-1-.png\",\"width\":1080,\"height\":1080},{\"@type\":\"BreadcrumbList\",\"@id\":\"https:\\\/\\\/freddymorezon.org\\\/nos-evenements\\\/10-04-26-detournees-%c2%b7-future-folk-stories-2-une-%c2%b7-sophie-bernado\\\/#breadcrumb\",\"itemListElement\":[{\"@type\":\"ListItem\",\"position\":1,\"name\":\"Accueil\",\"item\":\"https:\\\/\\\/freddymorezon.org\\\/\"},{\"@type\":\"ListItem\",\"position\":2,\"name\":\"Nos \u00e9v\u00e9nements\",\"item\":\"https:\\\/\\\/freddymorezon.org\\\/nos-evenements\\\/\"},{\"@type\":\"ListItem\",\"position\":3,\"name\":\"10.04.26 \\\/\\\/ D\u00e9(tourn\u00e9es) \u00b7 Future Folk Stories \u00a0\u00bb 2 + une \u00a0\u00bb \u00b7 Sophie Bernado\"}]},{\"@type\":\"WebSite\",\"@id\":\"https:\\\/\\\/freddymorezon.org\\\/#website\",\"url\":\"https:\\\/\\\/freddymorezon.org\\\/\",\"name\":\"Freddy Morezon\",\"description\":\"jazz - musique improvis\u00e9e - esth\u00e9tiques plurielles\",\"publisher\":{\"@id\":\"https:\\\/\\\/freddymorezon.org\\\/#organization\"},\"potentialAction\":[{\"@type\":\"SearchAction\",\"target\":{\"@type\":\"EntryPoint\",\"urlTemplate\":\"https:\\\/\\\/freddymorezon.org\\\/?s={search_term_string}\"},\"query-input\":{\"@type\":\"PropertyValueSpecification\",\"valueRequired\":true,\"valueName\":\"search_term_string\"}}],\"inLanguage\":\"en-US\"},{\"@type\":\"Organization\",\"@id\":\"https:\\\/\\\/freddymorezon.org\\\/#organization\",\"name\":\"Association Freddy Morezon\",\"url\":\"https:\\\/\\\/freddymorezon.org\\\/\",\"logo\":{\"@type\":\"ImageObject\",\"inLanguage\":\"en-US\",\"@id\":\"https:\\\/\\\/freddymorezon.org\\\/#\\\/schema\\\/logo\\\/image\\\/\",\"url\":\"https:\\\/\\\/freddymorezon.org\\\/wp-content\\\/uploads\\\/2016\\\/02\\\/mini-logo-header-site2.jpg\",\"contentUrl\":\"https:\\\/\\\/freddymorezon.org\\\/wp-content\\\/uploads\\\/2016\\\/02\\\/mini-logo-header-site2.jpg\",\"width\":234,\"height\":174,\"caption\":\"Association Freddy Morezon\"},\"image\":{\"@id\":\"https:\\\/\\\/freddymorezon.org\\\/#\\\/schema\\\/logo\\\/image\\\/\"},\"sameAs\":[\"https:\\\/\\\/www.facebook.com\\\/freddy.morezon\\\/\",\"https:\\\/\\\/www.instagram.com\\\/freddymorezon\\\/\",\"https:\\\/\\\/www.youtube.com\\\/user\\\/freddymorezon\",\"https:\\\/\\\/fr.linkedin.com\\\/company\\\/freddy-morezon-p.r.o.d.\"]}]}<\/script>\n<!-- \/ Yoast SEO plugin. -->","yoast_head_json":{"title":"10.04.26 \/\/ D\u00e9(tourn\u00e9es) \u00b7 Future Folk Stories \" 2 + une \" \u00b7 Sophie Bernado | Freddy Morezon","robots":{"index":"index","follow":"follow","max-snippet":"max-snippet:-1","max-image-preview":"max-image-preview:large","max-video-preview":"max-video-preview:-1"},"canonical":"https:\/\/freddymorezon.org\/nos-evenements\/10-04-26-detournees-\u00b7-future-folk-stories-2-une-\u00b7-sophie-bernado\/","og_locale":"en_US","og_type":"article","og_title":"10.04.26 \/\/ D\u00e9(tourn\u00e9es) \u00b7 Future Folk Stories \" 2 + une \" \u00b7 Sophie Bernado | Freddy Morezon","og_description":"Vendredi 10 avril \u00b7 18h \u00b7 Concert Future Folk Stories \" 2 + une \" avec Sophie Bernado Salle des f\u00eates \u00b7 Laymont Gratuit \u00b7 Tout public D\u00e9(tourn\u00e9es) Dossier de presse D\u00e9(tourn\u00e9es)","og_url":"https:\/\/freddymorezon.org\/nos-evenements\/10-04-26-detournees-\u00b7-future-folk-stories-2-une-\u00b7-sophie-bernado\/","og_site_name":"Freddy Morezon","article_publisher":"https:\/\/www.facebook.com\/freddy.morezon\/","article_modified_time":"2026-04-13T06:42:29+00:00","og_image":[{"width":1080,"height":1080,"url":"https:\/\/freddymorezon.org\/wp-content\/uploads\/2026\/03\/Vignettes-2-1-.png","type":"image\/png"}],"twitter_card":"summary_large_image","schema":{"@context":"https:\/\/schema.org","@graph":[{"@type":"WebPage","@id":"https:\/\/freddymorezon.org\/nos-evenements\/10-04-26-detournees-%c2%b7-future-folk-stories-2-une-%c2%b7-sophie-bernado\/","url":"https:\/\/freddymorezon.org\/nos-evenements\/10-04-26-detournees-%c2%b7-future-folk-stories-2-une-%c2%b7-sophie-bernado\/","name":"10.04.26 \/\/ D\u00e9(tourn\u00e9es) \u00b7 Future Folk Stories \" 2 + une \" \u00b7 Sophie Bernado | Freddy Morezon","isPartOf":{"@id":"https:\/\/freddymorezon.org\/#website"},"primaryImageOfPage":{"@id":"https:\/\/freddymorezon.org\/nos-evenements\/10-04-26-detournees-%c2%b7-future-folk-stories-2-une-%c2%b7-sophie-bernado\/#primaryimage"},"image":{"@id":"https:\/\/freddymorezon.org\/nos-evenements\/10-04-26-detournees-%c2%b7-future-folk-stories-2-une-%c2%b7-sophie-bernado\/#primaryimage"},"thumbnailUrl":"https:\/\/freddymorezon.org\/wp-content\/uploads\/2026\/03\/Vignettes-2-1-.png","datePublished":"2026-01-27T12:30:43+00:00","dateModified":"2026-04-13T06:42:29+00:00","breadcrumb":{"@id":"https:\/\/freddymorezon.org\/nos-evenements\/10-04-26-detournees-%c2%b7-future-folk-stories-2-une-%c2%b7-sophie-bernado\/#breadcrumb"},"inLanguage":"en-US","potentialAction":[{"@type":"ReadAction","target":["https:\/\/freddymorezon.org\/nos-evenements\/10-04-26-detournees-%c2%b7-future-folk-stories-2-une-%c2%b7-sophie-bernado\/"]}]},{"@type":"ImageObject","inLanguage":"en-US","@id":"https:\/\/freddymorezon.org\/nos-evenements\/10-04-26-detournees-%c2%b7-future-folk-stories-2-une-%c2%b7-sophie-bernado\/#primaryimage","url":"https:\/\/freddymorezon.org\/wp-content\/uploads\/2026\/03\/Vignettes-2-1-.png","contentUrl":"https:\/\/freddymorezon.org\/wp-content\/uploads\/2026\/03\/Vignettes-2-1-.png","width":1080,"height":1080},{"@type":"BreadcrumbList","@id":"https:\/\/freddymorezon.org\/nos-evenements\/10-04-26-detournees-%c2%b7-future-folk-stories-2-une-%c2%b7-sophie-bernado\/#breadcrumb","itemListElement":[{"@type":"ListItem","position":1,"name":"Accueil","item":"https:\/\/freddymorezon.org\/"},{"@type":"ListItem","position":2,"name":"Nos \u00e9v\u00e9nements","item":"https:\/\/freddymorezon.org\/nos-evenements\/"},{"@type":"ListItem","position":3,"name":"10.04.26 \/\/ D\u00e9(tourn\u00e9es) \u00b7 Future Folk Stories \u00a0\u00bb 2 + une \u00a0\u00bb \u00b7 Sophie Bernado"}]},{"@type":"WebSite","@id":"https:\/\/freddymorezon.org\/#website","url":"https:\/\/freddymorezon.org\/","name":"Freddy Morezon","description":"jazz - musique improvis\u00e9e - esth\u00e9tiques plurielles","publisher":{"@id":"https:\/\/freddymorezon.org\/#organization"},"potentialAction":[{"@type":"SearchAction","target":{"@type":"EntryPoint","urlTemplate":"https:\/\/freddymorezon.org\/?s={search_term_string}"},"query-input":{"@type":"PropertyValueSpecification","valueRequired":true,"valueName":"search_term_string"}}],"inLanguage":"en-US"},{"@type":"Organization","@id":"https:\/\/freddymorezon.org\/#organization","name":"Association Freddy Morezon","url":"https:\/\/freddymorezon.org\/","logo":{"@type":"ImageObject","inLanguage":"en-US","@id":"https:\/\/freddymorezon.org\/#\/schema\/logo\/image\/","url":"https:\/\/freddymorezon.org\/wp-content\/uploads\/2016\/02\/mini-logo-header-site2.jpg","contentUrl":"https:\/\/freddymorezon.org\/wp-content\/uploads\/2016\/02\/mini-logo-header-site2.jpg","width":234,"height":174,"caption":"Association Freddy Morezon"},"image":{"@id":"https:\/\/freddymorezon.org\/#\/schema\/logo\/image\/"},"sameAs":["https:\/\/www.facebook.com\/freddy.morezon\/","https:\/\/www.instagram.com\/freddymorezon\/","https:\/\/www.youtube.com\/user\/freddymorezon","https:\/\/fr.linkedin.com\/company\/freddy-morezon-p.r.o.d."]}]}},"_links":{"self":[{"href":"https:\/\/freddymorezon.org\/en\/wp-json\/wp\/v2\/pages\/25111","targetHints":{"allow":["GET"]}}],"collection":[{"href":"https:\/\/freddymorezon.org\/en\/wp-json\/wp\/v2\/pages"}],"about":[{"href":"https:\/\/freddymorezon.org\/en\/wp-json\/wp\/v2\/types\/page"}],"author":[{"embeddable":true,"href":"https:\/\/freddymorezon.org\/en\/wp-json\/wp\/v2\/users\/1"}],"replies":[{"embeddable":true,"href":"https:\/\/freddymorezon.org\/en\/wp-json\/wp\/v2\/comments?post=25111"}],"version-history":[{"count":7,"href":"https:\/\/freddymorezon.org\/en\/wp-json\/wp\/v2\/pages\/25111\/revisions"}],"predecessor-version":[{"id":25120,"href":"https:\/\/freddymorezon.org\/en\/wp-json\/wp\/v2\/pages\/25111\/revisions\/25120"}],"up":[{"embeddable":true,"href":"https:\/\/freddymorezon.org\/en\/wp-json\/wp\/v2\/pages\/10655"}],"wp:featuredmedia":[{"embeddable":true,"href":"https:\/\/freddymorezon.org\/en\/wp-json\/wp\/v2\/media\/25113"}],"wp:attachment":[{"href":"https:\/\/freddymorezon.org\/en\/wp-json\/wp\/v2\/media?parent=25111"}],"wp:term":[{"taxonomy":"category","embeddable":true,"href":"https:\/\/freddymorezon.org\/en\/wp-json\/wp\/v2\/categories?post=25111"},{"taxonomy":"post_tag","embeddable":true,"href":"https:\/\/freddymorezon.org\/en\/wp-json\/wp\/v2\/tags?post=25111"}],"curies":[{"name":"wp","href":"https:\/\/api.w.org\/{rel}","templated":true}]}}