
{"id":3048,"date":"2017-03-02T12:37:20","date_gmt":"2017-03-02T11:37:20","guid":{"rendered":"https:\/\/freddymorezon.org\/?page_id=3048"},"modified":"2025-06-10T11:44:39","modified_gmt":"2025-06-10T09:44:39","slug":"agenda-sweetest-choice","status":"publish","type":"page","link":"https:\/\/freddymorezon.org\/en\/productions\/sweetest-choice\/agenda-sweetest-choice\/","title":{"rendered":"Agenda &#8211; Sweetest Choice"},"content":{"rendered":"<div id=\"pl-3048\"  class=\"panel-layout\" ><div id=\"pg-3048-0\"  class=\"panel-grid panel-no-style\" ><div id=\"pgc-3048-0-0\"  class=\"panel-grid-cell\" ><div id=\"panel-3048-0-0-0\" class=\"so-panel widget widget_sow-editor panel-first-child\" data-index=\"0\" ><div\n\t\t\t\n\t\t\tclass=\"so-widget-sow-editor so-widget-sow-editor-base\"\n\t\t\t\n\t\t>\n<div class=\"siteorigin-widget-tinymce textwidget\">\n\t<div id=\"panel-128-0-0-0\" class=\"so-panel widget widget_sow-editor panel-first-child\" data-index=\"0\">\n<div class=\"so-widget-sow-editor so-widget-sow-editor-base\">\n<div class=\"siteorigin-widget-tinymce textwidget\">\n<h3 style=\"margin-bottom: 1em;\">Agenda<\/h3>\n<h2>Sweetest Choice<\/h2>\n<\/div>\n<\/div>\n<\/div>\n<\/div>\n<\/div><\/div><div id=\"panel-3048-0-0-1\" class=\"so-panel widget widget_sow-button panel-last-child\" data-index=\"1\" ><div\n\t\t\t\n\t\t\tclass=\"so-widget-sow-button so-widget-sow-button-flat-a657a074bb6d-3048\"\n\t\t\t\n\t\t><div class=\"ow-button-base ow-button-align-left\"\n>\n\t\t\t<a\n\t\t\t\t\thref=\"https:\/\/freddymorezon.org\/productions\/sweetest-choice\/\"\n\t\t\t\t\tclass=\"sowb-button ow-icon-placement-left ow-button-hover\" \t>\n\t\t<span>\n\t\t\t\n\t\t\tRetour \u00e0 la page Sweetest Choice\t\t<\/span>\n\t\t\t<\/a>\n\t<\/div>\n<\/div><\/div><\/div><\/div><div id=\"pg-3048-1\"  class=\"panel-grid panel-no-style\" ><div id=\"pgc-3048-1-0\"  class=\"panel-grid-cell\" ><div id=\"panel-3048-1-0-0\" class=\"so-panel widget widget_sow-headline panel-first-child panel-last-child\" data-index=\"2\" ><div\n\t\t\t\n\t\t\tclass=\"so-widget-sow-headline so-widget-sow-headline-default-148667f89911-3048\"\n\t\t\t\n\t\t><div class=\"sow-headline-container \">\n\t\t\t\t\t\t<div class=\"decoration\">\n\t\t\t\t\t\t<div class=\"decoration-inside\"><\/div>\n\t\t\t\t\t<\/div>\n\t\t\t\t\t<\/div>\n<\/div><\/div><\/div><div id=\"pgc-3048-1-1\"  class=\"panel-grid-cell\" ><div id=\"panel-3048-1-1-0\" class=\"so-panel widget widget_sow-headline panel-first-child panel-last-child\" data-index=\"3\" ><div\n\t\t\t\n\t\t\tclass=\"so-widget-sow-headline so-widget-sow-headline-default-7689e187c961-3048\"\n\t\t\t\n\t\t><div class=\"sow-headline-container \">\n\t\t\t\t\t\t\t<h3 class=\"sow-headline\">\n\t\t\t\t\t\tDates \u00e0 venir\t\t\t\t\t\t<\/h3>\n\t\t\t\t\t\t<\/div>\n<\/div><\/div><\/div><div id=\"pgc-3048-1-2\"  class=\"panel-grid-cell\" ><div id=\"panel-3048-1-2-0\" class=\"so-panel widget widget_sow-headline panel-first-child panel-last-child\" data-index=\"4\" ><div\n\t\t\t\n\t\t\tclass=\"so-widget-sow-headline so-widget-sow-headline-default-148667f89911-3048\"\n\t\t\t\n\t\t><div class=\"sow-headline-container \">\n\t\t\t\t\t\t<div class=\"decoration\">\n\t\t\t\t\t\t<div class=\"decoration-inside\"><\/div>\n\t\t\t\t\t<\/div>\n\t\t\t\t\t<\/div>\n<\/div><\/div><\/div><\/div><div id=\"pg-3048-2\"  class=\"panel-grid panel-no-style\" ><div id=\"pgc-3048-2-0\"  class=\"panel-grid-cell panel-grid-cell-empty\" ><\/div><div id=\"pgc-3048-2-1\"  class=\"panel-grid-cell panel-grid-cell-mobile-last\" ><div id=\"panel-3048-2-1-0\" class=\"so-panel widget widget_eo_event_list_widget EO_Event_List_Widget panel-first-child panel-last-child\" data-index=\"5\" >\n\n\t<h3 class=\"widget-title evenements\">Tour<\/h3>\n\t<ul  class=\"eo-events eo-events-widget\" > \n\n\t\t\n\t\t\t\t\t\t\n\t\t\t<li class=\"eo-event-venue-college-armand-latour eo-event-cat-agenda eo-event-cat-sebastien-cirotteau eo-event-cat-sweetest-choice eo-event-future eo-all-day\" >\n\t\t\t\n\t\t\n\t\t\t\n\t\t\n\t\t\t\t<div class=\"date\"> \n\t\t\t\t <div class=\"jour\">04<\/div> <div class=\"mois\">Jun<\/div><\/div>\t\t\t\n\t\t\t\t\t\n\t\t\t\t\t\t\t\t\t\t\n\t\t\t\t\t\n\t\t\t\t <div class=\"contenu-date\">\n\t\t\t\t\n\t\t\t\t<h4 class=\"titre\">Sweetest Choice \/\/ Un Pav\u00e9 dans le Jazz - <\/h4> \n\t\t\t\t<div class=\"detail\">\n\t\t\t\t<span class=\"lieu\">Coll\u00e8ge Armand Latour, Apset<\/span><!-- \/.lieu --><div class=\"jour\">04<\/div> <div class=\"mois\">Jun<\/div><\/div>\t\t\t\t\n\t\t\t\t\n\t\t\t\t\n\t\t\t\t<span class=\"extrait\"> - <p><a href=\"https:\/\/freddymorezon.org\/productions\/sweetest-choice\/\" title=\"+ d'infos\" alt=\"+ d'infos\"><i class=\"fa fa-plus-square\"><\/i><\/a><a href=\"https:\/\/unpavedanslejazz.fr\/\" target=\"_blank\" title=\"+ d'infos\" alt=\"+ d'infos\"><i class=\"fa fa-plus-square\"><\/i><\/a><\/p>\n<\/span><!-- \/.extrait -->\t\t\t\t\n\t\t\t\t\t\t\t\t&nbsp;<span class=\"meta\"><ul class='post-meta'>\n<li><span class='post-meta-key'>om_disable_all_campaigns:<\/span> <\/li>\n<\/ul>\n<\/span><!-- \/.meta -->\n\t\t\t\t<\/div> <!-- \/.detail -->\n\t\t\t\t\n\t\t\t\t\n\t\t\t\t\n\t\t\t\t\n\t\t\t\t\n\t\t\t\t\n\t\t\t\t\n\t\t\t\t\n\t\t\t\t\n\t\t\t\t\n\t\t<!--\t<div class=\"meta-projet-associe-a-l-actu\"><\/div> -->\n\t\t\t\t  \n\t\t\t\t  <div class=\"mois-titre\">\t\t\t\t<!-- \/.mois-titre -->\n\t\t\t\t\n\t\t\t\t   \n\t\t\t\t <\/div><!-- \/.contenu-date -->\n\t\t\t<\/li>\n\n\t\t\n\t\t\t\t\t\t\n\t\t\t<li class=\"eo-event-venue-centre-culturel-saint-cyprien eo-event-cat-agenda eo-event-cat-sebastien-cirotteau eo-event-cat-sweetest-choice eo-event-future\" >\n\t\t\t\n\t\t\n\t\t\t\n\t\t\n\t\t\t\t<div class=\"date\"> \n\t\t\t\t <div class=\"jour\">05<\/div> <div class=\"mois\">Jun<\/div><\/div>\t\t\t\n\t\t\t\t\t\n\t\t\t\t\t\t\t\t\t\t\n\t\t\t\t\t\n\t\t\t\t <div class=\"contenu-date\">\n\t\t\t\t\n\t\t\t\t<h4 class=\"titre\">Sweetest Choice \/ Saint Cyprien en F\u00eate - <\/h4> \n\t\t\t\t<div class=\"detail\">\n\t\t\t\t<span class=\"lieu\">Centre culturel Saint-Cyprien, Toulouse<\/span><!-- \/.lieu --> - <span class=\"heure\">19h00<\/span>\t\t\t\t\n\t\t\t\t\n\t\t\t\t\n\t\t\t\t<span class=\"extrait\"> - <p><a href=\"https:\/\/freddymorezon.org\/productions\/sweetest-choice\/\" title=\"+ d'infos\" alt=\"+ d'infos\"><i class=\"fa fa-plus-square\"><\/i><\/a><a href=\"https:\/\/metropole.toulouse.fr\/annuaire\/centre-culturel-saint-cyprien \" target=\"_blank\" title=\"+ d'infos\" alt=\"+ d'infos\"><i class=\"fa fa-plus-square\"><\/i><\/a><\/p>\n<\/span><!-- \/.extrait -->\t\t\t\t\n\t\t\t\t\t\t\t\t&nbsp;<span class=\"meta\"><ul class='post-meta'>\n<li><span class='post-meta-key'>om_disable_all_campaigns:<\/span> <\/li>\n<\/ul>\n<\/span><!-- \/.meta -->\n\t\t\t\t<\/div> <!-- \/.detail -->\n\t\t\t\t\n\t\t\t\t\n\t\t\t\t\n\t\t\t\t\n\t\t\t\t\n\t\t\t\t\n\t\t\t\t\n\t\t\t\t\n\t\t\t\t\n\t\t\t\t\n\t\t<!--\t<div class=\"meta-projet-associe-a-l-actu\"><\/div> -->\n\t\t\t\t  \n\t\t\t\t  <div class=\"mois-titre\">\t\t\t\t<!-- \/.mois-titre -->\n\t\t\t\t\n\t\t\t\t   \n\t\t\t\t <\/div><!-- \/.contenu-date -->\n\t\t\t<\/li>\n\n\t\t\n\t\t\t\t\t\t\n\t\t\t<li class=\"eo-event-venue-la-memo-mediatheque eo-event-cat-agenda eo-event-cat-sebastien-cirotteau eo-event-cat-sweetest-choice eo-event-future eo-all-day\" >\n\t\t\t\n\t\t\n\t\t\t\n\t\t\n\t\t\t\t<div class=\"date\"> \n\t\t\t\t <div class=\"jour\">06<\/div> <div class=\"mois\">Jun<\/div><\/div>\t\t\t\n\t\t\t\t\t\n\t\t\t\t\t\t\t\t\t\t\n\t\t\t\t\t\n\t\t\t\t <div class=\"contenu-date\">\n\t\t\t\t\n\t\t\t\t<h4 class=\"titre\">Sweetest Choice - <\/h4> \n\t\t\t\t<div class=\"detail\">\n\t\t\t\t<span class=\"lieu\">La M\u00e9mo - M\u00e9diath\u00e8que, Montauban<\/span><!-- \/.lieu --><div class=\"jour\">06<\/div> <div class=\"mois\">Jun<\/div><\/div>\t\t\t\t\n\t\t\t\t\n\t\t\t\t\n\t\t\t\t<span class=\"extrait\"> - <p><a href=\"https:\/\/freddymorezon.org\/productions\/sweetest-choice\/\" title=\"+ d'infos\" alt=\"+ d'infos\"><i class=\"fa fa-plus-square\"><\/i><\/a><a href=\"https:\/\/www.mediatheque-montauban.com\/\" target=\"_blank\" title=\"+ d'infos\" alt=\"+ d'infos\"><i class=\"fa fa-plus-square\"><\/i><\/a><\/p>\n<\/span><!-- \/.extrait -->\t\t\t\t\n\t\t\t\t\t\t\t\t&nbsp;<span class=\"meta\"><ul class='post-meta'>\n<li><span class='post-meta-key'>om_disable_all_campaigns:<\/span> <\/li>\n<\/ul>\n<\/span><!-- \/.meta -->\n\t\t\t\t<\/div> <!-- \/.detail -->\n\t\t\t\t\n\t\t\t\t\n\t\t\t\t\n\t\t\t\t\n\t\t\t\t\n\t\t\t\t\n\t\t\t\t\n\t\t\t\t\n\t\t\t\t\n\t\t\t\t\n\t\t<!--\t<div class=\"meta-projet-associe-a-l-actu\"><\/div> -->\n\t\t\t\t  \n\t\t\t\t  <div class=\"mois-titre\">\t\t\t\t<!-- \/.mois-titre -->\n\t\t\t\t\n\t\t\t\t   \n\t\t\t\t <\/div><!-- \/.contenu-date -->\n\t\t\t<\/li>\n\n\t\t\n\t\t\t\t\t\t\n\t\t\t<li class=\"eo-event-venue-concert-chez-lhabitant-toulouse eo-event-cat-agenda eo-event-cat-sebastien-cirotteau eo-event-cat-sweetest-choice eo-event-future eo-all-day\" >\n\t\t\t\n\t\t\n\t\t\t\n\t\t\n\t\t\t\t<div class=\"date\"> \n\t\t\t\t <div class=\"jour\">07<\/div> <div class=\"mois\">Jun<\/div><\/div>\t\t\t\n\t\t\t\t\t\n\t\t\t\t\t\t\t\t\t\t\n\t\t\t\t\t\n\t\t\t\t <div class=\"contenu-date\">\n\t\t\t\t\n\t\t\t\t<h4 class=\"titre\">Sweetest Choice - <\/h4> \n\t\t\t\t<div class=\"detail\">\n\t\t\t\t<span class=\"lieu\">Concert chez l'habitant \/ Toulouse, Toulouse<\/span><!-- \/.lieu --><div class=\"jour\">07<\/div> <div class=\"mois\">Jun<\/div><\/div>\t\t\t\t\n\t\t\t\t\n\t\t\t\t\n\t\t\t\t<span class=\"extrait\"> - <p><a href=\"https:\/\/freddymorezon.org\/productions\/sweetest-choice\/\" title=\"+ d'infos\" alt=\"+ d'infos\"><i class=\"fa fa-plus-square\"><\/i><\/a><\/p>\n<\/span><!-- \/.extrait -->\t\t\t\t\n\t\t\t\t\t\t\t\t&nbsp;<span class=\"meta\"><ul class='post-meta'>\n<li><span class='post-meta-key'>om_disable_all_campaigns:<\/span> <\/li>\n<\/ul>\n<\/span><!-- \/.meta -->\n\t\t\t\t<\/div> <!-- \/.detail -->\n\t\t\t\t\n\t\t\t\t\n\t\t\t\t\n\t\t\t\t\n\t\t\t\t\n\t\t\t\t\n\t\t\t\t\n\t\t\t\t\n\t\t\t\t\n\t\t\t\t\n\t\t<!--\t<div class=\"meta-projet-associe-a-l-actu\"><\/div> -->\n\t\t\t\t  \n\t\t\t\t  <div class=\"mois-titre\">\t\t\t\t<!-- \/.mois-titre -->\n\t\t\t\t\n\t\t\t\t   \n\t\t\t\t <\/div><!-- \/.contenu-date -->\n\t\t\t<\/li>\n\n\t\t\n\t<\/ul>\n\n\n<\/div><\/div><div id=\"pgc-3048-2-2\"  class=\"panel-grid-cell panel-grid-cell-empty\" ><\/div><\/div><div id=\"pg-3048-3\"  class=\"panel-grid panel-no-style\" ><div id=\"pgc-3048-3-0\"  class=\"panel-grid-cell\" ><div id=\"panel-3048-3-0-0\" class=\"so-panel widget widget_sow-headline panel-first-child panel-last-child\" data-index=\"6\" ><div\n\t\t\t\n\t\t\tclass=\"so-widget-sow-headline so-widget-sow-headline-default-148667f89911-25089\"\n\t\t\t\n\t\t><div class=\"sow-headline-container \">\n\t\t\t\t\t\t<div class=\"decoration\">\n\t\t\t\t\t\t<div class=\"decoration-inside\"><\/div>\n\t\t\t\t\t<\/div>\n\t\t\t\t\t<\/div>\n<\/div><\/div><\/div><div id=\"pgc-3048-3-1\"  class=\"panel-grid-cell\" ><div id=\"panel-3048-3-1-0\" class=\"so-panel widget widget_sow-headline panel-first-child panel-last-child\" data-index=\"7\" ><div\n\t\t\t\n\t\t\tclass=\"so-widget-sow-headline so-widget-sow-headline-default-0747aa744f96-25089\"\n\t\t\t\n\t\t><div class=\"sow-headline-container \">\n\t\t\t\t\t\t\t<h3 class=\"sow-headline\">\n\t\t\t\t\t\tDates pass\u00e9es\t\t\t\t\t\t<\/h3>\n\t\t\t\t\t\t<\/div>\n<\/div><\/div><\/div><div id=\"pgc-3048-3-2\"  class=\"panel-grid-cell\" ><div id=\"panel-3048-3-2-0\" class=\"so-panel widget widget_sow-headline panel-first-child panel-last-child\" data-index=\"8\" ><div\n\t\t\t\n\t\t\tclass=\"so-widget-sow-headline so-widget-sow-headline-default-148667f89911-25089\"\n\t\t\t\n\t\t><div class=\"sow-headline-container \">\n\t\t\t\t\t\t<div class=\"decoration\">\n\t\t\t\t\t\t<div class=\"decoration-inside\"><\/div>\n\t\t\t\t\t<\/div>\n\t\t\t\t\t<\/div>\n<\/div><\/div><\/div><\/div><div id=\"pg-3048-4\"  class=\"panel-grid panel-no-style\" ><div id=\"pgc-3048-4-0\"  class=\"panel-grid-cell panel-grid-cell-empty\" ><\/div><div id=\"pgc-3048-4-1\"  class=\"panel-grid-cell panel-grid-cell-mobile-last\" ><div id=\"panel-3048-4-1-0\" class=\"so-panel widget widget_eo_event_list_widget EO_Event_List_Widget panel-first-child panel-last-child\" data-index=\"9\" ><div class=\"dates-passees panel-widget-style panel-widget-style-for-3048-4-1-0\" ><ul  class=\"eo-events eo-events-widget\"><li class=\"eo-event-venue-un-peu eo-event-cat-agenda eo-event-cat-sebastien-cirotteau eo-event-cat-sweetest-choice eo-event-past eo-all-day\"><div class=\"date\"> <div class=\"jour\"> 03<\/div> <div class=\"mois\">Apr<\/div> <div class=\"annee\">2026<\/div> <\/div> <div class=\"contenu-date\"> <h4 class=\"titre\">Sweetest Choice - <\/h4> <div class=\"detail\"> <span class=\"lieu\">Un peu, Bruxelles<\/span><!-- \/.lieu --> - <span class=\"heure\"><\/span><!-- \/.heure --><br> <span class=\"extrait\"><a href=\"https:\/\/freddymorezon.org\/productions\/sweetest-choice\/\" title=\"+ d'infos\" alt=\"+ d'infos\"><i class=\"fa fa-plus-square\"><\/i><\/a><a href=\"https:\/\/www.unpeu.info\/\" target=\"_blank\" title=\"+ d'infos\" alt=\"+ d'infos\"><i class=\"fa fa-plus-square\"><\/i><\/a><\/span><!-- \/.extrait --><br> <\/div>\t<!-- \/.detail --> <\/div> <!-- \/.contenu-date --><\/li><li class=\"eo-event-venue-verfeil-sur-seye eo-event-cat-agenda eo-event-cat-sebastien-cirotteau eo-event-cat-sweetest-choice eo-event-past eo-multi-day eo-all-day\"><div class=\"date\"> <div class=\"jour\"> 03<\/div> <div class=\"mois\">Apr<\/div> <div class=\"annee\">2026<\/div> <\/div> <div class=\"contenu-date\"> <h4 class=\"titre\">Sweetest Choice - <\/h4> <div class=\"detail\"> <span class=\"lieu\">Verfeil sur Seye, Verfeil sur Seye<\/span><!-- \/.lieu --> - <span class=\"heure\"><\/span><!-- \/.heure --><br> <span class=\"extrait\"><a href=\"https:\/\/freddymorezon.org\/productions\/sweetest-choice\/\" title=\"+ d'infos\" alt=\"+ d'infos\"><i class=\"fa fa-plus-square\"><\/i><\/a><\/span><!-- \/.extrait --><br> <\/div>\t<!-- \/.detail --> <\/div> <!-- \/.contenu-date --><\/li><li class=\"eo-event-venue-le-108 eo-event-cat-agenda eo-event-cat-sebastien-cirotteau eo-event-cat-sweetest-choice eo-event-past eo-all-day\"><div class=\"date\"> <div class=\"jour\"> 02<\/div> <div class=\"mois\">Apr<\/div> <div class=\"annee\">2026<\/div> <\/div> <div class=\"contenu-date\"> <h4 class=\"titre\">Sweetest Choice - <\/h4> <div class=\"detail\"> <span class=\"lieu\">Le 108, Orl\u00e9ans (45)<\/span><!-- \/.lieu --> - <span class=\"heure\"><\/span><!-- \/.heure --><br> <span class=\"extrait\"><a href=\"https:\/\/freddymorezon.org\/productions\/sweetest-choice\/\" title=\"+ d'infos\" alt=\"+ d'infos\"><i class=\"fa fa-plus-square\"><\/i><\/a><a href=\"https:\/\/le108.org\/\" target=\"_blank\" title=\"+ d'infos\" alt=\"+ d'infos\"><i class=\"fa fa-plus-square\"><\/i><\/a><\/span><!-- \/.extrait --><br> <\/div>\t<!-- \/.detail --> <\/div> <!-- \/.contenu-date --><\/li><li class=\"eo-event-venue-ajmi eo-event-cat-agenda eo-event-cat-sebastien-cirotteau eo-event-cat-sweetest-choice eo-event-past eo-all-day\"><div class=\"date\"> <div class=\"jour\"> 01<\/div> <div class=\"mois\">Apr<\/div> <div class=\"annee\">2026<\/div> <\/div> <div class=\"contenu-date\"> <h4 class=\"titre\">Sweetest Choice - <\/h4> <div class=\"detail\"> <span class=\"lieu\">Ajmi, Avignon<\/span><!-- \/.lieu --> - <span class=\"heure\"><\/span><!-- \/.heure --><br> <span class=\"extrait\"><a href=\"https:\/\/freddymorezon.org\/productions\/sweetest-choice\/\" title=\"+ d'infos\" alt=\"+ d'infos\"><i class=\"fa fa-plus-square\"><\/i><\/a><a href=\"https:\/\/www.ajmi.fr\/\" target=\"_blank\" title=\"+ d'infos\" alt=\"+ d'infos\"><i class=\"fa fa-plus-square\"><\/i><\/a><\/span><!-- \/.extrait --><br> <\/div>\t<!-- \/.detail --> <\/div> <!-- \/.contenu-date --><\/li><li class=\"eo-event-venue-festival-festo-pitcho-ajmi eo-event-cat-action-culturelle eo-event-cat-agenda eo-event-cat-sebastien-cirotteau eo-event-cat-sweetest-choice eo-event-past eo-all-day\"><div class=\"date\"> <div class=\"jour\"> 31<\/div> <div class=\"mois\">Mar<\/div> <div class=\"annee\">2026<\/div> <\/div> <div class=\"contenu-date\"> <h4 class=\"titre\">R\u00e9veil en musique - <\/h4> <div class=\"detail\"> <span class=\"lieu\">Festival Festo Pitcho \/ Ajmi, Avignon<\/span><!-- \/.lieu --> - <span class=\"heure\"><\/span><!-- \/.heure --><br> <span class=\"extrait\"><a href=\"https:\/\/freddymorezon.org\/productions\/sweetest-choice\/\" title=\"+ d'infos\" alt=\"+ d'infos\"><i class=\"fa fa-plus-square\"><\/i><\/a><a href=\"https:\/\/www.ajmi.fr\/\" target=\"_blank\" title=\"+ d'infos\" alt=\"+ d'infos\"><i class=\"fa fa-plus-square\"><\/i><\/a><\/span><!-- \/.extrait --><br> <\/div>\t<!-- \/.detail --> <\/div> <!-- \/.contenu-date --><\/li><li class=\"eo-event-venue-montoulieu eo-event-cat-agenda eo-event-cat-sebastien-cirotteau eo-event-cat-sweetest-choice eo-event-past eo-all-day\"><div class=\"date\"> <div class=\"jour\"> 29<\/div> <div class=\"mois\">Mar<\/div> <div class=\"annee\">2026<\/div> <\/div> <div class=\"contenu-date\"> <h4 class=\"titre\">Sweetest Choice - <\/h4> <div class=\"detail\"> <span class=\"lieu\">Montoulieu, Montoulieu<\/span><!-- \/.lieu --> - <span class=\"heure\"><\/span><!-- \/.heure --><br> <span class=\"extrait\"><a href=\"https:\/\/freddymorezon.org\/productions\/sweetest-choice\/\" title=\"+ d'infos\" alt=\"+ d'infos\"><i class=\"fa fa-plus-square\"><\/i><\/a><\/span><!-- \/.extrait --><br> <\/div>\t<!-- \/.detail --> <\/div> <!-- \/.contenu-date --><\/li><li class=\"eo-event-venue-college-armand-latour eo-event-cat-agenda eo-event-cat-sebastien-cirotteau eo-event-cat-sweetest-choice eo-event-past eo-all-day\"><div class=\"date\"> <div class=\"jour\"> 12<\/div> <div class=\"mois\">Mar<\/div> <div class=\"annee\">2026<\/div> <\/div> <div class=\"contenu-date\"> <h4 class=\"titre\">Sweetest Choice \/ Un Pav\u00e9 dans le Jazz - <\/h4> <div class=\"detail\"> <span class=\"lieu\">Coll\u00e8ge Armand Latour, Apset<\/span><!-- \/.lieu --> - <span class=\"heure\"><\/span><!-- \/.heure --><br> <span class=\"extrait\"><a href=\"https:\/\/freddymorezon.org\/productions\/sweetest-choice\/\" title=\"+ d'infos\" alt=\"+ d'infos\"><i class=\"fa fa-plus-square\"><\/i><\/a><a href=\"https:\/\/unpavedanslejazz.fr\/ \" target=\"_blank\" title=\"+ d'infos\" alt=\"+ d'infos\"><i class=\"fa fa-plus-square\"><\/i><\/a><\/span><!-- \/.extrait --><br> <\/div>\t<!-- \/.detail --> <\/div> <!-- \/.contenu-date --><\/li><li class=\"eo-event-venue-salle-du-camp-grand eo-event-cat-agenda eo-event-cat-sebastien-cirotteau eo-event-cat-sweetest-choice eo-event-past eo-all-day\"><div class=\"date\"> <div class=\"jour\"> 23<\/div> <div class=\"mois\">Jan<\/div> <div class=\"annee\">2026<\/div> <\/div> <div class=\"contenu-date\"> <h4 class=\"titre\">Sweetest Choice &#8211; Au Fil du Tarn - <\/h4> <div class=\"detail\"> <span class=\"lieu\">Salle du Camp Grand, Cagnac-les-Mines<\/span><!-- \/.lieu --> - <span class=\"heure\"><\/span><!-- \/.heure --><br> <span class=\"extrait\"><a href=\"https:\/\/freddymorezon.org\/productions\/sweetest-choice\/\" title=\"+ d'infos\" alt=\"+ d'infos\"><i class=\"fa fa-plus-square\"><\/i><\/a><a href=\"https:\/\/www.sn-albi.fr\/spectacles\/saison-23-24\/au-fil-du-tarn\" target=\"_blank\" title=\"+ d'infos\" alt=\"+ d'infos\"><i class=\"fa fa-plus-square\"><\/i><\/a><\/span><!-- \/.extrait --><br> <\/div>\t<!-- \/.detail --> <\/div> <!-- \/.contenu-date --><\/li><li class=\"eo-event-venue-espace-culturel-de-la-gare eo-event-cat-agenda eo-event-cat-sebastien-cirotteau eo-event-cat-sweetest-choice eo-event-past eo-all-day\"><div class=\"date\"> <div class=\"jour\"> 22<\/div> <div class=\"mois\">Jan<\/div> <div class=\"annee\">2026<\/div> <\/div> <div class=\"contenu-date\"> <h4 class=\"titre\">Sweetest Choice &#8211; Au Fil du Tarn - <\/h4> <div class=\"detail\"> <span class=\"lieu\">Espace culturel de La Gare, Saint-Ju\u00e9ry<\/span><!-- \/.lieu --> - <span class=\"heure\"><\/span><!-- \/.heure --><br> <span class=\"extrait\"><a href=\"https:\/\/freddymorezon.org\/productions\/sweetest-choice\/\" title=\"+ d'infos\" alt=\"+ d'infos\"><i class=\"fa fa-plus-square\"><\/i><\/a><a href=\"https:\/\/www.sn-albi.fr\/spectacles\/saison-23-24\/au-fil-du-tarn\" target=\"_blank\" title=\"+ d'infos\" alt=\"+ d'infos\"><i class=\"fa fa-plus-square\"><\/i><\/a><\/span><!-- \/.extrait --><br> <\/div>\t<!-- \/.detail --> <\/div> <!-- \/.contenu-date --><\/li><li class=\"eo-event-venue-les-pilotis eo-event-cat-agenda eo-event-cat-sebastien-cirotteau eo-event-cat-sweetest-choice eo-event-past\"><div class=\"date\"> <div class=\"jour\"> 21 <\/div> <div class=\"mois\">Jan <\/div> <div class=\"annee\">2026 <\/div> <\/div> <div class=\"contenu-date\"> <h4 class=\"titre\">Sweetest Choice &#8211; Au Fil du Tarn - <\/h4> <div class=\"detail\"> <span class=\"lieu\">Les Pilotis, Blaye-les-Mines<\/span><!-- \/.lieu --> - <span class=\"heure\"> 21:00<\/span><!-- \/.heure --><br> <span class=\"extrait\"><a href=\"https:\/\/freddymorezon.org\/productions\/sweetest-choice\/\" title=\"+ d'infos\" alt=\"+ d'infos\"><i class=\"fa fa-plus-square\"><\/i><\/a><a href=\"https:\/\/www.sn-albi.fr\/spectacles\/saison-23-24\/au-fil-du-tarn\" target=\"_blank\" title=\"+ d'infos\" alt=\"+ d'infos\"><i class=\"fa fa-plus-square\"><\/i><\/a><\/span><!-- \/.extrait --><br> <\/div>\t<!-- \/.detail --> <\/div> <!-- \/.contenu-date --><\/li><li class=\"eo-event-venue-le-foulon eo-event-cat-agenda eo-event-cat-sebastien-cirotteau eo-event-cat-sweetest-choice eo-event-past\"><div class=\"date\"> <div class=\"jour\"> 20 <\/div> <div class=\"mois\">Jan <\/div> <div class=\"annee\">2026 <\/div> <\/div> <div class=\"contenu-date\"> <h4 class=\"titre\">Sweetest Choice &#8211; Au Fil du Tarn - <\/h4> <div class=\"detail\"> <span class=\"lieu\">Le Foulon, Graulhet<\/span><!-- \/.lieu --> - <span class=\"heure\"> 20:00<\/span><!-- \/.heure --><br> <span class=\"extrait\"><a href=\"https:\/\/freddymorezon.org\/productions\/sweetest-choice\/\" title=\"+ d'infos\" alt=\"+ d'infos\"><i class=\"fa fa-plus-square\"><\/i><\/a><a href=\"https:\/\/www.sn-albi.fr\/spectacles\/saison-23-24\/au-fil-du-tarn\" target=\"_blank\" title=\"+ d'infos\" alt=\"+ d'infos\"><i class=\"fa fa-plus-square\"><\/i><\/a><\/span><!-- \/.extrait --><br> <\/div>\t<!-- \/.detail --> <\/div> <!-- \/.contenu-date --><\/li><li class=\"eo-event-venue-salle-rene-cassin eo-event-cat-agenda eo-event-cat-sebastien-cirotteau eo-event-cat-sweetest-choice eo-event-past\"><div class=\"date\"> <div class=\"jour\"> 17 <\/div> <div class=\"mois\">Jan <\/div> <div class=\"annee\">2026 <\/div> <\/div> <div class=\"contenu-date\"> <h4 class=\"titre\">Sweetest Choice &#8211; Au Fil du Tarn - <\/h4> <div class=\"detail\"> <span class=\"lieu\">Salle Ren\u00e9 Cassin, Saint-Sulpice-la-Pointe<\/span><!-- \/.lieu --> - <span class=\"heure\"> 20:30<\/span><!-- \/.heure --><br> <span class=\"extrait\"><a href=\"https:\/\/freddymorezon.org\/productions\/sweetest-choice\/\" title=\"+ d'infos\" alt=\"+ d'infos\"><i class=\"fa fa-plus-square\"><\/i><\/a><a href=\"https:\/\/www.sn-albi.fr\/spectacles\/saison-23-24\/au-fil-du-tarn\" target=\"_blank\" title=\"+ d'infos\" alt=\"+ d'infos\"><i class=\"fa fa-plus-square\"><\/i><\/a><\/span><!-- \/.extrait --><br> <\/div>\t<!-- \/.detail --> <\/div> <!-- \/.contenu-date --><\/li><li class=\"eo-event-venue-le-balcon eo-event-cat-agenda eo-event-cat-sebastien-cirotteau eo-event-cat-sweetest-choice eo-event-past\"><div class=\"date\"> <div class=\"jour\"> 16 <\/div> <div class=\"mois\">Jan <\/div> <div class=\"annee\">2026 <\/div> <\/div> <div class=\"contenu-date\"> <h4 class=\"titre\">Sweetest Choice &#8211; Au Fil du Tarn - <\/h4> <div class=\"detail\"> <span class=\"lieu\">Le Balcon, Gaillac<\/span><!-- \/.lieu --> - <span class=\"heure\"> 20:30<\/span><!-- \/.heure --><br> <span class=\"extrait\"><a href=\"https:\/\/freddymorezon.org\/productions\/sweetest-choice\/\" title=\"+ d'infos\" alt=\"+ d'infos\"><i class=\"fa fa-plus-square\"><\/i><\/a><a href=\"https:\/\/www.sn-albi.fr\/spectacles\/saison-23-24\/au-fil-du-tarn\" target=\"_blank\" title=\"+ d'infos\" alt=\"+ d'infos\"><i class=\"fa fa-plus-square\"><\/i><\/a><\/span><!-- \/.extrait --><br> <\/div>\t<!-- \/.detail --> <\/div> <!-- \/.contenu-date --><\/li><li class=\"eo-event-venue-creche eo-event-cat-agenda eo-event-cat-sebastien-cirotteau eo-event-cat-sweetest-choice eo-event-past\"><div class=\"date\"> <div class=\"jour\"> 16 <\/div> <div class=\"mois\">Jan <\/div> <div class=\"annee\">2026 <\/div> <\/div> <div class=\"contenu-date\"> <h4 class=\"titre\">R\u00e9veil en musique &#8211; Au Fil du Tarn - <\/h4> <div class=\"detail\"> <span class=\"lieu\">Cr\u00e8che, Gaillac<\/span><!-- \/.lieu --> - <span class=\"heure\"> 10:00<\/span><!-- \/.heure --><br> <span class=\"extrait\"><a href=\"https:\/\/freddymorezon.org\/action-culturelle\/reveil-musique-sweetest-choice\/\" title=\"+ d'infos\" alt=\"+ d'infos\"><i class=\"fa fa-plus-square\"><\/i><\/a><a href=\"https:\/\/www.sn-albi.fr\/spectacles\/saison-23-24\/au-fil-du-tarn\" target=\"_blank\" title=\"+ d'infos\" alt=\"+ d'infos\"><i class=\"fa fa-plus-square\"><\/i><\/a><\/span><!-- \/.extrait --><br> <\/div>\t<!-- \/.detail --> <\/div> <!-- \/.contenu-date --><\/li><li class=\"eo-event-venue-gaillac eo-event-cat-action-culturelle eo-event-cat-agenda eo-event-cat-reveil-en-musique eo-event-cat-sebastien-cirotteau eo-event-cat-sweetest-choice eo-event-past eo-all-day\"><div class=\"date\"> <div class=\"jour\"> 16<\/div> <div class=\"mois\">Jan<\/div> <div class=\"annee\">2026<\/div> <\/div> <div class=\"contenu-date\"> <h4 class=\"titre\">Sweetest Choice &#8211; R\u00e9veil en musique - <\/h4> <div class=\"detail\"> <span class=\"lieu\">Gaillac, Gaillac<\/span><!-- \/.lieu --> - <span class=\"heure\"><\/span><!-- \/.heure --><br> <span class=\"extrait\"><a href=\"https:\/\/freddymorezon.org\/action-culturelle\/reveil-musique-sweetest-choice\/\" title=\"+ d'infos\" alt=\"+ d'infos\"><i class=\"fa fa-plus-square\"><\/i><\/a><\/span><!-- \/.extrait --><br> <\/div>\t<!-- \/.detail --> <\/div> <!-- \/.contenu-date --><\/li><li class=\"eo-event-venue-salle-communale-2 eo-event-cat-agenda eo-event-cat-sebastien-cirotteau eo-event-cat-sweetest-choice eo-event-past\"><div class=\"date\"> <div class=\"jour\"> 15 <\/div> <div class=\"mois\">Jan <\/div> <div class=\"annee\">2026 <\/div> <\/div> <div class=\"contenu-date\"> <h4 class=\"titre\">Sweetest Choice &#8211; Au Fil du Tarn - <\/h4> <div class=\"detail\"> <span class=\"lieu\">Salle communale, Lescure d'Albigeois<\/span><!-- \/.lieu --> - <span class=\"heure\"> 20:30<\/span><!-- \/.heure --><br> <span class=\"extrait\"><a href=\"https:\/\/freddymorezon.org\/productions\/sweetest-choice\/\" title=\"+ d'infos\" alt=\"+ d'infos\"><i class=\"fa fa-plus-square\"><\/i><\/a><a href=\"https:\/\/www.sn-albi.fr\/spectacles\/saison-23-24\/au-fil-du-tarn\" target=\"_blank\" title=\"+ d'infos\" alt=\"+ d'infos\"><i class=\"fa fa-plus-square\"><\/i><\/a><\/span><!-- \/.extrait --><br> <\/div>\t<!-- \/.detail --> <\/div> <!-- \/.contenu-date --><\/li><li class=\"eo-event-venue-mediatheque-valderies eo-event-cat-agenda eo-event-cat-sebastien-cirotteau eo-event-cat-sweetest-choice eo-event-past\"><div class=\"date\"> <div class=\"jour\"> 14 <\/div> <div class=\"mois\">Jan <\/div> <div class=\"annee\">2026 <\/div> <\/div> <div class=\"contenu-date\"> <h4 class=\"titre\">Sweetest Choice &#8211; Au Fil du Tarn - <\/h4> <div class=\"detail\"> <span class=\"lieu\">M\u00e9diath\u00e8que - Valderi\u00e8s, Valderi\u00e8s<\/span><!-- \/.lieu --> - <span class=\"heure\"> 16:00<\/span><!-- \/.heure --><br> <span class=\"extrait\"><a href=\"https:\/\/freddymorezon.org\/productions\/sweetest-choice\/\" title=\"+ d'infos\" alt=\"+ d'infos\"><i class=\"fa fa-plus-square\"><\/i><\/a><a href=\"https:\/\/www.sn-albi.fr\/spectacles\/saison-23-24\/au-fil-du-tarn\" target=\"_blank\" title=\"+ d'infos\" alt=\"+ d'infos\"><i class=\"fa fa-plus-square\"><\/i><\/a><\/span><!-- \/.extrait --><br> <\/div>\t<!-- \/.detail --> <\/div> <!-- \/.contenu-date --><\/li><li class=\"eo-event-venue-scene-nationale-albi-tarn eo-event-cat-action-culturelle eo-event-cat-agenda eo-event-cat-sebastien-cirotteau eo-event-cat-sweetest-choice eo-event-past eo-all-day\"><div class=\"date\"> <div class=\"jour\"> 13<\/div> <div class=\"mois\">Jan<\/div> <div class=\"annee\">2026<\/div> <\/div> <div class=\"contenu-date\"> <h4 class=\"titre\">Sweetest Choice - <\/h4> <div class=\"detail\"> <span class=\"lieu\">Sc\u00e8ne nationale Albi-Tarn, Albi<\/span><!-- \/.lieu --> - <span class=\"heure\"><\/span><!-- \/.heure --><br> <span class=\"extrait\"><a href=\"https:\/\/freddymorezon.org\/productions\/sweetest-choice\/\" title=\"+ d'infos\" alt=\"+ d'infos\"><i class=\"fa fa-plus-square\"><\/i><\/a><a href=\"https:\/\/www.sn-albi.fr\/\" target=\"_blank\" title=\"+ d'infos\" alt=\"+ d'infos\"><i class=\"fa fa-plus-square\"><\/i><\/a><\/span><!-- \/.extrait --><br> <\/div>\t<!-- \/.detail --> <\/div> <!-- \/.contenu-date --><\/li><li class=\"eo-event-venue-la-maison-derasme eo-event-cat-agenda eo-event-cat-sebastien-cirotteau eo-event-cat-sweetest-choice eo-event-past eo-all-day\"><div class=\"date\"> <div class=\"jour\"> 12<\/div> <div class=\"mois\">Nov<\/div> <div class=\"annee\">2025<\/div> <\/div> <div class=\"contenu-date\"> <h4 class=\"titre\">Sweetest Choice - <\/h4> <div class=\"detail\"> <span class=\"lieu\">La Maison d'Erasme, Bruxelles<\/span><!-- \/.lieu --> - <span class=\"heure\"><\/span><!-- \/.heure --><br> <span class=\"extrait\"><a href=\"https:\/\/freddymorezon.org\/productions\/sweetest-choice\/\" title=\"+ d'infos\" alt=\"+ d'infos\"><i class=\"fa fa-plus-square\"><\/i><\/a><a href=\"https:\/\/www.erasmushouse.museum\/\" target=\"_blank\" title=\"+ d'infos\" alt=\"+ d'infos\"><i class=\"fa fa-plus-square\"><\/i><\/a><\/span><!-- \/.extrait --><br> <\/div>\t<!-- \/.detail --> <\/div> <!-- \/.contenu-date --><\/li><li class=\"eo-event-venue-auditorium-de-l-ensemble-instrumental-de-tarbes eo-event-cat-agenda eo-event-cat-sebastien-cirotteau eo-event-cat-sweetest-choice eo-event-past\"><div class=\"date\"> <div class=\"jour\"> 17 <\/div> <div class=\"mois\">Oct <\/div> <div class=\"annee\">2025 <\/div> <\/div> <div class=\"contenu-date\"> <h4 class=\"titre\">Sweetest Choice \/\/ Guit&#8217;arp\u00e8ges - <\/h4> <div class=\"detail\"> <span class=\"lieu\">Auditorium de l\u2019 Ensemble instrumental de Tarbes, Tarbes<\/span><!-- \/.lieu --> - <span class=\"heure\"> 21:00<\/span><!-- \/.heure --><br> <span class=\"extrait\"><a href=\"https:\/\/freddymorezon.org\/productions\/sweetest-choice\/\" title=\"+ d'infos\" alt=\"+ d'infos\"><i class=\"fa fa-plus-square\"><\/i><\/a><\/span><!-- \/.extrait --><br> <\/div>\t<!-- \/.detail --> <\/div> <!-- \/.contenu-date --><\/li><li class=\"eo-event-venue-festival-jazz-sur-son-31 eo-event-cat-action-culturelle eo-event-cat-agenda eo-event-cat-sebastien-cirotteau eo-event-cat-sweetest-choice eo-event-past eo-all-day\"><div class=\"date\"> <div class=\"jour\"> 15<\/div> <div class=\"mois\">Oct<\/div> <div class=\"annee\">2025<\/div> <\/div> <div class=\"contenu-date\"> <h4 class=\"titre\">Sweetest Choice - <\/h4> <div class=\"detail\"> <span class=\"lieu\">Festival Jazz sur son 31, Toulouse<\/span><!-- \/.lieu --> - <span class=\"heure\"><\/span><!-- \/.heure --><br> <span class=\"extrait\"><a href=\"https:\/\/freddymorezon.org\/productions\/sweetest-choice\/\" title=\"+ d'infos\" alt=\"+ d'infos\"><i class=\"fa fa-plus-square\"><\/i><\/a><a href=\"https:\/\/www.haute-garonne.fr\/jazz-sur-son-31 \" target=\"_blank\" title=\"+ d'infos\" alt=\"+ d'infos\"><i class=\"fa fa-plus-square\"><\/i><\/a><\/span><!-- \/.extrait --><br> <\/div>\t<!-- \/.detail --> <\/div> <!-- \/.contenu-date --><\/li><li class=\"eo-event-venue-les-resonances eo-event-cat-agenda eo-event-cat-sebastien-cirotteau eo-event-cat-sweetest-choice eo-event-past eo-all-day\"><div class=\"date\"> <div class=\"jour\"> 19<\/div> <div class=\"mois\">Sep<\/div> <div class=\"annee\">2025<\/div> <\/div> <div class=\"contenu-date\"> <h4 class=\"titre\">Sweetest Choice - <\/h4> <div class=\"detail\"> <span class=\"lieu\">Les R\u00e9sonances, Sainte-Juliette<\/span><!-- \/.lieu --> - <span class=\"heure\"><\/span><!-- \/.heure --><br> <span class=\"extrait\"><a href=\"https:\/\/freddymorezon.org\/productions\/sweetest-choice\/\" title=\"+ d'infos\" alt=\"+ d'infos\"><i class=\"fa fa-plus-square\"><\/i><\/a><a href=\"https:\/\/www.google.com\/url?q=https%3A%2F%2Fwww.tarnetgaronne-artsetculture.fr%2Fles-resonances-du-20-au-29-septembre-2024%2F&sa=D&source=calendar&usd=2&usg=AOvVaw1Rs3_b0h8Wu2SBsXbvhg8x\" target=\"_blank\" title=\"+ d'infos\" alt=\"+ d'infos\"><i class=\"fa fa-plus-square\"><\/i><\/a><\/span><!-- \/.extrait --><br> <\/div>\t<!-- \/.detail --> <\/div> <!-- \/.contenu-date --><\/li><li class=\"eo-event-venue-maison-de-la-musique-cap-decouverte eo-event-cat-agenda eo-event-cat-residence eo-event-cat-sebastien-cirotteau eo-event-cat-sweetest-choice eo-event-past eo-multi-day eo-all-day\"><div class=\"date\"> <div class=\"jour\"> 10<\/div> <div class=\"mois\">Jun<\/div> <div class=\"annee\">2025<\/div> <\/div> <div class=\"contenu-date\"> <h4 class=\"titre\">Sweetest Choice - <\/h4> <div class=\"detail\"> <span class=\"lieu\">Maison de la musique, Cap d\u00e9couverte, Le Garric<\/span><!-- \/.lieu --> - <span class=\"heure\"><\/span><!-- \/.heure --><br> <span class=\"extrait\"><a href=\"https:\/\/freddymorezon.org\/en\/productions\/sweetest-choice\/\" title=\"+ d'infos\" alt=\"+ d'infos\"><i class=\"fa fa-plus-square\"><\/i><\/a><a href=\"https:\/\/capdecouverte.com\/espace-m2m\/\" target=\"_blank\" title=\"+ d'infos\" alt=\"+ d'infos\" rel=\"noopener\"><i class=\"fa fa-plus-square\"><\/i><\/a><\/span><!-- \/.extrait --><br> <\/div>\t<!-- \/.detail --> <\/div> <!-- \/.contenu-date --><\/li><li class=\"eo-event-venue-tarnac eo-event-cat-agenda eo-event-cat-sebastien-cirotteau eo-event-cat-sweetest-choice eo-event-past eo-all-day\"><div class=\"date\"> <div class=\"jour\"> 30<\/div> <div class=\"mois\">May<\/div> <div class=\"annee\">2025<\/div> <\/div> <div class=\"contenu-date\"> <h4 class=\"titre\">Sweetest Choice - <\/h4> <div class=\"detail\"> <span class=\"lieu\">Tarnac, Tarnac<\/span><!-- \/.lieu --> - <span class=\"heure\"><\/span><!-- \/.heure --><br> <span class=\"extrait\"><a href=\"https:\/\/freddymorezon.org\/productions\/sweetest-choice\/\" title=\"+ d'infos\" alt=\"+ d'infos\"><i class=\"fa fa-plus-square\"><\/i><\/a>\r\n<\/span><!-- \/.extrait --><br> <\/div>\t<!-- \/.detail --> <\/div> <!-- \/.contenu-date --><\/li><li class=\"eo-event-venue-eglise eo-event-cat-agenda eo-event-cat-sebastien-cirotteau eo-event-cat-sweetest-choice eo-event-past\"><div class=\"date\"> <div class=\"jour\"> 28 <\/div> <div class=\"mois\">May <\/div> <div class=\"annee\">2025 <\/div> <\/div> <div class=\"contenu-date\"> <h4 class=\"titre\">Sweetest Choice - <\/h4> <div class=\"detail\"> <span class=\"lieu\">Eglise, Montgaillard<\/span><!-- \/.lieu --> - <span class=\"heure\"> 18:00<\/span><!-- \/.heure --><br> <span class=\"extrait\"><a href=\"https:\/\/freddymorezon.org\/productions\/sweetest-choice\/\" title=\"+ d'infos\" alt=\"+ d'infos\"><i class=\"fa fa-plus-square\"><\/i><\/a><a href=\"https:\/\/fauxlamontagne.fr\/tag\/theatre\/\" target=\"_blank\" title=\"+ d'infos\" alt=\"+ d'infos\"><i class=\"fa fa-plus-square\"><\/i><\/a><\/span><!-- \/.extrait --><br> <\/div>\t<!-- \/.detail --> <\/div> <!-- \/.contenu-date --><\/li><li class=\"eo-event-venue-mymylibri eo-event-cat-agenda eo-event-cat-sebastien-cirotteau eo-event-cat-sweetest-choice eo-event-past eo-all-day\"><div class=\"date\"> <div class=\"jour\"> 27<\/div> <div class=\"mois\">May<\/div> <div class=\"annee\">2025<\/div> <\/div> <div class=\"contenu-date\"> <h4 class=\"titre\">Sweetest Choice - <\/h4> <div class=\"detail\"> <span class=\"lieu\">Mymylibri, Ussel<\/span><!-- \/.lieu --> - <span class=\"heure\"><\/span><!-- \/.heure --><br> <span class=\"extrait\"><a href=\"https:\/\/freddymorezon.org\/productions\/sweetest-choice\/\" title=\"+ d'infos\" alt=\"+ d'infos\"><i class=\"fa fa-plus-square\"><\/i><\/a><a href=\"https:\/\/mymylibri.com\/index.php\" target=\"_blank\" title=\"+ d'infos\" alt=\"+ d'infos\"><i class=\"fa fa-plus-square\"><\/i><\/a>\r\n<\/span><!-- \/.extrait --><br> <\/div>\t<!-- \/.detail --> <\/div> <!-- \/.contenu-date --><\/li><li class=\"eo-event-venue-la-maison-sur-la-place eo-event-cat-agenda eo-event-cat-sebastien-cirotteau eo-event-cat-sweetest-choice eo-event-past eo-all-day\"><div class=\"date\"> <div class=\"jour\"> 25<\/div> <div class=\"mois\">May<\/div> <div class=\"annee\">2025<\/div> <\/div> <div class=\"contenu-date\"> <h4 class=\"titre\">Sweetest Choice - <\/h4> <div class=\"detail\"> <span class=\"lieu\">La Maison sur la place, Ambrugeat<\/span><!-- \/.lieu --> - <span class=\"heure\"><\/span><!-- \/.heure --><br> <span class=\"extrait\"><a href=\"https:\/\/freddymorezon.org\/productions\/sweetest-choice\/\" title=\"+ d'infos\" alt=\"+ d'infos\"><i class=\"fa fa-plus-square\"><\/i><\/a><a href=\"https:\/\/www.lamaisonsurlaplace.org\/#la-maison\" title=\"+ d'infos\" alt=\"+ d'infos\"><i class=\"fa fa-plus-square\"><\/i><\/a>\r\n<\/span><!-- \/.extrait --><br> <\/div>\t<!-- \/.detail --> <\/div> <!-- \/.contenu-date --><\/li><li class=\"eo-event-venue-la-petite-maison-sur-la-place eo-event-cat-agenda eo-event-cat-sebastien-cirotteau eo-event-cat-sweetest-choice eo-event-past eo-all-day\"><div class=\"date\"> <div class=\"jour\"> 25<\/div> <div class=\"mois\">May<\/div> <div class=\"annee\">2025<\/div> <\/div> <div class=\"contenu-date\"> <h4 class=\"titre\">Sweetest Choice - <\/h4> <div class=\"detail\"> <span class=\"lieu\">La Petite Maison sur la place, Ambrugeat<\/span><!-- \/.lieu --> - <span class=\"heure\"><\/span><!-- \/.heure --><br> <span class=\"extrait\"><a href=\"https:\/\/freddymorezon.org\/productions\/sweetest-choice\/\" title=\"+ d'infos\" alt=\"+ d'infos\"><i class=\"fa fa-plus-square\"><\/i><\/a><a href=\"https:\/\/www.lamaisonsurlaplace.org\/\" target=\"_blank\" title=\"+ d'infos\" alt=\"+ d'infos\"><i class=\"fa fa-plus-square\"><\/i><\/a><\/span><!-- \/.extrait --><br> <\/div>\t<!-- \/.detail --> <\/div> <!-- \/.contenu-date --><\/li><li class=\"eo-event-venue-le-fabuleux-destin eo-event-cat-agenda eo-event-cat-sebastien-cirotteau eo-event-cat-sweetest-choice eo-event-past eo-all-day\"><div class=\"date\"> <div class=\"jour\"> 24<\/div> <div class=\"mois\">May<\/div> <div class=\"annee\">2025<\/div> <\/div> <div class=\"contenu-date\"> <h4 class=\"titre\">Sweetest Choice - <\/h4> <div class=\"detail\"> <span class=\"lieu\">Le Fabuleux Destin, Aubusson<\/span><!-- \/.lieu --> - <span class=\"heure\"><\/span><!-- \/.heure --><br> <span class=\"extrait\"><a href=\"https:\/\/freddymorezon.org\/productions\/sweetest-choice\/\" title=\"+ d'infos\" alt=\"+ d'infos\"><i class=\"fa fa-plus-square\"><\/i><\/a><a href=\"https:\/\/lefabuleuxdestin.e-monsite.com\/\" target=\"_blank\" title=\"+ d'infos\" alt=\"+ d'infos\"><i class=\"fa fa-plus-square\"><\/i><\/a><\/span><!-- \/.extrait --><br> <\/div>\t<!-- \/.detail --> <\/div> <!-- \/.contenu-date --><\/li><li class=\"eo-event-venue-la-ruelle eo-event-cat-agenda eo-event-cat-sebastien-cirotteau eo-event-cat-sweetest-choice eo-event-past eo-all-day\"><div class=\"date\"> <div class=\"jour\"> 23<\/div> <div class=\"mois\">May<\/div> <div class=\"annee\">2025<\/div> <\/div> <div class=\"contenu-date\"> <h4 class=\"titre\">Sweetest Choice - <\/h4> <div class=\"detail\"> <span class=\"lieu\">La Ruelle, S\u00e9gur-le-Ch\u00e2teau<\/span><!-- \/.lieu --> - <span class=\"heure\"><\/span><!-- \/.heure --><br> <span class=\"extrait\"><a href=\"https:\/\/freddymorezon.org\/productions\/sweetest-choice\/\" title=\"+ d'infos\" alt=\"+ d'infos\"><i class=\"fa fa-plus-square\"><\/i><\/a><a href=\"https:\/\/www.laruellesegur.com\/\" target=\"_blank\" title=\"+ d'infos\" alt=\"+ d'infos\"><i class=\"fa fa-plus-square\"><\/i><\/a>\r\n<\/span><!-- \/.extrait --><br> <\/div>\t<!-- \/.detail --> <\/div> <!-- \/.contenu-date --><\/li><li class=\"eo-event-venue-theatre-municipal-jordi-pere-cerda eo-event-cat-agenda eo-event-cat-sebastien-cirotteau eo-event-cat-sweetest-choice eo-event-past\"><div class=\"date\"> <div class=\"jour\"> 26 <\/div> <div class=\"mois\">Apr <\/div> <div class=\"annee\">2025 <\/div> <\/div> <div class=\"contenu-date\"> <h4 class=\"titre\">Sweetest Choice - <\/h4> <div class=\"detail\"> <span class=\"lieu\">Th\u00e9\u00e2tre Municipal Jordi P\u00e8re Cerda, Perpignan<\/span><!-- \/.lieu --> - <span class=\"heure\"> 16:30<\/span><!-- \/.heure --><br> <span class=\"extrait\"><a href=\"https:\/\/freddymorezon.org\/productions\/sweetest-choice\/\" title=\"+ d'infos\" alt=\"+ d'infos\"><i class=\"fa fa-plus-square\"><\/i><\/a><a href=\"https:\/\/www.mairie-perpignan.fr\/culture-patrimoine\/culture\/theatres\/theatre-municipal\" target=\"_blank\" title=\"+ d'infos\" alt=\"+ d'infos\"><i class=\"fa fa-plus-square\"><\/i><\/a><\/span><!-- \/.extrait --><br> <\/div>\t<!-- \/.detail --> <\/div> <!-- \/.contenu-date --><\/li><li class=\"eo-event-venue-theatre-municipal-jordi-pere-cerda eo-event-cat-agenda eo-event-cat-residence eo-event-cat-sebastien-cirotteau eo-event-cat-sweetest-choice eo-event-past eo-multi-day eo-all-day\"><div class=\"date\"> <div class=\"jour\"> 22<\/div> <div class=\"mois\">Apr<\/div> <div class=\"annee\">2025<\/div> <\/div> <div class=\"contenu-date\"> <h4 class=\"titre\">Sweetest Choice - <\/h4> <div class=\"detail\"> <span class=\"lieu\">Th\u00e9\u00e2tre Municipal Jordi P\u00e8re Cerda, Perpignan<\/span><!-- \/.lieu --> - <span class=\"heure\"><\/span><!-- \/.heure --><br> <span class=\"extrait\"><a href=\"https:\/\/freddymorezon.org\/productions\/sweetest-choice\/\" title=\"+ d'infos\" alt=\"+ d'infos\"><i class=\"fa fa-plus-square\"><\/i><\/a><\/span><!-- \/.extrait --><br> <\/div>\t<!-- \/.detail --> <\/div> <!-- \/.contenu-date --><\/li><li class=\"eo-event-venue-lastrada eo-event-cat-action-culturelle eo-event-cat-agenda eo-event-cat-sebastien-cirotteau eo-event-cat-sweetest-choice eo-event-past eo-multi-day eo-all-day\"><div class=\"date\"> <div class=\"jour\"> 10<\/div> <div class=\"mois\">Apr<\/div> <div class=\"annee\">2025<\/div> <\/div> <div class=\"contenu-date\"> <h4 class=\"titre\">Sweeteste Choice &#8211; Gonfl\u00e9s ! - <\/h4> <div class=\"detail\"> <span class=\"lieu\">L'Astrada, Marciac<\/span><!-- \/.lieu --> - <span class=\"heure\"><\/span><!-- \/.heure --><br> <span class=\"extrait\"><a href=\"https:\/\/freddymorezon.org\/productions\/sweetest-choice\/\" title=\"+ d'infos\" alt=\"+ d'infos\"><i class=\"fa fa-plus-square\"><\/i><\/a><a href=\"https:\/\/lastrada-marciac.fr\/\" target=\"_blank\" title=\"+ d'infos\" alt=\"+ d'infos\" rel=\"noopener\"><i class=\"fa fa-plus-square\"><\/i><\/a>\r\n<\/span><!-- \/.extrait --><br> <\/div>\t<!-- \/.detail --> <\/div> <!-- \/.contenu-date --><\/li><li class=\"eo-event-venue-lastrada eo-event-cat-action-culturelle eo-event-cat-agenda eo-event-cat-sebastien-cirotteau eo-event-cat-sweetest-choice eo-event-past eo-all-day\"><div class=\"date\"> <div class=\"jour\"> 10<\/div> <div class=\"mois\">Apr<\/div> <div class=\"annee\">2025<\/div> <\/div> <div class=\"contenu-date\"> <h4 class=\"titre\">Sweetest Choice &#8211; Gonfl\u00e9s ! &#8211; Restitution - <\/h4> <div class=\"detail\"> <span class=\"lieu\">L'Astrada, Marciac<\/span><!-- \/.lieu --> - <span class=\"heure\"><\/span><!-- \/.heure --><br> <span class=\"extrait\"><a href=\"https:\/\/freddymorezon.org\/productions\/sweetest-choice\/\" title=\"+ d'infos\" alt=\"+ d'infos\"><i class=\"fa fa-plus-square\"><\/i><\/a><a href=\"https:\/\/lastrada-marciac.fr\/\" target=\"_blank\" title=\"+ d'infos\" alt=\"+ d'infos\" rel=\"noopener\"><i class=\"fa fa-plus-square\"><\/i><\/a>\r\n<\/span><!-- \/.extrait --><br> <\/div>\t<!-- \/.detail --> <\/div> <!-- \/.contenu-date --><\/li><li class=\"eo-event-venue-lastrada eo-event-cat-action-culturelle eo-event-cat-agenda eo-event-cat-sebastien-cirotteau eo-event-cat-sweetest-choice eo-event-past eo-all-day\"><div class=\"date\"> <div class=\"jour\"> 25<\/div> <div class=\"mois\">Mar<\/div> <div class=\"annee\">2025<\/div> <\/div> <div class=\"contenu-date\"> <h4 class=\"titre\">Sweetest Choice &#8211; Gonfl\u00e9s ! - <\/h4> <div class=\"detail\"> <span class=\"lieu\">L'Astrada, Marciac<\/span><!-- \/.lieu --> - <span class=\"heure\"><\/span><!-- \/.heure --><br> <span class=\"extrait\"><a href=\"https:\/\/freddymorezon.org\/productions\/sweetest-choice\/\" title=\"+ d'infos\" alt=\"+ d'infos\"><i class=\"fa fa-plus-square\"><\/i><\/a><a href=\"https:\/\/lastrada-marciac.fr\/\" target=\"_blank\" title=\"+ d'infos\" alt=\"+ d'infos\" rel=\"noopener\"><i class=\"fa fa-plus-square\"><\/i><\/a>\r\n<\/span><!-- \/.extrait --><br> <\/div>\t<!-- \/.detail --> <\/div> <!-- \/.contenu-date --><\/li><li class=\"eo-event-venue-eglise eo-event-cat-agenda eo-event-cat-sebastien-cirotteau eo-event-cat-sweetest-choice eo-event-past\"><div class=\"date\"> <div class=\"jour\"> 15 <\/div> <div class=\"mois\">Mar <\/div> <div class=\"annee\">2025 <\/div> <\/div> <div class=\"contenu-date\"> <h4 class=\"titre\">Sweetest Choice - <\/h4> <div class=\"detail\"> <span class=\"lieu\">Eglise, Montgaillard<\/span><!-- \/.lieu --> - <span class=\"heure\"> 20:30<\/span><!-- \/.heure --><br> <span class=\"extrait\"><a href=\"https:\/\/freddymorezon.org\/productions\/sweetest-choice\/\" title=\"+ d'infos\" alt=\"+ d'infos\"><i class=\"fa fa-plus-square\"><\/i><\/a><a href=\"https:\/\/traversiens.com\/\" target=\"_blank\" title=\"+ d'infos\" alt=\"+ d'infos\" rel=\"noopener\"><i class=\"fa fa-plus-square\"><\/i><\/a>\r\n<\/span><!-- \/.extrait --><br> <\/div>\t<!-- \/.detail --> <\/div> <!-- \/.contenu-date --><\/li><li class=\"eo-event-venue-ecole eo-event-cat-agenda eo-event-cat-residence eo-event-cat-sebastien-cirotteau eo-event-cat-sweetest-choice eo-event-past eo-multi-day eo-all-day\"><div class=\"date\"> <div class=\"jour\"> 10<\/div> <div class=\"mois\">Mar<\/div> <div class=\"annee\">2025<\/div> <\/div> <div class=\"contenu-date\"> <h4 class=\"titre\">Sweetest Choice - <\/h4> <div class=\"detail\"> <span class=\"lieu\">Ecole, Loireauxance<\/span><!-- \/.lieu --> - <span class=\"heure\"><\/span><!-- \/.heure --><br> <span class=\"extrait\"><a href=\"https:\/\/freddymorezon.org\/productions\/sweetest-choice\/\" title=\"+ d'infos\" alt=\"+ d'infos\"><i class=\"fa fa-plus-square\"><\/i><\/a><a href=\"https:\/\/traversiens.com\/\" target=\"_blank\" title=\"+ d'infos\" alt=\"+ d'infos\" rel=\"noopener\"><i class=\"fa fa-plus-square\"><\/i><\/a>\r\n<\/span><!-- \/.extrait --><br> <\/div>\t<!-- \/.detail --> <\/div> <!-- \/.contenu-date --><\/li><li class=\"eo-event-venue-traverse eo-event-cat-action-culturelle eo-event-cat-agenda eo-event-cat-sebastien-cirotteau eo-event-cat-sweetest-choice eo-event-past eo-multi-day eo-all-day\"><div class=\"date\"> <div class=\"jour\"> 06<\/div> <div class=\"mois\">Mar<\/div> <div class=\"annee\">2025<\/div> <\/div> <div class=\"contenu-date\"> <h4 class=\"titre\">Sweetest Choice &#8211; R\u00e9veils en Musique - <\/h4> <div class=\"detail\"> <span class=\"lieu\">Traverse, Bagn\u00e8res-de-Bigorre<\/span><!-- \/.lieu --> - <span class=\"heure\"><\/span><!-- \/.heure --><br> <span class=\"extrait\"><a href=\"https:\/\/freddymorezon.org\/productions\/sweetest-choice\/\" title=\"+ d'infos\" alt=\"+ d'infos\"><i class=\"fa fa-plus-square\"><\/i><\/a><a href=\"https:\/\/traversiens.com\/\" target=\"_blank\" title=\"+ d'infos\" alt=\"+ d'infos\" rel=\"noopener\"><i class=\"fa fa-plus-square\"><\/i><\/a>\r\n<\/span><!-- \/.extrait --><br> <\/div>\t<!-- \/.detail --> <\/div> <!-- \/.contenu-date --><\/li><li class=\"eo-event-venue-lastrada eo-event-cat-action-culturelle eo-event-cat-agenda eo-event-cat-sebastien-cirotteau eo-event-cat-sweetest-choice eo-event-past eo-multi-day eo-all-day\"><div class=\"date\"> <div class=\"jour\"> 04<\/div> <div class=\"mois\">Mar<\/div> <div class=\"annee\">2025<\/div> <\/div> <div class=\"contenu-date\"> <h4 class=\"titre\">Sweetest Choice &#8211; Gonfl\u00e9s ! - <\/h4> <div class=\"detail\"> <span class=\"lieu\">L'Astrada, Marciac<\/span><!-- \/.lieu --> - <span class=\"heure\"><\/span><!-- \/.heure --><br> <span class=\"extrait\"><a href=\"https:\/\/freddymorezon.org\/productions\/sweetest-choice\/\" title=\"+ d'infos\" alt=\"+ d'infos\"><i class=\"fa fa-plus-square\"><\/i><\/a><a href=\"https:\/\/lastrada-marciac.fr\/\" target=\"_blank\" title=\"+ d'infos\" alt=\"+ d'infos\" rel=\"noopener\"><i class=\"fa fa-plus-square\"><\/i><\/a>\r\n<\/span><!-- \/.extrait --><br> <\/div>\t<!-- \/.detail --> <\/div> <!-- \/.contenu-date --><\/li><li class=\"eo-event-venue-lastrada eo-event-cat-action-culturelle eo-event-cat-agenda eo-event-cat-sebastien-cirotteau eo-event-cat-sweetest-choice eo-event-past eo-all-day\"><div class=\"date\"> <div class=\"jour\"> 11<\/div> <div class=\"mois\">Feb<\/div> <div class=\"annee\">2025<\/div> <\/div> <div class=\"contenu-date\"> <h4 class=\"titre\">Sweetest Choice &#8211; Gonfl\u00e9s ! - <\/h4> <div class=\"detail\"> <span class=\"lieu\">L'Astrada, Marciac<\/span><!-- \/.lieu --> - <span class=\"heure\"><\/span><!-- \/.heure --><br> <span class=\"extrait\"><a href=\"https:\/\/freddymorezon.org\/productions\/sweetest-choice\/\" title=\"+ d'infos\" alt=\"+ d'infos\"><i class=\"fa fa-plus-square\"><\/i><\/a><a href=\"https:\/\/lastrada-marciac.fr\/\" target=\"_blank\" title=\"+ d'infos\" alt=\"+ d'infos\" rel=\"noopener\"><i class=\"fa fa-plus-square\"><\/i><\/a>\r\n<\/span><!-- \/.extrait --><br> <\/div>\t<!-- \/.detail --> <\/div> <!-- \/.contenu-date --><\/li><li class=\"eo-event-venue-communaute-de-communes eo-event-cat-agenda eo-event-cat-residence eo-event-cat-sebastien-cirotteau eo-event-cat-sweetest-choice eo-event-past eo-multi-day eo-all-day\"><div class=\"date\"> <div class=\"jour\"> 03<\/div> <div class=\"mois\">Feb<\/div> <div class=\"annee\">2025<\/div> <\/div> <div class=\"contenu-date\"> <h4 class=\"titre\">Sweetest Choice &#8211;  R\u00e9sidence - <\/h4> <div class=\"detail\"> <span class=\"lieu\">Communaut\u00e9 de Communes, Haute-Corr\u00e8ze<\/span><!-- \/.lieu --> - <span class=\"heure\"><\/span><!-- \/.heure --><br> <span class=\"extrait\"><a href=\"https:\/\/freddymorezon.org\/productions\/sweetest-choice\/\" title=\"+ d'infos\" alt=\"+ d'infos\"><i class=\"fa fa-plus-square\"><\/i><\/a><\/span><!-- \/.extrait --><br> <\/div>\t<!-- \/.detail --> <\/div> <!-- \/.contenu-date --><\/li><li class=\"eo-event-venue-theatre-municipal-jordi-pere-cerda eo-event-cat-agenda eo-event-cat-sebastien-cirotteau eo-event-cat-sweetest-choice eo-event-past eo-all-day\"><div class=\"date\"> <div class=\"jour\"> 26<\/div> <div class=\"mois\">Sep<\/div> <div class=\"annee\">2024<\/div> <\/div> <div class=\"contenu-date\"> <h4 class=\"titre\">Sweetest Choice - <\/h4> <div class=\"detail\"> <span class=\"lieu\">Th\u00e9\u00e2tre Municipal Jordi P\u00e8re Cerda, Perpignan<\/span><!-- \/.lieu --> - <span class=\"heure\"><\/span><!-- \/.heure --><br> <span class=\"extrait\"><a href=\"https:\/\/freddymorezon.org\/productions\/sweetest-choice\/\" title=\"+ d'infos\" alt=\"+ d'infos\"><i class=\"fa fa-plus-square\"><\/i><\/a><\/span><!-- \/.extrait --><br> <\/div>\t<!-- \/.detail --> <\/div> <!-- \/.contenu-date --><\/li><li class=\"eo-event-venue-jazzebre eo-event-cat-benjamin-glibert eo-event-cat-sebastien-cirotteau eo-event-cat-sweetest-choice eo-event-past eo-all-day\"><div class=\"date\"> <div class=\"jour\"> 07<\/div> <div class=\"mois\">Oct<\/div> <div class=\"annee\">2023<\/div> <\/div> <div class=\"contenu-date\"> <h4 class=\"titre\">Sweetest Choice - <\/h4> <div class=\"detail\"> <span class=\"lieu\">Jazz\u00e8bre, Perpignan<\/span><!-- \/.lieu --> - <span class=\"heure\"><\/span><!-- \/.heure --><br> <span class=\"extrait\">Concerts \u00e0 10 h et \u00e0 11h. Tout public \u00e0 partir de 3 ans.<\/span><!-- \/.extrait --><br> <\/div>\t<!-- \/.detail --> <\/div> <!-- \/.contenu-date --><\/li><li class=\"eo-event-venue-festival-jazzebre eo-event-cat-agenda eo-event-cat-reveil-en-musique eo-event-cat-sebastien-cirotteau eo-event-cat-sweetest-choice eo-event-past eo-multi-day eo-all-day\"><div class=\"date\"> <div class=\"jour\"> 07<\/div> <div class=\"mois\">Oct<\/div> <div class=\"annee\">2023<\/div> <\/div> <div class=\"contenu-date\"> <h4 class=\"titre\">Sweetest Choice \u23ae Le R\u00e9veil en musique - <\/h4> <div class=\"detail\"> <span class=\"lieu\">Festival Jazz\u00e8bre, Perpignan<\/span><!-- \/.lieu --> - <span class=\"heure\"><\/span><!-- \/.heure --><br> <span class=\"extrait\"><a href=\"https:\/\/freddymorezon.org\/productions\/sweetest-choice\/\" title=\"+ d'infos\" alt=\"+ d'infos\"><i class=\"fa fa-plus-square\"><\/i><\/a><\/span><!-- \/.extrait --><br> <\/div>\t<!-- \/.detail --> <\/div> <!-- \/.contenu-date --><\/li><li class=\"eo-event-venue-ecole-jean-galia eo-event-cat-action-culturelle eo-event-cat-benjamin-glibert eo-event-cat-court-circuit eo-event-cat-nos-evenements eo-event-cat-reveil-en-musique eo-event-cat-sebastien-cirotteau eo-event-cat-sweetest-choice eo-event-past eo-all-day\"><div class=\"date\"> <div class=\"jour\"> 14<\/div> <div class=\"mois\">Mar<\/div> <div class=\"annee\">2023<\/div> <\/div> <div class=\"contenu-date\"> <h4 class=\"titre\">Sweetest Choice [R\u00e9veil en musique] - <\/h4> <div class=\"detail\"> <span class=\"lieu\">Ecole Jean Galia, Toulouse<\/span><!-- \/.lieu --> - <span class=\"heure\"><\/span><!-- \/.heure --><br> <span class=\"extrait\">Dans le cadre de Court-Circuit <a href=\"https:\/\/freddymorezon.org\/action-culturelle\/court-circuit\/\" target=\"_blank\" title=\"+ d'infos\" alt=\"+ d'infos\" rel=\"noopener noreferrer\"><i class=\"fa fa-plus-square\"><\/i><\/a><\/span><!-- \/.extrait --><br> <\/div>\t<!-- \/.detail --> <\/div> <!-- \/.contenu-date --><\/li><li class=\"eo-event-venue-place-arago eo-event-cat-benjamin-glibert eo-event-cat-sebastien-cirotteau eo-event-cat-sweetest-choice eo-event-past\"><div class=\"date\"> <div class=\"jour\"> 21 <\/div> <div class=\"mois\">Jul <\/div> <div class=\"annee\">2022 <\/div> <\/div> <div class=\"contenu-date\"> <h4 class=\"titre\">Sweetest Choice - <\/h4> <div class=\"detail\"> <span class=\"lieu\">Place Arago, Toulouse<\/span><!-- \/.lieu --> - <span class=\"heure\"> 19:00<\/span><!-- \/.heure --><br> <span class=\"extrait\">Avec le Centre Culturel Bonnefoy<\/span><!-- \/.extrait --><br> <\/div>\t<!-- \/.detail --> <\/div> <!-- \/.contenu-date --><\/li><li class=\"eo-event-venue-festival-la-claque eo-event-cat-benjamin-glibert eo-event-cat-sebastien-cirotteau eo-event-cat-sweetest-choice eo-event-past eo-all-day\"><div class=\"date\"> <div class=\"jour\"> 18<\/div> <div class=\"mois\">Jun<\/div> <div class=\"annee\">2022<\/div> <\/div> <div class=\"contenu-date\"> <h4 class=\"titre\">Sweetest Choice - <\/h4> <div class=\"detail\"> <span class=\"lieu\">Festival La Claque, Prigonrieux<\/span><!-- \/.lieu --> - <span class=\"heure\"><\/span><!-- \/.heure --><br> <span class=\"extrait\"><a href=\"https:\/\/www.facebook.com\/events\/563312578314911\"_blank\" title=\"\u00e9v\u00e9nement facebook\" alt=\"\u00e9v\u00e9nement facebook\" rel=\"noopener noreferrer\"><i class=\"fa fa-facebook\"><\/i><\/a> en co-prodution avec Maquiz'Art<\/span><!-- \/.extrait --><br> <\/div>\t<!-- \/.detail --> <\/div> <!-- \/.contenu-date --><\/li><li class=\"eo-event-venue-lestaminot eo-event-cat-benjamin-glibert eo-event-cat-sebastien-cirotteau eo-event-cat-sweetest-choice eo-event-past\"><div class=\"date\"> <div class=\"jour\"> 17 <\/div> <div class=\"mois\">Jun <\/div> <div class=\"annee\">2022 <\/div> <\/div> <div class=\"contenu-date\"> <h4 class=\"titre\">Sweetest Choice - <\/h4> <div class=\"detail\"> <span class=\"lieu\">L'Estaminot, Toulouse<\/span><!-- \/.lieu --> - <span class=\"heure\"> 19:00<\/span><!-- \/.heure --><br> <span class=\"extrait\"><\/span><!-- \/.extrait --><br> <\/div>\t<!-- \/.detail --> <\/div> <!-- \/.contenu-date --><\/li><li class=\"eo-event-venue-empalot eo-event-cat-action-culturelle eo-event-cat-benjamin-glibert eo-event-cat-reveil-en-musique eo-event-cat-sebastien-cirotteau eo-event-cat-sweetest-choice eo-event-past eo-all-day\"><div class=\"date\"> <div class=\"jour\"> 25<\/div> <div class=\"mois\">Nov<\/div> <div class=\"annee\">2021<\/div> <\/div> <div class=\"contenu-date\"> <h4 class=\"titre\">R\u00e9veil en Musique - <\/h4> <div class=\"detail\"> <span class=\"lieu\">Empalot, Toulouse<\/span><!-- \/.lieu --> - <span class=\"heure\"><\/span><!-- \/.heure --><br> <span class=\"extrait\">avec Sweetest Choice<\/span><!-- \/.extrait --><br> <\/div>\t<!-- \/.detail --> <\/div> <!-- \/.contenu-date --><\/li><li class=\"eo-event-venue-leglise-de-ayzac-ost eo-event-cat-benjamin-glibert eo-event-cat-sebastien-cirotteau eo-event-cat-sweetest-choice eo-event-past\"><div class=\"date\"> <div class=\"jour\"> 24 <\/div> <div class=\"mois\">Oct <\/div> <div class=\"annee\">2021 <\/div> <\/div> <div class=\"contenu-date\"> <h4 class=\"titre\">Sweetest Choice - <\/h4> <div class=\"detail\"> <span class=\"lieu\">L'Eglise de Ayzac-Ost, <\/span><!-- \/.lieu --> - <span class=\"heure\"> 11:00<\/span><!-- \/.heure --><br> <span class=\"extrait\">Dans le cadre des Escales d'automne <a href=\"https:\/\/www.hautespyrenees.fr\/culture-patrimoine-sport\/les-escales-dautomne\/\" target=\"_blank\" title=\"+ d'infos\" alt=\"+ d'infos\" rel=\"noopener noreferrer\"><i class=\"fa fa-plus-square\"><\/i><\/a> Avec Jazz \u00e0 Luz <a href=\"https:\/\/jazzaluz.com\/\" target=\"_blank\" title=\"+ d'infos\" alt=\"+ d'infos\" rel=\"noopener noreferrer\"><i class=\"fa fa-plus-square\"><\/i><\/a> <\/span><!-- \/.extrait --><br> <\/div>\t<!-- \/.detail --> <\/div> <!-- \/.contenu-date --><\/li><li class=\"eo-event-venue-villeurbanne eo-event-cat-action-culturelle eo-event-cat-benjamin-glibert eo-event-cat-jeune-public eo-event-cat-reveil-en-musique eo-event-cat-sebastien-cirotteau eo-event-cat-sweetest-choice eo-event-past\"><div class=\"date\"> <div class=\"jour\"> 16 <\/div> <div class=\"mois\">Oct <\/div> <div class=\"annee\">2021 <\/div> <\/div> <div class=\"contenu-date\"> <h4 class=\"titre\">R\u00e9veil en Musique - <\/h4> <div class=\"detail\"> <span class=\"lieu\">Villeurbanne, <\/span><!-- \/.lieu --> - <span class=\"heure\"> 10:30<\/span><!-- \/.heure --><br> <span class=\"extrait\">\"Autour du collectif Freddy Morezon\" avec Maison du Livre de l\u2019Image et du Son de Villeurbanne, dans le cadre du festival Doua de Jazz 2021 <a href=\"https:\/\/mediatheques.villeurbanne.fr\/2021\/09\/freddy-morezon-concerts-et-exposition\/?fbclid=IwAR1Xrp0d6awZj03Fhk6KbudD5Kf0hXHxvpc6Y0XcjQ91tXIl38yGxvXxl9U\" target=\"_blank\" title=\"+ d'infos\" alt=\"+ d'infos\" rel=\"noopener noreferrer\"><i class=\"fa fa-plus-square\"><\/i><\/a> <a href=\"https:\/\/www.facebook.com\/events\/551351692962577\/\" target=\"_blank\" title=\"\u00e9v\u00e9nement facebook\" alt=\"\u00e9v\u00e9nement facebook\" rel=\"noopener noreferrer\"><i class=\"fa fa-facebook\"><\/i><\/a><\/span><!-- \/.extrait --><br> <\/div>\t<!-- \/.detail --> <\/div> <!-- \/.contenu-date --><\/li><li class=\"eo-event-venue-maison-du-livre-de-limage-et-du-son eo-event-cat-benjamin-glibert eo-event-cat-sebastien-cirotteau eo-event-cat-sweetest-choice eo-event-past\"><div class=\"date\"> <div class=\"jour\"> 15 <\/div> <div class=\"mois\">Oct <\/div> <div class=\"annee\">2021 <\/div> <\/div> <div class=\"contenu-date\"> <h4 class=\"titre\">Sweetest Choice - <\/h4> <div class=\"detail\"> <span class=\"lieu\">Maison du livre, de l'image et du son, Villeurbanne<\/span><!-- \/.lieu --> - <span class=\"heure\"> 19:00<\/span><!-- \/.heure --><br> <span class=\"extrait\">\"Autour du collectif Freddy Morezon\" avec Maison du Livre de l\u2019Image et du Son de Villeurbanne, dans le cadre du festival Doua de Jazz 2021 <a href=\"https:\/\/mediatheques.villeurbanne.fr\/2021\/09\/freddy-morezon-concerts-et-exposition\/?fbclid=IwAR1Xrp0d6awZj03Fhk6KbudD5Kf0hXHxvpc6Y0XcjQ91tXIl38yGxvXxl9U\" target=\"_blank\" title=\"+ d'infos\" alt=\"+ d'infos\" rel=\"noopener noreferrer\"><i class=\"fa fa-plus-square\"><\/i><\/a>  <a href=\"https:\/\/www.facebook.com\/events\/178440261041928\/\" target=\"_blank\" title=\"\u00e9v\u00e9nement facebook\" alt=\"\u00e9v\u00e9nement facebook\" rel=\"noopener noreferrer\"><i class=\"fa fa-facebook\"><\/i><\/a><\/span><!-- \/.extrait --><br> <\/div>\t<!-- \/.detail --> <\/div> <!-- \/.contenu-date --><\/li><li class=\"eo-event-venue-jazz-a-poitiers eo-event-cat-benjamin-glibert eo-event-cat-sebastien-cirotteau eo-event-cat-sweetest-choice eo-event-past\"><div class=\"date\"> <div class=\"jour\"> 02 <\/div> <div class=\"mois\">Oct <\/div> <div class=\"annee\">2021 <\/div> <\/div> <div class=\"contenu-date\"> <h4 class=\"titre\">Sweetest Choice - <\/h4> <div class=\"detail\"> <span class=\"lieu\">Jazz \u00e0 Poitiers, Poitiers<\/span><!-- \/.lieu --> - <span class=\"heure\"> 19:00<\/span><!-- \/.heure --><br> <span class=\"extrait\"><a href=\"http:\/\/www.jazzapoitiers.org\/archives\/evenements\/sweetest-choicele-groweekend\" target=\"_blank\" title=\"+ d'infos\" alt=\"+ d'infos\" rel=\"noopener noreferrer\"><i class=\"fa fa-plus-square\"><\/i><\/a> <\/span><!-- \/.extrait --><br> <\/div>\t<!-- \/.detail --> <\/div> <!-- \/.contenu-date --><\/li><li class=\"eo-event-venue-cafe-le-bouche-a-oreille eo-event-cat-benjamin-glibert eo-event-cat-sebastien-cirotteau eo-event-cat-sweetest-choice eo-event-past eo-all-day\"><div class=\"date\"> <div class=\"jour\"> 28<\/div> <div class=\"mois\">Aug<\/div> <div class=\"annee\">2021<\/div> <\/div> <div class=\"contenu-date\"> <h4 class=\"titre\">Sweetest Choice - <\/h4> <div class=\"detail\"> <span class=\"lieu\">Le Bouche \u00e0 Oreille, Simorre (32)<\/span><!-- \/.lieu --> - <span class=\"heure\"><\/span><!-- \/.heure --><br> <span class=\"extrait\"><\/span><!-- \/.extrait --><br> <\/div>\t<!-- \/.detail --> <\/div> <!-- \/.contenu-date --><\/li><li class=\"eo-event-venue-la-prairie-des-filtres eo-event-cat-benjamin-glibert eo-event-cat-sebastien-cirotteau eo-event-cat-sweetest-choice eo-event-past eo-all-day\"><div class=\"date\"> <div class=\"jour\"> 09<\/div> <div class=\"mois\">Jul<\/div> <div class=\"annee\">2021<\/div> <\/div> <div class=\"contenu-date\"> <h4 class=\"titre\">Sweetest Choice - <\/h4> <div class=\"detail\"> <span class=\"lieu\">La Prairie des filtres, Toulouse<\/span><!-- \/.lieu --> - <span class=\"heure\"><\/span><!-- \/.heure --><br> <span class=\"extrait\">Dans le cadre des Instantan\u00e9s, programmation estivale de la ville de Toulouse \/ concerts \u00e0 17h et \u00e0 19h <a href=\"https:\/\/toulouse.fr\/web\/cultures\/agenda#\/event\/34811\/%20Programmation%20estivale%20%22Instantan%C3%A9s%22%202021?_k=j7v5b8 \" target=\"_blank\" title=\"+ d'infos\" alt=\"+ d'infos\" rel=\"noopener noreferrer\"><i class=\"fa fa-plus-square\"><\/i><\/a> <\/span><!-- \/.extrait --><br> <\/div>\t<!-- \/.detail --> <\/div> <!-- \/.contenu-date --><\/li><li class=\"eo-event-venue-cite-jardin-de-la-rue-de-caen eo-event-cat-benjamin-glibert eo-event-cat-sebastien-cirotteau eo-event-cat-sweetest-choice eo-event-past\"><div class=\"date\"> <div class=\"jour\"> 13 <\/div> <div class=\"mois\">Jun <\/div> <div class=\"annee\">2021 <\/div> <\/div> <div class=\"contenu-date\"> <h4 class=\"titre\">Sweetest Choice - <\/h4> <div class=\"detail\"> <span class=\"lieu\">Cit\u00e9 - Jardin de la rue de Caen, Toulouse<\/span><!-- \/.lieu --> - <span class=\"heure\"> 17:30<\/span><!-- \/.heure --><br> <span class=\"extrait\"><\/span><!-- \/.extrait --><br> <\/div>\t<!-- \/.detail --> <\/div> <!-- \/.contenu-date --><\/li><li class=\"eo-event-venue-ariege eo-event-cat-benjamin-glibert eo-event-cat-residence-territoire-09 eo-event-cat-sebastien-cirotteau eo-event-cat-sweetest-choice eo-event-past eo-all-day\"><div class=\"date\"> <div class=\"jour\"> 10<\/div> <div class=\"mois\">Jun<\/div> <div class=\"annee\">2021<\/div> <\/div> <div class=\"contenu-date\"> <h4 class=\"titre\">Sweetest Choice - <\/h4> <div class=\"detail\"> <span class=\"lieu\">Ari\u00e8ge, (09)<\/span><!-- \/.lieu --> - <span class=\"heure\"><\/span><!-- \/.heure --><br> <span class=\"extrait\">Concert chez l\u2019habitant \u00e0 Amplaing, Mercus-Garrabet - R\u00e9sidence de Territoire avec Art'Cade <a href=\"https:\/\/freddymorezon.org\/action-culturelle\/residence-de-territoire-avec-artcade-ariege\/\" target=\"_blank\" title=\"+ d'infos\" alt=\"+ d'infos\" rel=\"noopener noreferrer\"><i class=\"fa fa-plus-square\"><\/i><\/a> <\/span><!-- \/.extrait --><br> <\/div>\t<!-- \/.detail --> <\/div> <!-- \/.contenu-date --><\/li><li class=\"eo-event-venue-musee-angers eo-event-cat-benjamin-glibert eo-event-cat-sebastien-cirotteau eo-event-cat-sweetest-choice eo-event-past eo-all-day\"><div class=\"date\"> <div class=\"jour\"> 15<\/div> <div class=\"mois\">May<\/div> <div class=\"annee\">2021<\/div> <\/div> <div class=\"contenu-date\"> <h4 class=\"titre\">[annul\u00e9] Sweetest Choice - <\/h4> <div class=\"detail\"> <span class=\"lieu\">Mus\u00e9e Angers, Angers<\/span><!-- \/.lieu --> - <span class=\"heure\"><\/span><!-- \/.heure --><br> <span class=\"extrait\">[annul\u00e9]<\/span><!-- \/.extrait --><br> <\/div>\t<!-- \/.detail --> <\/div> <!-- \/.contenu-date --><\/li><li class=\"eo-event-venue-ariege eo-event-cat-action-culturelle eo-event-cat-benjamin-glibert eo-event-cat-jeune-public eo-event-cat-residence-territoire-09 eo-event-cat-reveil-en-musique eo-event-cat-sebastien-cirotteau eo-event-cat-sweetest-choice eo-event-past eo-all-day\"><div class=\"date\"> <div class=\"jour\"> 15<\/div> <div class=\"mois\">Jan<\/div> <div class=\"annee\">2021<\/div> <\/div> <div class=\"contenu-date\"> <h4 class=\"titre\">R\u00e9veil en Musique - <\/h4> <div class=\"detail\"> <span class=\"lieu\">Ari\u00e8ge, (09)<\/span><!-- \/.lieu --> - <span class=\"heure\"><\/span><!-- \/.heure --><br> <span class=\"extrait\">R\u00e9sidence de Territoire avec Art'Cade <a href=\"https:\/\/freddymorezon.org\/action-culturelle\/residence-de-territoire-avec-artcade-ariege\/\" target=\"_blank\" title=\"+ d'infos\" alt=\"+ d'infos\" rel=\"noopener noreferrer\"><i class=\"fa fa-plus-square\"><\/i><\/a> <\/span><!-- \/.extrait --><br> <\/div>\t<!-- \/.detail --> <\/div> <!-- \/.contenu-date --><\/li><li class=\"eo-event-venue-ariege eo-event-cat-action-culturelle eo-event-cat-benjamin-glibert eo-event-cat-jeune-public eo-event-cat-residence-territoire-09 eo-event-cat-reveil-en-musique eo-event-cat-sebastien-cirotteau eo-event-cat-sweetest-choice eo-event-past eo-all-day\"><div class=\"date\"> <div class=\"jour\"> 14<\/div> <div class=\"mois\">Jan<\/div> <div class=\"annee\">2021<\/div> <\/div> <div class=\"contenu-date\"> <h4 class=\"titre\">R\u00e9veil en Musique - <\/h4> <div class=\"detail\"> <span class=\"lieu\">Ari\u00e8ge, (09)<\/span><!-- \/.lieu --> - <span class=\"heure\"><\/span><!-- \/.heure --><br> <span class=\"extrait\">R\u00e9sidence de Territoire avec Art'Cade <a href=\"https:\/\/freddymorezon.org\/action-culturelle\/residence-de-territoire-avec-artcade-ariege\/\" target=\"_blank\" title=\"+ d'infos\" alt=\"+ d'infos\" rel=\"noopener noreferrer\"><i class=\"fa fa-plus-square\"><\/i><\/a> <\/span><!-- \/.extrait --><br> <\/div>\t<!-- \/.detail --> <\/div> <!-- \/.contenu-date --><\/li><li class=\"eo-event-venue-ariege eo-event-cat-action-culturelle eo-event-cat-benjamin-glibert eo-event-cat-jeune-public eo-event-cat-residence-territoire-09 eo-event-cat-reveil-en-musique eo-event-cat-sebastien-cirotteau eo-event-cat-sweetest-choice eo-event-past eo-all-day\"><div class=\"date\"> <div class=\"jour\"> 12<\/div> <div class=\"mois\">Jan<\/div> <div class=\"annee\">2021<\/div> <\/div> <div class=\"contenu-date\"> <h4 class=\"titre\">R\u00e9veil en Musique - <\/h4> <div class=\"detail\"> <span class=\"lieu\">Ari\u00e8ge, (09)<\/span><!-- \/.lieu --> - <span class=\"heure\"><\/span><!-- \/.heure --><br> <span class=\"extrait\">R\u00e9sidence de Territoire avec Art'Cade <a href=\"https:\/\/freddymorezon.org\/action-culturelle\/residence-de-territoire-avec-artcade-ariege\/\" target=\"_blank\" title=\"+ d'infos\" alt=\"+ d'infos\" rel=\"noopener noreferrer\"><i class=\"fa fa-plus-square\"><\/i><\/a> <\/span><!-- \/.extrait --><br> <\/div>\t<!-- \/.detail --> <\/div> <!-- \/.contenu-date --><\/li><li class=\"eo-event-venue-ariege eo-event-cat-action-culturelle eo-event-cat-benjamin-glibert eo-event-cat-jeune-public eo-event-cat-residence-territoire-09 eo-event-cat-reveil-en-musique eo-event-cat-sebastien-cirotteau eo-event-cat-sweetest-choice eo-event-past eo-all-day\"><div class=\"date\"> <div class=\"jour\"> 11<\/div> <div class=\"mois\">Jan<\/div> <div class=\"annee\">2021<\/div> <\/div> <div class=\"contenu-date\"> <h4 class=\"titre\">R\u00e9veil en Musique - <\/h4> <div class=\"detail\"> <span class=\"lieu\">Ari\u00e8ge, (09)<\/span><!-- \/.lieu --> - <span class=\"heure\"><\/span><!-- \/.heure --><br> <span class=\"extrait\">R\u00e9sidence de Territoire avec Art'Cade <a href=\"https:\/\/freddymorezon.org\/action-culturelle\/residence-de-territoire-avec-artcade-ariege\/\" target=\"_blank\" title=\"+ d'infos\" alt=\"+ d'infos\" rel=\"noopener noreferrer\"><i class=\"fa fa-plus-square\"><\/i><\/a> <\/span><!-- \/.extrait --><br> <\/div>\t<!-- \/.detail --> <\/div> <!-- \/.contenu-date --><\/li><li class=\"eo-event-venue-ariege eo-event-cat-residence-territoire-09 eo-event-cat-sebastien-cirotteau eo-event-cat-sweetest-choice eo-event-past eo-all-day\"><div class=\"date\"> <div class=\"jour\"> 17<\/div> <div class=\"mois\">Oct<\/div> <div class=\"annee\">2020<\/div> <\/div> <div class=\"contenu-date\"> <h4 class=\"titre\">S\u00e9bastien Cirotteau - <\/h4> <div class=\"detail\"> <span class=\"lieu\">Ari\u00e8ge, (09)<\/span><!-- \/.lieu --> - <span class=\"heure\"><\/span><!-- \/.heure --><br> <span class=\"extrait\">Balade musicale \u00e0 v\u00e9lo sur la voie verte entre Foix et Saint-Girons - R\u00e9sidence de Territoire avec Art'Cade <a href=\"https:\/\/freddymorezon.org\/action-culturelle\/residence-de-territoire-avec-artcade-ariege\/\" target=\"_blank\" title=\"+ d'infos\" alt=\"+ d'infos\" rel=\"noopener noreferrer\"><i class=\"fa fa-plus-square\"><\/i><\/a> <\/span><!-- \/.extrait --><br> <\/div>\t<!-- \/.detail --> <\/div> <!-- \/.contenu-date --><\/li><li class=\"eo-event-venue-mediatheque-de-luzenac eo-event-cat-benjamin-glibert eo-event-cat-sebastien-cirotteau eo-event-cat-sweetest-choice eo-event-past eo-all-day\"><div class=\"date\"> <div class=\"jour\"> 10<\/div> <div class=\"mois\">Oct<\/div> <div class=\"annee\">2020<\/div> <\/div> <div class=\"contenu-date\"> <h4 class=\"titre\">Sweetest Choice - <\/h4> <div class=\"detail\"> <span class=\"lieu\">M\u00e9diath\u00e8que de Luzenac, Luzenac (09)<\/span><!-- \/.lieu --> - <span class=\"heure\"><\/span><!-- \/.heure --><br> <span class=\"extrait\"><\/span><!-- \/.extrait --><br> <\/div>\t<!-- \/.detail --> <\/div> <!-- \/.contenu-date --><\/li><li class=\"eo-event-venue-la-grande-famille eo-event-cat-benjamin-glibert eo-event-cat-sebastien-cirotteau eo-event-cat-sweetest-choice eo-event-past eo-all-day\"><div class=\"date\"> <div class=\"jour\"> 09<\/div> <div class=\"mois\">Oct<\/div> <div class=\"annee\">2020<\/div> <\/div> <div class=\"contenu-date\"> <h4 class=\"titre\">Sweetest Choice - <\/h4> <div class=\"detail\"> <span class=\"lieu\">La Grande Famille, Pinsaguel<\/span><!-- \/.lieu --> - <span class=\"heure\"><\/span><!-- \/.heure --><br> <span class=\"extrait\"><\/span><!-- \/.extrait --><br> <\/div>\t<!-- \/.detail --> <\/div> <!-- \/.contenu-date --><\/li><li class=\"eo-event-venue-festival-trois-ptits-points eo-event-cat-benjamin-glibert eo-event-cat-residence-territoire-09 eo-event-cat-sebastien-cirotteau eo-event-cat-sweetest-choice eo-event-past eo-all-day\"><div class=\"date\"> <div class=\"jour\"> 20<\/div> <div class=\"mois\">Sep<\/div> <div class=\"annee\">2020<\/div> <\/div> <div class=\"contenu-date\"> <h4 class=\"titre\">[annul\u00e9] Sweetest Choice - <\/h4> <div class=\"detail\"> <span class=\"lieu\">Festival Trois P'tits Points, Montardit<\/span><!-- \/.lieu --> - <span class=\"heure\"><\/span><!-- \/.heure --><br> <span class=\"extrait\"><\/span><!-- \/.extrait --><br> <\/div>\t<!-- \/.detail --> <\/div> <!-- \/.contenu-date --><\/li><li class=\"eo-event-venue-lastrada eo-event-cat-benjamin-glibert eo-event-cat-sebastien-cirotteau eo-event-cat-sweetest-choice eo-event-past eo-all-day\"><div class=\"date\"> <div class=\"jour\"> 19<\/div> <div class=\"mois\">Sep<\/div> <div class=\"annee\">2020<\/div> <\/div> <div class=\"contenu-date\"> <h4 class=\"titre\">Sweetest Choice - <\/h4> <div class=\"detail\"> <span class=\"lieu\">L'Astrada, Marciac<\/span><!-- \/.lieu --> - <span class=\"heure\"><\/span><!-- \/.heure --><br> <span class=\"extrait\">Avec Sarah McCoy\r\n<a href=\"https:\/\/lastrada-marciac.fr\/agenda\/sarah-mccoy\" target=\"_blank\" title=\"+ d'infos\" alt=\"+ d'infos\" rel=\"noopener noreferrer\"><i class=\"fa fa-plus-square\"><\/i><\/a> <a href=\"https:\/\/www.facebook.com\/events\/3093122110806435\" target=\"_blank\" title=\"\u00e9v\u00e9nement facebook\" alt=\"\u00e9v\u00e9nement facebook\" rel=\"noopener noreferrer\"><i class=\"fa fa-facebook\"><\/i><\/a><\/span><!-- \/.extrait --><br> <\/div>\t<!-- \/.detail --> <\/div> <!-- \/.contenu-date --><\/li><li class=\"eo-event-venue-librairie-detours eo-event-cat-benjamin-glibert eo-event-cat-sebastien-cirotteau eo-event-cat-sweetest-choice eo-event-past\"><div class=\"date\"> <div class=\"jour\"> 18 <\/div> <div class=\"mois\">Sep <\/div> <div class=\"annee\">2020 <\/div> <\/div> <div class=\"contenu-date\"> <h4 class=\"titre\">Sweetest Choice - <\/h4> <div class=\"detail\"> <span class=\"lieu\">Librairie D\u00e9tours, Nailloux<\/span><!-- \/.lieu --> - <span class=\"heure\"> 19:30<\/span><!-- \/.heure --><br> <span class=\"extrait\"><a href=\"https:\/\/www.facebook.com\/events\/1002321493520941\/\" target=\"_blank\" title=\"\u00e9v\u00e9nement facebook\" alt=\"\u00e9v\u00e9nement facebook\" rel=\"noopener noreferrer\"><i class=\"fa fa-facebook\"><\/i><\/a><\/span><!-- \/.extrait --><br> <\/div>\t<!-- \/.detail --> <\/div> <!-- \/.contenu-date --><\/li><li class=\"eo-event-venue-le-musee-chateau-de-villeveque eo-event-cat-benjamin-glibert eo-event-cat-sebastien-cirotteau eo-event-cat-sweetest-choice eo-event-past eo-all-day\"><div class=\"date\"> <div class=\"jour\"> 16<\/div> <div class=\"mois\">May<\/div> <div class=\"annee\">2020<\/div> <\/div> <div class=\"contenu-date\"> <h4 class=\"titre\">Sweetest Choice - <\/h4> <div class=\"detail\"> <span class=\"lieu\">Mus\u00e9e-Ch\u00e2teau de Villev\u00eaque, <\/span><!-- \/.lieu --> - <span class=\"heure\"><\/span><!-- \/.heure --><br> <span class=\"extrait\">dans le cadre de la Nuit des Mus\u00e9es<\/span><!-- \/.extrait --><br> <\/div>\t<!-- \/.detail --> <\/div> <!-- \/.contenu-date --><\/li><li class=\"eo-event-venue-pavillon-blanc eo-event-cat-benjamin-glibert eo-event-cat-sebastien-cirotteau eo-event-cat-sweetest-choice eo-event-past eo-all-day\"><div class=\"date\"> <div class=\"jour\"> 18<\/div> <div class=\"mois\">Jan<\/div> <div class=\"annee\">2020<\/div> <\/div> <div class=\"contenu-date\"> <h4 class=\"titre\">Sweetest Choice - <\/h4> <div class=\"detail\"> <span class=\"lieu\">Pavillon Blanc, Colomiers<\/span><!-- \/.lieu --> - <span class=\"heure\"><\/span><!-- \/.heure --><br> <span class=\"extrait\"><a href=\"https:\/\/www.pavillonblanc-colomiers.fr\/le-programme\/les-evenements\/180-la-nuit-du-pavillon-blanc\" title=\"+ d'infos\" alt=\"+ d'infos\" target=\"_blank\" rel=\"noopener noreferrer\"><i class=\"fa fa-plus-square\"><\/i><\/a> <a href=\"https:\/\/www.facebook.com\/events\/572396263614410\/\" target=\"_blank\" title=\"\u00e9v\u00e9nement facebook\" alt=\"\u00e9v\u00e9nement facebook\" rel=\"noopener noreferrer\"><i class=\"fa fa-facebook\"><\/i><\/a><\/span><!-- \/.extrait --><br> <\/div>\t<!-- \/.detail --> <\/div> <!-- \/.contenu-date --><\/li><li class=\"eo-event-venue-cartes-sur-table eo-event-cat-benjamin-glibert eo-event-cat-sebastien-cirotteau eo-event-cat-sweetest-choice eo-event-past eo-all-day\"><div class=\"date\"> <div class=\"jour\"> 17<\/div> <div class=\"mois\">Jan<\/div> <div class=\"annee\">2020<\/div> <\/div> <div class=\"contenu-date\"> <h4 class=\"titre\">Sweetest Choice - <\/h4> <div class=\"detail\"> <span class=\"lieu\">Cartes Sur Table, Gaillac<\/span><!-- \/.lieu --> - <span class=\"heure\"><\/span><!-- \/.heure --><br> <span class=\"extrait\"><a href=\"https:\/\/www.facebook.com\/events\/2622372634661791\/\" target=\"_blank\" title=\"\u00e9v\u00e9nement facebook\" alt=\"\u00e9v\u00e9nement facebook\" rel=\"noopener noreferrer\"><i class=\"fa fa-facebook\"><\/i><\/a><\/span><!-- \/.extrait --><br> <\/div>\t<!-- \/.detail --> <\/div> <!-- \/.contenu-date --><\/li><li class=\"eo-event-venue-loubajac-65 eo-event-cat-benjamin-glibert eo-event-cat-sebastien-cirotteau eo-event-cat-sweetest-choice eo-event-past eo-all-day\"><div class=\"date\"> <div class=\"jour\"> 08<\/div> <div class=\"mois\">Dec<\/div> <div class=\"annee\">2019<\/div> <\/div> <div class=\"contenu-date\"> <h4 class=\"titre\">Sweetest Choice - <\/h4> <div class=\"detail\"> <span class=\"lieu\">Loubajac (65), <\/span><!-- \/.lieu --> - <span class=\"heure\"><\/span><!-- \/.heure --><br> <span class=\"extrait\">concert chez l'habitant<\/span><!-- \/.extrait --><br> <\/div>\t<!-- \/.detail --> <\/div> <!-- \/.contenu-date --><\/li><li class=\"eo-event-venue-cafe-epicerie-daste eo-event-cat-benjamin-glibert eo-event-cat-sebastien-cirotteau eo-event-cat-sweetest-choice eo-event-past\"><div class=\"date\"> <div class=\"jour\"> 07 <\/div> <div class=\"mois\">Dec <\/div> <div class=\"annee\">2019 <\/div> <\/div> <div class=\"contenu-date\"> <h4 class=\"titre\">Sweetest Choice - <\/h4> <div class=\"detail\"> <span class=\"lieu\">Caf\u00e9 \u00e9picerie d'Ast\u00e9, Ast\u00e9 (65)<\/span><!-- \/.lieu --> - <span class=\"heure\"> 20:30<\/span><!-- \/.heure --><br> <span class=\"extrait\">concert chez l'habitant &#45; r\u00e9sidence de territoire avec Traverse &#45; <a href=\"http:\/\/traversiens.com\/event\/sweetest-choice\/?utm_source=Actualit\u00e9s+traverse\" target=\"_blank\" title=\"+ d'infos\" alt=\"+ d'infos\" rel=\"noopener noreferrer\"><i class=\"fa fa-plus-square\"><\/i><\/a> <\/span><!-- \/.extrait --><br> <\/div>\t<!-- \/.detail --> <\/div> <!-- \/.contenu-date --><\/li><li class=\"eo-event-venue-concert-chez-lhabitant eo-event-cat-benjamin-glibert eo-event-cat-sebastien-cirotteau eo-event-cat-sweetest-choice eo-event-past\"><div class=\"date\"> <div class=\"jour\"> 07 <\/div> <div class=\"mois\">Dec <\/div> <div class=\"annee\">2019 <\/div> <\/div> <div class=\"contenu-date\"> <h4 class=\"titre\">Sweetest Choice - <\/h4> <div class=\"detail\"> <span class=\"lieu\">concert chez l'habitant, Campan (65)<\/span><!-- \/.lieu --> - <span class=\"heure\"> 16:00<\/span><!-- \/.heure --><br> <span class=\"extrait\">r\u00e9sidence de territoire avec Traverse &#45; <a href=\"http:\/\/traversiens.com\/event\/sweetest-choice\/?utm_source=Actualit\u00e9s+traverse\" target=\"_blank\" title=\"+ d'infos\" alt=\"+ d'infos\" rel=\"noopener noreferrer\"><i class=\"fa fa-plus-square\"><\/i><\/a> <\/span><!-- \/.extrait --><br> <\/div>\t<!-- \/.detail --> <\/div> <!-- \/.contenu-date --><\/li><li class=\"eo-event-venue-centre-de-loisirs-andre-mailhes eo-event-cat-action-culturelle eo-event-cat-benjamin-glibert eo-event-cat-jeune-public eo-event-cat-reveil-en-musique eo-event-cat-sebastien-cirotteau eo-event-cat-sweetest-choice eo-event-past eo-all-day\"><div class=\"date\"> <div class=\"jour\"> 27<\/div> <div class=\"mois\">Nov<\/div> <div class=\"annee\">2019<\/div> <\/div> <div class=\"contenu-date\"> <h4 class=\"titre\">R\u00e9veil en Musique - <\/h4> <div class=\"detail\"> <span class=\"lieu\">Centre de loisirs Andr\u00e9 Mailhes, Bagn\u00e8res-de-Bigorre (65)<\/span><!-- \/.lieu --> - <span class=\"heure\"><\/span><!-- \/.heure --><br> <span class=\"extrait\">r\u00e9sidence de territoire avec Traverse<\/span><!-- \/.extrait --><br> <\/div>\t<!-- \/.detail --> <\/div> <!-- \/.contenu-date --><\/li><li class=\"eo-event-venue-creche-lalouette eo-event-cat-action-culturelle eo-event-cat-benjamin-glibert eo-event-cat-jeune-public eo-event-cat-reveil-en-musique eo-event-cat-sebastien-cirotteau eo-event-cat-sweetest-choice eo-event-past eo-all-day\"><div class=\"date\"> <div class=\"jour\"> 27<\/div> <div class=\"mois\">Nov<\/div> <div class=\"annee\">2019<\/div> <\/div> <div class=\"contenu-date\"> <h4 class=\"titre\">R\u00e9veil en Musique - <\/h4> <div class=\"detail\"> <span class=\"lieu\">Cr\u00e8che \"L'alouette\", Campan (65)<\/span><!-- \/.lieu --> - <span class=\"heure\"><\/span><!-- \/.heure --><br> <span class=\"extrait\">r\u00e9sidence de territoire avec Traverse<\/span><!-- \/.extrait --><br> <\/div>\t<!-- \/.detail --> <\/div> <!-- \/.contenu-date --><\/li><li class=\"eo-event-venue-ram eo-event-cat-action-culturelle eo-event-cat-benjamin-glibert eo-event-cat-jeune-public eo-event-cat-reveil-en-musique eo-event-cat-sebastien-cirotteau eo-event-cat-sweetest-choice eo-event-past eo-all-day\"><div class=\"date\"> <div class=\"jour\"> 26<\/div> <div class=\"mois\">Nov<\/div> <div class=\"annee\">2019<\/div> <\/div> <div class=\"contenu-date\"> <h4 class=\"titre\">R\u00e9veil en Musique - <\/h4> <div class=\"detail\"> <span class=\"lieu\">RAM, Bagn\u00e8res-de-Bigorre (65)<\/span><!-- \/.lieu --> - <span class=\"heure\"><\/span><!-- \/.heure --><br> <span class=\"extrait\">(relai d'assistantes maternelles) &#45; r\u00e9sidence de territoire avec Traverse<\/span><!-- \/.extrait --><br> <\/div>\t<!-- \/.detail --> <\/div> <!-- \/.contenu-date --><\/li><li class=\"eo-event-venue-creche-clair-vallon eo-event-cat-action-culturelle eo-event-cat-benjamin-glibert eo-event-cat-jeune-public eo-event-cat-reveil-en-musique eo-event-cat-sebastien-cirotteau eo-event-cat-sweetest-choice eo-event-past eo-all-day\"><div class=\"date\"> <div class=\"jour\"> 26<\/div> <div class=\"mois\">Nov<\/div> <div class=\"annee\">2019<\/div> <\/div> <div class=\"contenu-date\"> <h4 class=\"titre\">R\u00e9veil en Musique - <\/h4> <div class=\"detail\"> <span class=\"lieu\">Cr\u00e8che \"Clair Vallon\", Bagn\u00e8res-de-Bigorre (65)<\/span><!-- \/.lieu --> - <span class=\"heure\"><\/span><!-- \/.heure --><br> <span class=\"extrait\">r\u00e9sidence de territoire avec Traverse<\/span><!-- \/.extrait --><br> <\/div>\t<!-- \/.detail --> <\/div> <!-- \/.contenu-date --><\/li><li class=\"eo-event-venue-laep eo-event-cat-action-culturelle eo-event-cat-benjamin-glibert eo-event-cat-jeune-public eo-event-cat-reveil-en-musique eo-event-cat-sebastien-cirotteau eo-event-cat-sweetest-choice eo-event-past eo-all-day\"><div class=\"date\"> <div class=\"jour\"> 25<\/div> <div class=\"mois\">Nov<\/div> <div class=\"annee\">2019<\/div> <\/div> <div class=\"contenu-date\"> <h4 class=\"titre\">R\u00e9veil en Musique - <\/h4> <div class=\"detail\"> <span class=\"lieu\">LAEP, Bagn\u00e8res-de-Bigorre (65)<\/span><!-- \/.lieu --> - <span class=\"heure\"><\/span><!-- \/.heure --><br> <span class=\"extrait\">(lieu d'accueil enfants-parents) &#45; r\u00e9sidence de territoire avec Traverse<\/span><!-- \/.extrait --><br> <\/div>\t<!-- \/.detail --> <\/div> <!-- \/.contenu-date --><\/li><li class=\"eo-event-venue-creche-les-bambis eo-event-cat-action-culturelle eo-event-cat-benjamin-glibert eo-event-cat-freddy-morezon eo-event-cat-jeune-public eo-event-cat-reveil-en-musique eo-event-cat-sebastien-cirotteau eo-event-cat-sweetest-choice eo-event-past eo-all-day\"><div class=\"date\"> <div class=\"jour\"> 25<\/div> <div class=\"mois\">Nov<\/div> <div class=\"annee\">2019<\/div> <\/div> <div class=\"contenu-date\"> <h4 class=\"titre\">R\u00e9veil en Musique - <\/h4> <div class=\"detail\"> <span class=\"lieu\">Cr\u00e8che \"Les Bambis\", Bagn\u00e8res-de-Bigorre (65)<\/span><!-- \/.lieu --> - <span class=\"heure\"><\/span><!-- \/.heure --><br> <span class=\"extrait\">r\u00e9sidence de territoire avec Traverse<\/span><!-- \/.extrait --><br> <\/div>\t<!-- \/.detail --> <\/div> <!-- \/.contenu-date --><\/li><li class=\"eo-event-venue-ecole-de-beaudean-65 eo-event-cat-action-culturelle eo-event-cat-benjamin-glibert eo-event-cat-jeune-public eo-event-cat-reveil-en-musique eo-event-cat-sebastien-cirotteau eo-event-cat-sweetest-choice eo-event-past eo-all-day\"><div class=\"date\"> <div class=\"jour\"> 05<\/div> <div class=\"mois\">Nov<\/div> <div class=\"annee\">2019<\/div> <\/div> <div class=\"contenu-date\"> <h4 class=\"titre\">R\u00e9veil en Musique - <\/h4> <div class=\"detail\"> <span class=\"lieu\">\u00e9cole de Beaud\u00e9an (65), <\/span><!-- \/.lieu --> - <span class=\"heure\"><\/span><!-- \/.heure --><br> <span class=\"extrait\">r\u00e9sidence de territoire avec Traverse<\/span><!-- \/.extrait --><br> <\/div>\t<!-- \/.detail --> <\/div> <!-- \/.contenu-date --><\/li><li class=\"eo-event-venue-st-germain-dectot eo-event-cat-action-culturelle eo-event-cat-benjamin-glibert eo-event-cat-reveil-en-musique eo-event-cat-sebastien-cirotteau eo-event-cat-sweetest-choice eo-event-past eo-all-day\"><div class=\"date\"> <div class=\"jour\"> 30<\/div> <div class=\"mois\">Sep<\/div> <div class=\"annee\">2019<\/div> <\/div> <div class=\"contenu-date\"> <h4 class=\"titre\">R\u00e9veil en musique - <\/h4> <div class=\"detail\"> <span class=\"lieu\">St-Germain d'Ectot, (14)<\/span><!-- \/.lieu --> - <span class=\"heure\"><\/span><!-- \/.heure --><br> <span class=\"extrait\"><\/span><!-- \/.extrait --><br> <\/div>\t<!-- \/.detail --> <\/div> <!-- \/.contenu-date --><\/li><li class=\"eo-event-venue-doc eo-event-cat-benjamin-glibert eo-event-cat-sebastien-cirotteau eo-event-cat-sweetest-choice eo-event-past eo-all-day\"><div class=\"date\"> <div class=\"jour\"> 28<\/div> <div class=\"mois\">Sep<\/div> <div class=\"annee\">2019<\/div> <\/div> <div class=\"contenu-date\"> <h4 class=\"titre\">Sweetest Choice - <\/h4> <div class=\"detail\"> <span class=\"lieu\">Le DOC, St-Germain d'Ectot (14)<\/span><!-- \/.lieu --> - <span class=\"heure\"><\/span><!-- \/.heure --><br> <span class=\"extrait\"><\/span><!-- \/.extrait --><br> <\/div>\t<!-- \/.detail --> <\/div> <!-- \/.contenu-date --><\/li><li class=\"eo-event-venue-millau-jazz-festival eo-event-cat-benjamin-glibert eo-event-cat-sebastien-cirotteau eo-event-cat-sweetest-choice eo-event-past eo-all-day\"><div class=\"date\"> <div class=\"jour\"> 14<\/div> <div class=\"mois\">Jul<\/div> <div class=\"annee\">2019<\/div> <\/div> <div class=\"contenu-date\"> <h4 class=\"titre\">Sweetest Choice - <\/h4> <div class=\"detail\"> <span class=\"lieu\">Millau Jazz Festival, Millau<\/span><!-- \/.lieu --> - <span class=\"heure\"><\/span><!-- \/.heure --><br> <span class=\"extrait\"><\/span><!-- \/.extrait --><br> <\/div>\t<!-- \/.detail --> <\/div> <!-- \/.contenu-date --><\/li><li class=\"eo-event-venue-parc-de-la-reynerie eo-event-cat-benjamin-glibert eo-event-cat-sebastien-cirotteau eo-event-cat-sweetest-choice eo-event-past\"><div class=\"date\"> <div class=\"jour\"> 11 <\/div> <div class=\"mois\">Jul <\/div> <div class=\"annee\">2019 <\/div> <\/div> <div class=\"contenu-date\"> <h4 class=\"titre\">Sweetest Choice - <\/h4> <div class=\"detail\"> <span class=\"lieu\">Parc de la Reynerie, Toulouse<\/span><!-- \/.lieu --> - <span class=\"heure\"> 18:00<\/span><!-- \/.heure --><br> <span class=\"extrait\">dans le cadre de \"Une \u00e9t\u00e9 au bord du lac\"<\/span><!-- \/.extrait --><br> <\/div>\t<!-- \/.detail --> <\/div> <!-- \/.contenu-date --><\/li><li class=\"eo-event-venue-rien-a-voir eo-event-cat-benjamin-glibert eo-event-cat-sebastien-cirotteau eo-event-cat-sweetest-choice eo-event-past eo-all-day\"><div class=\"date\"> <div class=\"jour\"> 15<\/div> <div class=\"mois\">Jun<\/div> <div class=\"annee\">2019<\/div> <\/div> <div class=\"contenu-date\"> <h4 class=\"titre\">Sweetest Choice - <\/h4> <div class=\"detail\"> <span class=\"lieu\">Rien \u00e0 voir !, Monesti\u00e9s (81)<\/span><!-- \/.lieu --> - <span class=\"heure\"><\/span><!-- \/.heure --><br> <span class=\"extrait\">Itin\u00e9raire sonore <a href=\"http:\/\/bricoles.org\/rienavoir.php\" target=\"_blank\" title=\"+ d'infos\" alt=\"+ d'infos\" rel=\"noopener noreferrer\"><i class=\"fa fa-plus-square\"><\/i><\/a> <\/span><!-- \/.extrait --><br> <\/div>\t<!-- \/.detail --> <\/div> <!-- \/.contenu-date --><\/li><li class=\"eo-event-venue-rien-a-voir eo-event-cat-action-culturelle eo-event-cat-benjamin-glibert eo-event-cat-reveil-en-musique eo-event-cat-sebastien-cirotteau eo-event-cat-sweetest-choice eo-event-past eo-all-day\"><div class=\"date\"> <div class=\"jour\"> 14<\/div> <div class=\"mois\">Jun<\/div> <div class=\"annee\">2019<\/div> <\/div> <div class=\"contenu-date\"> <h4 class=\"titre\">R\u00e9veil en Musique - <\/h4> <div class=\"detail\"> <span class=\"lieu\">Rien \u00e0 voir !, Monesti\u00e9s (81)<\/span><!-- \/.lieu --> - <span class=\"heure\"><\/span><!-- \/.heure --><br> <span class=\"extrait\"><\/span><!-- \/.extrait --><br> <\/div>\t<!-- \/.detail --> <\/div> <!-- \/.contenu-date --><\/li><li class=\"eo-event-venue-theatre-du-grand-rond eo-event-cat-benjamin-glibert eo-event-cat-sebastien-cirotteau eo-event-cat-sweetest-choice eo-event-past eo-multi-day eo-all-day\"><div class=\"date\"> <div class=\"jour\"> 04<\/div> <div class=\"mois\">Jun<\/div> <div class=\"annee\">2019<\/div> <\/div> <div class=\"contenu-date\"> <h4 class=\"titre\">Sweetest Choice - <\/h4> <div class=\"detail\"> <span class=\"lieu\">Th\u00e9\u00e2tre du Grand-Rond, Toulouse<\/span><!-- \/.lieu --> - <span class=\"heure\"><\/span><!-- \/.heure --><br> <span class=\"extrait\">Festival Passe ton Bach d'abord ! <a href=\"https:\/\/baroquetoulouse.com\/passe-ton-bach\/artistes\/sweetest-choice\" target=\"_blank\" title=\"+ d'infos\" alt=\"+ d'infos\" rel=\"noopener noreferrer\"><i class=\"fa fa-plus-square\"><\/i><\/a><\/span><!-- \/.extrait --><br> <\/div>\t<!-- \/.detail --> <\/div> <!-- \/.contenu-date --><\/li><li class=\"eo-event-venue-zoha-cafe eo-event-cat-benjamin-glibert eo-event-cat-sebastien-cirotteau eo-event-cat-sweetest-choice eo-event-past eo-all-day\"><div class=\"date\"> <div class=\"jour\"> 19<\/div> <div class=\"mois\">Apr<\/div> <div class=\"annee\">2019<\/div> <\/div> <div class=\"contenu-date\"> <h4 class=\"titre\">Sweetest Choice - <\/h4> <div class=\"detail\"> <span class=\"lieu\">Zoha Caf\u00e9, Montr\u00e9al<\/span><!-- \/.lieu --> - <span class=\"heure\"><\/span><!-- \/.heure --><br> <span class=\"extrait\"><\/span><!-- \/.extrait --><br> <\/div>\t<!-- \/.detail --> <\/div> <!-- \/.contenu-date --><\/li><li class=\"eo-event-venue-musee-laurier eo-event-cat-benjamin-glibert eo-event-cat-sebastien-cirotteau eo-event-cat-sweetest-choice eo-event-past eo-all-day\"><div class=\"date\"> <div class=\"jour\"> 18<\/div> <div class=\"mois\">Apr<\/div> <div class=\"annee\">2019<\/div> <\/div> <div class=\"contenu-date\"> <h4 class=\"titre\">Sweetest Choice - <\/h4> <div class=\"detail\"> <span class=\"lieu\">Mus\u00e9e Laurier, Victoriaville<\/span><!-- \/.lieu --> - <span class=\"heure\"><\/span><!-- \/.heure --><br> <span class=\"extrait\"><\/span><!-- \/.extrait --><br> <\/div>\t<!-- \/.detail --> <\/div> <!-- \/.contenu-date --><\/li><li class=\"eo-event-venue-le-depanneur-cafe eo-event-cat-benjamin-glibert eo-event-cat-sebastien-cirotteau eo-event-cat-sweetest-choice eo-event-past\"><div class=\"date\"> <div class=\"jour\"> 16 <\/div> <div class=\"mois\">Apr <\/div> <div class=\"annee\">2019 <\/div> <\/div> <div class=\"contenu-date\"> <h4 class=\"titre\">Sweetest Choice - <\/h4> <div class=\"detail\"> <span class=\"lieu\">Le D\u00e9panneur Caf\u00e9, Montr\u00e9al<\/span><!-- \/.lieu --> - <span class=\"heure\"> 17:00<\/span><!-- \/.heure --><br> <span class=\"extrait\"><\/span><!-- \/.extrait --><br> <\/div>\t<!-- \/.detail --> <\/div> <!-- \/.contenu-date --><\/li><li class=\"eo-event-venue-librairie-le-port-de-tete eo-event-cat-benjamin-glibert eo-event-cat-sebastien-cirotteau eo-event-cat-sweetest-choice eo-event-past eo-all-day\"><div class=\"date\"> <div class=\"jour\"> 15<\/div> <div class=\"mois\">Apr<\/div> <div class=\"annee\">2019<\/div> <\/div> <div class=\"contenu-date\"> <h4 class=\"titre\">Sweetest Choice - <\/h4> <div class=\"detail\"> <span class=\"lieu\">Librairie Le Port de t\u00eate, Montr\u00e9al<\/span><!-- \/.lieu --> - <span class=\"heure\"><\/span><!-- \/.heure --><br> <span class=\"extrait\"><\/span><!-- \/.extrait --><br> <\/div>\t<!-- \/.detail --> <\/div> <!-- \/.contenu-date --><\/li><li class=\"eo-event-venue-cafe-des-oubliettes eo-event-cat-benjamin-glibert eo-event-cat-sebastien-cirotteau eo-event-cat-sweetest-choice eo-event-past eo-all-day\"><div class=\"date\"> <div class=\"jour\"> 14<\/div> <div class=\"mois\">Apr<\/div> <div class=\"annee\">2019<\/div> <\/div> <div class=\"contenu-date\"> <h4 class=\"titre\">Sweetest Choice - <\/h4> <div class=\"detail\"> <span class=\"lieu\">Caf\u00e9 des Oubliettes, Montr\u00e9al<\/span><!-- \/.lieu --> - <span class=\"heure\"><\/span><!-- \/.heure --><br> <span class=\"extrait\"><\/span><!-- \/.extrait --><br> <\/div>\t<!-- \/.detail --> <\/div> <!-- \/.contenu-date --><\/li><li class=\"eo-event-venue-larchipel eo-event-cat-benjamin-glibert eo-event-cat-sebastien-cirotteau eo-event-cat-sweetest-choice eo-event-past eo-all-day\"><div class=\"date\"> <div class=\"jour\"> 13<\/div> <div class=\"mois\">Apr<\/div> <div class=\"annee\">2019<\/div> <\/div> <div class=\"contenu-date\"> <h4 class=\"titre\">Sweetest Choice - <\/h4> <div class=\"detail\"> <span class=\"lieu\">L'Archipel, Cowansville<\/span><!-- \/.lieu --> - <span class=\"heure\"><\/span><!-- \/.heure --><br> <span class=\"extrait\"><\/span><!-- \/.extrait --><br> <\/div>\t<!-- \/.detail --> <\/div> <!-- \/.contenu-date --><\/li><li class=\"eo-event-venue-jazz-narzon eo-event-cat-benjamin-glibert eo-event-cat-sebastien-cirotteau eo-event-cat-sweetest-choice eo-event-past eo-all-day\"><div class=\"date\"> <div class=\"jour\"> 31<\/div> <div class=\"mois\">Jul<\/div> <div class=\"annee\">2018<\/div> <\/div> <div class=\"contenu-date\"> <h4 class=\"titre\">Sweetest Choice - <\/h4> <div class=\"detail\"> <span class=\"lieu\">Jazz N'Arzon, Arzon<\/span><!-- \/.lieu --> - <span class=\"heure\"><\/span><!-- \/.heure --><br> <span class=\"extrait\">Place du Commerce, Port Navalo<\/span><!-- \/.extrait --><br> <\/div>\t<!-- \/.detail --> <\/div> <!-- \/.contenu-date --><\/li><li class=\"eo-event-venue-le-tagarin eo-event-cat-benjamin-glibert eo-event-cat-sebastien-cirotteau eo-event-cat-sweetest-choice eo-event-past\"><div class=\"date\"> <div class=\"jour\"> 29 <\/div> <div class=\"mois\">Jul <\/div> <div class=\"annee\">2018 <\/div> <\/div> <div class=\"contenu-date\"> <h4 class=\"titre\">Sweetest Choice - <\/h4> <div class=\"detail\"> <span class=\"lieu\">Le Tagarin, \u00c9tables-sur-Mer (22)<\/span><!-- \/.lieu --> - <span class=\"heure\"> 18:30<\/span><!-- \/.heure --><br> <span class=\"extrait\"><a href=\"http:\/\/cafelibrairie-letagarin.fr\/\" title=\"+ d'infos\" alt=\"+ d'infos\" target=\"_blank\"><i class=\"fa fa-plus-square\"><\/i><\/a><\/span><!-- \/.extrait --><br> <\/div>\t<!-- \/.detail --> <\/div> <!-- \/.contenu-date --><\/li><li class=\"eo-event-venue-la-gede-aux-livres eo-event-cat-benjamin-glibert eo-event-cat-sebastien-cirotteau eo-event-cat-sweetest-choice eo-event-past\"><div class=\"date\"> <div class=\"jour\"> 27 <\/div> <div class=\"mois\">Jul <\/div> <div class=\"annee\">2018 <\/div> <\/div> <div class=\"contenu-date\"> <h4 class=\"titre\">Sweetest Choice - <\/h4> <div class=\"detail\"> <span class=\"lieu\">La g\u00e8de aux livres, Batz sur Mer (44)<\/span><!-- \/.lieu --> - <span class=\"heure\"> 18:30<\/span><!-- \/.heure --><br> <span class=\"extrait\"><a href=\"https:\/\/lagedeauxlivres.wordpress.com\/\" target=\"_blank\" title=\"+ d'infos\" alt=\"+ d'infos\"><i class=\"fa fa-plus-square\"><\/i><\/a> <\/span><!-- \/.extrait --><br> <\/div>\t<!-- \/.detail --> <\/div> <!-- \/.contenu-date --><\/li><li class=\"eo-event-venue-la-claranda eo-event-cat-action-culturelle eo-event-cat-benjamin-glibert eo-event-cat-reveil-en-musique eo-event-cat-sebastien-cirotteau eo-event-cat-sweetest-choice eo-event-past eo-all-day\"><div class=\"date\"> <div class=\"jour\"> 15<\/div> <div class=\"mois\">Jun<\/div> <div class=\"annee\">2018<\/div> <\/div> <div class=\"contenu-date\"> <h4 class=\"titre\">R\u00e9veil en Musique - <\/h4> <div class=\"detail\"> <span class=\"lieu\">La Claranda, Couiza (11)<\/span><!-- \/.lieu --> - <span class=\"heure\"><\/span><!-- \/.heure --><br> <span class=\"extrait\">avec Sweetest Choice<\/span><!-- \/.extrait --><br> <\/div>\t<!-- \/.detail --> <\/div> <!-- \/.contenu-date --><\/li><li class=\"eo-event-venue-la-claranda eo-event-cat-benjamin-glibert eo-event-cat-sebastien-cirotteau eo-event-cat-sweetest-choice eo-event-past eo-all-day\"><div class=\"date\"> <div class=\"jour\"> 15<\/div> <div class=\"mois\">Jun<\/div> <div class=\"annee\">2018<\/div> <\/div> <div class=\"contenu-date\"> <h4 class=\"titre\">Sweetest Choice - <\/h4> <div class=\"detail\"> <span class=\"lieu\">La Claranda, Couiza (11)<\/span><!-- \/.lieu --> - <span class=\"heure\"><\/span><!-- \/.heure --><br> <span class=\"extrait\"><\/span><!-- \/.extrait --><br> <\/div>\t<!-- \/.detail --> <\/div> <!-- \/.contenu-date --><\/li><li class=\"eo-event-venue-la-claranda eo-event-cat-action-culturelle eo-event-cat-benjamin-glibert eo-event-cat-reveil-en-musique eo-event-cat-sebastien-cirotteau eo-event-cat-sweetest-choice eo-event-past eo-all-day\"><div class=\"date\"> <div class=\"jour\"> 14<\/div> <div class=\"mois\">Jun<\/div> <div class=\"annee\">2018<\/div> <\/div> <div class=\"contenu-date\"> <h4 class=\"titre\">R\u00e9veil en Musique - <\/h4> <div class=\"detail\"> <span class=\"lieu\">La Claranda, Couiza (11)<\/span><!-- \/.lieu --> - <span class=\"heure\"><\/span><!-- \/.heure --><br> <span class=\"extrait\">avec Sweetest Choice<\/span><!-- \/.extrait --><br> <\/div>\t<!-- \/.detail --> <\/div> <!-- \/.contenu-date --><\/li><li class=\"eo-event-venue-studio-de-lermitage eo-event-cat-benjamin-glibert eo-event-cat-fabien-duscombs eo-event-cat-mathieu-werchowski eo-event-cat-robin-fincker eo-event-cat-sebastien-cirotteau eo-event-cat-sweetest-choice eo-event-cat-tribute-to-an-imaginary-folk-band eo-event-past eo-all-day\"><div class=\"date\"> <div class=\"jour\"> 07<\/div> <div class=\"mois\">Jun<\/div> <div class=\"annee\">2018<\/div> <\/div> <div class=\"contenu-date\"> <h4 class=\"titre\">Bedmakers \/ Sweetest Choice \/ La Soustraction des fleurs - <\/h4> <div class=\"detail\"> <span class=\"lieu\">Studio de l'Ermitage, Paris<\/span><!-- \/.lieu --> - <span class=\"heure\"><\/span><!-- \/.heure --><br> <span class=\"extrait\"><b>triple release party<\/b> <a href=\"http:\/\/www.studio-ermitage.com\/index.php\/agenda\/date\/bedmakers-+-la-soustraction-des-fleurs-+-sweetest-choice\" title=\"+ d'infos\" alt=\"+ d'infos\"><i class=\"fa fa-plus-square\"><\/i><\/a> <a href=\"https:\/\/www.facebook.com\/events\/320799511782699\/\" target=\"_blank\" title=\"\u00e9v\u00e9nement facebook\" alt=\"\u00e9v\u00e9nement facebook\" rel=\"noopener noreferrer\"><i class=\"fa fa-facebook\"><\/i><\/a> <a href=\"https:\/\/www.weezevent.com\/bedmakers-la-soustraction-des-fleurs-sweetest-choice\" target=\"_blank\" title=\"billeterie\" alt=\"billeterie\" rel=\"noopener noreferrer\"><i class=\"fa fa-ticket\"><\/i><\/a> <\/span><!-- \/.extrait --><br> <\/div>\t<!-- \/.detail --> <\/div> <!-- \/.contenu-date --><\/li><li class=\"eo-event-venue-concert-prive-chez-lhabitant eo-event-cat-benjamin-glibert eo-event-cat-sebastien-cirotteau eo-event-cat-sweetest-choice eo-event-past eo-all-day\"><div class=\"date\"> <div class=\"jour\"> 04<\/div> <div class=\"mois\">Jun<\/div> <div class=\"annee\">2018<\/div> <\/div> <div class=\"contenu-date\"> <h4 class=\"titre\">Sweetest Choice - <\/h4> <div class=\"detail\"> <span class=\"lieu\">Concert priv\u00e9 chez l'habitant, Tours<\/span><!-- \/.lieu --> - <span class=\"heure\"><\/span><!-- \/.heure --><br> <span class=\"extrait\"><\/span><!-- \/.extrait --><br> <\/div>\t<!-- \/.detail --> <\/div> <!-- \/.contenu-date --><\/li><li class=\"eo-event-venue-chinon-en-jazz eo-event-cat-benjamin-glibert eo-event-cat-sebastien-cirotteau eo-event-cat-sweetest-choice eo-event-past\"><div class=\"date\"> <div class=\"jour\"> 03 <\/div> <div class=\"mois\">Jun <\/div> <div class=\"annee\">2018 <\/div> <\/div> <div class=\"contenu-date\"> <h4 class=\"titre\">Sweetest Choice - <\/h4> <div class=\"detail\"> <span class=\"lieu\">Chinon en Jazz, Chinon (37)<\/span><!-- \/.lieu --> - <span class=\"heure\"> 15:00<\/span><!-- \/.heure --><br> <span class=\"extrait\">Dans les jardins de l'Ile de Tours<\/span><!-- \/.extrait --><br> <\/div>\t<!-- \/.detail --> <\/div> <!-- \/.contenu-date --><\/li><li class=\"eo-event-venue-chinon-en-jazz eo-event-cat-benjamin-glibert eo-event-cat-sebastien-cirotteau eo-event-cat-sweetest-choice eo-event-past\"><div class=\"date\"> <div class=\"jour\"> 02 <\/div> <div class=\"mois\">Jun <\/div> <div class=\"annee\">2018 <\/div> <\/div> <div class=\"contenu-date\"> <h4 class=\"titre\">Sweetest Choice - <\/h4> <div class=\"detail\"> <span class=\"lieu\">Chinon en Jazz, Chinon (37)<\/span><!-- \/.lieu --> - <span class=\"heure\"> 16:30<\/span><!-- \/.heure --><br> <span class=\"extrait\">Galerie d'art contemporain (h\u00f4tel de ville)<\/span><!-- \/.extrait --><br> <\/div>\t<!-- \/.detail --> <\/div> <!-- \/.contenu-date --><\/li><li class=\"eo-event-venue-un-dimanche-a-la-campagne eo-event-cat-benjamin-glibert eo-event-cat-sebastien-cirotteau eo-event-cat-sweetest-choice eo-event-past eo-all-day\"><div class=\"date\"> <div class=\"jour\"> 11<\/div> <div class=\"mois\">Feb<\/div> <div class=\"annee\">2018<\/div> <\/div> <div class=\"contenu-date\"> <h4 class=\"titre\">Sweetest Choice - <\/h4> <div class=\"detail\"> <span class=\"lieu\">Un dimanche \u00e0 la campagne, Mauvaisin (31)<\/span><!-- \/.lieu --> - <span class=\"heure\"><\/span><!-- \/.heure --><br> <span class=\"extrait\"><\/span><!-- \/.extrait --><br> <\/div>\t<!-- \/.detail --> <\/div> <!-- \/.contenu-date --><\/li><li class=\"eo-event-venue-castelmaurou eo-event-cat-benjamin-glibert eo-event-cat-sebastien-cirotteau eo-event-cat-sweetest-choice eo-event-past eo-all-day\"><div class=\"date\"> <div class=\"jour\"> 10<\/div> <div class=\"mois\">Feb<\/div> <div class=\"annee\">2018<\/div> <\/div> <div class=\"contenu-date\"> <h4 class=\"titre\">Sweetest Choice - <\/h4> <div class=\"detail\"> <span class=\"lieu\">Castelmaurou, <\/span><!-- \/.lieu --> - <span class=\"heure\"><\/span><!-- \/.heure --><br> <span class=\"extrait\"><a href=\"https:\/\/www.facebook.com\/events\/147258065937402\/\" target=\"_blank\" title=\"\u00e9v\u00e9nement facebook\" alt=\"\u00e9v\u00e9nement facebook\"><i class=\"fa fa-facebook\"><\/i><\/a><\/span><!-- \/.extrait --><br> <\/div>\t<!-- \/.detail --> <\/div> <!-- \/.contenu-date --><\/li><li class=\"eo-event-venue-mediatheque-de-tournefeuille eo-event-cat-benjamin-glibert eo-event-cat-sebastien-cirotteau eo-event-cat-sweetest-choice eo-event-past\"><div class=\"date\"> <div class=\"jour\"> 06 <\/div> <div class=\"mois\">Jan <\/div> <div class=\"annee\">2018 <\/div> <\/div> <div class=\"contenu-date\"> <h4 class=\"titre\">Sweetest Choice - <\/h4> <div class=\"detail\"> <span class=\"lieu\">M\u00e9diath\u00e8que de Tournefeuille (31), <\/span><!-- \/.lieu --> - <span class=\"heure\"> 15:00<\/span><!-- \/.heure --><br> <span class=\"extrait\">Conf\u00e9rence musiqu\u00e9e<\/span><!-- \/.extrait --><br> <\/div>\t<!-- \/.detail --> <\/div> <!-- \/.contenu-date --><\/li><li class=\"eo-event-venue-mediatheque-de-tournefeuille eo-event-cat-action-culturelle eo-event-cat-benjamin-glibert eo-event-cat-reveil-en-musique eo-event-cat-sebastien-cirotteau eo-event-cat-sweetest-choice eo-event-past\"><div class=\"date\"> <div class=\"jour\"> 06 <\/div> <div class=\"mois\">Jan <\/div> <div class=\"annee\">2018 <\/div> <\/div> <div class=\"contenu-date\"> <h4 class=\"titre\">R\u00e9veil en Musique - <\/h4> <div class=\"detail\"> <span class=\"lieu\">M\u00e9diath\u00e8que de Tournefeuille (31), <\/span><!-- \/.lieu --> - <span class=\"heure\"> 10:00<\/span><!-- \/.heure --><br> <span class=\"extrait\">avec Sweetest Choice<\/span><!-- \/.extrait --><br> <\/div>\t<!-- \/.detail --> <\/div> <!-- \/.contenu-date --><\/li><li class=\"eo-event-venue-mediatheque-de-tournefeuille eo-event-cat-benjamin-glibert eo-event-cat-sebastien-cirotteau eo-event-cat-sweetest-choice eo-event-past eo-all-day\"><div class=\"date\"> <div class=\"jour\"> 05<\/div> <div class=\"mois\">Jan<\/div> <div class=\"annee\">2018<\/div> <\/div> <div class=\"contenu-date\"> <h4 class=\"titre\">Sweetest Choice - <\/h4> <div class=\"detail\"> <span class=\"lieu\">M\u00e9diath\u00e8que de Tournefeuille (31), <\/span><!-- \/.lieu --> - <span class=\"heure\"><\/span><!-- \/.heure --><br> <span class=\"extrait\"><\/span><!-- \/.extrait --><br> <\/div>\t<!-- \/.detail --> <\/div> <!-- \/.contenu-date --><\/li><li class=\"eo-event-venue-centre-culturel-du-sacre-coeur eo-event-cat-benjamin-glibert eo-event-cat-sebastien-cirotteau eo-event-cat-sweetest-choice eo-event-past\"><div class=\"date\"> <div class=\"jour\"> 04 <\/div> <div class=\"mois\">Nov <\/div> <div class=\"annee\">2017 <\/div> <\/div> <div class=\"contenu-date\"> <h4 class=\"titre\">Sweetest Choice - <\/h4> <div class=\"detail\"> <span class=\"lieu\">Centre Culturel du Sacr\u00e9-Coeur, Montricoux (82)<\/span><!-- \/.lieu --> - <span class=\"heure\"> 17:00<\/span><!-- \/.heure --><br> <span class=\"extrait\"><\/span><!-- \/.extrait --><br> <\/div>\t<!-- \/.detail --> <\/div> <!-- \/.contenu-date --><\/li><li class=\"eo-event-venue-memento-espace-dart-contemporain eo-event-cat-benjamin-glibert eo-event-cat-sebastien-cirotteau eo-event-cat-sweetest-choice eo-event-past eo-multi-day eo-all-day\"><div class=\"date\"> <div class=\"jour\"> 17<\/div> <div class=\"mois\">Oct<\/div> <div class=\"annee\">2017<\/div> <\/div> <div class=\"contenu-date\"> <h4 class=\"titre\">Sweetest Choice - <\/h4> <div class=\"detail\"> <span class=\"lieu\">Memento - Espace d'Art Contemporain, Auch<\/span><!-- \/.lieu --> - <span class=\"heure\"><\/span><!-- \/.heure --><br> <span class=\"extrait\">Enregistrement du r\u00e9pertoire \"Speechless Songs\"<\/span><!-- \/.extrait --><br> <\/div>\t<!-- \/.detail --> <\/div> <!-- \/.contenu-date --><\/li><li class=\"eo-event-venue-memento-espace-dart-contemporain eo-event-cat-benjamin-glibert eo-event-cat-sebastien-cirotteau eo-event-cat-sweetest-choice eo-event-past eo-multi-day eo-all-day\"><div class=\"date\"> <div class=\"jour\"> 16<\/div> <div class=\"mois\">Oct<\/div> <div class=\"annee\">2017<\/div> <\/div> <div class=\"contenu-date\"> <h4 class=\"titre\">Sweetest Choice - <\/h4> <div class=\"detail\"> <span class=\"lieu\">Memento - Espace d'Art Contemporain, Auch<\/span><!-- \/.lieu --> - <span class=\"heure\"><\/span><!-- \/.heure --><br> <span class=\"extrait\">Enregistrement du r\u00e9pertoire \"Speechless Songs\"<\/span><!-- \/.extrait --><br> <\/div>\t<!-- \/.detail --> <\/div> <!-- \/.contenu-date --><\/li><li class=\"eo-event-venue-memento-espace-dart-contemporain eo-event-cat-benjamin-glibert eo-event-cat-sebastien-cirotteau eo-event-cat-sweetest-choice eo-event-past eo-all-day\"><div class=\"date\"> <div class=\"jour\"> 19<\/div> <div class=\"mois\">Jul<\/div> <div class=\"annee\">2017<\/div> <\/div> <div class=\"contenu-date\"> <h4 class=\"titre\">Sweetest Choice - <\/h4> <div class=\"detail\"> <span class=\"lieu\">Memento - Espace d'Art Contemporain, Auch<\/span><!-- \/.lieu --> - <span class=\"heure\"><\/span><!-- \/.heure --><br> <span class=\"extrait\"><a href=\"https:\/\/www.facebook.com\/memento.expo.gers\/\" target=\"_blank\" title=\"facebook\" alt=\"facebook \"><i class=\"fa fa-facebook\"><\/i><\/a><\/span><!-- \/.extrait --><br> <\/div>\t<!-- \/.detail --> <\/div> <!-- \/.contenu-date --><\/li><li class=\"eo-event-venue-jazz-a-luz eo-event-cat-benjamin-glibert eo-event-cat-sebastien-cirotteau eo-event-cat-sweetest-choice eo-event-past eo-all-day\"><div class=\"date\"> <div class=\"jour\"> 12<\/div> <div class=\"mois\">Jul<\/div> <div class=\"annee\">2017<\/div> <\/div> <div class=\"contenu-date\"> <h4 class=\"titre\">Sweetest Choice - <\/h4> <div class=\"detail\"> <span class=\"lieu\">Jazz \u00e0 Luz, Luz-Saint-Sauveur<\/span><!-- \/.lieu --> - <span class=\"heure\"><\/span><!-- \/.heure --><br> <span class=\"extrait\"><a href=\"http:\/\/www.jazzaluz.com\/\" target=\"_blank\" title=\"Jazz \u00e0 Luz\" alt=\"Jazz \u00e0 Luz\"><i class=\"fa fa-plus-square\"><\/i><\/a> <a href=\"https:\/\/www.facebook.com\/events\/422606651420009\/\" target=\"_blank\" title=\"\u00e9v\u00e9nement facebook\" alt=\"\u00e9v\u00e9nement facebook \"><i class=\"fa fa-facebook\"><\/i><\/a><\/span><!-- \/.extrait --><br> <\/div>\t<!-- \/.detail --> <\/div> <!-- \/.contenu-date --><\/li><li class=\"eo-event-venue-ecole-de-cauterets eo-event-cat-action-culturelle eo-event-cat-benjamin-glibert eo-event-cat-reveil-en-musique eo-event-cat-sebastien-cirotteau eo-event-cat-sweetest-choice eo-event-past eo-all-day\"><div class=\"date\"> <div class=\"jour\"> 20<\/div> <div class=\"mois\">Jun<\/div> <div class=\"annee\">2017<\/div> <\/div> <div class=\"contenu-date\"> <h4 class=\"titre\">R\u00e9veil en Musique - <\/h4> <div class=\"detail\"> <span class=\"lieu\">\u00c9cole de Cauterets, Cauterets (65)<\/span><!-- \/.lieu --> - <span class=\"heure\"><\/span><!-- \/.heure --><br> <span class=\"extrait\">avec Sweetest Choice<\/span><!-- \/.extrait --><br> <\/div>\t<!-- \/.detail --> <\/div> <!-- \/.contenu-date --><\/li><li class=\"eo-event-venue-theatre-de-la-gare eo-event-cat-benjamin-glibert eo-event-cat-sebastien-cirotteau eo-event-cat-sweetest-choice eo-event-past eo-all-day\"><div class=\"date\"> <div class=\"jour\"> 20<\/div> <div class=\"mois\">Jun<\/div> <div class=\"annee\">2017<\/div> <\/div> <div class=\"contenu-date\"> <h4 class=\"titre\">Sweetest Choice - <\/h4> <div class=\"detail\"> <span class=\"lieu\">Th\u00e9\u00e2tre de la gare, Cauterets (65)<\/span><!-- \/.lieu --> - <span class=\"heure\"><\/span><!-- \/.heure --><br> <span class=\"extrait\"><a href=\"http:\/\/www.cauterets.com\/animations\/concert-speechless-songs\/\" target=\"_blank\" title=\"+ d'infos\" alt=\"+d'infos\"><i class=\"fa fa-plus-square\"><\/i><\/a><\/span><!-- \/.extrait --><br> <\/div>\t<!-- \/.detail --> <\/div> <!-- \/.contenu-date --><\/li><li class=\"eo-event-venue-saint-yrieix-la-montagne-23 eo-event-cat-action-culturelle eo-event-cat-benjamin-glibert eo-event-cat-reveil-en-musique eo-event-cat-sebastien-cirotteau eo-event-cat-sweetest-choice eo-event-past eo-all-day\"><div class=\"date\"> <div class=\"jour\"> 19<\/div> <div class=\"mois\">Jun<\/div> <div class=\"annee\">2017<\/div> <\/div> <div class=\"contenu-date\"> <h4 class=\"titre\">R\u00e9veil en Musique - <\/h4> <div class=\"detail\"> <span class=\"lieu\">Saint-Yrieix-La-Montagne (23), <\/span><!-- \/.lieu --> - <span class=\"heure\"><\/span><!-- \/.heure --><br> <span class=\"extrait\">avec Sweetest Choice<\/span><!-- \/.extrait --><br> <\/div>\t<!-- \/.detail --> <\/div> <!-- \/.contenu-date --><\/li><li class=\"eo-event-venue-tarnac-19 eo-event-cat-benjamin-glibert eo-event-cat-sebastien-cirotteau eo-event-cat-sweetest-choice eo-event-past eo-all-day\"><div class=\"date\"> <div class=\"jour\"> 17<\/div> <div class=\"mois\">Jun<\/div> <div class=\"annee\">2017<\/div> <\/div> <div class=\"contenu-date\"> <h4 class=\"titre\">Sweetest Choice - <\/h4> <div class=\"detail\"> <span class=\"lieu\">Tarnac (19), <\/span><!-- \/.lieu --> - <span class=\"heure\"><\/span><!-- \/.heure --><br> <span class=\"extrait\"><\/span><!-- \/.extrait --><br> <\/div>\t<!-- \/.detail --> <\/div> <!-- \/.contenu-date --><\/li><li class=\"eo-event-venue-ostal-doccitania eo-event-cat-benjamin-glibert eo-event-cat-sebastien-cirotteau eo-event-cat-sweetest-choice eo-event-past eo-all-day\"><div class=\"date\"> <div class=\"jour\"> 11<\/div> <div class=\"mois\">May<\/div> <div class=\"annee\">2017<\/div> <\/div> <div class=\"contenu-date\"> <h4 class=\"titre\">Sweetest Choice - <\/h4> <div class=\"detail\"> <span class=\"lieu\">Ostal d\u2019Occit\u00e0nia, Toulouse<\/span><!-- \/.lieu --> - <span class=\"heure\"><\/span><!-- \/.heure --><br> <span class=\"extrait\">La Pause Musicale <a href=\"http:\/\/www.cultures.toulouse.fr\/-\/la-pause-musicale\" target=\"_blank\" title=\"La Pause Musicale\" alt=\"La Pause Musicale\"><i class=\"fa fa-plus-square\"><\/i><\/a><\/span><!-- \/.extrait --><br> <\/div>\t<!-- \/.detail --> <\/div> <!-- \/.contenu-date --><\/li><li class=\"eo-event-venue-theatre-du-pave eo-event-cat-benjamin-glibert eo-event-cat-florian-nastorg eo-event-cat-marc-demereau eo-event-cat-nos-evenements eo-event-cat-sebastien-cirotteau eo-event-cat-sweetest-choice eo-event-past eo-all-day\"><div class=\"date\"> <div class=\"jour\"> 08<\/div> <div class=\"mois\">Apr<\/div> <div class=\"annee\">2017<\/div> <\/div> <div class=\"contenu-date\"> <h4 class=\"titre\">Freddy M #02 : Sweetest Choice + Le But rennais + The Rich Horn + Stryx N\u00e9bulosa - <\/h4> <div class=\"detail\"> <span class=\"lieu\">Th\u00e9\u00e2tre du Pav\u00e9, Toulouse<\/span><!-- \/.lieu --> - <span class=\"heure\"><\/span><!-- \/.heure --><br> <span class=\"extrait\">15 ans de Freddy Morezon et d'Un Pav\u00e9 dans le Jazz \/\/ J1 &#45; <a href=\"http:\/\/www.theatredupave.org\/wordpress\/event\/un-pave-dans-le-jazz-freddy-morezon-prod\/\" target=\"_blank\" title=\"+ d'infos\" alt=\"+ d'infos\"><i class=\"fa fa-plus-square\"><\/i><\/a> <a href=\"https:\/\/www.facebook.com\/events\/218435588629797\/\" target=\"_blank\" title=\"\u00e9v\u00e9nement facebook\" alt=\"\u00e9v\u00e9nement facebook\"><i class=\"fa fa-facebook\"><\/i><\/a><\/span><!-- \/.extrait --><br> <\/div>\t<!-- \/.detail --> <\/div> <!-- \/.contenu-date --><\/li><li class=\"eo-event-venue-memo-mediatheque-de-montauban eo-event-cat-benjamin-glibert eo-event-cat-sebastien-cirotteau eo-event-cat-sweetest-choice eo-event-past eo-all-day\"><div class=\"date\"> <div class=\"jour\"> 28<\/div> <div class=\"mois\">Mar<\/div> <div class=\"annee\">2017<\/div> <\/div> <div class=\"contenu-date\"> <h4 class=\"titre\">Sweetest Choice - <\/h4> <div class=\"detail\"> <span class=\"lieu\">M\u00e9mo - M\u00e9diath\u00e8que de Montauban, Montauban<\/span><!-- \/.lieu --> - <span class=\"heure\"><\/span><!-- \/.heure --><br> <span class=\"extrait\">vernissage de l'exposition \"La Veilleuse\" <a href=\"https:\/\/www.facebook.com\/events\/517767401726887\/\" target=\"_blank\" title=\"\u00e9v\u00e9nement facebook\" alt=\"\u00e9v\u00e9nement facebook\"><i class=\"fa fa-facebook\"><\/i><\/a><\/span><!-- \/.extrait --><br> <\/div>\t<!-- \/.detail --> <\/div> <!-- \/.contenu-date --><\/li><li class=\"eo-event-venue-espace-roguet eo-event-cat-benjamin-glibert eo-event-cat-sebastien-cirotteau eo-event-cat-sweetest-choice eo-event-past eo-all-day\"><div class=\"date\"> <div class=\"jour\"> 09<\/div> <div class=\"mois\">Mar<\/div> <div class=\"annee\">2017<\/div> <\/div> <div class=\"contenu-date\"> <h4 class=\"titre\">Sweetest Choice - <\/h4> <div class=\"detail\"> <span class=\"lieu\">Espace Roguet, Toulouse<\/span><!-- \/.lieu --> - <span class=\"heure\"><\/span><!-- \/.heure --><br> <span class=\"extrait\">dans le cadre de M\u00e9diazique<\/span><!-- \/.extrait --><br> <\/div>\t<!-- \/.detail --> <\/div> <!-- \/.contenu-date --><\/li><li class=\"eo-event-venue-maison-de-la-vallee-salle-des-voutes eo-event-cat-benjamin-glibert eo-event-cat-sebastien-cirotteau eo-event-cat-sweetest-choice eo-event-past\"><div class=\"date\"> <div class=\"jour\"> 01 <\/div> <div class=\"mois\">Mar <\/div> <div class=\"annee\">2017 <\/div> <\/div> <div class=\"contenu-date\"> <h4 class=\"titre\">Sweetest Choice - <\/h4> <div class=\"detail\"> <span class=\"lieu\">Maison de la vall\u00e9e, Salle des Vo\u00fbtes, Luz St sauveur (65)<\/span><!-- \/.lieu --> - <span class=\"heure\"> 18:30<\/span><!-- \/.heure --><br> <span class=\"extrait\"><\/span><!-- \/.extrait --><br> <\/div>\t<!-- \/.detail --> <\/div> <!-- \/.contenu-date --><\/li><li class=\"eo-event-venue-gedre-65 eo-event-cat-action-culturelle eo-event-cat-benjamin-glibert eo-event-cat-reveil-en-musique eo-event-cat-sebastien-cirotteau eo-event-cat-sweetest-choice eo-event-past eo-all-day\"><div class=\"date\"> <div class=\"jour\"> 28<\/div> <div class=\"mois\">Feb<\/div> <div class=\"annee\">2017<\/div> <\/div> <div class=\"contenu-date\"> <h4 class=\"titre\">R\u00e9veil en Musique - <\/h4> <div class=\"detail\"> <span class=\"lieu\">G\u00e8dre (65), <\/span><!-- \/.lieu --> - <span class=\"heure\"><\/span><!-- \/.heure --><br> <span class=\"extrait\">avec <strong>Sweetest Choice<\/strong> <\/span><!-- \/.extrait --><br> <\/div>\t<!-- \/.detail --> <\/div> <!-- \/.contenu-date --><\/li><li class=\"eo-event-venue-cafe-plum eo-event-cat-benjamin-glibert eo-event-cat-sebastien-cirotteau eo-event-cat-sweetest-choice eo-event-past\"><div class=\"date\"> <div class=\"jour\"> 19 <\/div> <div class=\"mois\">Feb <\/div> <div class=\"annee\">2017 <\/div> <\/div> <div class=\"contenu-date\"> <h4 class=\"titre\">Sweetest Choice - <\/h4> <div class=\"detail\"> <span class=\"lieu\">Caf\u00e9 Pl\u00f9m, Lautrec<\/span><!-- \/.lieu --> - <span class=\"heure\"> 18:00<\/span><!-- \/.heure --><br> <span class=\"extrait\"><\/span><!-- \/.extrait --><br> <\/div>\t<!-- \/.detail --> <\/div> <!-- \/.contenu-date --><\/li><li class=\"eo-event-venue-librairie-lescale eo-event-cat-benjamin-glibert eo-event-cat-sebastien-cirotteau eo-event-cat-sweetest-choice eo-event-past\"><div class=\"date\"> <div class=\"jour\"> 18 <\/div> <div class=\"mois\">Feb <\/div> <div class=\"annee\">2017 <\/div> <\/div> <div class=\"contenu-date\"> <h4 class=\"titre\">Sweetest Choice - <\/h4> <div class=\"detail\"> <span class=\"lieu\">Librairie l'Escale, Aurignac<\/span><!-- \/.lieu --> - <span class=\"heure\"> 21:00<\/span><!-- \/.heure --><br> <span class=\"extrait\"><a href=\"https:\/\/www.facebook.com\/events\/168258776908554\/\" target=\"_blank\" title=\"\u00e9v\u00e9nement facebook\" alt=\"\u00e9v\u00e9nement facebook\"><i class=\"fa fa-facebook\"><\/i><\/a><\/span><!-- \/.extrait --><br> <\/div>\t<!-- \/.detail --> <\/div> <!-- \/.contenu-date --><\/li><li class=\"eo-event-venue-bibliotheque-de-martres-tolosane eo-event-cat-benjamin-glibert eo-event-cat-sebastien-cirotteau eo-event-cat-sweetest-choice eo-event-past\"><div class=\"date\"> <div class=\"jour\"> 18 <\/div> <div class=\"mois\">Feb <\/div> <div class=\"annee\">2017 <\/div> <\/div> <div class=\"contenu-date\"> <h4 class=\"titre\">Sweetest Choice - <\/h4> <div class=\"detail\"> <span class=\"lieu\">Biblioth\u00e8que, Martres-Tolosane<\/span><!-- \/.lieu --> - <span class=\"heure\"> 15:00<\/span><!-- \/.heure --><br> <span class=\"extrait\"><\/span><!-- \/.extrait --><br> <\/div>\t<!-- \/.detail --> <\/div> <!-- \/.contenu-date --><\/li><li class=\"eo-event-venue-salle-de-lensemble-instrumental eo-event-cat-benjamin-glibert eo-event-cat-sebastien-cirotteau eo-event-cat-sweetest-choice eo-event-past\"><div class=\"date\"> <div class=\"jour\"> 17 <\/div> <div class=\"mois\">Feb <\/div> <div class=\"annee\">2017 <\/div> <\/div> <div class=\"contenu-date\"> <h4 class=\"titre\">Sweetest Choice - <\/h4> <div class=\"detail\"> <span class=\"lieu\">Salle de l'ensemble instrumental, Tarbes (65)<\/span><!-- \/.lieu --> - <span class=\"heure\"> 21:00<\/span><!-- \/.heure --><br> <span class=\"extrait\">avec Guit'arp\u00e8ges &#45; <a href=\"https:\/\/www.facebook.com\/events\/401474903524090\/\" target=\"_blank\" title=\"\u00e9v\u00e9nement facebook\" alt=\"\u00e9v\u00e9nement facebook\"><i class=\"fa fa-facebook\"><\/i><\/a><\/span><!-- \/.extrait --><br> <\/div>\t<!-- \/.detail --> <\/div> <!-- \/.contenu-date --><\/li><li class=\"eo-event-venue-le-bol-rouge eo-event-cat-benjamin-glibert eo-event-cat-sebastien-cirotteau eo-event-cat-sweetest-choice eo-event-past eo-all-day\"><div class=\"date\"> <div class=\"jour\"> 20<\/div> <div class=\"mois\">Jan<\/div> <div class=\"annee\">2017<\/div> <\/div> <div class=\"contenu-date\"> <h4 class=\"titre\">Sweetest Choice - <\/h4> <div class=\"detail\"> <span class=\"lieu\">Le Bol Rouge, Toulouse<\/span><!-- \/.lieu --> - <span class=\"heure\"><\/span><!-- \/.heure --><br> <span class=\"extrait\"><\/span><!-- \/.extrait --><br> <\/div>\t<!-- \/.detail --> <\/div> <!-- \/.contenu-date --><\/li><li class=\"eo-event-venue-ostal-doccitania eo-event-cat-benjamin-glibert eo-event-cat-sebastien-cirotteau eo-event-cat-sweetest-choice eo-event-past\"><div class=\"date\"> <div class=\"jour\"> 14 <\/div> <div class=\"mois\">Sep <\/div> <div class=\"annee\">2016 <\/div> <\/div> <div class=\"contenu-date\"> <h4 class=\"titre\">Sweetest Choice - <\/h4> <div class=\"detail\"> <span class=\"lieu\">Ostal d\u2019Occit\u00e0nia, Toulouse<\/span><!-- \/.lieu --> - <span class=\"heure\"> 18:30<\/span><!-- \/.heure --><br> <span class=\"extrait\">dans le cadre du festival Occitania &#45; <a href=\"http:\/\/www.festivaloccitania.com\/?q=fr\/evenement\/sweetest-choice\" title=\"+ d'infos\" alt=\"+ d'infos\" target=\"_blank\"><i class=\"fa fa-plus-square\"><\/i><\/a><\/span><!-- \/.extrait --><br> <\/div>\t<!-- \/.detail --> <\/div> <!-- \/.contenu-date --><\/li><li class=\"eo-event-venue-arras-en-lavedan-65 eo-event-cat-benjamin-glibert eo-event-cat-sebastien-cirotteau eo-event-cat-sweetest-choice eo-event-past eo-all-day\"><div class=\"date\"> <div class=\"jour\"> 11<\/div> <div class=\"mois\">Sep<\/div> <div class=\"annee\">2016<\/div> <\/div> <div class=\"contenu-date\"> <h4 class=\"titre\">Sweetest Choice - <\/h4> <div class=\"detail\"> <span class=\"lieu\">\u00c9glise d'Arras-en-Lavedan (65), <\/span><!-- \/.lieu --> - <span class=\"heure\"><\/span><!-- \/.heure --><br> <span class=\"extrait\"><\/span><!-- \/.extrait --><br> <\/div>\t<!-- \/.detail --> <\/div> <!-- \/.contenu-date --><\/li><li class=\"eo-event-venue-le-pigeonnier eo-event-cat-benjamin-glibert eo-event-cat-sebastien-cirotteau eo-event-cat-sweetest-choice eo-event-past eo-all-day\"><div class=\"date\"> <div class=\"jour\"> 10<\/div> <div class=\"mois\">Sep<\/div> <div class=\"annee\">2016<\/div> <\/div> <div class=\"contenu-date\"> <h4 class=\"titre\">Sweetest Choice - <\/h4> <div class=\"detail\"> <span class=\"lieu\">Le Pigeonnier, Moissac<\/span><!-- \/.lieu --> - <span class=\"heure\"><\/span><!-- \/.heure --><br> <span class=\"extrait\"><\/span><!-- \/.extrait --><br> <\/div>\t<!-- \/.detail --> <\/div> <!-- \/.contenu-date --><\/li><li class=\"eo-event-venue-chapelle-san-subra eo-event-cat-benjamin-glibert eo-event-cat-sebastien-cirotteau eo-event-cat-sweetest-choice eo-event-past eo-all-day\"><div class=\"date\"> <div class=\"jour\"> 09<\/div> <div class=\"mois\">Sep<\/div> <div class=\"annee\">2016<\/div> <\/div> <div class=\"contenu-date\"> <h4 class=\"titre\">Sweetest Choice - <\/h4> <div class=\"detail\"> <span class=\"lieu\">Chapelle San Subra, Toulouse<\/span><!-- \/.lieu --> - <span class=\"heure\"><\/span><!-- \/.heure --><br> <span class=\"extrait\">concert de sortie de r\u00e9sidence &#45; <a href=\"https:\/\/www.facebook.com\/events\/1741424659455431\/\" alt=\"\u00e9v\u00e9nement facebook\" \"title=\"\u00e9v\u00e9nement facebook\" target=\"_blank\"><i class=\"fa fa-facebook\"><\/i><\/a><\/span><!-- \/.extrait --><br> <\/div>\t<!-- \/.detail --> <\/div> <!-- \/.contenu-date --><\/li><li class=\"eo-event-venue-ecole-maternelle-armand-duportal eo-event-cat-action-culturelle eo-event-cat-benjamin-glibert eo-event-cat-reveil-en-musique eo-event-cat-sebastien-cirotteau eo-event-cat-sweetest-choice eo-event-past eo-all-day\"><div class=\"date\"> <div class=\"jour\"> 08<\/div> <div class=\"mois\">Sep<\/div> <div class=\"annee\">2016<\/div> <\/div> <div class=\"contenu-date\"> <h4 class=\"titre\">R\u00e9veil en Musique - <\/h4> <div class=\"detail\"> <span class=\"lieu\">\u00c9cole maternelle Armand Duportal, Toulouse<\/span><!-- \/.lieu --> - <span class=\"heure\"><\/span><!-- \/.heure --><br> <span class=\"extrait\">avec Sweetest Choice<\/span><!-- \/.extrait --><br> <\/div>\t<!-- \/.detail --> <\/div> <!-- \/.contenu-date --><\/li><\/ul><\/div><\/div><\/div><div id=\"pgc-3048-4-2\"  class=\"panel-grid-cell panel-grid-cell-empty\" ><\/div><\/div><\/div>","protected":false},"excerpt":{"rendered":"<p>Agenda Sweetest Choice<\/p>\n","protected":false},"author":1,"featured_media":2920,"parent":1808,"menu_order":0,"comment_status":"closed","ping_status":"closed","template":"page-templates\/full-width.php","meta":{"om_disable_all_campaigns":false,"_monsterinsights_skip_tracking":false,"_monsterinsights_sitenote_active":false,"_monsterinsights_sitenote_note":"","_monsterinsights_sitenote_category":0,"_uf_show_specific_survey":0,"_uf_disable_surveys":false,"footnotes":""},"categories":[],"tags":[],"class_list":["post-3048","page","type-page","status-publish","has-post-thumbnail","hentry"],"aioseo_notices":[],"yoast_head":"<!-- This site is optimized with the Yoast SEO plugin v27.5 - https:\/\/yoast.com\/product\/yoast-seo-wordpress\/ -->\n<title>Agenda - Sweetest Choice | Freddy Morezon<\/title>\n<meta name=\"robots\" content=\"index, follow, max-snippet:-1, max-image-preview:large, max-video-preview:-1\" \/>\n<link rel=\"canonical\" href=\"https:\/\/freddymorezon.org\/productions\/sweetest-choice\/agenda-sweetest-choice\/\" \/>\n<meta property=\"og:locale\" content=\"en_US\" \/>\n<meta property=\"og:type\" content=\"article\" \/>\n<meta property=\"og:title\" content=\"Agenda - Sweetest Choice | Freddy Morezon\" \/>\n<meta property=\"og:description\" content=\"Agenda Sweetest Choice\" \/>\n<meta property=\"og:url\" content=\"https:\/\/freddymorezon.org\/productions\/sweetest-choice\/agenda-sweetest-choice\/\" \/>\n<meta property=\"og:site_name\" content=\"Freddy Morezon\" \/>\n<meta property=\"article:publisher\" content=\"https:\/\/www.facebook.com\/freddy.morezon\/\" \/>\n<meta property=\"article:modified_time\" content=\"2025-06-10T09:44:39+00:00\" \/>\n<meta property=\"og:image\" content=\"https:\/\/freddymorezon.org\/wp-content\/uploads\/2016\/05\/Olia-Eichenbaum.jpg\" \/>\n\t<meta property=\"og:image:width\" content=\"2000\" \/>\n\t<meta property=\"og:image:height\" content=\"1600\" \/>\n\t<meta property=\"og:image:type\" content=\"image\/jpeg\" \/>\n<meta name=\"twitter:card\" content=\"summary_large_image\" \/>\n<script type=\"application\/ld+json\" class=\"yoast-schema-graph\">{\"@context\":\"https:\\\/\\\/schema.org\",\"@graph\":[{\"@type\":\"WebPage\",\"@id\":\"https:\\\/\\\/freddymorezon.org\\\/productions\\\/sweetest-choice\\\/agenda-sweetest-choice\\\/\",\"url\":\"https:\\\/\\\/freddymorezon.org\\\/productions\\\/sweetest-choice\\\/agenda-sweetest-choice\\\/\",\"name\":\"Agenda - Sweetest Choice | Freddy Morezon\",\"isPartOf\":{\"@id\":\"https:\\\/\\\/freddymorezon.org\\\/#website\"},\"primaryImageOfPage\":{\"@id\":\"https:\\\/\\\/freddymorezon.org\\\/productions\\\/sweetest-choice\\\/agenda-sweetest-choice\\\/#primaryimage\"},\"image\":{\"@id\":\"https:\\\/\\\/freddymorezon.org\\\/productions\\\/sweetest-choice\\\/agenda-sweetest-choice\\\/#primaryimage\"},\"thumbnailUrl\":\"https:\\\/\\\/freddymorezon.org\\\/wp-content\\\/uploads\\\/2016\\\/05\\\/Olia-Eichenbaum.jpg\",\"datePublished\":\"2017-03-02T11:37:20+00:00\",\"dateModified\":\"2025-06-10T09:44:39+00:00\",\"breadcrumb\":{\"@id\":\"https:\\\/\\\/freddymorezon.org\\\/productions\\\/sweetest-choice\\\/agenda-sweetest-choice\\\/#breadcrumb\"},\"inLanguage\":\"en-US\",\"potentialAction\":[{\"@type\":\"ReadAction\",\"target\":[\"https:\\\/\\\/freddymorezon.org\\\/productions\\\/sweetest-choice\\\/agenda-sweetest-choice\\\/\"]}]},{\"@type\":\"ImageObject\",\"inLanguage\":\"en-US\",\"@id\":\"https:\\\/\\\/freddymorezon.org\\\/productions\\\/sweetest-choice\\\/agenda-sweetest-choice\\\/#primaryimage\",\"url\":\"https:\\\/\\\/freddymorezon.org\\\/wp-content\\\/uploads\\\/2016\\\/05\\\/Olia-Eichenbaum.jpg\",\"contentUrl\":\"https:\\\/\\\/freddymorezon.org\\\/wp-content\\\/uploads\\\/2016\\\/05\\\/Olia-Eichenbaum.jpg\",\"width\":2000,\"height\":1600},{\"@type\":\"BreadcrumbList\",\"@id\":\"https:\\\/\\\/freddymorezon.org\\\/productions\\\/sweetest-choice\\\/agenda-sweetest-choice\\\/#breadcrumb\",\"itemListElement\":[{\"@type\":\"ListItem\",\"position\":1,\"name\":\"Accueil\",\"item\":\"https:\\\/\\\/freddymorezon.org\\\/\"},{\"@type\":\"ListItem\",\"position\":2,\"name\":\"Productions\",\"item\":\"https:\\\/\\\/freddymorezon.org\\\/productions\\\/\"},{\"@type\":\"ListItem\",\"position\":3,\"name\":\"Sweetest Choice\",\"item\":\"https:\\\/\\\/freddymorezon.org\\\/productions\\\/sweetest-choice\\\/\"},{\"@type\":\"ListItem\",\"position\":4,\"name\":\"Agenda &#8211; Sweetest Choice\"}]},{\"@type\":\"WebSite\",\"@id\":\"https:\\\/\\\/freddymorezon.org\\\/#website\",\"url\":\"https:\\\/\\\/freddymorezon.org\\\/\",\"name\":\"Freddy Morezon\",\"description\":\"jazz - musique improvis\u00e9e - esth\u00e9tiques plurielles\",\"publisher\":{\"@id\":\"https:\\\/\\\/freddymorezon.org\\\/#organization\"},\"potentialAction\":[{\"@type\":\"SearchAction\",\"target\":{\"@type\":\"EntryPoint\",\"urlTemplate\":\"https:\\\/\\\/freddymorezon.org\\\/?s={search_term_string}\"},\"query-input\":{\"@type\":\"PropertyValueSpecification\",\"valueRequired\":true,\"valueName\":\"search_term_string\"}}],\"inLanguage\":\"en-US\"},{\"@type\":\"Organization\",\"@id\":\"https:\\\/\\\/freddymorezon.org\\\/#organization\",\"name\":\"Association Freddy Morezon\",\"url\":\"https:\\\/\\\/freddymorezon.org\\\/\",\"logo\":{\"@type\":\"ImageObject\",\"inLanguage\":\"en-US\",\"@id\":\"https:\\\/\\\/freddymorezon.org\\\/#\\\/schema\\\/logo\\\/image\\\/\",\"url\":\"https:\\\/\\\/freddymorezon.org\\\/wp-content\\\/uploads\\\/2016\\\/02\\\/mini-logo-header-site2.jpg\",\"contentUrl\":\"https:\\\/\\\/freddymorezon.org\\\/wp-content\\\/uploads\\\/2016\\\/02\\\/mini-logo-header-site2.jpg\",\"width\":234,\"height\":174,\"caption\":\"Association Freddy Morezon\"},\"image\":{\"@id\":\"https:\\\/\\\/freddymorezon.org\\\/#\\\/schema\\\/logo\\\/image\\\/\"},\"sameAs\":[\"https:\\\/\\\/www.facebook.com\\\/freddy.morezon\\\/\",\"https:\\\/\\\/www.instagram.com\\\/freddymorezon\\\/\",\"https:\\\/\\\/www.youtube.com\\\/user\\\/freddymorezon\",\"https:\\\/\\\/fr.linkedin.com\\\/company\\\/freddy-morezon-p.r.o.d.\"]}]}<\/script>\n<!-- \/ Yoast SEO plugin. -->","yoast_head_json":{"title":"Agenda - Sweetest Choice | Freddy Morezon","robots":{"index":"index","follow":"follow","max-snippet":"max-snippet:-1","max-image-preview":"max-image-preview:large","max-video-preview":"max-video-preview:-1"},"canonical":"https:\/\/freddymorezon.org\/productions\/sweetest-choice\/agenda-sweetest-choice\/","og_locale":"en_US","og_type":"article","og_title":"Agenda - Sweetest Choice | Freddy Morezon","og_description":"Agenda Sweetest Choice","og_url":"https:\/\/freddymorezon.org\/productions\/sweetest-choice\/agenda-sweetest-choice\/","og_site_name":"Freddy Morezon","article_publisher":"https:\/\/www.facebook.com\/freddy.morezon\/","article_modified_time":"2025-06-10T09:44:39+00:00","og_image":[{"width":2000,"height":1600,"url":"https:\/\/freddymorezon.org\/wp-content\/uploads\/2016\/05\/Olia-Eichenbaum.jpg","type":"image\/jpeg"}],"twitter_card":"summary_large_image","schema":{"@context":"https:\/\/schema.org","@graph":[{"@type":"WebPage","@id":"https:\/\/freddymorezon.org\/productions\/sweetest-choice\/agenda-sweetest-choice\/","url":"https:\/\/freddymorezon.org\/productions\/sweetest-choice\/agenda-sweetest-choice\/","name":"Agenda - Sweetest Choice | Freddy Morezon","isPartOf":{"@id":"https:\/\/freddymorezon.org\/#website"},"primaryImageOfPage":{"@id":"https:\/\/freddymorezon.org\/productions\/sweetest-choice\/agenda-sweetest-choice\/#primaryimage"},"image":{"@id":"https:\/\/freddymorezon.org\/productions\/sweetest-choice\/agenda-sweetest-choice\/#primaryimage"},"thumbnailUrl":"https:\/\/freddymorezon.org\/wp-content\/uploads\/2016\/05\/Olia-Eichenbaum.jpg","datePublished":"2017-03-02T11:37:20+00:00","dateModified":"2025-06-10T09:44:39+00:00","breadcrumb":{"@id":"https:\/\/freddymorezon.org\/productions\/sweetest-choice\/agenda-sweetest-choice\/#breadcrumb"},"inLanguage":"en-US","potentialAction":[{"@type":"ReadAction","target":["https:\/\/freddymorezon.org\/productions\/sweetest-choice\/agenda-sweetest-choice\/"]}]},{"@type":"ImageObject","inLanguage":"en-US","@id":"https:\/\/freddymorezon.org\/productions\/sweetest-choice\/agenda-sweetest-choice\/#primaryimage","url":"https:\/\/freddymorezon.org\/wp-content\/uploads\/2016\/05\/Olia-Eichenbaum.jpg","contentUrl":"https:\/\/freddymorezon.org\/wp-content\/uploads\/2016\/05\/Olia-Eichenbaum.jpg","width":2000,"height":1600},{"@type":"BreadcrumbList","@id":"https:\/\/freddymorezon.org\/productions\/sweetest-choice\/agenda-sweetest-choice\/#breadcrumb","itemListElement":[{"@type":"ListItem","position":1,"name":"Accueil","item":"https:\/\/freddymorezon.org\/"},{"@type":"ListItem","position":2,"name":"Productions","item":"https:\/\/freddymorezon.org\/productions\/"},{"@type":"ListItem","position":3,"name":"Sweetest Choice","item":"https:\/\/freddymorezon.org\/productions\/sweetest-choice\/"},{"@type":"ListItem","position":4,"name":"Agenda &#8211; Sweetest Choice"}]},{"@type":"WebSite","@id":"https:\/\/freddymorezon.org\/#website","url":"https:\/\/freddymorezon.org\/","name":"Freddy Morezon","description":"jazz - musique improvis\u00e9e - esth\u00e9tiques plurielles","publisher":{"@id":"https:\/\/freddymorezon.org\/#organization"},"potentialAction":[{"@type":"SearchAction","target":{"@type":"EntryPoint","urlTemplate":"https:\/\/freddymorezon.org\/?s={search_term_string}"},"query-input":{"@type":"PropertyValueSpecification","valueRequired":true,"valueName":"search_term_string"}}],"inLanguage":"en-US"},{"@type":"Organization","@id":"https:\/\/freddymorezon.org\/#organization","name":"Association Freddy Morezon","url":"https:\/\/freddymorezon.org\/","logo":{"@type":"ImageObject","inLanguage":"en-US","@id":"https:\/\/freddymorezon.org\/#\/schema\/logo\/image\/","url":"https:\/\/freddymorezon.org\/wp-content\/uploads\/2016\/02\/mini-logo-header-site2.jpg","contentUrl":"https:\/\/freddymorezon.org\/wp-content\/uploads\/2016\/02\/mini-logo-header-site2.jpg","width":234,"height":174,"caption":"Association Freddy Morezon"},"image":{"@id":"https:\/\/freddymorezon.org\/#\/schema\/logo\/image\/"},"sameAs":["https:\/\/www.facebook.com\/freddy.morezon\/","https:\/\/www.instagram.com\/freddymorezon\/","https:\/\/www.youtube.com\/user\/freddymorezon","https:\/\/fr.linkedin.com\/company\/freddy-morezon-p.r.o.d."]}]}},"_links":{"self":[{"href":"https:\/\/freddymorezon.org\/en\/wp-json\/wp\/v2\/pages\/3048","targetHints":{"allow":["GET"]}}],"collection":[{"href":"https:\/\/freddymorezon.org\/en\/wp-json\/wp\/v2\/pages"}],"about":[{"href":"https:\/\/freddymorezon.org\/en\/wp-json\/wp\/v2\/types\/page"}],"author":[{"embeddable":true,"href":"https:\/\/freddymorezon.org\/en\/wp-json\/wp\/v2\/users\/1"}],"replies":[{"embeddable":true,"href":"https:\/\/freddymorezon.org\/en\/wp-json\/wp\/v2\/comments?post=3048"}],"version-history":[{"count":28,"href":"https:\/\/freddymorezon.org\/en\/wp-json\/wp\/v2\/pages\/3048\/revisions"}],"predecessor-version":[{"id":23116,"href":"https:\/\/freddymorezon.org\/en\/wp-json\/wp\/v2\/pages\/3048\/revisions\/23116"}],"up":[{"embeddable":true,"href":"https:\/\/freddymorezon.org\/en\/wp-json\/wp\/v2\/pages\/1808"}],"wp:featuredmedia":[{"embeddable":true,"href":"https:\/\/freddymorezon.org\/en\/wp-json\/wp\/v2\/media\/2920"}],"wp:attachment":[{"href":"https:\/\/freddymorezon.org\/en\/wp-json\/wp\/v2\/media?parent=3048"}],"wp:term":[{"taxonomy":"category","embeddable":true,"href":"https:\/\/freddymorezon.org\/en\/wp-json\/wp\/v2\/categories?post=3048"},{"taxonomy":"post_tag","embeddable":true,"href":"https:\/\/freddymorezon.org\/en\/wp-json\/wp\/v2\/tags?post=3048"}],"curies":[{"name":"wp","href":"https:\/\/api.w.org\/{rel}","templated":true}]}}