
{"id":325,"date":"2016-02-07T16:05:47","date_gmt":"2016-02-07T15:05:47","guid":{"rendered":"https:\/\/freddymorezon.org\/?page_id=325"},"modified":"2023-11-27T18:57:30","modified_gmt":"2023-11-27T17:57:30","slug":"action-culturellemaster-class","status":"publish","type":"page","link":"https:\/\/freddymorezon.org\/en\/action-culturelle\/action-culturellemaster-class\/","title":{"rendered":"Master class et ateliers <p>musiciens amateurs<\/p>"},"content":{"rendered":"<div id=\"pl-325\"  class=\"panel-layout\" ><div id=\"pg-325-0\"  class=\"panel-grid panel-no-style\" ><div id=\"pgc-325-0-0\"  class=\"panel-grid-cell\" ><div id=\"panel-325-0-0-0\" class=\"so-panel widget widget_sow-editor panel-first-child\" data-index=\"0\" ><div\n\t\t\t\n\t\t\tclass=\"so-widget-sow-editor so-widget-sow-editor-base\"\n\t\t\t\n\t\t>\n<div class=\"siteorigin-widget-tinymce textwidget\">\n\t<h2>Master class et ateliers<\/h2>\n<\/div>\n<\/div><\/div><div id=\"panel-325-0-0-1\" class=\"so-panel widget widget_sow-editor panel-last-child\" data-index=\"1\" ><div\n\t\t\t\n\t\t\tclass=\"so-widget-sow-editor so-widget-sow-editor-base\"\n\t\t\t\n\t\t>\n<div class=\"siteorigin-widget-tinymce textwidget\">\n\t<p>Ponctuellement, des ateliers ou des master-class sont organis\u00e9s, en lien avec l'actualit\u00e9 des projets du collectif, \u00e0 destination de musiciens amateurs, d'\u00e9tudiants en \u00e9cole de musique...<\/p>\n<\/div>\n<\/div><\/div><\/div><\/div><div id=\"pg-325-1\"  class=\"panel-grid panel-no-style\" ><div id=\"pgc-325-1-0\"  class=\"panel-grid-cell\" ><div id=\"panel-325-1-0-0\" class=\"so-panel widget widget_eo_event_list_widget EO_Event_List_Widget panel-first-child\" data-index=\"2\" >\n\n<\/div><div id=\"panel-325-1-0-1\" class=\"so-panel widget widget_eo_event_list_widget EO_Event_List_Widget panel-last-child\" data-index=\"3\" ><div class=\"dates-passees panel-widget-style panel-widget-style-for-325-1-0-1\" ><h3 class=\"widget-title\">Dates pass\u00e9es<\/h3><ul  class=\"eo-events eo-events-widget\"><li class=\"eo-event-venue-conservatoire-henri-duparc eo-event-cat-action-culturelle eo-event-cat-aquaserge-orchestra eo-event-cat-master-class-ateliers eo-event-past eo-multi-day eo-all-day\"><div class=\"date\"> <div class=\"jour\"> 11<\/div> <div class=\"mois\">Jan<\/div> <div class=\"annee\">2024<\/div> <\/div> <div class=\"contenu-date\"> <h4 class=\"titre\">Aquaserge - <\/h4> <div class=\"detail\"> <span class=\"lieu\">Conservatoire Henri Duparc, Tarbes (65)<span class=\"pays-\">, <\/span><\/span><!-- \/.lieu --><br> <span class=\"extrait\">Masterclass<\/span><!-- \/.extrait --><br> <\/div>\t<!-- \/.detail --> <\/div> <!-- \/.contenu-date --><\/li><li class=\"eo-event-venue-conservatoire-henri-duparc eo-event-cat-action-culturelle eo-event-cat-aquaserge-orchestra eo-event-cat-master-class-ateliers eo-event-past eo-multi-day eo-all-day\"><div class=\"date\"> <div class=\"jour\"> 10<\/div> <div class=\"mois\">Jan<\/div> <div class=\"annee\">2024<\/div> <\/div> <div class=\"contenu-date\"> <h4 class=\"titre\">Aquaserge - <\/h4> <div class=\"detail\"> <span class=\"lieu\">Conservatoire Henri Duparc, Tarbes (65)<span class=\"pays-\">, <\/span><\/span><!-- \/.lieu --><br> <span class=\"extrait\">Masterclass<\/span><!-- \/.extrait --><br> <\/div>\t<!-- \/.detail --> <\/div> <!-- \/.contenu-date --><\/li><li class=\"eo-event-venue-conservatoire-henri-duparc eo-event-cat-action-culturelle eo-event-cat-aquaserge-orchestra eo-event-cat-master-class-ateliers eo-event-past eo-multi-day eo-all-day\"><div class=\"date\"> <div class=\"jour\"> 09<\/div> <div class=\"mois\">Jan<\/div> <div class=\"annee\">2024<\/div> <\/div> <div class=\"contenu-date\"> <h4 class=\"titre\">Aquaserge - <\/h4> <div class=\"detail\"> <span class=\"lieu\">Conservatoire Henri Duparc, Tarbes (65)<span class=\"pays-\">, <\/span><\/span><!-- \/.lieu --><br> <span class=\"extrait\">Masterclass<\/span><!-- \/.extrait --><br> <\/div>\t<!-- \/.detail --> <\/div> <!-- \/.contenu-date --><\/li><li class=\"eo-event-venue-ajmi-avignon eo-event-cat-action-culturelle eo-event-cat-betty-hovette eo-event-cat-master-class-ateliers eo-event-past\"><div class=\"date\"> <div class=\"jour\"> 14 <\/div> <div class=\"mois\">Jan <\/div> <div class=\"annee\">2023 <\/div> <\/div> <div class=\"contenu-date\"> <h4 class=\"titre\">Betty Hovette - <\/h4> <div class=\"detail\"> <span class=\"lieu\">AJMI - Avignon, <span class=\"pays-\">, <\/span><\/span><!-- \/.lieu --><br> <span class=\"extrait\">master class avec les \u00e9l\u00e8ves du CRR d'Avignon <\/span><!-- \/.extrait --><br> <\/div>\t<!-- \/.detail --> <\/div> <!-- \/.contenu-date --><\/li><li class=\"eo-event-venue-theatre-pitoeff eo-event-cat-action-culturelle eo-event-cat-didier-kowarsky eo-event-cat-didier-kowarsky-conte eo-event-cat-master-class-ateliers eo-event-past\"><div class=\"date\"> <div class=\"jour\"> 03 <\/div> <div class=\"mois\">Jun <\/div> <div class=\"annee\">2021 <\/div> <\/div> <div class=\"contenu-date\"> <h4 class=\"titre\">Didier Kowarsky - <\/h4> <div class=\"detail\"> <span class=\"lieu\">Th\u00e9\u00e2tre Pito\u00ebff, Gen\u00e8ve<span class=\"pays-Suisse\">, Suisse<\/span><\/span><!-- \/.lieu --><br> <span class=\"extrait\">Dans le cadre de \"Les arts du r\u00e9cit\"<\/span><!-- \/.extrait --><br> <\/div>\t<!-- \/.detail --> <\/div> <!-- \/.contenu-date --><\/li><li class=\"eo-event-venue-theatre-de-la-parole eo-event-cat-action-culturelle eo-event-cat-didier-kowarsky eo-event-cat-didier-kowarsky-conte eo-event-cat-master-class-ateliers eo-event-past eo-all-day\"><div class=\"date\"> <div class=\"jour\"> 24<\/div> <div class=\"mois\">May<\/div> <div class=\"annee\">2021<\/div> <\/div> <div class=\"contenu-date\"> <h4 class=\"titre\">Didier Kowarsky - <\/h4> <div class=\"detail\"> <span class=\"lieu\">Th\u00e9\u00e2tre de la parole, Bruxelles<span class=\"pays-Belgique\">, Belgique<\/span><\/span><!-- \/.lieu --><br> <span class=\"extrait\">Masterclass <a href=\"http:\/\/www.theatredelaparole.be\/ecole-internationale-du-conte\/workshop-didier-kowarsky\/\" target=\"_blank\" title=\"+ d'infos\" alt=\"+ d'infos\" rel=\"noopener noreferrer\"><i class=\"fa fa-plus-square\"><\/i><\/a><\/span><!-- \/.extrait --><br> <\/div>\t<!-- \/.detail --> <\/div> <!-- \/.contenu-date --><\/li><li class=\"eo-event-venue-theatre-de-la-parole eo-event-cat-action-culturelle eo-event-cat-didier-kowarsky eo-event-cat-didier-kowarsky-conte eo-event-cat-master-class-ateliers eo-event-past eo-all-day\"><div class=\"date\"> <div class=\"jour\"> 23<\/div> <div class=\"mois\">May<\/div> <div class=\"annee\">2021<\/div> <\/div> <div class=\"contenu-date\"> <h4 class=\"titre\">Didier Kowarsky - <\/h4> <div class=\"detail\"> <span class=\"lieu\">Th\u00e9\u00e2tre de la parole, Bruxelles<span class=\"pays-Belgique\">, Belgique<\/span><\/span><!-- \/.lieu --><br> <span class=\"extrait\">Masterclass <a href=\"http:\/\/www.theatredelaparole.be\/ecole-internationale-du-conte\/workshop-didier-kowarsky\/\" target=\"_blank\" title=\"+ d'infos\" alt=\"+ d'infos\" rel=\"noopener noreferrer\"><i class=\"fa fa-plus-square\"><\/i><\/a><\/span><!-- \/.extrait --><br> <\/div>\t<!-- \/.detail --> <\/div> <!-- \/.contenu-date --><\/li><li class=\"eo-event-venue-theatre-de-la-parole eo-event-cat-action-culturelle eo-event-cat-didier-kowarsky eo-event-cat-didier-kowarsky-conte eo-event-cat-master-class-ateliers eo-event-past eo-all-day\"><div class=\"date\"> <div class=\"jour\"> 22<\/div> <div class=\"mois\">May<\/div> <div class=\"annee\">2021<\/div> <\/div> <div class=\"contenu-date\"> <h4 class=\"titre\">Didier Kowarsky - <\/h4> <div class=\"detail\"> <span class=\"lieu\">Th\u00e9\u00e2tre de la parole, Bruxelles<span class=\"pays-Belgique\">, Belgique<\/span><\/span><!-- \/.lieu --><br> <span class=\"extrait\">Masterclass <a href=\"http:\/\/www.theatredelaparole.be\/ecole-internationale-du-conte\/workshop-didier-kowarsky\/\" target=\"_blank\" title=\"+ d'infos\" alt=\"+ d'infos\" rel=\"noopener noreferrer\"><i class=\"fa fa-plus-square\"><\/i><\/a><\/span><!-- \/.extrait --><br> <\/div>\t<!-- \/.detail --> <\/div> <!-- \/.contenu-date --><\/li><li class=\"eo-event-venue-theatre-de-la-parole eo-event-cat-action-culturelle eo-event-cat-didier-kowarsky eo-event-cat-didier-kowarsky-conte eo-event-cat-master-class-ateliers eo-event-past eo-all-day\"><div class=\"date\"> <div class=\"jour\"> 11<\/div> <div class=\"mois\">Apr<\/div> <div class=\"annee\">2021<\/div> <\/div> <div class=\"contenu-date\"> <h4 class=\"titre\">Didier Kowarsky - <\/h4> <div class=\"detail\"> <span class=\"lieu\">Th\u00e9\u00e2tre de la parole, Bruxelles<span class=\"pays-Belgique\">, Belgique<\/span><\/span><!-- \/.lieu --><br> <span class=\"extrait\">Atelier th\u00e9matique : Les secrets cach\u00e9s dans les histoires <a href=\"http:\/\/www.theatredelaparole.be\/ecole-internationale-du-conte\/formations-thematiques\/\" target=\"_blank\" title=\"+ d'infos\" alt=\"+ d'infos\" rel=\"noopener noreferrer\"><i class=\"fa fa-plus-square\"><\/i><\/a><\/span><!-- \/.extrait --><br> <\/div>\t<!-- \/.detail --> <\/div> <!-- \/.contenu-date --><\/li><li class=\"eo-event-venue-theatre-de-la-parole eo-event-cat-action-culturelle eo-event-cat-didier-kowarsky eo-event-cat-didier-kowarsky-conte eo-event-cat-master-class-ateliers eo-event-past eo-all-day\"><div class=\"date\"> <div class=\"jour\"> 10<\/div> <div class=\"mois\">Apr<\/div> <div class=\"annee\">2021<\/div> <\/div> <div class=\"contenu-date\"> <h4 class=\"titre\">Didier Kowarsky - <\/h4> <div class=\"detail\"> <span class=\"lieu\">Th\u00e9\u00e2tre de la parole, Bruxelles<span class=\"pays-Belgique\">, Belgique<\/span><\/span><!-- \/.lieu --><br> <span class=\"extrait\">Atelier th\u00e9matique : Les secrets cach\u00e9s dans les histoires <a href=\"http:\/\/www.theatredelaparole.be\/ecole-internationale-du-conte\/formations-thematiques\/\" target=\"_blank\" title=\"+ d'infos\" alt=\"+ d'infos\" rel=\"noopener noreferrer\"><i class=\"fa fa-plus-square\"><\/i><\/a><\/span><!-- \/.extrait --><br> <\/div>\t<!-- \/.detail --> <\/div> <!-- \/.contenu-date --><\/li><li class=\"eo-event-venue-theatre-de-la-parole eo-event-cat-action-culturelle eo-event-cat-didier-kowarsky eo-event-cat-didier-kowarsky-conte eo-event-cat-master-class-ateliers eo-event-past eo-all-day\"><div class=\"date\"> <div class=\"jour\"> 09<\/div> <div class=\"mois\">Apr<\/div> <div class=\"annee\">2021<\/div> <\/div> <div class=\"contenu-date\"> <h4 class=\"titre\">Didier Kowarsky - <\/h4> <div class=\"detail\"> <span class=\"lieu\">Th\u00e9\u00e2tre de la parole, Bruxelles<span class=\"pays-Belgique\">, Belgique<\/span><\/span><!-- \/.lieu --><br> <span class=\"extrait\">Atelier th\u00e9matique : Les secrets cach\u00e9s dans les histoires <a href=\"http:\/\/www.theatredelaparole.be\/ecole-internationale-du-conte\/formations-thematiques\/\" target=\"_blank\" title=\"+ d'infos\" alt=\"+ d'infos\" rel=\"noopener noreferrer\"><i class=\"fa fa-plus-square\"><\/i><\/a><\/span><!-- \/.extrait --><br> <\/div>\t<!-- \/.detail --> <\/div> <!-- \/.contenu-date --><\/li><li class=\"eo-event-venue-theatre-de-la-parole eo-event-cat-action-culturelle eo-event-cat-didier-kowarsky eo-event-cat-didier-kowarsky-conte eo-event-cat-master-class-ateliers eo-event-past eo-all-day\"><div class=\"date\"> <div class=\"jour\"> 08<\/div> <div class=\"mois\">Apr<\/div> <div class=\"annee\">2021<\/div> <\/div> <div class=\"contenu-date\"> <h4 class=\"titre\">Didier Kowarsky - <\/h4> <div class=\"detail\"> <span class=\"lieu\">Th\u00e9\u00e2tre de la parole, Bruxelles<span class=\"pays-Belgique\">, Belgique<\/span><\/span><!-- \/.lieu --><br> <span class=\"extrait\">Atelier th\u00e9matique : Les secrets cach\u00e9s dans les histoires <a href=\"http:\/\/www.theatredelaparole.be\/ecole-internationale-du-conte\/formations-thematiques\/\" target=\"_blank\" title=\"+ d'infos\" alt=\"+ d'infos\" rel=\"noopener noreferrer\"><i class=\"fa fa-plus-square\"><\/i><\/a><\/span><!-- \/.extrait --><br> <\/div>\t<!-- \/.detail --> <\/div> <!-- \/.contenu-date --><\/li><li class=\"eo-event-venue-snape-maltings eo-event-cat-action-culturelle eo-event-cat-fabien-duscombs eo-event-cat-master-class-ateliers eo-event-cat-mathieu-werchowski eo-event-cat-robin-fincker eo-event-cat-tribute-to-an-imaginary-folk-band eo-event-past eo-multi-day eo-all-day\"><div class=\"date\"> <div class=\"jour\"> 20<\/div> <div class=\"mois\">Jul<\/div> <div class=\"annee\">2018<\/div> <\/div> <div class=\"contenu-date\"> <h4 class=\"titre\">Bedmakers &#8211; masterclass - <\/h4> <div class=\"detail\"> <span class=\"lieu\">Snape Maltings, Aldeburgh<span class=\"pays-England\">, England<\/span><\/span><!-- \/.lieu --><br> <span class=\"extrait\">masterclass de Bedmakers avec Aldebrurgh Young Musicians<\/span><!-- \/.extrait --><br> <\/div>\t<!-- \/.detail --> <\/div> <!-- \/.contenu-date --><\/li><li class=\"eo-event-venue-snape-maltings eo-event-cat-action-culturelle eo-event-cat-fabien-duscombs eo-event-cat-master-class-ateliers eo-event-cat-mathieu-werchowski eo-event-cat-robin-fincker eo-event-cat-tribute-to-an-imaginary-folk-band eo-event-past eo-multi-day eo-all-day\"><div class=\"date\"> <div class=\"jour\"> 19<\/div> <div class=\"mois\">Jul<\/div> <div class=\"annee\">2018<\/div> <\/div> <div class=\"contenu-date\"> <h4 class=\"titre\">Bedmakers &#8211; masterclass - <\/h4> <div class=\"detail\"> <span class=\"lieu\">Snape Maltings, Aldeburgh<span class=\"pays-England\">, England<\/span><\/span><!-- \/.lieu --><br> <span class=\"extrait\">masterclass de Bedmakers avec Aldebrurgh Young Musicians<\/span><!-- \/.extrait --><br> <\/div>\t<!-- \/.detail --> <\/div> <!-- \/.contenu-date --><\/li><li class=\"eo-event-venue-snape-maltings eo-event-cat-action-culturelle eo-event-cat-fabien-duscombs eo-event-cat-master-class-ateliers eo-event-cat-mathieu-werchowski eo-event-cat-robin-fincker eo-event-cat-tribute-to-an-imaginary-folk-band eo-event-past eo-multi-day eo-all-day\"><div class=\"date\"> <div class=\"jour\"> 18<\/div> <div class=\"mois\">Jul<\/div> <div class=\"annee\">2018<\/div> <\/div> <div class=\"contenu-date\"> <h4 class=\"titre\">Bedmakers &#8211; masterclass - <\/h4> <div class=\"detail\"> <span class=\"lieu\">Snape Maltings, Aldeburgh<span class=\"pays-England\">, England<\/span><\/span><!-- \/.lieu --><br> <span class=\"extrait\">masterclass de Bedmakers avec Aldebrurgh Young Musicians<\/span><!-- \/.extrait --><br> <\/div>\t<!-- \/.detail --> <\/div> <!-- \/.contenu-date --><\/li><li class=\"eo-event-venue-snape-maltings eo-event-cat-action-culturelle eo-event-cat-fabien-duscombs eo-event-cat-master-class-ateliers eo-event-cat-mathieu-werchowski eo-event-cat-robin-fincker eo-event-cat-tribute-to-an-imaginary-folk-band eo-event-past eo-multi-day eo-all-day\"><div class=\"date\"> <div class=\"jour\"> 17<\/div> <div class=\"mois\">Jul<\/div> <div class=\"annee\">2018<\/div> <\/div> <div class=\"contenu-date\"> <h4 class=\"titre\">Bedmakers &#8211; masterclass - <\/h4> <div class=\"detail\"> <span class=\"lieu\">Snape Maltings, Aldeburgh<span class=\"pays-England\">, England<\/span><\/span><!-- \/.lieu --><br> <span class=\"extrait\">masterclass de Bedmakers avec Aldebrurgh Young Musicians<\/span><!-- \/.extrait --><br> <\/div>\t<!-- \/.detail --> <\/div> <!-- \/.contenu-date --><\/li><li class=\"eo-event-venue-snape-maltings eo-event-cat-action-culturelle eo-event-cat-fabien-duscombs eo-event-cat-master-class-ateliers eo-event-cat-mathieu-werchowski eo-event-cat-robin-fincker eo-event-cat-tribute-to-an-imaginary-folk-band eo-event-past eo-multi-day eo-all-day\"><div class=\"date\"> <div class=\"jour\"> 16<\/div> <div class=\"mois\">Jul<\/div> <div class=\"annee\">2018<\/div> <\/div> <div class=\"contenu-date\"> <h4 class=\"titre\">Bedmakers &#8211; masterclass - <\/h4> <div class=\"detail\"> <span class=\"lieu\">Snape Maltings, Aldeburgh<span class=\"pays-England\">, England<\/span><\/span><!-- \/.lieu --><br> <span class=\"extrait\">masterclass de Bedmakers avec Aldebrurgh Young Musicians<\/span><!-- \/.extrait --><br> <\/div>\t<!-- \/.detail --> <\/div> <!-- \/.contenu-date --><\/li><li class=\"eo-event-venue-conservatoire-henri-duparc eo-event-cat-action-culturelle eo-event-cat-christine-wodrascka eo-event-cat-master-class-ateliers eo-event-past\"><div class=\"date\"> <div class=\"jour\"> 25 <\/div> <div class=\"mois\">Feb <\/div> <div class=\"annee\">2017 <\/div> <\/div> <div class=\"contenu-date\"> <h4 class=\"titre\">concert de restitution - <\/h4> <div class=\"detail\"> <span class=\"lieu\">Conservatoire Henri Duparc, Tarbes (65)<span class=\"pays-\">, <\/span><\/span><!-- \/.lieu --><br> <span class=\"extrait\">concert des \u00e9l\u00e8ves du Conservatoire de Tarbes suite \u00e0 la masterclass avec Christine Wodrascka et Lucie Laricq<\/span><!-- \/.extrait --><br> <\/div>\t<!-- \/.detail --> <\/div> <!-- \/.contenu-date --><\/li><li class=\"eo-event-venue-conservatoire-henri-duparc eo-event-cat-action-culturelle eo-event-cat-christine-wodrascka eo-event-cat-master-class-ateliers eo-event-past eo-multi-day eo-all-day\"><div class=\"date\"> <div class=\"jour\"> 25<\/div> <div class=\"mois\">Feb<\/div> <div class=\"annee\">2017<\/div> <\/div> <div class=\"contenu-date\"> <h4 class=\"titre\">masterclass avec Christine Wodrascka et Lucie Laricq - <\/h4> <div class=\"detail\"> <span class=\"lieu\">Conservatoire Henri Duparc, Tarbes (65)<span class=\"pays-\">, <\/span><\/span><!-- \/.lieu --><br> <span class=\"extrait\">avec des \u00e9l\u00e8ves du Conservatoire de Tarbes en vue de la pr\u00e9paration d&#8217;un concert, avec Christine Wodrascka et Lucie Laricq<\/span><!-- \/.extrait --><br> <\/div>\t<!-- \/.detail --> <\/div> <!-- \/.contenu-date --><\/li><li class=\"eo-event-venue-conservatoire-henri-duparc eo-event-cat-action-culturelle eo-event-cat-christine-wodrascka eo-event-cat-master-class-ateliers eo-event-past eo-multi-day eo-all-day\"><div class=\"date\"> <div class=\"jour\"> 24<\/div> <div class=\"mois\">Feb<\/div> <div class=\"annee\">2017<\/div> <\/div> <div class=\"contenu-date\"> <h4 class=\"titre\">masterclass avec Christine Wodrascka et Lucie Laricq - <\/h4> <div class=\"detail\"> <span class=\"lieu\">Conservatoire Henri Duparc, Tarbes (65)<span class=\"pays-\">, <\/span><\/span><!-- \/.lieu --><br> <span class=\"extrait\">avec des \u00e9l\u00e8ves du Conservatoire de Tarbes en vue de la pr\u00e9paration d&#8217;un concert, avec Christine Wodrascka et Lucie Laricq<\/span><!-- \/.extrait --><br> <\/div>\t<!-- \/.detail --> <\/div> <!-- \/.contenu-date --><\/li><li class=\"eo-event-venue-conservatoire-henri-duparc eo-event-cat-action-culturelle eo-event-cat-christine-wodrascka eo-event-cat-master-class-ateliers eo-event-past eo-multi-day eo-all-day\"><div class=\"date\"> <div class=\"jour\"> 10<\/div> <div class=\"mois\">Dec<\/div> <div class=\"annee\">2016<\/div> <\/div> <div class=\"contenu-date\"> <h4 class=\"titre\">master class avec Christine Wodrascka et Lucie Laricq - <\/h4> <div class=\"detail\"> <span class=\"lieu\">Conservatoire Henri Duparc, Tarbes (65)<span class=\"pays-\">, <\/span><\/span><!-- \/.lieu --><br> <span class=\"extrait\">avec des \u00e9l\u00e8ves du Conservatoire de Tarbes en vue de la pr\u00e9paration d&#8217;un concert, avec Christine Wodrascka et Lucie Laricq<\/span><!-- \/.extrait --><br> <\/div>\t<!-- \/.detail --> <\/div> <!-- \/.contenu-date --><\/li><li class=\"eo-event-venue-conservatoire-henri-duparc eo-event-cat-action-culturelle eo-event-cat-christine-wodrascka eo-event-cat-master-class-ateliers eo-event-past eo-multi-day eo-all-day\"><div class=\"date\"> <div class=\"jour\"> 09<\/div> <div class=\"mois\">Dec<\/div> <div class=\"annee\">2016<\/div> <\/div> <div class=\"contenu-date\"> <h4 class=\"titre\">master class avec Christine Wodrascka et Lucie Laricq - <\/h4> <div class=\"detail\"> <span class=\"lieu\">Conservatoire Henri Duparc, Tarbes (65)<span class=\"pays-\">, <\/span><\/span><!-- \/.lieu --><br> <span class=\"extrait\">avec des \u00e9l\u00e8ves du Conservatoire de Tarbes en vue de la pr\u00e9paration d&#8217;un concert, avec Christine Wodrascka et Lucie Laricq<\/span><!-- \/.extrait --><br> <\/div>\t<!-- \/.detail --> <\/div> <!-- \/.contenu-date --><\/li><li class=\"eo-event-venue-terre-de-lune eo-event-cat-action-culturelle eo-event-cat-didier-kowarsky eo-event-cat-didier-kowarsky-conte eo-event-cat-master-class-ateliers eo-event-past eo-multi-day eo-all-day\"><div class=\"date\"> <div class=\"jour\"> 20<\/div> <div class=\"mois\">Nov<\/div> <div class=\"annee\">2016<\/div> <\/div> <div class=\"contenu-date\"> <h4 class=\"titre\">Ateliers de pratique de l&#8217;oralit\u00e9 avec Didier Kowarsky - <\/h4> <div class=\"detail\"> <span class=\"lieu\">Terre de Lune, Le Soler (66)<span class=\"pays-\">, <\/span><\/span><!-- \/.lieu --><br> <span class=\"extrait\">Ateliers \u00e0 destination d&#8217;adultes ayant une pratique artistique r\u00e9guli\u00e8re.<\/span><!-- \/.extrait --><br> <\/div>\t<!-- \/.detail --> <\/div> <!-- \/.contenu-date --><\/li><li class=\"eo-event-venue-terre-de-lune eo-event-cat-action-culturelle eo-event-cat-didier-kowarsky eo-event-cat-didier-kowarsky-conte eo-event-cat-master-class-ateliers eo-event-past eo-multi-day eo-all-day\"><div class=\"date\"> <div class=\"jour\"> 19<\/div> <div class=\"mois\">Nov<\/div> <div class=\"annee\">2016<\/div> <\/div> <div class=\"contenu-date\"> <h4 class=\"titre\">Ateliers de pratique de l&#8217;oralit\u00e9 avec Didier Kowarsky - <\/h4> <div class=\"detail\"> <span class=\"lieu\">Terre de Lune, Le Soler (66)<span class=\"pays-\">, <\/span><\/span><!-- \/.lieu --><br> <span class=\"extrait\">Ateliers \u00e0 destination d&#8217;adultes ayant une pratique artistique r\u00e9guli\u00e8re.<\/span><!-- \/.extrait --><br> <\/div>\t<!-- \/.detail --> <\/div> <!-- \/.contenu-date --><\/li><li class=\"eo-event-venue-carmaux eo-event-cat-action-culturelle eo-event-cat-florian-nastorg eo-event-cat-marc-demereau eo-event-cat-marc-maffiolo eo-event-cat-master-class-ateliers eo-event-cat-no-noise-no-reduction eo-event-past eo-all-day\"><div class=\"date\"> <div class=\"jour\"> 14<\/div> <div class=\"mois\">Sep<\/div> <div class=\"annee\">2016<\/div> <\/div> <div class=\"contenu-date\"> <h4 class=\"titre\">No Noise No Reduction - <\/h4> <div class=\"detail\"> <span class=\"lieu\">Carmaux, Carmaux<span class=\"pays-\">, <\/span><\/span><!-- \/.lieu --><br> <span class=\"extrait\">workshop avec les \u00e9tudiants du conservatoire d'Albi<\/span><!-- \/.extrait --><br> <\/div>\t<!-- \/.detail --> <\/div> <!-- \/.contenu-date --><\/li><li class=\"eo-event-venue-la-dynamo-de-banlieues-bleues eo-event-cat-action-culturelle eo-event-cat-master-class-ateliers eo-event-cat-tribute-to-an-imaginary-folk-band eo-event-past eo-all-day\"><div class=\"date\"> <div class=\"jour\"> 07<\/div> <div class=\"mois\">Apr<\/div> <div class=\"annee\">2016<\/div> <\/div> <div class=\"contenu-date\"> <h4 class=\"titre\">Concert de restitution &#8211; master class avec Bedmakers - <\/h4> <div class=\"detail\"> <span class=\"lieu\">La Dynamo, Pantin<span class=\"pays-\">, <\/span><\/span><!-- \/.lieu --><br> <span class=\"extrait\">concert de restitution de la master cass \"Improviser la reprise\" avec Robin Fincker et Fabien Duscombs. Avec le MAAD93<\/span><!-- \/.extrait --><br> <\/div>\t<!-- \/.detail --> <\/div> <!-- \/.contenu-date --><\/li><\/ul><\/div><\/div><\/div><div id=\"pgc-325-1-1\"  class=\"panel-grid-cell\" ><div id=\"panel-325-1-1-0\" class=\"so-panel widget widget_sow-editor panel-first-child\" data-index=\"4\" ><div\n\t\t\t\n\t\t\tclass=\"so-widget-sow-editor so-widget-sow-editor-base\"\n\t\t\t\n\t\t>\n<div class=\"siteorigin-widget-tinymce textwidget\">\n\t<p><\/p>\n<h3>Et aussi<\/h3>\n<\/div>\n<\/div><\/div><div id=\"panel-325-1-1-1\" class=\"so-panel widget widget_sow-editor\" data-index=\"5\" ><div\n\t\t\t\n\t\t\tclass=\"so-widget-sow-editor so-widget-sow-editor-base\"\n\t\t\t\n\t\t>\n<div class=\"siteorigin-widget-tinymce textwidget\">\n\t<h4>Workshop avec les \u00e9tudiants du conservatoire d'Albi<\/h4>\n<p><strong>septembre 2016<\/strong> - Cap D\u00e9couverte, Carmaux (81)<br \/>\n<em>avec <a href=\"https:\/\/freddymorezon.org\/creation\/nnnr\">NNNR<\/a><\/em><\/p>\n<\/div>\n<\/div><\/div><div id=\"panel-325-1-1-2\" class=\"so-panel widget widget_sow-headline\" data-index=\"6\" ><div\n\t\t\t\n\t\t\tclass=\"so-widget-sow-headline so-widget-sow-headline-default-7f3fc6d4cfe0-1076\"\n\t\t\t\n\t\t><div class=\"sow-headline-container \">\n\t\t\t\t\t\t<div class=\"decoration\">\n\t\t\t\t\t\t<div class=\"decoration-inside\"><\/div>\n\t\t\t\t\t<\/div>\n\t\t\t\t\t<\/div>\n<\/div><\/div><div id=\"panel-325-1-1-3\" class=\"so-panel widget widget_sow-editor\" data-index=\"7\" ><div\n\t\t\t\n\t\t\tclass=\"so-widget-sow-editor so-widget-sow-editor-base\"\n\t\t\t\n\t\t>\n<div class=\"siteorigin-widget-tinymce textwidget\">\n\t<h4 style=\"text-align: left;\">Masterclass - L\u2019appropriation ou comment improviser la reprise<\/h4>\n<p style=\"text-align: left;\"><strong>mars et avril 2016<\/strong> \u00e0 La Dynamo, Pantin (93)<br \/>\n<em>avec Robin Fincker et Fabien Duscombs - dans le cadre de la cr\u00e9ation de <a href=\"https:\/\/freddymorezon.org\/projets\/bedmakers\/\">Tribute to an Imaginary Folk Band<\/a><\/em><br \/>\n4 demi-journ\u00e9es de master class pour musiciens amateurs.<br \/>\nEn partenariat avec MAAD93 et La Dynamo de Banlieues Bleues.<\/p>\n<p style=\"text-align: left;\">Le grand fil conducteur dans le travail de ce trio est \"l'appropriation\" ou plus exactement, \u00ab comment s'approprier une musique pour en retirer une mati\u00e8re qui invite \u00e0 l\u2019improvisation \u00bb. Robin Fincker et Fabien Duscombs invitent les amateurs \u00e0 d\u00e9cliner de multiples mani\u00e8res ce jeu de l\u2019appropriation en mettant en avant le souci et l'int\u00e9r\u00eat de garder la libert\u00e9 du jeu quand on utilise une musique \"r\u00e9f\u00e9renc\u00e9e\". Par extension, les deux musiciens proposent de faire cohabiter des formes de narrations musicales en apparence \u00e9loign\u00e9es les unes des autres - un blues ou une \"ronde\" traditionnelle folk avec une improvisation uniquement sur des mati\u00e8res bruitiste par exemple - de sorte \u00e0 entendre ces \"reprises\" sous un autre angle, \u00e0 se surprendre et \u00e0 remettre en question les r\u00e9flexes de d\u00e9limiter le champ d'action d'une musique par son \"style\".<\/p>\n<p style=\"text-align: left;\">Les \u00e9l\u00e9ments clairs de \"r\u00e9pertoire accessible, r\u00e9f\u00e9renc\u00e9\" d'un c\u00f4t\u00e9 et \"improvisation libre\" de l'autre offrent un outil tr\u00e8s accessible pour jouer ensemble. L\u2019unit\u00e9 des musiciens permettra de codiriger l\u2019orchestre avec de l'improvisation et de l'\u00e9criture et aux musiciens amateurs de se mettre en jeu rapidement.<\/p>\n<\/div>\n<\/div><\/div><div id=\"panel-325-1-1-4\" class=\"so-panel widget widget_sow-headline\" data-index=\"8\" ><div\n\t\t\t\n\t\t\tclass=\"so-widget-sow-headline so-widget-sow-headline-default-7f3fc6d4cfe0-1076\"\n\t\t\t\n\t\t><div class=\"sow-headline-container \">\n\t\t\t\t\t\t<div class=\"decoration\">\n\t\t\t\t\t\t<div class=\"decoration-inside\"><\/div>\n\t\t\t\t\t<\/div>\n\t\t\t\t\t<\/div>\n<\/div><\/div><div id=\"panel-325-1-1-5\" class=\"so-panel widget widget_sow-editor\" data-index=\"9\" ><div\n\t\t\t\n\t\t\tclass=\"so-widget-sow-editor so-widget-sow-editor-base\"\n\t\t\t\n\t\t>\n<div class=\"siteorigin-widget-tinymce textwidget\">\n\t<h4 style=\"text-align: left;\">Workshop - In C (Terry Riley)<\/h4>\n<div class=\"siteorigin-widget-tinymce textwidget\">\n<p style=\"text-align: left;\"><strong>janvier \u00e0 mai 2015<\/strong> avec les les \u00e9tudiants de licence jazz de l\u2019Universit\u00e9 de Toulouse II Jean-Jaur\u00e8s (31)<br \/>\n<em>Mise en place de la pi\u00e8ce In C avec Christine Wodrascka aupr\u00e8s de ses \u00e9l\u00e8ves d'ateliers d\u2019improvisation - dans le cadre de la cr\u00e9ation de l'Ensemble FM et de sa mise en place de son interpr\u00e9tation d'<a href=\"https:\/\/freddymorezon.org\/projets\/ensemble-fm-in-c\/\">In C<\/a><\/em><\/p>\n<p style=\"text-align: left;\">C\u2019est la d\u00e9marche p\u00e9dagogique de Christine Wodrascka que de m\u00ealer ses \u00e9tudiants \u00e0 certains de ses projets musicaux, afin qu\u2019ils se frottent aux musiciens exp\u00e9riment\u00e9s et participent concr\u00e8tement \u00e0 des concerts hors les murs de la fac et diffus\u00e9s dans des conditions professionnelles.<\/p>\n<\/div>\n<\/div>\n<\/div><\/div><div id=\"panel-325-1-1-6\" class=\"so-panel widget widget_sow-headline\" data-index=\"10\" ><div\n\t\t\t\n\t\t\tclass=\"so-widget-sow-headline so-widget-sow-headline-default-7f3fc6d4cfe0-1076\"\n\t\t\t\n\t\t><div class=\"sow-headline-container \">\n\t\t\t\t\t\t<div class=\"decoration\">\n\t\t\t\t\t\t<div class=\"decoration-inside\"><\/div>\n\t\t\t\t\t<\/div>\n\t\t\t\t\t<\/div>\n<\/div><\/div><div id=\"panel-325-1-1-7\" class=\"so-panel widget widget_sow-editor\" data-index=\"11\" ><div\n\t\t\t\n\t\t\tclass=\"so-widget-sow-editor so-widget-sow-editor-base\"\n\t\t\t\n\t\t>\n<div class=\"siteorigin-widget-tinymce textwidget\">\n\t<h4 style=\"text-align: left;\">Master class avec Piero P\u00e9pin<\/h4>\n<div class=\"siteorigin-widget-tinymce textwidget\">\n<p style=\"text-align: left;\"><strong>f\u00e9vrier 2015 <\/strong>- \u00e9cole de musique de St-Girons (09)<br \/>\nAutour du concert de l\u2019Ensemble of Elsewhere \u00e0 Saint-Girons, le musicien trompettiste Piero Pepin, a rencontr\u00e9 les \u00e9l\u00e8ves de l\u2019\u00e9cole de musique de St-Girons les 12 et 13 f\u00e9vrier 2015. Cette rencontre a pris forme autour de la pratique de la trompette entre \u00e9change et exp\u00e9rimentation.<\/p>\n<\/div>\n<\/div>\n<\/div><\/div><div id=\"panel-325-1-1-8\" class=\"so-panel widget widget_sow-headline\" data-index=\"12\" ><div\n\t\t\t\n\t\t\tclass=\"so-widget-sow-headline so-widget-sow-headline-default-7f3fc6d4cfe0-1076\"\n\t\t\t\n\t\t><div class=\"sow-headline-container \">\n\t\t\t\t\t\t<div class=\"decoration\">\n\t\t\t\t\t\t<div class=\"decoration-inside\"><\/div>\n\t\t\t\t\t<\/div>\n\t\t\t\t\t<\/div>\n<\/div><\/div><div id=\"panel-325-1-1-9\" class=\"so-panel widget widget_sow-editor panel-last-child\" data-index=\"13\" ><div\n\t\t\t\n\t\t\tclass=\"so-widget-sow-editor so-widget-sow-editor-base\"\n\t\t\t\n\t\t>\n<div class=\"siteorigin-widget-tinymce textwidget\">\n\t<h4 style=\"text-align: left;\">Master class avec Famoudou Don Moye<\/h4>\n<div class=\"siteorigin-widget-tinymce textwidget\">\n<p style=\"text-align: left;\"><strong>d\u00e9cembre 2014<\/strong> - La Fabrique, Toulouse (31)<br \/>\nDans le cadre d'un concert de l'Ensemble of Elsewhere, une master class avec le percussionniste Famoudou Don Moye \u00e0 \u00e9t\u00e9 organis\u00e9 pour les \u00e9tudiants en musicologie de l\u2019universit\u00e9 Jean Jaur\u00e8s du 15 au 17 d\u00e9cembre 2014. Durant 3 jours, les \u00e9tudiants travaillent sur une cr\u00e9ation en collaboration avec le musicien pour r\u00e9aliser une performance le 18 d\u00e9cembre dans la salle de la Fabrique.<\/p>\n<\/div>\n<\/div>\n<\/div><\/div><\/div><\/div><\/div>","protected":false},"excerpt":{"rendered":"<p>Master class et ateliers Ponctuellement, des ateliers ou des master-class sont organis\u00e9s, en lien avec l&#8217;actualit\u00e9 des projets du collectif, \u00e0 destination de musiciens amateurs, d&#8217;\u00e9tudiants en \u00e9cole de musique&#8230; Et aussi Workshop avec les \u00e9tudiants du conservatoire d&#8217;Albi septembre 2016 &#8211; Cap D\u00e9couverte, Carmaux (81) avec NNNR Masterclass &#8211; L\u2019appropriation ou comment improviser la&hellip;<\/p>\n<p><a class=\"more-link\" href=\"https:\/\/freddymorezon.org\/en\/action-culturelle\/action-culturellemaster-class\/\" title=\"Continue reading &lsquo;Master class et ateliers \n\n<p>musiciens amateurs<\/p>\n<p>&rsquo;&#8221;>Continue reading <span class=\"meta-nav\">&rarr;<\/span><\/a><\/p>\n","protected":false},"author":2,"featured_media":327,"parent":136,"menu_order":17,"comment_status":"closed","ping_status":"closed","template":"page-templates\/full-width.php","meta":{"om_disable_all_campaigns":false,"_monsterinsights_skip_tracking":false,"_monsterinsights_sitenote_active":false,"_monsterinsights_sitenote_note":"","_monsterinsights_sitenote_category":0,"_uf_show_specific_survey":0,"_uf_disable_surveys":false,"footnotes":""},"categories":[1184,1175],"tags":[],"class_list":["post-325","page","type-page","status-publish","has-post-thumbnail","hentry","category-page-actions-culturelles","category-page-diffusion-hors-les-murs"],"aioseo_notices":[],"yoast_head":"<!-- This site is optimized with the Yoast SEO plugin v27.4 - https:\/\/yoast.com\/product\/yoast-seo-wordpress\/ -->\n<title>Master class et ateliers musiciens amateurs | Action culturelle | Freddy Morezon<\/title>\n<meta name=\"robots\" content=\"index, follow, max-snippet:-1, max-image-preview:large, max-video-preview:-1\" \/>\n<link rel=\"canonical\" href=\"https:\/\/freddymorezon.org\/action-culturelle\/action-culturellemaster-class\/\" \/>\n<meta property=\"og:locale\" content=\"en_US\" \/>\n<meta property=\"og:type\" content=\"article\" \/>\n<meta property=\"og:title\" content=\"Master class et ateliers musiciens amateurs | Action culturelle | Freddy Morezon\" \/>\n<meta property=\"og:description\" content=\"Master class et ateliers Ponctuellement, des ateliers ou des master-class sont organis\u00e9s, en lien avec l&#039;actualit\u00e9 des projets du collectif, \u00e0 destination de musiciens amateurs, d&#039;\u00e9tudiants en \u00e9cole de musique... Et aussi Workshop avec les \u00e9tudiants du conservatoire d&#039;Albi septembre 2016 - Cap D\u00e9couverte, Carmaux (81) avec NNNR Masterclass - L\u2019appropriation ou comment improviser la&hellip;Continue reading &rarr;\" \/>\n<meta property=\"og:url\" content=\"https:\/\/freddymorezon.org\/action-culturelle\/action-culturellemaster-class\/\" \/>\n<meta property=\"og:site_name\" content=\"Freddy Morezon\" \/>\n<meta property=\"article:publisher\" content=\"https:\/\/www.facebook.com\/freddy.morezon\/\" \/>\n<meta property=\"article:modified_time\" content=\"2023-11-27T17:57:30+00:00\" \/>\n<meta property=\"og:image\" content=\"https:\/\/freddymorezon.org\/wp-content\/uploads\/2016\/02\/IMG_5711-1240x800.jpg\" \/>\n\t<meta property=\"og:image:width\" content=\"1240\" \/>\n\t<meta property=\"og:image:height\" content=\"800\" \/>\n\t<meta property=\"og:image:type\" content=\"image\/jpeg\" \/>\n<meta name=\"twitter:card\" content=\"summary_large_image\" \/>\n<script type=\"application\/ld+json\" class=\"yoast-schema-graph\">{\"@context\":\"https:\\\/\\\/schema.org\",\"@graph\":[{\"@type\":\"WebPage\",\"@id\":\"https:\\\/\\\/freddymorezon.org\\\/action-culturelle\\\/action-culturellemaster-class\\\/\",\"url\":\"https:\\\/\\\/freddymorezon.org\\\/action-culturelle\\\/action-culturellemaster-class\\\/\",\"name\":\"Master class et ateliers musiciens amateurs | Action culturelle | Freddy Morezon\",\"isPartOf\":{\"@id\":\"https:\\\/\\\/freddymorezon.org\\\/#website\"},\"primaryImageOfPage\":{\"@id\":\"https:\\\/\\\/freddymorezon.org\\\/action-culturelle\\\/action-culturellemaster-class\\\/#primaryimage\"},\"image\":{\"@id\":\"https:\\\/\\\/freddymorezon.org\\\/action-culturelle\\\/action-culturellemaster-class\\\/#primaryimage\"},\"thumbnailUrl\":\"https:\\\/\\\/freddymorezon.org\\\/wp-content\\\/uploads\\\/2016\\\/02\\\/IMG_5711.jpg\",\"datePublished\":\"2016-02-07T15:05:47+00:00\",\"dateModified\":\"2023-11-27T17:57:30+00:00\",\"breadcrumb\":{\"@id\":\"https:\\\/\\\/freddymorezon.org\\\/action-culturelle\\\/action-culturellemaster-class\\\/#breadcrumb\"},\"inLanguage\":\"en-US\",\"potentialAction\":[{\"@type\":\"ReadAction\",\"target\":[\"https:\\\/\\\/freddymorezon.org\\\/action-culturelle\\\/action-culturellemaster-class\\\/\"]}]},{\"@type\":\"ImageObject\",\"inLanguage\":\"en-US\",\"@id\":\"https:\\\/\\\/freddymorezon.org\\\/action-culturelle\\\/action-culturellemaster-class\\\/#primaryimage\",\"url\":\"https:\\\/\\\/freddymorezon.org\\\/wp-content\\\/uploads\\\/2016\\\/02\\\/IMG_5711.jpg\",\"contentUrl\":\"https:\\\/\\\/freddymorezon.org\\\/wp-content\\\/uploads\\\/2016\\\/02\\\/IMG_5711.jpg\",\"width\":5485,\"height\":2698,\"caption\":\"Ensemble of Elsewhere\"},{\"@type\":\"BreadcrumbList\",\"@id\":\"https:\\\/\\\/freddymorezon.org\\\/action-culturelle\\\/action-culturellemaster-class\\\/#breadcrumb\",\"itemListElement\":[{\"@type\":\"ListItem\",\"position\":1,\"name\":\"Accueil\",\"item\":\"https:\\\/\\\/freddymorezon.org\\\/\"},{\"@type\":\"ListItem\",\"position\":2,\"name\":\"Action culturelle\",\"item\":\"https:\\\/\\\/freddymorezon.org\\\/action-culturelle\\\/\"},{\"@type\":\"ListItem\",\"position\":3,\"name\":\"Master class et ateliers musiciens amateurs\"}]},{\"@type\":\"WebSite\",\"@id\":\"https:\\\/\\\/freddymorezon.org\\\/#website\",\"url\":\"https:\\\/\\\/freddymorezon.org\\\/\",\"name\":\"Freddy Morezon\",\"description\":\"jazz - musique improvis\u00e9e - esth\u00e9tiques plurielles\",\"publisher\":{\"@id\":\"https:\\\/\\\/freddymorezon.org\\\/#organization\"},\"potentialAction\":[{\"@type\":\"SearchAction\",\"target\":{\"@type\":\"EntryPoint\",\"urlTemplate\":\"https:\\\/\\\/freddymorezon.org\\\/?s={search_term_string}\"},\"query-input\":{\"@type\":\"PropertyValueSpecification\",\"valueRequired\":true,\"valueName\":\"search_term_string\"}}],\"inLanguage\":\"en-US\"},{\"@type\":\"Organization\",\"@id\":\"https:\\\/\\\/freddymorezon.org\\\/#organization\",\"name\":\"Association Freddy Morezon\",\"url\":\"https:\\\/\\\/freddymorezon.org\\\/\",\"logo\":{\"@type\":\"ImageObject\",\"inLanguage\":\"en-US\",\"@id\":\"https:\\\/\\\/freddymorezon.org\\\/#\\\/schema\\\/logo\\\/image\\\/\",\"url\":\"https:\\\/\\\/freddymorezon.org\\\/wp-content\\\/uploads\\\/2016\\\/02\\\/mini-logo-header-site2.jpg\",\"contentUrl\":\"https:\\\/\\\/freddymorezon.org\\\/wp-content\\\/uploads\\\/2016\\\/02\\\/mini-logo-header-site2.jpg\",\"width\":234,\"height\":174,\"caption\":\"Association Freddy Morezon\"},\"image\":{\"@id\":\"https:\\\/\\\/freddymorezon.org\\\/#\\\/schema\\\/logo\\\/image\\\/\"},\"sameAs\":[\"https:\\\/\\\/www.facebook.com\\\/freddy.morezon\\\/\",\"https:\\\/\\\/www.instagram.com\\\/freddymorezon\\\/\",\"https:\\\/\\\/www.youtube.com\\\/user\\\/freddymorezon\",\"https:\\\/\\\/fr.linkedin.com\\\/company\\\/freddy-morezon-p.r.o.d.\"]}]}<\/script>\n<!-- \/ Yoast SEO plugin. -->","yoast_head_json":{"title":"Master class et ateliers musiciens amateurs | Action culturelle | Freddy Morezon","robots":{"index":"index","follow":"follow","max-snippet":"max-snippet:-1","max-image-preview":"max-image-preview:large","max-video-preview":"max-video-preview:-1"},"canonical":"https:\/\/freddymorezon.org\/action-culturelle\/action-culturellemaster-class\/","og_locale":"en_US","og_type":"article","og_title":"Master class et ateliers musiciens amateurs | Action culturelle | Freddy Morezon","og_description":"Master class et ateliers Ponctuellement, des ateliers ou des master-class sont organis\u00e9s, en lien avec l'actualit\u00e9 des projets du collectif, \u00e0 destination de musiciens amateurs, d'\u00e9tudiants en \u00e9cole de musique... Et aussi Workshop avec les \u00e9tudiants du conservatoire d'Albi septembre 2016 - Cap D\u00e9couverte, Carmaux (81) avec NNNR Masterclass - L\u2019appropriation ou comment improviser la&hellip;Continue reading &rarr;","og_url":"https:\/\/freddymorezon.org\/action-culturelle\/action-culturellemaster-class\/","og_site_name":"Freddy Morezon","article_publisher":"https:\/\/www.facebook.com\/freddy.morezon\/","article_modified_time":"2023-11-27T17:57:30+00:00","og_image":[{"width":1240,"height":800,"url":"https:\/\/freddymorezon.org\/wp-content\/uploads\/2016\/02\/IMG_5711-1240x800.jpg","type":"image\/jpeg"}],"twitter_card":"summary_large_image","schema":{"@context":"https:\/\/schema.org","@graph":[{"@type":"WebPage","@id":"https:\/\/freddymorezon.org\/action-culturelle\/action-culturellemaster-class\/","url":"https:\/\/freddymorezon.org\/action-culturelle\/action-culturellemaster-class\/","name":"Master class et ateliers musiciens amateurs | Action culturelle | Freddy Morezon","isPartOf":{"@id":"https:\/\/freddymorezon.org\/#website"},"primaryImageOfPage":{"@id":"https:\/\/freddymorezon.org\/action-culturelle\/action-culturellemaster-class\/#primaryimage"},"image":{"@id":"https:\/\/freddymorezon.org\/action-culturelle\/action-culturellemaster-class\/#primaryimage"},"thumbnailUrl":"https:\/\/freddymorezon.org\/wp-content\/uploads\/2016\/02\/IMG_5711.jpg","datePublished":"2016-02-07T15:05:47+00:00","dateModified":"2023-11-27T17:57:30+00:00","breadcrumb":{"@id":"https:\/\/freddymorezon.org\/action-culturelle\/action-culturellemaster-class\/#breadcrumb"},"inLanguage":"en-US","potentialAction":[{"@type":"ReadAction","target":["https:\/\/freddymorezon.org\/action-culturelle\/action-culturellemaster-class\/"]}]},{"@type":"ImageObject","inLanguage":"en-US","@id":"https:\/\/freddymorezon.org\/action-culturelle\/action-culturellemaster-class\/#primaryimage","url":"https:\/\/freddymorezon.org\/wp-content\/uploads\/2016\/02\/IMG_5711.jpg","contentUrl":"https:\/\/freddymorezon.org\/wp-content\/uploads\/2016\/02\/IMG_5711.jpg","width":5485,"height":2698,"caption":"Ensemble of Elsewhere"},{"@type":"BreadcrumbList","@id":"https:\/\/freddymorezon.org\/action-culturelle\/action-culturellemaster-class\/#breadcrumb","itemListElement":[{"@type":"ListItem","position":1,"name":"Accueil","item":"https:\/\/freddymorezon.org\/"},{"@type":"ListItem","position":2,"name":"Action culturelle","item":"https:\/\/freddymorezon.org\/action-culturelle\/"},{"@type":"ListItem","position":3,"name":"Master class et ateliers musiciens amateurs"}]},{"@type":"WebSite","@id":"https:\/\/freddymorezon.org\/#website","url":"https:\/\/freddymorezon.org\/","name":"Freddy Morezon","description":"jazz - musique improvis\u00e9e - esth\u00e9tiques plurielles","publisher":{"@id":"https:\/\/freddymorezon.org\/#organization"},"potentialAction":[{"@type":"SearchAction","target":{"@type":"EntryPoint","urlTemplate":"https:\/\/freddymorezon.org\/?s={search_term_string}"},"query-input":{"@type":"PropertyValueSpecification","valueRequired":true,"valueName":"search_term_string"}}],"inLanguage":"en-US"},{"@type":"Organization","@id":"https:\/\/freddymorezon.org\/#organization","name":"Association Freddy Morezon","url":"https:\/\/freddymorezon.org\/","logo":{"@type":"ImageObject","inLanguage":"en-US","@id":"https:\/\/freddymorezon.org\/#\/schema\/logo\/image\/","url":"https:\/\/freddymorezon.org\/wp-content\/uploads\/2016\/02\/mini-logo-header-site2.jpg","contentUrl":"https:\/\/freddymorezon.org\/wp-content\/uploads\/2016\/02\/mini-logo-header-site2.jpg","width":234,"height":174,"caption":"Association Freddy Morezon"},"image":{"@id":"https:\/\/freddymorezon.org\/#\/schema\/logo\/image\/"},"sameAs":["https:\/\/www.facebook.com\/freddy.morezon\/","https:\/\/www.instagram.com\/freddymorezon\/","https:\/\/www.youtube.com\/user\/freddymorezon","https:\/\/fr.linkedin.com\/company\/freddy-morezon-p.r.o.d."]}]}},"_links":{"self":[{"href":"https:\/\/freddymorezon.org\/en\/wp-json\/wp\/v2\/pages\/325","targetHints":{"allow":["GET"]}}],"collection":[{"href":"https:\/\/freddymorezon.org\/en\/wp-json\/wp\/v2\/pages"}],"about":[{"href":"https:\/\/freddymorezon.org\/en\/wp-json\/wp\/v2\/types\/page"}],"author":[{"embeddable":true,"href":"https:\/\/freddymorezon.org\/en\/wp-json\/wp\/v2\/users\/2"}],"replies":[{"embeddable":true,"href":"https:\/\/freddymorezon.org\/en\/wp-json\/wp\/v2\/comments?post=325"}],"version-history":[{"count":36,"href":"https:\/\/freddymorezon.org\/en\/wp-json\/wp\/v2\/pages\/325\/revisions"}],"predecessor-version":[{"id":18400,"href":"https:\/\/freddymorezon.org\/en\/wp-json\/wp\/v2\/pages\/325\/revisions\/18400"}],"up":[{"embeddable":true,"href":"https:\/\/freddymorezon.org\/en\/wp-json\/wp\/v2\/pages\/136"}],"wp:featuredmedia":[{"embeddable":true,"href":"https:\/\/freddymorezon.org\/en\/wp-json\/wp\/v2\/media\/327"}],"wp:attachment":[{"href":"https:\/\/freddymorezon.org\/en\/wp-json\/wp\/v2\/media?parent=325"}],"wp:term":[{"taxonomy":"category","embeddable":true,"href":"https:\/\/freddymorezon.org\/en\/wp-json\/wp\/v2\/categories?post=325"},{"taxonomy":"post_tag","embeddable":true,"href":"https:\/\/freddymorezon.org\/en\/wp-json\/wp\/v2\/tags?post=325"}],"curies":[{"name":"wp","href":"https:\/\/api.w.org\/{rel}","templated":true}]}}