
{"id":397,"date":"2016-02-15T15:18:58","date_gmt":"2016-02-15T14:18:58","guid":{"rendered":"https:\/\/freddymorezon.org\/?page_id=397"},"modified":"2023-04-13T11:56:47","modified_gmt":"2023-04-13T10:56:47","slug":"nicolas-lafourest","status":"publish","type":"page","link":"https:\/\/freddymorezon.org\/en\/nicolas-lafourest\/","title":{"rendered":"Nicolas Lafourest"},"content":{"rendered":"<div id=\"pl-397\"  class=\"panel-layout\" ><div id=\"pg-397-0\"  class=\"panel-grid panel-no-style\" ><div id=\"pgc-397-0-0\"  class=\"panel-grid-cell\" ><div id=\"panel-397-0-0-0\" class=\"so-panel widget widget_sow-editor panel-first-child panel-last-child\" data-index=\"0\" ><div\n\t\t\t\n\t\t\tclass=\"so-widget-sow-editor so-widget-sow-editor-base\"\n\t\t\t\n\t\t>\n<div class=\"siteorigin-widget-tinymce textwidget\">\n\t<h1>Nicolas Lafourest<\/h1>\n<\/div>\n<\/div><\/div><\/div><\/div><div id=\"pg-397-1\"  class=\"panel-grid panel-no-style\" ><div id=\"pgc-397-1-0\"  class=\"panel-grid-cell\" ><div id=\"panel-397-1-0-0\" class=\"so-panel widget widget_sow-image panel-first-child\" data-index=\"1\" ><div\n\t\t\t\n\t\t\tclass=\"so-widget-sow-image so-widget-sow-image-default-8b5b6f678277-397\"\n\t\t\t\n\t\t>\n<div class=\"sow-image-container\">\n\t\t<img \n\tsrc=\"https:\/\/freddymorezon.org\/wp-content\/uploads\/2016\/02\/P1450412-560x800.jpg\" width=\"560\" height=\"800\" sizes=\"(max-width: 560px) 100vw, 560px\" title=\"Nicolas Lafourest\" alt=\"\" \t\tclass=\"so-widget-image\"\/>\n\t<\/div>\n\n<\/div><\/div><div id=\"panel-397-1-0-1\" class=\"so-panel widget widget_sow-editor panel-last-child\" data-index=\"2\" ><div\n\t\t\t\n\t\t\tclass=\"so-widget-sow-editor so-widget-sow-editor-base\"\n\t\t\t\n\t\t>\n<div class=\"siteorigin-widget-tinymce textwidget\">\n\t<p class=\"copyright\" style=\"text-align: right;\">\u00a9 Cyril Moya<\/p>\n<h3>Chez Freddy Morezon<\/h3>\n<ul>\n<li><i class=\"fa fa-chevron-right fa-2x\"><\/i> <a href=\"https:\/\/freddymorezon.org\/projets\/foret\/\">For\u00eat<\/a><\/li>\n<li><i class=\"fa fa-chevron-right fa-2x\"><\/i> <a href=\"https:\/\/freddymorezon.org\/projets\/choc-gazl\/\" target=\"_blank\" rel=\"noopener noreferrer\">Choc Gazl<\/a> - avec Lila Fraysse<\/li>\n<li><i class=\"fa fa-chevron-right fa-2x\"><\/i> <a href=\"https:\/\/freddymorezon.org\/projets\/granit-lip\/\">Granit Lip<\/a> - avec Marc D\u00e9mereau<\/li>\n<li><i class=\"fa fa-chevron-right fa-2x\"><\/i> <a title=\"There is no was - avec Karine Pain\" href=\"https:\/\/freddymorezon.org\/projets\/there-is-no-was\/\">There is no was<\/a> - avec Karine Pain<\/li>\n<li><i class=\"fa fa-chevron-right\"><\/i> <a href=\"https:\/\/freddymorezon.org\/projets\/xibipiio\/\">Xibip\u00ed\u00edo - avec Betty Hovette<\/a><\/li>\n<li><i class=\"fa fa-chevron-right fa-2x\"><\/i> <a href=\"https:\/\/freddymorezon.org\/projets\/cannibales-vahines\/\">Cannibales &amp; Vahin\u00e9s<\/a><\/li>\n<li><i class=\"fa fa-chevron-right fa-2x\"><\/i> <a href=\"https:\/\/freddymorezon.org\/projets\/ostaar-klake\/\">Ostaar Klak\u00e9<\/a><\/li>\n<\/ul>\n<ul>\n<li><i class=\"fa fa-chevron-right fa-2x\"><\/i> Label Mr Morezon : For\u00eat - <a href=\"https:\/\/freddymorezon.org\/label\/ma-walki\/\">album \"Ma Walki\"<\/a><\/li>\n<\/ul>\n<h3>Et aussi<\/h3>\n<ul>\n<li><i class=\"fa fa-chevron-right fa-2x\"><\/i> <a href=\"https:\/\/gwsok.bandcamp.com\/album\/the-and\" target=\"_blank\" rel=\"noopener noreferrer\">The And<\/a> - duo guitar\/poetry avec G.W. Sok<\/li>\n<li><i class=\"fa fa-chevron-right fa-2x\"><\/i> <a href=\"http:\/\/booking.kshantu.com\/artistes\/coddiwomple\/\" target=\"_blank\" rel=\"noopener noreferrer\">Coddiwomple<\/a> - trio guitar(s)\/poetry avec G.W. SOK et Olivier Mellano<\/li>\n<li><i class=\"fa fa-chevron-right fa-2x\"><\/i> <a href=\"http:\/\/www.cppc.fr\/wp\/spectacle\/chunky-charcoal\/\" target=\"_blank\" rel=\"noopener noreferrer\">Chunky Charcoal<\/a> - avec S\u00e9bastien Barrier et Beno\u00eet Bonnemaison-Fitte<\/li>\n<li><i class=\"fa fa-chevron-right fa-2x\"><\/i> <a href=\"http:\/\/www.cppc.fr\/wp\/spectacle\/gus-creation-1718\/\" target=\"_blank\" rel=\"noopener noreferrer\">Gus<\/a> - avec S\u00e9bastien Barrier<\/li>\n<li><i class=\"fa fa-chevron-right fa-2x\"><\/i> <a href=\"https:\/\/freddymorezon.org\/projets\/ostaar-klake\/\">Ostaar Klak\u00e9<\/a><\/li>\n<li><i class=\"fa fa-chevron-right fa-2x\"><\/i> <a href=\"https:\/\/barodevel.com\/la-cachette\/\" target=\"_blank\" rel=\"noopener noreferrer\">La Cachette<\/a> (Cie Baro d'evel)<\/li>\n<li><i class=\"fa fa-chevron-right fa-2x\"><\/i> <a href=\"https:\/\/a-parte.fr\/artist\/duomarcnicolas-pro\/#1525684263815-e5d08bf1-deb2\" target=\"_blank\" rel=\"noopener noreferrer\">Duo avec le guitariste Marc Sens<\/a><\/li>\n<\/ul>\n<\/div>\n<\/div><\/div><\/div><div id=\"pgc-397-1-1\"  class=\"panel-grid-cell\" ><div id=\"panel-397-1-1-0\" class=\"so-panel widget widget_sow-editor panel-first-child panel-last-child\" data-index=\"3\" ><div\n\t\t\t\n\t\t\tclass=\"so-widget-sow-editor so-widget-sow-editor-base\"\n\t\t\t\n\t\t>\n<div class=\"siteorigin-widget-tinymce textwidget\">\n\t<p>Guitariste autodidacte, Nicolas Lafourest est un musicien \u00e0 la pratique instrumentale singuli\u00e8re et instinctive, \u00e0 l\u2019\u00e9nergie brute, \u00e2pre et impulsive. Un mode de jeu intime et direct o\u00f9 les intentions oscillent entre atmosph\u00e8res sentimentales, d\u00e9constructions exp\u00e9rimentales et rengaines bris\u00e9es, distordues. Une musique aux motifs r\u00e9p\u00e9titifs, bruitistes, m\u00e9lodiques m\u00ealant sans cesse tension et fragilit\u00e9, douceur et rugosit\u00e9.<\/p>\n<p>Nicolas Lafourest joue actuellement dans <strong>Coddiwomple<\/strong> <em>(G.W. Sok, O.Mellano)<\/em>,<strong> Choc Gazl<\/strong> <em>(avec Lila Fraysse)<\/em>, <strong>Granit Lip<\/strong> <em>(avec Marc D\u00e9mereau)<\/em>, <strong>Xibip\u00ed\u00edo<\/strong> <em>(avec Betty Hovette)<\/em> en solo <strong>For\u00eat<\/strong>, <strong>The And<\/strong>, <strong>Cannibales & Vahin\u00e9s<\/strong> et <strong>La Cachette<\/strong> <em>(avec la compagnie Baro d\u2019evel)<\/em>...<\/p>\n<p>Son album solo <em><strong>\u201cFaulkner Songs\u201d<\/strong><\/em> est sorti en f\u00e9vrier 2021 chez Mr Morezon.<\/p>\n<\/div>\n<\/div><\/div><\/div><div id=\"pgc-397-1-2\"  class=\"panel-grid-cell\" ><div id=\"panel-397-1-2-0\" class=\"so-panel widget widget_eo_event_list_widget EO_Event_List_Widget panel-first-child panel-last-child\" data-index=\"4\" >\n\n\t<h3 class=\"widget-title evenements\">Tour<\/h3>\n\t<ul  class=\"eo-events eo-events-widget\" > \n\n\t\t\n\t\t\t\t\t\t\n\t\t\t<li class=\"eo-event-venue-cafe-la-patte-doie eo-event-cat-agenda eo-event-cat-boucs eo-event-cat-mathieu-sourisseau eo-event-cat-nicolas-lafourest eo-event-future eo-all-day\" >\n\t\t\t\n\t\t\n\t\t\t\n\t\t\n\t\t\t\t<div class=\"date\"> \n\t\t\t\t <div class=\"jour\">26<\/div> <div class=\"mois\">Apr<\/div><\/div>\t\t\t\n\t\t\t\t\t\n\t\t\t\t\t\t\t\t\t\t\n\t\t\t\t\t\n\t\t\t\t <div class=\"contenu-date\">\n\t\t\t\t\n\t\t\t\t<h4 class=\"titre\">BOUCS ! - <\/h4> \n\t\t\t\t<div class=\"detail\">\n\t\t\t\t<span class=\"lieu\">Caf\u00e9 La Patte d'Oie, Douarnenez<\/span><!-- \/.lieu --><div class=\"jour\">26<\/div> <div class=\"mois\">Apr<\/div><\/div>\t\t\t\t\n\t\t\t\t\n\t\t\t\t\n\t\t\t\t<span class=\"extrait\"> - <p><a href=\"https:\/\/freddymorezon.org\/productions\/boucs\/\" title=\"+ d'infos\" alt=\"+ d'infos\"><i class=\"fa fa-plus-square\"><\/i><\/a><a href=\"https:\/\/lapattedoie.weebly.com\/\" target=\"_blank\" title=\"+ d'infos\" alt=\"+ d'infos\"><i class=\"fa fa-plus-square\"><\/i><\/a><\/p>\n<\/span><!-- \/.extrait -->\t\t\t\t\n\t\t\t\t\t\t\t\t&nbsp;<span class=\"meta\"><ul class='post-meta'>\n<li><span class='post-meta-key'>om_disable_all_campaigns:<\/span> <\/li>\n<\/ul>\n<\/span><!-- \/.meta -->\n\t\t\t\t<\/div> <!-- \/.detail -->\n\t\t\t\t\n\t\t\t\t\n\t\t\t\t\n\t\t\t\t\n\t\t\t\t\n\t\t\t\t\n\t\t\t\t\n\t\t\t\t\n\t\t\t\t\n\t\t\t\t\n\t\t<!--\t<div class=\"meta-projet-associe-a-l-actu\"><\/div> -->\n\t\t\t\t  \n\t\t\t\t  <div class=\"mois-titre\">\t\t\t\t<!-- \/.mois-titre -->\n\t\t\t\t\n\t\t\t\t   \n\t\t\t\t <\/div><!-- \/.contenu-date -->\n\t\t\t<\/li>\n\n\t\t\n\t\t\t\t\t\t\n\t\t\t<li class=\"eo-event-venue-festival-moins-les-murs-la-crypte eo-event-cat-agenda eo-event-cat-nicolas-lafourest eo-event-future eo-all-day\" >\n\t\t\t\n\t\t\n\t\t\t\n\t\t\n\t\t\t\t<div class=\"date\"> \n\t\t\t\t <div class=\"jour\">15<\/div> <div class=\"mois\">May<\/div><\/div>\t\t\t\n\t\t\t\t\t\n\t\t\t\t\t\t\t\t\t\t\n\t\t\t\t\t\n\t\t\t\t <div class=\"contenu-date\">\n\t\t\t\t\n\t\t\t\t<h4 class=\"titre\">Nicolas Lafourest x Fanny Garin - <\/h4> \n\t\t\t\t<div class=\"detail\">\n\t\t\t\t<span class=\"lieu\">Festival Moins les Murs \/\/ La Crypte, Hagetmau<\/span><!-- \/.lieu --><div class=\"jour\">15<\/div> <div class=\"mois\">May<\/div><\/div>\t\t\t\t\n\t\t\t\t\n\t\t\t\t\n\t\t\t\t<span class=\"extrait\"> - <p><a href=\"https:\/\/freddymorezon.org\/artistes\/nicolas-lafourest\/\" title=\"+ d'infos\" alt=\"+ d'infos\"><i class=\"fa fa-plus-square\"><\/i><\/a><a href=\"https:\/\/www.editionsdelacrypte.fr\/festival-moins-les-murs\/\" target=\"_blank\" title=\"+ d'infos\" alt=\"+ d'infos\"><i class=\"fa fa-plus-square\"><\/i><\/a><\/p>\n<\/span><!-- \/.extrait -->\t\t\t\t\n\t\t\t\t\t\t\t\t&nbsp;<span class=\"meta\"><ul class='post-meta'>\n<li><span class='post-meta-key'>om_disable_all_campaigns:<\/span> <\/li>\n<\/ul>\n<\/span><!-- \/.meta -->\n\t\t\t\t<\/div> <!-- \/.detail -->\n\t\t\t\t\n\t\t\t\t\n\t\t\t\t\n\t\t\t\t\n\t\t\t\t\n\t\t\t\t\n\t\t\t\t\n\t\t\t\t\n\t\t\t\t\n\t\t\t\t\n\t\t<!--\t<div class=\"meta-projet-associe-a-l-actu\"><\/div> -->\n\t\t\t\t  \n\t\t\t\t  <div class=\"mois-titre\">\t\t\t\t<!-- \/.mois-titre -->\n\t\t\t\t\n\t\t\t\t   \n\t\t\t\t <\/div><!-- \/.contenu-date -->\n\t\t\t<\/li>\n\n\t\t\n\t\t\t\t\t\t\n\t\t\t<li class=\"eo-event-venue-festival-moins-les-murs-la-crypte eo-event-cat-agenda eo-event-cat-nicolas-lafourest eo-event-future eo-all-day\" >\n\t\t\t\n\t\t\n\t\t\t\n\t\t\n\t\t\t\t<div class=\"date\"> \n\t\t\t\t <div class=\"jour\">16<\/div> <div class=\"mois\">May<\/div><\/div>\t\t\t\n\t\t\t\t\t\n\t\t\t\t\t\t\t\t\t\t\n\t\t\t\t\t\n\t\t\t\t <div class=\"contenu-date\">\n\t\t\t\t\n\t\t\t\t<h4 class=\"titre\">Nicolas Lafourest solo - <\/h4> \n\t\t\t\t<div class=\"detail\">\n\t\t\t\t<span class=\"lieu\">Festival Moins les Murs \/\/ La Crypte, Hagetmau<\/span><!-- \/.lieu --><div class=\"jour\">16<\/div> <div class=\"mois\">May<\/div><\/div>\t\t\t\t\n\t\t\t\t\n\t\t\t\t\n\t\t\t\t<span class=\"extrait\"> - <p><a href=\"https:\/\/freddymorezon.org\/artistes\/nicolas-lafourest\/\" title=\"+ d'infos\" alt=\"+ d'infos\"><i class=\"fa fa-plus-square\"><\/i><\/a><a href=\"https:\/\/www.editionsdelacrypte.fr\/festival-moins-les-murs\/\" target=\"_blank\" title=\"+ d'infos\" alt=\"+ d'infos\"><i class=\"fa fa-plus-square\"><\/i><\/a><\/p>\n<\/span><!-- \/.extrait -->\t\t\t\t\n\t\t\t\t\t\t\t\t&nbsp;<span class=\"meta\"><ul class='post-meta'>\n<li><span class='post-meta-key'>om_disable_all_campaigns:<\/span> <\/li>\n<\/ul>\n<\/span><!-- \/.meta -->\n\t\t\t\t<\/div> <!-- \/.detail -->\n\t\t\t\t\n\t\t\t\t\n\t\t\t\t\n\t\t\t\t\n\t\t\t\t\n\t\t\t\t\n\t\t\t\t\n\t\t\t\t\n\t\t\t\t\n\t\t\t\t\n\t\t<!--\t<div class=\"meta-projet-associe-a-l-actu\"><\/div> -->\n\t\t\t\t  \n\t\t\t\t  <div class=\"mois-titre\">\t\t\t\t<!-- \/.mois-titre -->\n\t\t\t\t\n\t\t\t\t   \n\t\t\t\t <\/div><!-- \/.contenu-date -->\n\t\t\t<\/li>\n\n\t\t\n\t\t\t\t\t\t\n\t\t\t<li class=\"eo-event-venue-la-meson eo-event-cat-agenda eo-event-cat-boucs eo-event-cat-mathieu-sourisseau eo-event-cat-nicolas-lafourest eo-event-future\" >\n\t\t\t\n\t\t\n\t\t\t\n\t\t\n\t\t\t\t<div class=\"date\"> \n\t\t\t\t <div class=\"jour\">22<\/div> <div class=\"mois\">May<\/div><\/div>\t\t\t\n\t\t\t\t\t\n\t\t\t\t\t\t\t\t\t\t\n\t\t\t\t\t\n\t\t\t\t <div class=\"contenu-date\">\n\t\t\t\t\n\t\t\t\t<h4 class=\"titre\">BOUCS ! - <\/h4> \n\t\t\t\t<div class=\"detail\">\n\t\t\t\t<span class=\"lieu\">La Meson, Marseille<\/span><!-- \/.lieu --> - <span class=\"heure\">19h00<\/span>\t\t\t\t\n\t\t\t\t\n\t\t\t\t\n\t\t\t\t<span class=\"extrait\"> - <p><a href=\"https:\/\/freddymorezon.org\/productions\/boucs\/\" title=\"+ d'infos\" alt=\"+ d'infos\"><i class=\"fa fa-plus-square\"><\/i><\/a><a href=\" \" target=\"_blank\" title=\"+ d'infos\" alt=\"+ d'infos\"><i class=\"fa fa-plus-square\"><\/i><\/a><\/p>\n<\/span><!-- \/.extrait -->\t\t\t\t\n\t\t\t\t\t\t\t\t&nbsp;<span class=\"meta\"><ul class='post-meta'>\n<li><span class='post-meta-key'>om_disable_all_campaigns:<\/span> <\/li>\n<\/ul>\n<\/span><!-- \/.meta -->\n\t\t\t\t<\/div> <!-- \/.detail -->\n\t\t\t\t\n\t\t\t\t\n\t\t\t\t\n\t\t\t\t\n\t\t\t\t\n\t\t\t\t\n\t\t\t\t\n\t\t\t\t\n\t\t\t\t\n\t\t\t\t\n\t\t<!--\t<div class=\"meta-projet-associe-a-l-actu\"><\/div> -->\n\t\t\t\t  \n\t\t\t\t  <div class=\"mois-titre\">\t\t\t\t<!-- \/.mois-titre -->\n\t\t\t\t\n\t\t\t\t   \n\t\t\t\t <\/div><!-- \/.contenu-date -->\n\t\t\t<\/li>\n\n\t\t\n\t\t\t\t\t\t\n\t\t\t<li class=\"eo-event-venue-festival-aux-heures-dete eo-event-cat-agenda eo-event-cat-boucs eo-event-cat-mathieu-sourisseau eo-event-cat-nicolas-lafourest eo-event-future eo-all-day\" >\n\t\t\t\n\t\t\n\t\t\t\n\t\t\n\t\t\t\t<div class=\"date\"> \n\t\t\t\t <div class=\"jour\">23<\/div> <div class=\"mois\">Jul<\/div><\/div>\t\t\t\n\t\t\t\t\t\n\t\t\t\t\t\t\t\t\t\t\n\t\t\t\t\t\n\t\t\t\t <div class=\"contenu-date\">\n\t\t\t\t\n\t\t\t\t<h4 class=\"titre\">BOUCS ! - <\/h4> \n\t\t\t\t<div class=\"detail\">\n\t\t\t\t<span class=\"lieu\">Festival aux Heures d'\u00e9t\u00e9, Nantes<\/span><!-- \/.lieu --><div class=\"jour\">23<\/div> <div class=\"mois\">Jul<\/div><\/div>\t\t\t\t\n\t\t\t\t\n\t\t\t\t\n\t\t\t\t<span class=\"extrait\"> - <p><a href=\"https:\/\/freddymorezon.org\/productions\/boucs\/\" title=\"+ d'infos\" alt=\"+ d'infos\"><i class=\"fa fa-plus-square\"><\/i><\/a><a href=\"www.auxheuresete.com\" target=\"_blank\" title=\"+ d'infos\" alt=\"+ d'infos\"><i class=\"fa fa-plus-square\"><\/i><\/a><\/p>\n<\/span><!-- \/.extrait -->\t\t\t\t\n\t\t\t\t\t\t\t\t&nbsp;<span class=\"meta\"><ul class='post-meta'>\n<li><span class='post-meta-key'>om_disable_all_campaigns:<\/span> <\/li>\n<\/ul>\n<\/span><!-- \/.meta -->\n\t\t\t\t<\/div> <!-- \/.detail -->\n\t\t\t\t\n\t\t\t\t\n\t\t\t\t\n\t\t\t\t\n\t\t\t\t\n\t\t\t\t\n\t\t\t\t\n\t\t\t\t\n\t\t\t\t\n\t\t\t\t\n\t\t<!--\t<div class=\"meta-projet-associe-a-l-actu\"><\/div> -->\n\t\t\t\t  \n\t\t\t\t  <div class=\"mois-titre\">\t\t\t\t<!-- \/.mois-titre -->\n\t\t\t\t\n\t\t\t\t   \n\t\t\t\t <\/div><!-- \/.contenu-date -->\n\t\t\t<\/li>\n\n\t\t\n\t<\/ul>\n\n\n<\/div><\/div><\/div><\/div>","protected":false},"excerpt":{"rendered":"<p>Nicolas Lafourest \u00a9 Cyril Moya Chez Freddy Morezon For\u00eat Choc Gazl &#8211; avec Lila Fraysse Granit Lip &#8211; avec Marc D\u00e9mereau There is no was &#8211; avec Karine Pain Xibip\u00ed\u00edo &#8211; avec Betty Hovette Cannibales &amp; Vahin\u00e9s Ostaar Klak\u00e9 Label Mr Morezon : For\u00eat &#8211; album &#8220;Ma Walki&#8221; Et aussi The And &#8211; duo guitar\/poetry&hellip;<\/p>\n<p><a class=\"more-link\" href=\"https:\/\/freddymorezon.org\/en\/nicolas-lafourest\/\" title=\"Continue reading &lsquo;Nicolas Lafourest&rsquo;\">Continue reading <span class=\"meta-nav\">&rarr;<\/span><\/a><\/p>\n","protected":false},"author":1,"featured_media":6749,"parent":0,"menu_order":41,"comment_status":"closed","ping_status":"closed","template":"page-templates\/full-width.php","meta":{"om_disable_all_campaigns":false,"_monsterinsights_skip_tracking":false,"_monsterinsights_sitenote_active":false,"_monsterinsights_sitenote_note":"","_monsterinsights_sitenote_category":0,"_uf_show_specific_survey":0,"_uf_disable_surveys":false,"footnotes":""},"categories":[],"tags":[],"class_list":["post-397","page","type-page","status-publish","has-post-thumbnail","hentry"],"aioseo_notices":[],"yoast_head":"<!-- This site is optimized with the Yoast SEO plugin v27.4 - https:\/\/yoast.com\/product\/yoast-seo-wordpress\/ -->\n<title>Nicolas Lafourest | Freddy Morezon<\/title>\n<meta name=\"description\" content=\"Guitariste autodidacte, Nicolas Lafourest est un musicien \u00e0 la pratique instrumentale singuli\u00e8re et instinctive, \u00e0 l\u2019\u00e9nergie brute, \u00e2pre et impulsive. Un mode de jeu intime et direct o\u00f9 les intentions oscillent entre atmosph\u00e8res sentimentales, d\u00e9constructions exp\u00e9rimentales et rengaines no-wave. Une musique aux motifs r\u00e9p\u00e9titifs, bruitistes, m\u00e9lodiques m\u00ealant sans cesse tension et fragilit\u00e9, douceur et rugosit\u00e9. Il joue dans Cannibales &amp; Vahin\u00e9s, mais aussi dans \u00abThe And\u00bb avec G.W. Sok et dans Chunky Charcoal avec S\u00e9bastien Barrier et Beno\u00eet Bonnemaison Fitte. Par ailleurs, il intervient r\u00e9guli\u00e8rement en solo, dans le cadre de collaborations (musique, danse, th\u00e9\u00e2tre, ateliers...) ou seul dans son spectacle intimiste \u00abFor\u00eat\u00bb.\" \/>\n<meta name=\"robots\" content=\"index, follow, max-snippet:-1, max-image-preview:large, max-video-preview:-1\" \/>\n<link rel=\"canonical\" href=\"https:\/\/freddymorezon.org\/nicolas-lafourest\/\" \/>\n<meta property=\"og:locale\" content=\"en_US\" \/>\n<meta property=\"og:type\" content=\"article\" \/>\n<meta property=\"og:title\" content=\"Nicolas Lafourest | Freddy Morezon\" \/>\n<meta property=\"og:description\" content=\"Guitariste autodidacte, Nicolas Lafourest est un musicien \u00e0 la pratique instrumentale singuli\u00e8re et instinctive, \u00e0 l\u2019\u00e9nergie brute, \u00e2pre et impulsive. Un mode de jeu intime et direct o\u00f9 les intentions oscillent entre atmosph\u00e8res sentimentales, d\u00e9constructions exp\u00e9rimentales et rengaines no-wave. Une musique aux motifs r\u00e9p\u00e9titifs, bruitistes, m\u00e9lodiques m\u00ealant sans cesse tension et fragilit\u00e9, douceur et rugosit\u00e9. Il joue dans Cannibales &amp; Vahin\u00e9s, mais aussi dans \u00abThe And\u00bb avec G.W. Sok et dans Chunky Charcoal avec S\u00e9bastien Barrier et Beno\u00eet Bonnemaison Fitte. Par ailleurs, il intervient r\u00e9guli\u00e8rement en solo, dans le cadre de collaborations (musique, danse, th\u00e9\u00e2tre, ateliers...) ou seul dans son spectacle intimiste \u00abFor\u00eat\u00bb.\" \/>\n<meta property=\"og:url\" content=\"https:\/\/freddymorezon.org\/nicolas-lafourest\/\" \/>\n<meta property=\"og:site_name\" content=\"Freddy Morezon\" \/>\n<meta property=\"article:publisher\" content=\"https:\/\/www.facebook.com\/freddy.morezon\/\" \/>\n<meta property=\"article:modified_time\" content=\"2023-04-13T10:56:47+00:00\" \/>\n<meta property=\"og:image\" content=\"https:\/\/freddymorezon.org\/wp-content\/uploads\/2016\/02\/P1450412-1240x800.jpg\" \/>\n\t<meta property=\"og:image:width\" content=\"1240\" \/>\n\t<meta property=\"og:image:height\" content=\"800\" \/>\n\t<meta property=\"og:image:type\" content=\"image\/jpeg\" \/>\n<meta name=\"twitter:card\" content=\"summary_large_image\" \/>\n<script type=\"application\/ld+json\" class=\"yoast-schema-graph\">{\"@context\":\"https:\\\/\\\/schema.org\",\"@graph\":[{\"@type\":\"WebPage\",\"@id\":\"https:\\\/\\\/freddymorezon.org\\\/nicolas-lafourest\\\/\",\"url\":\"https:\\\/\\\/freddymorezon.org\\\/nicolas-lafourest\\\/\",\"name\":\"Nicolas Lafourest | Freddy Morezon\",\"isPartOf\":{\"@id\":\"https:\\\/\\\/freddymorezon.org\\\/#website\"},\"primaryImageOfPage\":{\"@id\":\"https:\\\/\\\/freddymorezon.org\\\/nicolas-lafourest\\\/#primaryimage\"},\"image\":{\"@id\":\"https:\\\/\\\/freddymorezon.org\\\/nicolas-lafourest\\\/#primaryimage\"},\"thumbnailUrl\":\"https:\\\/\\\/freddymorezon.org\\\/wp-content\\\/uploads\\\/2016\\\/02\\\/P1450412.jpg\",\"datePublished\":\"2016-02-15T14:18:58+00:00\",\"dateModified\":\"2023-04-13T10:56:47+00:00\",\"description\":\"Guitariste autodidacte, Nicolas Lafourest est un musicien \u00e0 la pratique instrumentale singuli\u00e8re et instinctive, \u00e0 l\u2019\u00e9nergie brute, \u00e2pre et impulsive. Un mode de jeu intime et direct o\u00f9 les intentions oscillent entre atmosph\u00e8res sentimentales, d\u00e9constructions exp\u00e9rimentales et rengaines no-wave. Une musique aux motifs r\u00e9p\u00e9titifs, bruitistes, m\u00e9lodiques m\u00ealant sans cesse tension et fragilit\u00e9, douceur et rugosit\u00e9. Il joue dans Cannibales & Vahin\u00e9s, mais aussi dans \u00abThe And\u00bb avec G.W. Sok et dans Chunky Charcoal avec S\u00e9bastien Barrier et Beno\u00eet Bonnemaison Fitte. Par ailleurs, il intervient r\u00e9guli\u00e8rement en solo, dans le cadre de collaborations (musique, danse, th\u00e9\u00e2tre, ateliers...) ou seul dans son spectacle intimiste \u00abFor\u00eat\u00bb.\",\"breadcrumb\":{\"@id\":\"https:\\\/\\\/freddymorezon.org\\\/nicolas-lafourest\\\/#breadcrumb\"},\"inLanguage\":\"en-US\",\"potentialAction\":[{\"@type\":\"ReadAction\",\"target\":[\"https:\\\/\\\/freddymorezon.org\\\/nicolas-lafourest\\\/\"]}]},{\"@type\":\"ImageObject\",\"inLanguage\":\"en-US\",\"@id\":\"https:\\\/\\\/freddymorezon.org\\\/nicolas-lafourest\\\/#primaryimage\",\"url\":\"https:\\\/\\\/freddymorezon.org\\\/wp-content\\\/uploads\\\/2016\\\/02\\\/P1450412.jpg\",\"contentUrl\":\"https:\\\/\\\/freddymorezon.org\\\/wp-content\\\/uploads\\\/2016\\\/02\\\/P1450412.jpg\",\"width\":3448,\"height\":4592},{\"@type\":\"BreadcrumbList\",\"@id\":\"https:\\\/\\\/freddymorezon.org\\\/nicolas-lafourest\\\/#breadcrumb\",\"itemListElement\":[{\"@type\":\"ListItem\",\"position\":1,\"name\":\"Accueil\",\"item\":\"https:\\\/\\\/freddymorezon.org\\\/\"},{\"@type\":\"ListItem\",\"position\":2,\"name\":\"Nicolas Lafourest\"}]},{\"@type\":\"WebSite\",\"@id\":\"https:\\\/\\\/freddymorezon.org\\\/#website\",\"url\":\"https:\\\/\\\/freddymorezon.org\\\/\",\"name\":\"Freddy Morezon\",\"description\":\"jazz - musique improvis\u00e9e - esth\u00e9tiques plurielles\",\"publisher\":{\"@id\":\"https:\\\/\\\/freddymorezon.org\\\/#organization\"},\"potentialAction\":[{\"@type\":\"SearchAction\",\"target\":{\"@type\":\"EntryPoint\",\"urlTemplate\":\"https:\\\/\\\/freddymorezon.org\\\/?s={search_term_string}\"},\"query-input\":{\"@type\":\"PropertyValueSpecification\",\"valueRequired\":true,\"valueName\":\"search_term_string\"}}],\"inLanguage\":\"en-US\"},{\"@type\":\"Organization\",\"@id\":\"https:\\\/\\\/freddymorezon.org\\\/#organization\",\"name\":\"Association Freddy Morezon\",\"url\":\"https:\\\/\\\/freddymorezon.org\\\/\",\"logo\":{\"@type\":\"ImageObject\",\"inLanguage\":\"en-US\",\"@id\":\"https:\\\/\\\/freddymorezon.org\\\/#\\\/schema\\\/logo\\\/image\\\/\",\"url\":\"https:\\\/\\\/freddymorezon.org\\\/wp-content\\\/uploads\\\/2016\\\/02\\\/mini-logo-header-site2.jpg\",\"contentUrl\":\"https:\\\/\\\/freddymorezon.org\\\/wp-content\\\/uploads\\\/2016\\\/02\\\/mini-logo-header-site2.jpg\",\"width\":234,\"height\":174,\"caption\":\"Association Freddy Morezon\"},\"image\":{\"@id\":\"https:\\\/\\\/freddymorezon.org\\\/#\\\/schema\\\/logo\\\/image\\\/\"},\"sameAs\":[\"https:\\\/\\\/www.facebook.com\\\/freddy.morezon\\\/\",\"https:\\\/\\\/www.instagram.com\\\/freddymorezon\\\/\",\"https:\\\/\\\/www.youtube.com\\\/user\\\/freddymorezon\",\"https:\\\/\\\/fr.linkedin.com\\\/company\\\/freddy-morezon-p.r.o.d.\"]}]}<\/script>\n<!-- \/ Yoast SEO plugin. -->","yoast_head_json":{"title":"Nicolas Lafourest | Freddy Morezon","description":"Guitariste autodidacte, Nicolas Lafourest est un musicien \u00e0 la pratique instrumentale singuli\u00e8re et instinctive, \u00e0 l\u2019\u00e9nergie brute, \u00e2pre et impulsive. Un mode de jeu intime et direct o\u00f9 les intentions oscillent entre atmosph\u00e8res sentimentales, d\u00e9constructions exp\u00e9rimentales et rengaines no-wave. Une musique aux motifs r\u00e9p\u00e9titifs, bruitistes, m\u00e9lodiques m\u00ealant sans cesse tension et fragilit\u00e9, douceur et rugosit\u00e9. Il joue dans Cannibales & Vahin\u00e9s, mais aussi dans \u00abThe And\u00bb avec G.W. Sok et dans Chunky Charcoal avec S\u00e9bastien Barrier et Beno\u00eet Bonnemaison Fitte. Par ailleurs, il intervient r\u00e9guli\u00e8rement en solo, dans le cadre de collaborations (musique, danse, th\u00e9\u00e2tre, ateliers...) ou seul dans son spectacle intimiste \u00abFor\u00eat\u00bb.","robots":{"index":"index","follow":"follow","max-snippet":"max-snippet:-1","max-image-preview":"max-image-preview:large","max-video-preview":"max-video-preview:-1"},"canonical":"https:\/\/freddymorezon.org\/nicolas-lafourest\/","og_locale":"en_US","og_type":"article","og_title":"Nicolas Lafourest | Freddy Morezon","og_description":"Guitariste autodidacte, Nicolas Lafourest est un musicien \u00e0 la pratique instrumentale singuli\u00e8re et instinctive, \u00e0 l\u2019\u00e9nergie brute, \u00e2pre et impulsive. Un mode de jeu intime et direct o\u00f9 les intentions oscillent entre atmosph\u00e8res sentimentales, d\u00e9constructions exp\u00e9rimentales et rengaines no-wave. Une musique aux motifs r\u00e9p\u00e9titifs, bruitistes, m\u00e9lodiques m\u00ealant sans cesse tension et fragilit\u00e9, douceur et rugosit\u00e9. Il joue dans Cannibales & Vahin\u00e9s, mais aussi dans \u00abThe And\u00bb avec G.W. Sok et dans Chunky Charcoal avec S\u00e9bastien Barrier et Beno\u00eet Bonnemaison Fitte. Par ailleurs, il intervient r\u00e9guli\u00e8rement en solo, dans le cadre de collaborations (musique, danse, th\u00e9\u00e2tre, ateliers...) ou seul dans son spectacle intimiste \u00abFor\u00eat\u00bb.","og_url":"https:\/\/freddymorezon.org\/nicolas-lafourest\/","og_site_name":"Freddy Morezon","article_publisher":"https:\/\/www.facebook.com\/freddy.morezon\/","article_modified_time":"2023-04-13T10:56:47+00:00","og_image":[{"width":1240,"height":800,"url":"https:\/\/freddymorezon.org\/wp-content\/uploads\/2016\/02\/P1450412-1240x800.jpg","type":"image\/jpeg"}],"twitter_card":"summary_large_image","schema":{"@context":"https:\/\/schema.org","@graph":[{"@type":"WebPage","@id":"https:\/\/freddymorezon.org\/nicolas-lafourest\/","url":"https:\/\/freddymorezon.org\/nicolas-lafourest\/","name":"Nicolas Lafourest | Freddy Morezon","isPartOf":{"@id":"https:\/\/freddymorezon.org\/#website"},"primaryImageOfPage":{"@id":"https:\/\/freddymorezon.org\/nicolas-lafourest\/#primaryimage"},"image":{"@id":"https:\/\/freddymorezon.org\/nicolas-lafourest\/#primaryimage"},"thumbnailUrl":"https:\/\/freddymorezon.org\/wp-content\/uploads\/2016\/02\/P1450412.jpg","datePublished":"2016-02-15T14:18:58+00:00","dateModified":"2023-04-13T10:56:47+00:00","description":"Guitariste autodidacte, Nicolas Lafourest est un musicien \u00e0 la pratique instrumentale singuli\u00e8re et instinctive, \u00e0 l\u2019\u00e9nergie brute, \u00e2pre et impulsive. Un mode de jeu intime et direct o\u00f9 les intentions oscillent entre atmosph\u00e8res sentimentales, d\u00e9constructions exp\u00e9rimentales et rengaines no-wave. Une musique aux motifs r\u00e9p\u00e9titifs, bruitistes, m\u00e9lodiques m\u00ealant sans cesse tension et fragilit\u00e9, douceur et rugosit\u00e9. Il joue dans Cannibales & Vahin\u00e9s, mais aussi dans \u00abThe And\u00bb avec G.W. Sok et dans Chunky Charcoal avec S\u00e9bastien Barrier et Beno\u00eet Bonnemaison Fitte. Par ailleurs, il intervient r\u00e9guli\u00e8rement en solo, dans le cadre de collaborations (musique, danse, th\u00e9\u00e2tre, ateliers...) ou seul dans son spectacle intimiste \u00abFor\u00eat\u00bb.","breadcrumb":{"@id":"https:\/\/freddymorezon.org\/nicolas-lafourest\/#breadcrumb"},"inLanguage":"en-US","potentialAction":[{"@type":"ReadAction","target":["https:\/\/freddymorezon.org\/nicolas-lafourest\/"]}]},{"@type":"ImageObject","inLanguage":"en-US","@id":"https:\/\/freddymorezon.org\/nicolas-lafourest\/#primaryimage","url":"https:\/\/freddymorezon.org\/wp-content\/uploads\/2016\/02\/P1450412.jpg","contentUrl":"https:\/\/freddymorezon.org\/wp-content\/uploads\/2016\/02\/P1450412.jpg","width":3448,"height":4592},{"@type":"BreadcrumbList","@id":"https:\/\/freddymorezon.org\/nicolas-lafourest\/#breadcrumb","itemListElement":[{"@type":"ListItem","position":1,"name":"Accueil","item":"https:\/\/freddymorezon.org\/"},{"@type":"ListItem","position":2,"name":"Nicolas Lafourest"}]},{"@type":"WebSite","@id":"https:\/\/freddymorezon.org\/#website","url":"https:\/\/freddymorezon.org\/","name":"Freddy Morezon","description":"jazz - musique improvis\u00e9e - esth\u00e9tiques plurielles","publisher":{"@id":"https:\/\/freddymorezon.org\/#organization"},"potentialAction":[{"@type":"SearchAction","target":{"@type":"EntryPoint","urlTemplate":"https:\/\/freddymorezon.org\/?s={search_term_string}"},"query-input":{"@type":"PropertyValueSpecification","valueRequired":true,"valueName":"search_term_string"}}],"inLanguage":"en-US"},{"@type":"Organization","@id":"https:\/\/freddymorezon.org\/#organization","name":"Association Freddy Morezon","url":"https:\/\/freddymorezon.org\/","logo":{"@type":"ImageObject","inLanguage":"en-US","@id":"https:\/\/freddymorezon.org\/#\/schema\/logo\/image\/","url":"https:\/\/freddymorezon.org\/wp-content\/uploads\/2016\/02\/mini-logo-header-site2.jpg","contentUrl":"https:\/\/freddymorezon.org\/wp-content\/uploads\/2016\/02\/mini-logo-header-site2.jpg","width":234,"height":174,"caption":"Association Freddy Morezon"},"image":{"@id":"https:\/\/freddymorezon.org\/#\/schema\/logo\/image\/"},"sameAs":["https:\/\/www.facebook.com\/freddy.morezon\/","https:\/\/www.instagram.com\/freddymorezon\/","https:\/\/www.youtube.com\/user\/freddymorezon","https:\/\/fr.linkedin.com\/company\/freddy-morezon-p.r.o.d."]}]}},"_links":{"self":[{"href":"https:\/\/freddymorezon.org\/en\/wp-json\/wp\/v2\/pages\/397","targetHints":{"allow":["GET"]}}],"collection":[{"href":"https:\/\/freddymorezon.org\/en\/wp-json\/wp\/v2\/pages"}],"about":[{"href":"https:\/\/freddymorezon.org\/en\/wp-json\/wp\/v2\/types\/page"}],"author":[{"embeddable":true,"href":"https:\/\/freddymorezon.org\/en\/wp-json\/wp\/v2\/users\/1"}],"replies":[{"embeddable":true,"href":"https:\/\/freddymorezon.org\/en\/wp-json\/wp\/v2\/comments?post=397"}],"version-history":[{"count":79,"href":"https:\/\/freddymorezon.org\/en\/wp-json\/wp\/v2\/pages\/397\/revisions"}],"predecessor-version":[{"id":13649,"href":"https:\/\/freddymorezon.org\/en\/wp-json\/wp\/v2\/pages\/397\/revisions\/13649"}],"wp:featuredmedia":[{"embeddable":true,"href":"https:\/\/freddymorezon.org\/en\/wp-json\/wp\/v2\/media\/6749"}],"wp:attachment":[{"href":"https:\/\/freddymorezon.org\/en\/wp-json\/wp\/v2\/media?parent=397"}],"wp:term":[{"taxonomy":"category","embeddable":true,"href":"https:\/\/freddymorezon.org\/en\/wp-json\/wp\/v2\/categories?post=397"},{"taxonomy":"post_tag","embeddable":true,"href":"https:\/\/freddymorezon.org\/en\/wp-json\/wp\/v2\/tags?post=397"}],"curies":[{"name":"wp","href":"https:\/\/api.w.org\/{rel}","templated":true}]}}