
{"id":6187,"date":"2018-10-25T14:09:23","date_gmt":"2018-10-25T13:09:23","guid":{"rendered":"https:\/\/freddymorezon.org\/?page_id=6187"},"modified":"2025-06-10T11:55:00","modified_gmt":"2025-06-10T09:55:00","slug":"agenda-le-tigre-des-platanes","status":"publish","type":"page","link":"https:\/\/freddymorezon.org\/en\/productions\/le-tigre-des-platanes\/agenda-le-tigre-des-platanes\/","title":{"rendered":"Agenda &#8211; Le Tigre des Platanes"},"content":{"rendered":"<div id=\"pl-6187\"  class=\"panel-layout\" ><div id=\"pg-6187-0\"  class=\"panel-grid panel-no-style\" ><div id=\"pgc-6187-0-0\"  class=\"panel-grid-cell\" ><div id=\"panel-6187-0-0-0\" class=\"so-panel widget widget_sow-editor panel-first-child panel-last-child\" data-index=\"0\" ><div\n\t\t\t\n\t\t\tclass=\"so-widget-sow-editor so-widget-sow-editor-base\"\n\t\t\t\n\t\t>\n<div class=\"siteorigin-widget-tinymce textwidget\">\n\t<h3 style=\"margin-bottom: 1em;\">Agenda<\/h3>\n<h2>Le Tigre des Platanes<\/h2>\n<\/div>\n<\/div><\/div><\/div><\/div><div id=\"pg-6187-1\"  class=\"panel-grid panel-no-style\" ><div id=\"pgc-6187-1-0\"  class=\"panel-grid-cell\" ><div id=\"panel-6187-1-0-0\" class=\"so-panel widget widget_sow-button panel-first-child panel-last-child\" data-index=\"1\" ><div\n\t\t\t\n\t\t\tclass=\"so-widget-sow-button so-widget-sow-button-flat-956d0da8e1be-6187\"\n\t\t\t\n\t\t><div class=\"ow-button-base ow-button-align-left\"\n>\n\t\t\t<a\n\t\t\t\t\thref=\"https:\/\/freddymorezon.org\/productions\/le-tigre-des-platanes\/\"\n\t\t\t\t\tclass=\"sowb-button ow-icon-placement-left ow-button-hover\" \t>\n\t\t<span>\n\t\t\t\n\t\t\tback to Le Tigre des Platanes' page\t\t<\/span>\n\t\t\t<\/a>\n\t<\/div>\n<\/div><\/div><\/div><\/div><div id=\"pg-6187-2\"  class=\"panel-grid panel-no-style\" ><div id=\"pgc-6187-2-0\"  class=\"panel-grid-cell panel-grid-cell-empty\" ><\/div><div id=\"pgc-6187-2-1\"  class=\"panel-grid-cell panel-grid-cell-mobile-last\" ><div id=\"panel-6187-2-1-0\" class=\"so-panel widget widget_sow-headline panel-first-child panel-last-child\" data-index=\"2\" ><div\n\t\t\t\n\t\t\tclass=\"so-widget-sow-headline so-widget-sow-headline-default-b277713ddc3a-6187\"\n\t\t\t\n\t\t><div class=\"sow-headline-container \">\n\t\t\t\t\t\t\t<h3 class=\"sow-headline\">\n\t\t\t\t\t\tDates \u00e0 venir\t\t\t\t\t\t<\/h3>\n\t\t\t\t\t\t\t\t\t\t\t<div class=\"decoration\">\n\t\t\t\t\t\t<div class=\"decoration-inside\"><\/div>\n\t\t\t\t\t<\/div>\n\t\t\t\t\t<\/div>\n<\/div><\/div><\/div><div id=\"pgc-6187-2-2\"  class=\"panel-grid-cell panel-grid-cell-empty\" ><\/div><\/div><div id=\"pg-6187-3\"  class=\"panel-grid panel-no-style\" ><div id=\"pgc-6187-3-0\"  class=\"panel-grid-cell panel-grid-cell-empty\" ><\/div><div id=\"pgc-6187-3-1\"  class=\"panel-grid-cell panel-grid-cell-mobile-last\" ><div id=\"panel-6187-3-1-0\" class=\"so-panel widget widget_eo_event_list_widget EO_Event_List_Widget panel-first-child panel-last-child\" data-index=\"3\" >\n\n\t<h3 class=\"widget-title evenements\">Tour<\/h3>\n\t<ul  class=\"eo-events eo-events-widget\" > \n\n\t\t\n\t\t\t\t\t\t\n\t\t\t<li class=\"eo-event-venue-festival-dolt-2 eo-event-cat-agenda eo-event-cat-fabien-duscombs eo-event-cat-le-tigre-des-platanes eo-event-cat-marc-demereau eo-event-future eo-multi-day eo-all-day\" >\n\t\t\t\n\t\t\n\t\t\t\n\t\t\n\t\t\t\t<div class=\"date\"> \n\t\t\t\t <div class=\"jour\">14<\/div> <div class=\"mois\">May<\/div><\/div>\t\t\t\n\t\t\t\t\t\n\t\t\t\t\t\t\t\t\t\t<div class=\"date2\"> \n\t\t\t\t<div class=\"jour\">15<\/div> <div class=\"mois\">May<\/div><\/div>\t\t\t\t\t\n\t\t\t\t\t\n\t\t\t\t <div class=\"contenu-date\">\n\t\t\t\t\n\t\t\t\t<h4 class=\"titre\">Le Tigre des Platanes - <\/h4> \n\t\t\t\t<div class=\"detail\">\n\t\t\t\t<span class=\"lieu\">Festival d'Olt, Bleymard<\/span><!-- \/.lieu --><div class=\"jour\">14<\/div> <div class=\"mois\">May<\/div><\/div>\t\t\t\t\n\t\t\t\t\n\t\t\t\t\n\t\t\t\t<span class=\"extrait\"> - <p><a href=\"https:\/\/freddymorezon.org\/productions\/le-tigre-des-platanes\/\" title=\"+ d'infos\" alt=\"+ d'infos\"><i class=\"fa fa-plus-square\"><\/i><\/a><a href=\"https:\/\/festivaldolt.org\/\" target=\"_blank\" title=\"+ d'infos\" alt=\"+ d'infos\"><i class=\"fa fa-plus-square\"><\/i><\/a><\/p>\n<\/span><!-- \/.extrait -->\t\t\t\t\n\t\t\t\t\t\t\t\t&nbsp;<span class=\"meta\"><ul class='post-meta'>\n<li><span class='post-meta-key'>om_disable_all_campaigns:<\/span> <\/li>\n<\/ul>\n<\/span><!-- \/.meta -->\n\t\t\t\t<\/div> <!-- \/.detail -->\n\t\t\t\t\n\t\t\t\t\n\t\t\t\t\n\t\t\t\t\n\t\t\t\t\n\t\t\t\t\n\t\t\t\t\n\t\t\t\t\n\t\t\t\t\n\t\t\t\t\n\t\t<!--\t<div class=\"meta-projet-associe-a-l-actu\"><\/div> -->\n\t\t\t\t  \n\t\t\t\t  <div class=\"mois-titre\">\t\t\t\t<!-- \/.mois-titre -->\n\t\t\t\t\n\t\t\t\t   \n\t\t\t\t <\/div><!-- \/.contenu-date -->\n\t\t\t<\/li>\n\n\t\t\n\t<\/ul>\n\n\n<\/div><\/div><div id=\"pgc-6187-3-2\"  class=\"panel-grid-cell panel-grid-cell-empty\" ><\/div><\/div><div id=\"pg-6187-4\"  class=\"panel-grid panel-no-style\" ><div id=\"pgc-6187-4-0\"  class=\"panel-grid-cell panel-grid-cell-empty\" ><\/div><div id=\"pgc-6187-4-1\"  class=\"panel-grid-cell panel-grid-cell-mobile-last\" ><div id=\"panel-6187-4-1-0\" class=\"so-panel widget widget_sow-headline panel-first-child panel-last-child\" data-index=\"4\" ><div\n\t\t\t\n\t\t\tclass=\"so-widget-sow-headline so-widget-sow-headline-default-b277713ddc3a-24737\"\n\t\t\t\n\t\t><div class=\"sow-headline-container \">\n\t\t\t\t\t\t\t<h3 class=\"sow-headline\">\n\t\t\t\t\t\tDates pass\u00e9es\t\t\t\t\t\t<\/h3>\n\t\t\t\t\t\t\t\t\t\t\t<div class=\"decoration\">\n\t\t\t\t\t\t<div class=\"decoration-inside\"><\/div>\n\t\t\t\t\t<\/div>\n\t\t\t\t\t<\/div>\n<\/div><\/div><\/div><div id=\"pgc-6187-4-2\"  class=\"panel-grid-cell panel-grid-cell-empty\" ><\/div><\/div><div id=\"pg-6187-5\"  class=\"panel-grid panel-no-style\" ><div id=\"pgc-6187-5-0\"  class=\"panel-grid-cell panel-grid-cell-empty\" ><\/div><div id=\"pgc-6187-5-1\"  class=\"panel-grid-cell panel-grid-cell-mobile-last\" ><div id=\"panel-6187-5-1-0\" class=\"so-panel widget widget_sow-editor panel-first-child panel-last-child\" data-index=\"5\" ><div class=\"dates-passees panel-widget-style panel-widget-style-for-6187-5-1-0\" ><div\n\t\t\t\n\t\t\tclass=\"so-widget-sow-editor so-widget-sow-editor-base\"\n\t\t\t\n\t\t>\n<div class=\"siteorigin-widget-tinymce textwidget\">\n\t<p style=\"color: #888888 !important;\">Tribu Festival - Dijon \/ Nancy Jazz Pulsations \/ Festival Mimi - Marseille \/ Festival Music  Unlimited \/ Wells - Autriche \/ Jazz \u00e0 Luz \/ Jazz in Marciac \/ Festival Jazz\u00e8bre - Perpignan \/ Tap - Poitiers \/ Festival Emmergence - Tours \/ Festival de musique Ethiopienne \/ Addis Abeba - Ethiopie \/ Festival au d\u00e9sert \/ Essaquane - Mali \/ African Jazz festival \/ mus\u00e9e du Quai Branly - Paris \/ Festivendu (le festival du vent ) - Calvi \/ Th\u00e9atre de Milan - Italie \/ Festival Jazz sous les Pommiers - Coutances \/ Festival Les rendez vous de L\u2019Erdre - Nantes \/ Les musicales de l\u2019Aggly - Plan\u00e8zes \/ Les nuits m\u00e9tisses - Auxerre \/ Un pav\u00e9 dans le jazz \/ th\u00e9\u00e4tre du Pav\u00e9 - Toulouse \/ Festival Les Sud de Arles \/ Festival Du Bleu en Hiver - Tulle \/ Festival Les 38\u00b0Rugissants - Grenoble \/ Festival Africolor - Saint Denis \/ Festival Toulouse d\u2019\u00e9t\u00e9 \/ Festival Les Invits de Villeurbanne \/ Festival Africa Muret \/ L\u2019impro - Toulouse \/ La Dynamo - Bayonne \/ Festival L\u2019\u00e9t\u00e9 de Vaour \/ Le Mandala - Toulouse \/ Le Txus - Toulouse \/  ...\u2026<\/p>\n<\/div>\n<\/div><\/div><\/div><\/div><div id=\"pgc-6187-5-2\"  class=\"panel-grid-cell panel-grid-cell-empty\" ><\/div><\/div><div id=\"pg-6187-6\"  class=\"panel-grid panel-no-style\" ><div id=\"pgc-6187-6-0\"  class=\"panel-grid-cell panel-grid-cell-empty\" ><\/div><div id=\"pgc-6187-6-1\"  class=\"panel-grid-cell panel-grid-cell-mobile-last\" ><div id=\"panel-6187-6-1-0\" class=\"so-panel widget widget_eo_event_list_widget EO_Event_List_Widget panel-first-child panel-last-child\" data-index=\"6\" ><div class=\"dates-passees panel-widget-style panel-widget-style-for-6187-6-1-0\" ><ul  class=\"eo-events eo-events-widget\"><li class=\"eo-event-venue-la-tortue eo-event-cat-agenda eo-event-cat-fabien-duscombs eo-event-cat-le-tigre-des-platanes eo-event-cat-marc-demereau eo-event-past eo-all-day\"><div class=\"date\"> <div class=\"jour\"> 31<\/div> <div class=\"mois\">Jan<\/div> <div class=\"annee\">2026<\/div> <\/div> <div class=\"contenu-date\"> <h4 class=\"titre\">Le Tigre des Platanes - <\/h4> <div class=\"detail\"> <span class=\"lieu\">La Tortue, Issel<\/span><!-- \/.lieu --> - <span   class=\"heure\"><\/span><!-- \/.heure --><br> <span class=\"extrait\"><a href=\"https:\/\/freddymorezon.org\/productions\/le-tigre-des-platanes\/\" title=\"+ d'infos\" alt=\"+ d'infos\"><i class=\"fa fa-plus-square\"><\/i><\/a><a href=\"https:\/\/www.facebook.com\/latortueisseloise\/\" target=\"_blank\" title=\"+ d'infos\" alt=\"+ d'infos\"><i class=\"fa fa-plus-square\"><\/i><\/a><\/span><!-- \/.extrait --><br> <\/div>\t<!-- \/.detail --> <\/div> <!-- \/.contenu-date --><\/li><li class=\"eo-event-venue-la-baleine-blanche eo-event-cat-agenda eo-event-cat-fabien-duscombs eo-event-cat-le-tigre-des-platanes eo-event-cat-marc-demereau eo-event-past eo-all-day\"><div class=\"date\"> <div class=\"jour\"> 30<\/div> <div class=\"mois\">Jan<\/div> <div class=\"annee\">2026<\/div> <\/div> <div class=\"contenu-date\"> <h4 class=\"titre\">Le Tigre des Platanes - <\/h4> <div class=\"detail\"> <span class=\"lieu\">La Baleine Blanche, Campan<\/span><!-- \/.lieu --> - <span   class=\"heure\"><\/span><!-- \/.heure --><br> <span class=\"extrait\"><a href=\"https:\/\/freddymorezon.org\/productions\/le-tigre-des-platanes\/\" title=\"+ d'infos\" alt=\"+ d'infos\"><i class=\"fa fa-plus-square\"><\/i><\/a><a href=\"https:\/\/labaleineblanche.com\/\" target=\"_blank\" title=\"+ d'infos\" alt=\"+ d'infos\"><i class=\"fa fa-plus-square\"><\/i><\/a>\r\n<\/span><!-- \/.extrait --><br> <\/div>\t<!-- \/.detail --> <\/div> <!-- \/.contenu-date --><\/li><li class=\"eo-event-venue-les-pavillons-sauvages eo-event-cat-agenda eo-event-cat-fabien-duscombs eo-event-cat-le-tigre-des-platanes eo-event-cat-marc-demereau eo-event-past eo-all-day\"><div class=\"date\"> <div class=\"jour\"> 05<\/div> <div class=\"mois\">Oct<\/div> <div class=\"annee\">2025<\/div> <\/div> <div class=\"contenu-date\"> <h4 class=\"titre\">Le Tigre des Platanes - <\/h4> <div class=\"detail\"> <span class=\"lieu\">Les Pavillons Sauvages, Toulouse<\/span><!-- \/.lieu --> - <span   class=\"heure\"><\/span><!-- \/.heure --><br> <span class=\"extrait\"><a href=\"https:\/\/freddymorezon.org\/productions\/le-tigre-des-platanes\/\" title=\"+ d'infos\" alt=\"+ d'infos\"><i class=\"fa fa-plus-square\"><\/i><\/a><a href=\"https:\/\/www.facebook.com\/Les.Pavillons.Sauvages\/?locale=fr_FR\" target=\"_blank\" title=\"+ d'infos\" alt=\"+ d'infos\"><i class=\"fa fa-plus-square\"><\/i><\/a><\/span><!-- \/.extrait --><br> <\/div>\t<!-- \/.detail --> <\/div> <!-- \/.contenu-date --><\/li><li class=\"eo-event-venue-la-fabrique-a-reves eo-event-cat-agenda eo-event-cat-fabien-duscombs eo-event-cat-le-tigre-des-platanes eo-event-cat-marc-demereau eo-event-past eo-all-day\"><div class=\"date\"> <div class=\"jour\"> 04<\/div> <div class=\"mois\">Oct<\/div> <div class=\"annee\">2025<\/div> <\/div> <div class=\"contenu-date\"> <h4 class=\"titre\">Le Tigre des Platanes - <\/h4> <div class=\"detail\"> <span class=\"lieu\">La Fabrique \u00e0 r\u00eaves, Labastide-Rouairoux<\/span><!-- \/.lieu --> - <span   class=\"heure\"><\/span><!-- \/.heure --><br> <span class=\"extrait\"><a href=\"https:\/\/freddymorezon.org\/productions\/le-tigre-des-platanes\/\" title=\"+ d'infos\" alt=\"+ d'infos\"><i class=\"fa fa-plus-square\"><\/i><\/a><a href=\"https:\/\/revelucidepro.wixsite.com\/events\" target=\"_blank\" title=\"+ d'infos\" alt=\"+ d'infos\"><i class=\"fa fa-plus-square\"><\/i><\/a><\/span><!-- \/.extrait --><br> <\/div>\t<!-- \/.detail --> <\/div> <!-- \/.contenu-date --><\/li><li class=\"eo-event-venue-lanthropo eo-event-cat-agenda eo-event-cat-fabien-duscombs eo-event-cat-le-tigre-des-platanes eo-event-cat-marc-demereau eo-event-past eo-all-day\"><div class=\"date\"> <div class=\"jour\"> 03<\/div> <div class=\"mois\">Oct<\/div> <div class=\"annee\">2025<\/div> <\/div> <div class=\"contenu-date\"> <h4 class=\"titre\">Le Tigre des Platanes - <\/h4> <div class=\"detail\"> <span class=\"lieu\">L'Anthropo, Perpignan<\/span><!-- \/.lieu --> - <span   class=\"heure\"><\/span><!-- \/.heure --><br> <span class=\"extrait\"><a href=\"https:\/\/freddymorezon.org\/productions\/le-tigre-des-platanes\/\" title=\"+ d'infos\" alt=\"+ d'infos\"><i class=\"fa fa-plus-square\"><\/i><\/a><a href=\"https:\/\/www.facebook.com\/lanthropo\/?locale=fr_FR\" target=\"_blank\" title=\"+ d'infos\" alt=\"+ d'infos\"><i class=\"fa fa-plus-square\"><\/i><\/a><\/span><!-- \/.extrait --><br> <\/div>\t<!-- \/.detail --> <\/div> <!-- \/.contenu-date --><\/li><li class=\"eo-event-venue-celtic-pub eo-event-cat-agenda eo-event-cat-fabien-duscombs eo-event-cat-le-tigre-des-platanes eo-event-cat-marc-demereau eo-event-past eo-all-day\"><div class=\"date\"> <div class=\"jour\"> 17<\/div> <div class=\"mois\">Jun<\/div> <div class=\"annee\">2025<\/div> <\/div> <div class=\"contenu-date\"> <h4 class=\"titre\">Le Tigre des Platanes - <\/h4> <div class=\"detail\"> <span class=\"lieu\">Le Celtic Pub, Tarbes<\/span><!-- \/.lieu --> - <span   class=\"heure\"><\/span><!-- \/.heure --><br> <span class=\"extrait\"><a href=\"https:\/\/freddymorezon.org\/productions\/le-tigre-des-platanes\/\" title=\"+ d'infos\" alt=\"+ d'infos\"><i class=\"fa fa-plus-square\"><\/i><\/a><a href=\"https:\/\/www.facebook.com\/CeltiCPuBisNoTaPuB\/?locale=fr_FR\" target=\"_blank\" title=\"+ d'infos\" alt=\"+ d'infos\"><i class=\"fa fa-plus-square\"><\/i><\/a><\/span><!-- \/.extrait --><br> <\/div>\t<!-- \/.detail --> <\/div> <!-- \/.contenu-date --><\/li><li class=\"eo-event-venue-labastide-rouairoux eo-event-cat-agenda eo-event-cat-fabien-duscombs eo-event-cat-le-tigre-des-platanes eo-event-cat-marc-demereau eo-event-past\"><div class=\"date\"> <div class=\"jour\"> 12 <\/div> <div class=\"mois\">May <\/div> <div class=\"annee\">2025 <\/div> <\/div> <div class=\"contenu-date\"> <h4 class=\"titre\">Le Tigre des Platanes - <\/h4> <div class=\"detail\"> <span class=\"lieu\">Labastide-Rouairoux, Labastide-Rouairoux<\/span><!-- \/.lieu --> - <span   class=\"heure\"> 09:00<\/span><!-- \/.heure --><br> <span class=\"extrait\"><a href=\"https:\/\/freddymorezon.org\/productions\/le-tigre-des-platanes\/\" title=\"+ d'infos\" alt=\"+ d'infos\"><\/span><!-- \/.extrait --><br> <\/div>\t<!-- \/.detail --> <\/div> <!-- \/.contenu-date --><\/li><li class=\"eo-event-venue-la-tortue eo-event-cat-agenda eo-event-cat-fabien-duscombs eo-event-cat-le-tigre-des-platanes eo-event-cat-marc-demereau eo-event-past eo-all-day\"><div class=\"date\"> <div class=\"jour\"> 08<\/div> <div class=\"mois\">Mar<\/div> <div class=\"annee\">2025<\/div> <\/div> <div class=\"contenu-date\"> <h4 class=\"titre\">Le Tigre des Platanes - <\/h4> <div class=\"detail\"> <span class=\"lieu\">La Tortue, Issel<\/span><!-- \/.lieu --> - <span   class=\"heure\"><\/span><!-- \/.heure --><br> <span class=\"extrait\"><a href=\"https:\/\/freddymorezon.org\/productions\/le-tigre-des-platanes\/\" title=\"+ d'infos\" alt=\"+ d'infos\"><i class=\"fa fa-plus-square\"><\/i><\/a><a href=\"https:\/\/www.facebook.com\/latortueisseloise\" target=\"_blank\" title=\"+ d'infos\" alt=\"+ d'infos\"><i class=\"fa fa-plus-square\"><\/i><\/a><\/span><!-- \/.extrait --><br> <\/div>\t<!-- \/.detail --> <\/div> <!-- \/.contenu-date --><\/li><li class=\"eo-event-venue-residence eo-event-cat-agenda eo-event-cat-fabien-duscombs eo-event-cat-le-tigre-des-platanes eo-event-cat-marc-demereau eo-event-cat-residence eo-event-past eo-multi-day eo-all-day\"><div class=\"date\"> <div class=\"jour\"> 05<\/div> <div class=\"mois\">Mar<\/div> <div class=\"annee\">2025<\/div> <\/div> <div class=\"contenu-date\"> <h4 class=\"titre\">Le Tigre des Platanes - <\/h4> <div class=\"detail\"> <span class=\"lieu\">R\u00e9sidence, R\u00e9sidence<\/span><!-- \/.lieu --> - <span   class=\"heure\"><\/span><!-- \/.heure --><br> <span class=\"extrait\"><a href=\"https:\/\/freddymorezon.org\/productions\/le-tigre-des-platanes\/\" title=\"+ d'infos\" alt=\"+ d'infos\"><i class=\"fa fa-plus-square\"><\/i><\/a><\/span><!-- \/.extrait --><br> <\/div>\t<!-- \/.detail --> <\/div> <!-- \/.contenu-date --><\/li><li class=\"eo-event-venue-cafe-du-boulevard eo-event-cat-agenda eo-event-cat-fabien-duscombs eo-event-cat-le-tigre-des-platanes eo-event-cat-marc-demereau eo-event-past eo-all-day\"><div class=\"date\"> <div class=\"jour\"> 18<\/div> <div class=\"mois\">Jan<\/div> <div class=\"annee\">2025<\/div> <\/div> <div class=\"contenu-date\"> <h4 class=\"titre\">Le Tigre des Platanes - <\/h4> <div class=\"detail\"> <span class=\"lieu\">Caf\u00e9 du Boulevard, Melle<\/span><!-- \/.lieu --> - <span   class=\"heure\"><\/span><!-- \/.heure --><br> <span class=\"extrait\"><a href=\"https:\/\/freddymorezon.org\/productions\/le-tigre-des-platanes\/\" title=\"+ d'infos\" alt=\"+ d'infos\"><i class=\"fa fa-plus-square\"><\/i><\/a><a href=\"https:\/\/www.lecafeduboulevard.com\/\" target=\"_blank\" title=\"+ d'infos\" alt=\"+ d'infos\"><i class=\"fa fa-plus-square\"><\/i><\/a>\r\n<\/span><!-- \/.extrait --><br> <\/div>\t<!-- \/.detail --> <\/div> <!-- \/.contenu-date --><\/li><li class=\"eo-event-venue-la-tuilerie-saint-michel eo-event-cat-agenda eo-event-cat-fabien-duscombs eo-event-cat-le-tigre-des-platanes eo-event-cat-marc-demereau eo-event-past eo-all-day\"><div class=\"date\"> <div class=\"jour\"> 17<\/div> <div class=\"mois\">Jan<\/div> <div class=\"annee\">2025<\/div> <\/div> <div class=\"contenu-date\"> <h4 class=\"titre\">Le Tigre des Platanes - <\/h4> <div class=\"detail\"> <span class=\"lieu\">La Tuilerie Saint-Michel, Pamiers<\/span><!-- \/.lieu --> - <span   class=\"heure\"><\/span><!-- \/.heure --><br> <span class=\"extrait\"><a href=\"https:\/\/freddymorezon.org\/productions\/le-tigre-des-platanes\/\" title=\"+ d'infos\" alt=\"+ d'infos\"><i class=\"fa fa-plus-square\"><\/i><\/a><\/span><!-- \/.extrait --><br> <\/div>\t<!-- \/.detail --> <\/div> <!-- \/.contenu-date --><\/li><li class=\"eo-event-venue-les-salons-de-blossac eo-event-cat-agenda eo-event-cat-fabien-duscombs eo-event-cat-le-tigre-des-platanes eo-event-cat-marc-demereau eo-event-past eo-all-day\"><div class=\"date\"> <div class=\"jour\"> 10<\/div> <div class=\"mois\">Nov<\/div> <div class=\"annee\">2024<\/div> <\/div> <div class=\"contenu-date\"> <h4 class=\"titre\">Le Tigre des Platanes - <\/h4> <div class=\"detail\"> <span class=\"lieu\">Les Salons de Blossac, Poitiers<\/span><!-- \/.lieu --> - <span   class=\"heure\"><\/span><!-- \/.heure --><br> <span class=\"extrait\"><a href=\"https:\/\/freddymorezon.org\/productions\/le-tigre-des-platanes\/\" title=\"+ d'infos\" alt=\"+ d'infos\"><i class=\"fa fa-plus-square\"><\/i><\/a><a href=\"https:\/\/jazzapoitiers.org\/\" target=\"_blank\" title=\"+ d'infos\" alt=\"+ d'infos\" rel=\"noopener\"><i class=\"fa fa-plus-square\"><\/i><\/a><\/span><!-- \/.extrait --><br> <\/div>\t<!-- \/.detail --> <\/div> <!-- \/.contenu-date --><\/li><li class=\"eo-event-venue-complexe-des-pyrenees eo-event-cat-agenda eo-event-cat-fabien-duscombs eo-event-cat-le-tigre-des-platanes eo-event-cat-marc-demereau eo-event-past\"><div class=\"date\"> <div class=\"jour\"> 20 <\/div> <div class=\"mois\">Oct <\/div> <div class=\"annee\">2024 <\/div> <\/div> <div class=\"contenu-date\"> <h4 class=\"titre\">Le Tigre des Platanes - <\/h4> <div class=\"detail\"> <span class=\"lieu\">Complexe des Pyr\u00e9n\u00e9es, Lafitte-Vigordane<\/span><!-- \/.lieu --> - <span   class=\"heure\"> 17:00<\/span><!-- \/.heure --><br> <span class=\"extrait\"><a href=\"https:\/\/freddymorezon.org\/productions\/le-tigre-des-platanes\/\" title=\"+ d'infos\" alt=\"+ d'infos\"><i class=\"fa fa-plus-square\"><\/i><\/a><a href=\"https:\/\/www.haute-garonne.fr\/jazz-sur-son-31\" target=\"_blank\" title=\"+ d'infos\" alt=\"+ d'infos\" rel=\"noopener\"><i class=\"fa fa-plus-square\"><\/i><\/a>\r\n<\/span><!-- \/.extrait --><br> <\/div>\t<!-- \/.detail --> <\/div> <!-- \/.contenu-date --><\/li><li class=\"eo-event-venue-cafe-theodore eo-event-cat-agenda eo-event-cat-fabien-duscombs eo-event-cat-le-tigre-des-platanes eo-event-cat-marc-demereau eo-event-past eo-all-day\"><div class=\"date\"> <div class=\"jour\"> 18<\/div> <div class=\"mois\">Oct<\/div> <div class=\"annee\">2024<\/div> <\/div> <div class=\"contenu-date\"> <h4 class=\"titre\">Le Tigre des Platanes - <\/h4> <div class=\"detail\"> <span class=\"lieu\">Caf\u00e9 Th\u00e9odore, Tr\u00e9drez-Locqu\u00e9meau<\/span><!-- \/.lieu --> - <span   class=\"heure\"><\/span><!-- \/.heure --><br> <span class=\"extrait\"><a href=\"https:\/\/freddymorezon.org\/productions\/le-tigre-des-platanes\/\" title=\"+ d'infos\" alt=\"+ d'infos\"><i class=\"fa fa-plus-square\"><\/i><\/a><a href=\"https:\/\/www.cafetheodore.fr\/\" target=\"_blank\" title=\"+ d'infos\" alt=\"+ d'infos\" rel=\"noopener\"><i class=\"fa fa-plus-square\"><\/i><\/a>\r\n<\/span><!-- \/.extrait --><br> <\/div>\t<!-- \/.detail --> <\/div> <!-- \/.contenu-date --><\/li><li class=\"eo-event-venue-collectif-3h10 eo-event-cat-agenda eo-event-cat-fabien-duscombs eo-event-cat-le-tigre-des-platanes eo-event-cat-marc-demereau eo-event-past eo-all-day\"><div class=\"date\"> <div class=\"jour\"> 17<\/div> <div class=\"mois\">Oct<\/div> <div class=\"annee\">2024<\/div> <\/div> <div class=\"contenu-date\"> <h4 class=\"titre\">Le Tigre des Platanes - <\/h4> <div class=\"detail\"> <span class=\"lieu\">Collectif 3h10, Le Mans<\/span><!-- \/.lieu --> - <span   class=\"heure\"><\/span><!-- \/.heure --><br> <span class=\"extrait\"><a href=\"https:\/\/freddymorezon.org\/productions\/le-tigre-des-platanes\/\" title=\"+ d'infos\" alt=\"+ d'infos\"><i class=\"fa fa-plus-square\"><\/i><\/a><a href=\"https:\/\/collectif3h10.fr\/\" target=\"_blank\" title=\"+ d'infos\" alt=\"+ d'infos\" rel=\"noopener\"><i class=\"fa fa-plus-square\"><\/i><\/a>\r\n<\/span><!-- \/.extrait --><br> <\/div>\t<!-- \/.detail --> <\/div> <!-- \/.contenu-date --><\/li><li class=\"eo-event-venue-lieu-dit-loye eo-event-cat-agenda eo-event-cat-fabien-duscombs eo-event-cat-le-tigre-des-platanes eo-event-cat-marc-demereau eo-event-past eo-all-day\"><div class=\"date\"> <div class=\"jour\"> 16<\/div> <div class=\"mois\">Oct<\/div> <div class=\"annee\">2024<\/div> <\/div> <div class=\"contenu-date\"> <h4 class=\"titre\">Le Tigre des Platanes - <\/h4> <div class=\"detail\"> <span class=\"lieu\">Lieu dit Loye, Morogues<\/span><!-- \/.lieu --> - <span   class=\"heure\"><\/span><!-- \/.heure --><br> <span class=\"extrait\"><a href=\"https:\/\/freddymorezon.org\/productions\/le-tigre-des-platanes\/\" title=\"+ d'infos\" alt=\"+ d'infos\"><i class=\"fa fa-plus-square\"><\/i><\/a><\/span><!-- \/.extrait --><br> <\/div>\t<!-- \/.detail --> <\/div> <!-- \/.contenu-date --><\/li><li class=\"eo-event-venue-festival-jazzebre eo-event-cat-agenda eo-event-cat-fabien-duscombs eo-event-cat-le-tigre-des-platanes eo-event-cat-marc-demereau eo-event-past eo-all-day\"><div class=\"date\"> <div class=\"jour\"> 29<\/div> <div class=\"mois\">Sep<\/div> <div class=\"annee\">2024<\/div> <\/div> <div class=\"contenu-date\"> <h4 class=\"titre\">Le Tigre des Platanes - <\/h4> <div class=\"detail\"> <span class=\"lieu\">Festival Jazz\u00e8bre, Perpignan<\/span><!-- \/.lieu --> - <span   class=\"heure\"><\/span><!-- \/.heure --><br> <span class=\"extrait\"><a href=\"https:\/\/freddymorezon.org\/productions\/le-tigre-des-platanes\/\" title=\"+ d'infos\" alt=\"+ d'infos\"><i class=\"fa fa-plus-square\"><\/i><\/a><a href=\"https:\/\/www.jazzebre.com\/\" target=\"_blank\" title=\"+ d'infos\" alt=\"+ d'infos\" rel=\"noopener\"><i class=\"fa fa-plus-square\"><\/i><\/a><\/span><!-- \/.extrait --><br> <\/div>\t<!-- \/.detail --> <\/div> <!-- \/.contenu-date --><\/li><li class=\"eo-event-venue-mouledous eo-event-cat-agenda eo-event-cat-fabien-duscombs eo-event-cat-le-tigre-des-platanes eo-event-cat-marc-demereau eo-event-past eo-all-day\"><div class=\"date\"> <div class=\"jour\"> 31<\/div> <div class=\"mois\">Aug<\/div> <div class=\"annee\">2024<\/div> <\/div> <div class=\"contenu-date\"> <h4 class=\"titre\">Le Tigre des Platanes - <\/h4> <div class=\"detail\"> <span class=\"lieu\">Mouledous, Mouledous<\/span><!-- \/.lieu --> - <span   class=\"heure\"><\/span><!-- \/.heure --><br> <span class=\"extrait\"><\/span><!-- \/.extrait --><br> <\/div>\t<!-- \/.detail --> <\/div> <!-- \/.contenu-date --><\/li><li class=\"eo-event-venue-monleon-magnoac eo-event-cat-agenda eo-event-cat-fabien-duscombs eo-event-cat-le-tigre-des-platanes eo-event-cat-marc-demereau eo-event-past eo-all-day\"><div class=\"date\"> <div class=\"jour\"> 30<\/div> <div class=\"mois\">Aug<\/div> <div class=\"annee\">2024<\/div> <\/div> <div class=\"contenu-date\"> <h4 class=\"titre\">Le Tigre des Platanes - <\/h4> <div class=\"detail\"> <span class=\"lieu\">Monl\u00e9on-Magnoac, Monl\u00e9on-Magnoac<\/span><!-- \/.lieu --> - <span   class=\"heure\"><\/span><!-- \/.heure --><br> <span class=\"extrait\"><\/span><!-- \/.extrait --><br> <\/div>\t<!-- \/.detail --> <\/div> <!-- \/.contenu-date --><\/li><li class=\"eo-event-venue-bagneres-de-bigorre-65 eo-event-cat-agenda eo-event-cat-fabien-duscombs eo-event-cat-le-tigre-des-platanes eo-event-cat-marc-demereau eo-event-past eo-all-day\"><div class=\"date\"> <div class=\"jour\"> 29<\/div> <div class=\"mois\">Aug<\/div> <div class=\"annee\">2024<\/div> <\/div> <div class=\"contenu-date\"> <h4 class=\"titre\">Le Tigre des Platanes - <\/h4> <div class=\"detail\"> <span class=\"lieu\">Bagn\u00e8res-de-Bigorre (65), <\/span><!-- \/.lieu --> - <span   class=\"heure\"><\/span><!-- \/.heure --><br> <span class=\"extrait\"><\/span><!-- \/.extrait --><br> <\/div>\t<!-- \/.detail --> <\/div> <!-- \/.contenu-date --><\/li><li class=\"eo-event-venue-le-chantier eo-event-cat-agenda eo-event-cat-fabien-duscombs eo-event-cat-le-tigre-des-platanes eo-event-cat-marc-demereau eo-event-past eo-all-day\"><div class=\"date\"> <div class=\"jour\"> 28<\/div> <div class=\"mois\">Aug<\/div> <div class=\"annee\">2024<\/div> <\/div> <div class=\"contenu-date\"> <h4 class=\"titre\">Le Tigre des Platanes - <\/h4> <div class=\"detail\"> <span class=\"lieu\">Le Chantier, Loubajac<\/span><!-- \/.lieu --> - <span   class=\"heure\"><\/span><!-- \/.heure --><br> <span class=\"extrait\"><\/span><!-- \/.extrait --><br> <\/div>\t<!-- \/.detail --> <\/div> <!-- \/.contenu-date --><\/li><li class=\"eo-event-venue-kind-of-belou eo-event-cat-agenda eo-event-cat-fabien-duscombs eo-event-cat-le-tigre-des-platanes eo-event-cat-marc-demereau eo-event-past eo-all-day\"><div class=\"date\"> <div class=\"jour\"> 02<\/div> <div class=\"mois\">Aug<\/div> <div class=\"annee\">2024<\/div> <\/div> <div class=\"contenu-date\"> <h4 class=\"titre\">Le Tigre des Platanes - <\/h4> <div class=\"detail\"> <span class=\"lieu\">Kind of Belou, Treignac<\/span><!-- \/.lieu --> - <span   class=\"heure\"><\/span><!-- \/.heure --><br> <span class=\"extrait\"><a href=\"https:\/\/www.radiokob.com\/kindofbelou\" target=\"_blank\" title=\"+ d'infos\" alt=\"+ d'infos\" rel=\"noopener\"><i class=\"fa fa-plus-square\"><\/i><\/a><\/span><!-- \/.extrait --><br> <\/div>\t<!-- \/.detail --> <\/div> <!-- \/.contenu-date --><\/li><li class=\"eo-event-venue-festival-jazzebre eo-event-cat-agenda eo-event-cat-fabien-duscombs eo-event-cat-le-tigre-des-platanes eo-event-cat-marc-demereau eo-event-past\"><div class=\"date\"> <div class=\"jour\"> 23 <\/div> <div class=\"mois\">Jul <\/div> <div class=\"annee\">2024 <\/div> <\/div> <div class=\"contenu-date\"> <h4 class=\"titre\">Le Tigre des Platanes - <\/h4> <div class=\"detail\"> <span class=\"lieu\">Festival Jazz\u00e8bre, Perpignan<\/span><!-- \/.lieu --> - <span   class=\"heure\"> 14:30<\/span><!-- \/.heure --><br> <span class=\"extrait\"><a href=\"https:\/\/freddymorezon.org\/productions\/le-tigre-des-platanes\/\" title=\"+ d'infos\" alt=\"+ d'infos\"><i class=\"fa fa-plus-square\"><\/i><\/a><a href=\"https:\/\/www.jazzebre.com\/\" target=\"_blank\" title=\"+ d'infos\" alt=\"+ d'infos\" rel=\"noopener\"><i class=\"fa fa-plus-square\"><\/i><\/a><\/span><!-- \/.extrait --><br> <\/div>\t<!-- \/.detail --> <\/div> <!-- \/.contenu-date --><\/li><li class=\"eo-event-venue-faites-de-limage eo-event-cat-agenda eo-event-cat-fabien-duscombs eo-event-cat-le-tigre-des-platanes eo-event-cat-marc-demereau eo-event-past eo-all-day\"><div class=\"date\"> <div class=\"jour\"> 05<\/div> <div class=\"mois\">Jul<\/div> <div class=\"annee\">2024<\/div> <\/div> <div class=\"contenu-date\"> <h4 class=\"titre\">Le Tigre des Platanes - <\/h4> <div class=\"detail\"> <span class=\"lieu\">Faites de l'Image, Toulouse<\/span><!-- \/.lieu --> - <span   class=\"heure\"><\/span><!-- \/.heure --><br> <span class=\"extrait\"><a href=\"https:\/\/www.lesvideophages.org\/\" target=\"_blank\" title=\"+ d'infos\" alt=\"+ d'infos\" rel=\"noopener\"><i class=\"fa fa-plus-square\"><\/i><\/a><\/span><!-- \/.extrait --><br> <\/div>\t<!-- \/.detail --> <\/div> <!-- \/.contenu-date --><\/li><li class=\"eo-event-venue-la-maison-de-la-terre eo-event-cat-agenda eo-event-cat-fabien-duscombs eo-event-cat-le-tigre-des-platanes eo-event-cat-marc-demereau eo-event-past\"><div class=\"date\"> <div class=\"jour\"> 27 <\/div> <div class=\"mois\">Apr <\/div> <div class=\"annee\">2024 <\/div> <\/div> <div class=\"contenu-date\"> <h4 class=\"titre\">Le Tigre des Platanes - <\/h4> <div class=\"detail\"> <span class=\"lieu\">La Maison de la Terre, Poucharramet (31)<\/span><!-- \/.lieu --> - <span   class=\"heure\"> 19:00<\/span><!-- \/.heure --><br> <span class=\"extrait\"><a href=\"https:\/\/freddymorezon.org\/productions\/le-tigre-des-platanes\/\" title=\"+ d'infos\" alt=\"+ d'infos\"><i class=\"fa fa-plus-square\"><\/i><\/a> <a href=\"https:\/\/www.lamaisondelaterre.fr\/prochainement-a-la-maison-de-la-terre\/\" target=\"_blank\" title=\"+ d'infos\" alt=\"+ d'infos\" rel=\"noopener\"><i class=\"fa fa-plus-square\"><\/i><\/a><\/span><!-- \/.extrait --><br> <\/div>\t<!-- \/.detail --> <\/div> <!-- \/.contenu-date --><\/li><li class=\"eo-event-venue-le-wagon eo-event-cat-agenda eo-event-cat-fabien-duscombs eo-event-cat-le-tigre-des-platanes eo-event-cat-marc-demereau eo-event-past\"><div class=\"date\"> <div class=\"jour\"> 20 <\/div> <div class=\"mois\">Apr <\/div> <div class=\"annee\">2024 <\/div> <\/div> <div class=\"contenu-date\"> <h4 class=\"titre\">Le Tigre des Platanes - <\/h4> <div class=\"detail\"> <span class=\"lieu\">Le Wagon du Faget, Le Faget (31)<\/span><!-- \/.lieu --> - <span   class=\"heure\"> 20:30<\/span><!-- \/.heure --><br> <span class=\"extrait\"><a href=\"https:\/\/freddymorezon.org\/productions\/le-tigre-des-platanes\/\" title=\"+ d'infos\" alt=\"+ d'infos\"><i class=\"fa fa-plus-square\"><\/i><\/a> <a href=\"https:\/\/lewagondufaget.org\/blog\/events\/event\/on\/2024\/04\/20\/\" target=\"_blank\" title=\"+ d'infos\" alt=\"+ d'infos\" rel=\"noopener\"><i class=\"fa fa-plus-square\"><\/i><\/a><\/span><!-- \/.extrait --><br> <\/div>\t<!-- \/.detail --> <\/div> <!-- \/.contenu-date --><\/li><li class=\"eo-event-venue-radio-campus-fm eo-event-cat-agenda eo-event-cat-fabien-duscombs eo-event-cat-le-tigre-des-platanes eo-event-cat-marc-demereau eo-event-past\"><div class=\"date\"> <div class=\"jour\"> 19 <\/div> <div class=\"mois\">Apr <\/div> <div class=\"annee\">2024 <\/div> <\/div> <div class=\"contenu-date\"> <h4 class=\"titre\">Le Tigre des Platanes - <\/h4> <div class=\"detail\"> <span class=\"lieu\">Radio Campus FM, Toulouse<\/span><!-- \/.lieu --> - <span   class=\"heure\"> 17:00<\/span><!-- \/.heure --><br> <span class=\"extrait\"><a href=\"https:\/\/freddymorezon.org\/productions\/le-tigre-des-platanes\/\" title=\"+ d'infos\" alt=\"+ d'infos\"><i class=\"fa fa-plus-square\"><\/i><\/a> <a href=\"https:\/\/www.campusfm.net\/wp\/\" target=\"_blank\" title=\"+ d'infos\" alt=\"+ d'infos\" rel=\"noopener\"><i class=\"fa fa-plus-square\"><\/i><\/a><\/span><!-- \/.extrait --><br> <\/div>\t<!-- \/.detail --> <\/div> <!-- \/.contenu-date --><\/li><li class=\"eo-event-venue-le-taquin eo-event-cat-fabien-duscombs eo-event-cat-le-tigre-des-platanes eo-event-cat-marc-demereau eo-event-past eo-all-day\"><div class=\"date\"> <div class=\"jour\"> 19<\/div> <div class=\"mois\">Apr<\/div> <div class=\"annee\">2024<\/div> <\/div> <div class=\"contenu-date\"> <h4 class=\"titre\">Le Tigre des Platanes - <\/h4> <div class=\"detail\"> <span class=\"lieu\">Le Taquin, Toulouse<\/span><!-- \/.lieu --> - <span   class=\"heure\"><\/span><!-- \/.heure --><br> <span class=\"extrait\">Release Party \"Rh\u00e9sus Machin\" <\/span><!-- \/.extrait --><br> <\/div>\t<!-- \/.detail --> <\/div> <!-- \/.contenu-date --><\/li><li class=\"eo-event-venue-le-zanzi-bar eo-event-cat-agenda eo-event-cat-fabien-duscombs eo-event-cat-le-tigre-des-platanes eo-event-cat-marc-demereau eo-event-past eo-all-day\"><div class=\"date\"> <div class=\"jour\"> 18<\/div> <div class=\"mois\">Apr<\/div> <div class=\"annee\">2024<\/div> <\/div> <div class=\"contenu-date\"> <h4 class=\"titre\">Le Tigre des Platanes - <\/h4> <div class=\"detail\"> <span class=\"lieu\">Le Zanzi-bar, S\u00e8te<\/span><!-- \/.lieu --> - <span   class=\"heure\"><\/span><!-- \/.heure --><br> <span class=\"extrait\"><a href=\"https:\/\/www.le-zanzi-bar-sete.fr\/\" target=\"_blank\" title=\"+ d'infos\" alt=\"+ d'infos\" rel=\"noopener\"><i class=\"fa fa-plus-square\"><\/i><\/a><\/span><!-- \/.extrait --><br> <\/div>\t<!-- \/.detail --> <\/div> <!-- \/.contenu-date --><\/li><li class=\"eo-event-venue-le-pannonica eo-event-cat-fabien-duscombs eo-event-cat-le-tigre-des-platanes eo-event-cat-marc-demereau eo-event-past eo-all-day\"><div class=\"date\"> <div class=\"jour\"> 17<\/div> <div class=\"mois\">Jan<\/div> <div class=\"annee\">2024<\/div> <\/div> <div class=\"contenu-date\"> <h4 class=\"titre\">Le Tigre des Platanes - <\/h4> <div class=\"detail\"> <span class=\"lieu\">Pannonica, Nantes (44)<\/span><!-- \/.lieu --> - <span   class=\"heure\"><\/span><!-- \/.heure --><br> <span class=\"extrait\">Soir\u00e9e Carte Blanche \u00e0 Freddy Morezon <\/span><!-- \/.extrait --><br> <\/div>\t<!-- \/.detail --> <\/div> <!-- \/.contenu-date --><\/li><li class=\"eo-event-venue-pyramide-satie eo-event-cat-court-circuit eo-event-cat-fabien-duscombs eo-event-cat-le-tigre-des-platanes eo-event-cat-marc-demereau eo-event-cat-nos-evenements eo-event-past\"><div class=\"date\"> <div class=\"jour\"> 08 <\/div> <div class=\"mois\">Dec <\/div> <div class=\"annee\">2023 <\/div> <\/div> <div class=\"contenu-date\"> <h4 class=\"titre\">Balade cont\u00e9e et lumineuse - <\/h4> <div class=\"detail\"> <span class=\"lieu\">Pyramide Satie, Toulouse<\/span><!-- \/.lieu --> - <span   class=\"heure\"> 18:00<\/span><!-- \/.heure --><br> <span class=\"extrait\">RDV Pyramide Satie, 4 Chemin Jean-Fran\u00e7ois Lesueur, La Reynerie, Toulouse\r\nAvec Luc Fagoaga & Le Tigre des Platanes \/ Dans le cadre de Court-Circuit <a href=\"https:\/\/freddymorezon.org\/action-culturelle\/court-circuit\/\" target=\"_blank\" title=\"+ d'infos\" alt=\"+ d'infos\" rel=\"noopener noreferrer\"><i class=\"fa fa-plus-square\"><\/i><\/a><\/span><!-- \/.extrait --><br> <\/div>\t<!-- \/.detail --> <\/div> <!-- \/.contenu-date --><\/li><li class=\"eo-event-venue-latour-de-france eo-event-cat-fabien-duscombs eo-event-cat-le-tigre-des-platanes eo-event-cat-marc-demereau eo-event-past eo-all-day\"><div class=\"date\"> <div class=\"jour\"> 05<\/div> <div class=\"mois\">Nov<\/div> <div class=\"annee\">2023<\/div> <\/div> <div class=\"contenu-date\"> <h4 class=\"titre\">Le Tigre des Platanes - <\/h4> <div class=\"detail\"> <span class=\"lieu\">Latour de France, <\/span><!-- \/.lieu --> - <span   class=\"heure\"><\/span><!-- \/.heure --><br> <span class=\"extrait\"><\/span><!-- \/.extrait --><br> <\/div>\t<!-- \/.detail --> <\/div> <!-- \/.contenu-date --><\/li><li class=\"eo-event-venue-limpro eo-event-cat-fabien-duscombs eo-event-cat-le-tigre-des-platanes eo-event-cat-marc-demereau eo-event-past eo-all-day\"><div class=\"date\"> <div class=\"jour\"> 13<\/div> <div class=\"mois\">Oct<\/div> <div class=\"annee\">2023<\/div> <\/div> <div class=\"contenu-date\"> <h4 class=\"titre\">Le Tigre des Platanes - <\/h4> <div class=\"detail\"> <span class=\"lieu\">L'Impro, Toulouse<\/span><!-- \/.lieu --> - <span   class=\"heure\"><\/span><!-- \/.heure --><br> <span class=\"extrait\"><\/span><!-- \/.extrait --><br> <\/div>\t<!-- \/.detail --> <\/div> <!-- \/.contenu-date --><\/li><li class=\"eo-event-cat-fabien-duscombs eo-event-cat-le-tigre-des-platanes eo-event-cat-marc-demereau eo-event-past\"><div class=\"date\"> <div class=\"jour\"> 07 <\/div> <div class=\"mois\">Sep <\/div> <div class=\"annee\">2023 <\/div> <\/div> <div class=\"contenu-date\"> <h4 class=\"titre\">Le Tigre des Platanes - <\/h4> <div class=\"detail\"> <span class=\"lieu\">, <\/span><!-- \/.lieu --> - <span   class=\"heure\"> 10:00<\/span><!-- \/.heure --><br> <span class=\"extrait\">En Corr\u00e8ge (lieu pr\u00e9cis \u00e0 venir)<\/span><!-- \/.extrait --><br> <\/div>\t<!-- \/.detail --> <\/div> <!-- \/.contenu-date --><\/li><li class=\"eo-event-venue-cine-32 eo-event-cat-fabien-duscombs eo-event-cat-le-tigre-des-platanes eo-event-cat-marc-demereau eo-event-past\"><div class=\"date\"> <div class=\"jour\"> 08 <\/div> <div class=\"mois\">Aug <\/div> <div class=\"annee\">2023 <\/div> <\/div> <div class=\"contenu-date\"> <h4 class=\"titre\">Le Tigre des Platanes - <\/h4> <div class=\"detail\"> <span class=\"lieu\">Cin\u00e9 32, Auch<\/span><!-- \/.lieu --> - <span   class=\"heure\"> 19:30<\/span><!-- \/.heure --><br> <span class=\"extrait\">Dans le cadre des Bistrot-concerts <a href=\"https:\/\/www.cine32.com\/bistrot\/\" target=\"_blank\" title=\"+ d'infos\" alt=\"+ d'infos\" rel=\"noopener noreferrer\"><i class=\"fa fa-plus-square\"><\/i><\/a><\/span><!-- \/.extrait --><br> <\/div>\t<!-- \/.detail --> <\/div> <!-- \/.contenu-date --><\/li><li class=\"eo-event-venue-cafe-le-bouche-a-oreille eo-event-cat-fabien-duscombs eo-event-cat-le-tigre-des-platanes eo-event-cat-marc-demereau eo-event-past\"><div class=\"date\"> <div class=\"jour\"> 04 <\/div> <div class=\"mois\">Jun <\/div> <div class=\"annee\">2023 <\/div> <\/div> <div class=\"contenu-date\"> <h4 class=\"titre\">Le Tigre des Platanes - <\/h4> <div class=\"detail\"> <span class=\"lieu\">Le Bouche \u00e0 Oreille, Simorre (32)<\/span><!-- \/.lieu --> - <span   class=\"heure\"> 12:00<\/span><!-- \/.heure --><br> <span class=\"extrait\">Anniversaire du Bouche \u00e0 Oreille et journ\u00e9e de d\u00e9gustation vins d'autan <a href=\"https:\/\/www.facebook.com\/events\/963610621439963\" target=\"_blank\" title=\"\u00e9v\u00e9nement facebook\" alt=\"\u00e9v\u00e9nement facebook\" rel=\"noopener noreferrer\"><i class=\"fa fa-facebook\"><\/i><\/a><\/span><!-- \/.extrait --><br> <\/div>\t<!-- \/.detail --> <\/div> <!-- \/.contenu-date --><\/li><li class=\"eo-event-venue-la-girouette eo-event-cat-fabien-duscombs eo-event-cat-le-tigre-des-platanes eo-event-cat-marc-demereau eo-event-past eo-all-day\"><div class=\"date\"> <div class=\"jour\"> 11<\/div> <div class=\"mois\">Mar<\/div> <div class=\"annee\">2023<\/div> <\/div> <div class=\"contenu-date\"> <h4 class=\"titre\">Le Tigre des Platanes - <\/h4> <div class=\"detail\"> <span class=\"lieu\">La Girouette, Carla-Bayle<\/span><!-- \/.lieu --> - <span   class=\"heure\"><\/span><!-- \/.heure --><br> <span class=\"extrait\"><\/span><!-- \/.extrait --><br> <\/div>\t<!-- \/.detail --> <\/div> <!-- \/.contenu-date --><\/li><li class=\"eo-event-venue-louverture eo-event-cat-fabien-duscombs eo-event-cat-le-tigre-des-platanes eo-event-cat-marc-demereau eo-event-past eo-all-day\"><div class=\"date\"> <div class=\"jour\"> 10<\/div> <div class=\"mois\">Mar<\/div> <div class=\"annee\">2023<\/div> <\/div> <div class=\"contenu-date\"> <h4 class=\"titre\">Le Tigre des Platanes - <\/h4> <div class=\"detail\"> <span class=\"lieu\">L'Ouverture, Mauvezin (32)<\/span><!-- \/.lieu --> - <span   class=\"heure\"><\/span><!-- \/.heure --><br> <span class=\"extrait\"><\/span><!-- \/.extrait --><br> <\/div>\t<!-- \/.detail --> <\/div> <!-- \/.contenu-date --><\/li><li class=\"eo-event-venue-theatre-le-ring eo-event-cat-20-ans-de-freddy eo-event-cat-fabien-duscombs eo-event-cat-le-tigre-des-platanes eo-event-cat-marc-demereau eo-event-cat-nos-evenements eo-event-past\"><div class=\"date\"> <div class=\"jour\"> 16 <\/div> <div class=\"mois\">Oct <\/div> <div class=\"annee\">2022 <\/div> <\/div> <div class=\"contenu-date\"> <h4 class=\"titre\">C&#8217;est la f\u00eate ! - <\/h4> <div class=\"detail\"> <span class=\"lieu\">Th\u00e9\u00e2tre Le Ring, Toulouse<\/span><!-- \/.lieu --> - <span   class=\"heure\"> 16:00<\/span><!-- \/.heure --><br> <span class=\"extrait\">Tombola musical - Le Tigre des Platanes \/ Dans le cadre des 20 ans de Freddy Morezon <a href=\"https:\/\/freddymorezon.org\/nos-evenements\/20-ans-de-freddy-morezon\/\" target=\"_blank\" title=\"+ d'infos\" alt=\"+ d'infos\" rel=\"noopener noreferrer\"><i class=\"fa fa-plus-square\"><\/i><\/a><\/span><!-- \/.extrait --><br> <\/div>\t<!-- \/.detail --> <\/div> <!-- \/.contenu-date --><\/li><li class=\"eo-event-venue-djazz-nevers eo-event-cat-fabien-duscombs eo-event-cat-le-tigre-des-platanes eo-event-cat-marc-demereau eo-event-past\"><div class=\"date\"> <div class=\"jour\"> 16 <\/div> <div class=\"mois\">Sep <\/div> <div class=\"annee\">2022 <\/div> <\/div> <div class=\"contenu-date\"> <h4 class=\"titre\">Le Tigre des Platanes - <\/h4> <div class=\"detail\"> <span class=\"lieu\">D'Jazz Nevers, <\/span><!-- \/.lieu --> - <span   class=\"heure\"> 20:00<\/span><!-- \/.heure --><br> <span class=\"extrait\">Soir\u00e9e de pr\u00e9sentation du festival \/ La Maison, Nevers <a href=\"https:\/\/djazznevers.com\/festival\/djazz-nevers-festival-36\/soiree-de-presentation-du-36e-djazz-nevers-festival\" target=\"_blank\" title=\"+ d'infos\" alt=\"+ d'infos\" rel=\"noopener noreferrer\"><i class=\"fa fa-plus-square\"><\/i><\/a> <\/span><!-- \/.extrait --><br> <\/div>\t<!-- \/.detail --> <\/div> <!-- \/.contenu-date --><\/li><li class=\"eo-event-venue-bistrot-de-la-halle eo-event-cat-fabien-duscombs eo-event-cat-le-tigre-des-platanes eo-event-cat-marc-demereau eo-event-past eo-all-day\"><div class=\"date\"> <div class=\"jour\"> 15<\/div> <div class=\"mois\">Sep<\/div> <div class=\"annee\">2022<\/div> <\/div> <div class=\"contenu-date\"> <h4 class=\"titre\">Le Tigre des Platanes - <\/h4> <div class=\"detail\"> <span class=\"lieu\">Bistrot de la Halle, Tours-sur-Meymont<\/span><!-- \/.lieu --> - <span   class=\"heure\"><\/span><!-- \/.heure --><br> <span class=\"extrait\"><\/span><!-- \/.extrait --><br> <\/div>\t<!-- \/.detail --> <\/div> <!-- \/.contenu-date --><\/li><li class=\"eo-event-venue-festival-poutres-apparentes eo-event-cat-fabien-duscombs eo-event-cat-le-tigre-des-platanes eo-event-cat-marc-demereau eo-event-past eo-all-day\"><div class=\"date\"> <div class=\"jour\"> 26<\/div> <div class=\"mois\">Aug<\/div> <div class=\"annee\">2022<\/div> <\/div> <div class=\"contenu-date\"> <h4 class=\"titre\">Le Tigre des Platanes - <\/h4> <div class=\"detail\"> <span class=\"lieu\">Festival Poutres Apparentes, Pau<\/span><!-- \/.lieu --> - <span   class=\"heure\"><\/span><!-- \/.heure --><br> <span class=\"extrait\"><\/span><!-- \/.extrait --><br> <\/div>\t<!-- \/.detail --> <\/div> <!-- \/.contenu-date --><\/li><li class=\"eo-event-venue-louverture eo-event-cat-fabien-duscombs eo-event-cat-le-tigre-des-platanes eo-event-cat-marc-demereau eo-event-past eo-all-day\"><div class=\"date\"> <div class=\"jour\"> 10<\/div> <div class=\"mois\">Jun<\/div> <div class=\"annee\">2022<\/div> <\/div> <div class=\"contenu-date\"> <h4 class=\"titre\">Le Tigre des Platanes - <\/h4> <div class=\"detail\"> <span class=\"lieu\">L'Ouverture, Mauvezin (32)<\/span><!-- \/.lieu --> - <span   class=\"heure\"><\/span><!-- \/.heure --><br> <span class=\"extrait\"><a href=\"https:\/\/louverturemauvezin.ouvaton.org\/\" target=\"_blank\" title=\"+ d'infos\" alt=\"+ d'infos\" rel=\"noopener noreferrer\"><i class=\"fa fa-plus-square\"><\/i><\/a> <\/span><!-- \/.extrait --><br> <\/div>\t<!-- \/.detail --> <\/div> <!-- \/.contenu-date --><\/li><li class=\"eo-event-venue-cafe-jean-jaures eo-event-cat-fabien-duscombs eo-event-cat-le-tigre-des-platanes eo-event-cat-marc-demereau eo-event-past eo-all-day\"><div class=\"date\"> <div class=\"jour\"> 09<\/div> <div class=\"mois\">Jun<\/div> <div class=\"annee\">2022<\/div> <\/div> <div class=\"contenu-date\"> <h4 class=\"titre\">Le Tigre des Platanes - <\/h4> <div class=\"detail\"> <span class=\"lieu\">Caf\u00e9 Jean Jaur\u00e8s, Castres<\/span><!-- \/.lieu --> - <span   class=\"heure\"><\/span><!-- \/.heure --><br> <span class=\"extrait\"><\/span><!-- \/.extrait --><br> <\/div>\t<!-- \/.detail --> <\/div> <!-- \/.contenu-date --><\/li><li class=\"eo-event-venue-chez-pierrot eo-event-cat-agenda eo-event-cat-fabien-duscombs eo-event-cat-freddy-morezon eo-event-cat-le-tigre-des-platanes eo-event-cat-marc-demereau eo-event-past eo-all-day\"><div class=\"date\"> <div class=\"jour\"> 07<\/div> <div class=\"mois\">May<\/div> <div class=\"annee\">2022<\/div> <\/div> <div class=\"contenu-date\"> <h4 class=\"titre\">Le Tigre des Platanes - <\/h4> <div class=\"detail\"> <span class=\"lieu\">Chez Pierrot, Arcizans-Avant<\/span><!-- \/.lieu --> - <span   class=\"heure\"><\/span><!-- \/.heure --><br> <span class=\"extrait\"><\/span><!-- \/.extrait --><br> <\/div>\t<!-- \/.detail --> <\/div> <!-- \/.contenu-date --><\/li><li class=\"eo-event-venue-celtic-pub eo-event-cat-agenda eo-event-cat-fabien-duscombs eo-event-cat-freddy-morezon eo-event-cat-le-tigre-des-platanes eo-event-cat-marc-demereau eo-event-past eo-all-day\"><div class=\"date\"> <div class=\"jour\"> 06<\/div> <div class=\"mois\">May<\/div> <div class=\"annee\">2022<\/div> <\/div> <div class=\"contenu-date\"> <h4 class=\"titre\">Le Tigre des Platanes - <\/h4> <div class=\"detail\"> <span class=\"lieu\">Le Celtic Pub, Tarbes<\/span><!-- \/.lieu --> - <span   class=\"heure\"><\/span><!-- \/.heure --><br> <span class=\"extrait\"><\/span><!-- \/.extrait --><br> <\/div>\t<!-- \/.detail --> <\/div> <!-- \/.contenu-date --><\/li><li class=\"eo-event-venue-louverture eo-event-cat-agenda eo-event-cat-fabien-duscombs eo-event-cat-le-tigre-des-platanes eo-event-cat-marc-demereau eo-event-past eo-all-day\"><div class=\"date\"> <div class=\"jour\"> 19<\/div> <div class=\"mois\">Mar<\/div> <div class=\"annee\">2022<\/div> <\/div> <div class=\"contenu-date\"> <h4 class=\"titre\">Le Tigre des Platanes - <\/h4> <div class=\"detail\"> <span class=\"lieu\">L'Ouverture, Mauvezin (32)<\/span><!-- \/.lieu --> - <span   class=\"heure\"><\/span><!-- \/.heure --><br> <span class=\"extrait\"><a href=\"https:\/\/www.facebook.com\/events\/308559857890345\/\" target=\"_blank\" title=\"\u00e9v\u00e9nement facebook\" alt=\"\u00e9v\u00e9nement facebook\" rel=\"noopener noreferrer\"><i class=\"fa fa-facebook\"><\/i><\/a><\/span><!-- \/.extrait --><br> <\/div>\t<!-- \/.detail --> <\/div> <!-- \/.contenu-date --><\/li><li class=\"eo-event-venue-le-taquin eo-event-cat-agenda eo-event-cat-fabien-duscombs eo-event-cat-le-tigre-des-platanes eo-event-cat-marc-demereau eo-event-past eo-all-day\"><div class=\"date\"> <div class=\"jour\"> 05<\/div> <div class=\"mois\">Mar<\/div> <div class=\"annee\">2022<\/div> <\/div> <div class=\"contenu-date\"> <h4 class=\"titre\">Le Tigre des Platanes - <\/h4> <div class=\"detail\"> <span class=\"lieu\">Le Taquin, Toulouse<\/span><!-- \/.lieu --> - <span   class=\"heure\"><\/span><!-- \/.heure --><br> <span class=\"extrait\"><\/span><!-- \/.extrait --><br> <\/div>\t<!-- \/.detail --> <\/div> <!-- \/.contenu-date --><\/li><li class=\"eo-event-venue-capuche-beret eo-event-cat-agenda eo-event-cat-fabien-duscombs eo-event-cat-le-tigre-des-platanes eo-event-cat-marc-demereau eo-event-past eo-all-day\"><div class=\"date\"> <div class=\"jour\"> 04<\/div> <div class=\"mois\">Mar<\/div> <div class=\"annee\">2022<\/div> <\/div> <div class=\"contenu-date\"> <h4 class=\"titre\">Le Tigre des Platanes - <\/h4> <div class=\"detail\"> <span class=\"lieu\">Capuche B\u00e9ret, Le Mas d'Azil<\/span><!-- \/.lieu --> - <span   class=\"heure\"><\/span><!-- \/.heure --><br> <span class=\"extrait\"><\/span><!-- \/.extrait --><br> <\/div>\t<!-- \/.detail --> <\/div> <!-- \/.contenu-date --><\/li><li class=\"eo-event-venue-la-pistouflerie eo-event-cat-fabien-duscombs eo-event-cat-le-tigre-des-platanes eo-event-cat-marc-demereau eo-event-past eo-all-day\"><div class=\"date\"> <div class=\"jour\"> 10<\/div> <div class=\"mois\">Dec<\/div> <div class=\"annee\">2021<\/div> <\/div> <div class=\"contenu-date\"> <h4 class=\"titre\">Le Tigre des Platanes - <\/h4> <div class=\"detail\"> <span class=\"lieu\">La Pistouflerie, Cassagnab\u00e8re-Tournas (31)<\/span><!-- \/.lieu --> - <span   class=\"heure\"><\/span><!-- \/.heure --><br> <span class=\"extrait\"><\/span><!-- \/.extrait --><br> <\/div>\t<!-- \/.detail --> <\/div> <!-- \/.contenu-date --><\/li><li class=\"eo-event-venue-maison-du-livre-de-limage-et-du-son eo-event-cat-fabien-duscombs eo-event-cat-le-tigre-des-platanes eo-event-cat-marc-demereau eo-event-past\"><div class=\"date\"> <div class=\"jour\"> 16 <\/div> <div class=\"mois\">Oct <\/div> <div class=\"annee\">2021 <\/div> <\/div> <div class=\"contenu-date\"> <h4 class=\"titre\">Le Tigre des Platanes - <\/h4> <div class=\"detail\"> <span class=\"lieu\">Maison du livre, de l'image et du son, Villeurbanne<\/span><!-- \/.lieu --> - <span   class=\"heure\"> 18:00<\/span><!-- \/.heure --><br> <span class=\"extrait\">\"Autour du collectif Freddy Morezon\" avec Maison du Livre de l\u2019Image et du Son de Villeurbanne, dans le cadre du festival Doua de Jazz 2021 <a href=\"https:\/\/mediatheques.villeurbanne.fr\/2021\/09\/freddy-morezon-concerts-et-exposition\/?fbclid=IwAR1Xrp0d6awZj03Fhk6KbudD5Kf0hXHxvpc6Y0XcjQ91tXIl38yGxvXxl9U\" target=\"_blank\" title=\"+ d'infos\" alt=\"+ d'infos\" rel=\"noopener noreferrer\"><i class=\"fa fa-plus-square\"><\/i><\/a> <a href=\"https:\/\/www.facebook.com\/events\/607577690225856\/\" target=\"_blank\" title=\"\u00e9v\u00e9nement facebook\" alt=\"\u00e9v\u00e9nement facebook\" rel=\"noopener noreferrer\"><i class=\"fa fa-facebook\"><\/i><\/a><\/span><!-- \/.extrait --><br> <\/div>\t<!-- \/.detail --> <\/div> <!-- \/.contenu-date --><\/li><li class=\"eo-event-venue-capuche-beret eo-event-cat-fabien-duscombs eo-event-cat-le-tigre-des-platanes eo-event-cat-marc-demereau eo-event-past eo-all-day\"><div class=\"date\"> <div class=\"jour\"> 10<\/div> <div class=\"mois\">Aug<\/div> <div class=\"annee\">2021<\/div> <\/div> <div class=\"contenu-date\"> <h4 class=\"titre\">Le Tigre des Platanes - <\/h4> <div class=\"detail\"> <span class=\"lieu\">Capuche B\u00e9ret, Le Mas d'Azil<\/span><!-- \/.lieu --> - <span   class=\"heure\"><\/span><!-- \/.heure --><br> <span class=\"extrait\"><\/span><!-- \/.extrait --><br> <\/div>\t<!-- \/.detail --> <\/div> <!-- \/.contenu-date --><\/li><li class=\"eo-event-venue-ariege eo-event-cat-fabien-duscombs eo-event-cat-le-tigre-des-platanes eo-event-cat-marc-demereau eo-event-cat-residence-territoire-09 eo-event-past eo-all-day\"><div class=\"date\"> <div class=\"jour\"> 12<\/div> <div class=\"mois\">Jun<\/div> <div class=\"annee\">2021<\/div> <\/div> <div class=\"contenu-date\"> <h4 class=\"titre\">Le Tigre des Platanes - <\/h4> <div class=\"detail\"> <span class=\"lieu\">Ari\u00e8ge, (09)<\/span><!-- \/.lieu --> - <span   class=\"heure\"><\/span><!-- \/.heure --><br> <span class=\"extrait\">Concert chez l'habitant<\/span><!-- \/.extrait --><br> <\/div>\t<!-- \/.detail --> <\/div> <!-- \/.contenu-date --><\/li><li class=\"eo-event-cat-concert-radiophonique eo-event-cat-fabien-duscombs eo-event-cat-le-tigre-des-platanes eo-event-cat-marc-demereau eo-event-cat-nos-evenements eo-event-past\"><div class=\"date\"> <div class=\"jour\"> 17 <\/div> <div class=\"mois\">Apr <\/div> <div class=\"annee\">2021 <\/div> <\/div> <div class=\"contenu-date\"> <h4 class=\"titre\">Le Tigre des Platanes - <\/h4> <div class=\"detail\"> <span class=\"lieu\">, <\/span><!-- \/.lieu --> - <span   class=\"heure\"> 21:00<\/span><!-- \/.heure --><br> <span class=\"extrait\">Concert radiophonique, diffusion sur radio Campus FM <a href=\"https:\/\/www.campusfm.net\/wp\/\" target=\"_blank\" title=\"+ d'infos\" alt=\"+ d'infos\" rel=\"noopener noreferrer\"><i class=\"fa fa-plus-square\"><\/i><\/a><\/span><!-- \/.extrait --><br> <\/div>\t<!-- \/.detail --> <\/div> <!-- \/.contenu-date --><\/li><li class=\"eo-event-venue-concert-virtuel eo-event-cat-fabien-duscombs eo-event-cat-le-tigre-des-platanes eo-event-cat-marc-demereau eo-event-past eo-all-day\"><div class=\"date\"> <div class=\"jour\"> 29<\/div> <div class=\"mois\">Jul<\/div> <div class=\"annee\">2020<\/div> <\/div> <div class=\"contenu-date\"> <h4 class=\"titre\">Le Tigre des Platanes - <\/h4> <div class=\"detail\"> <span class=\"lieu\">Concert virtuel, <\/span><!-- \/.lieu --> - <span   class=\"heure\"><\/span><!-- \/.heure --><br> <span class=\"extrait\">Les Mercredis de 31 Notes d'\u00e9t\u00e9 - \u00c9pisode #4 <a href=\"https:\/\/www.facebook.com\/events\/573759280200673\/\" target=\"_blank\" title=\"facebook\" alt=\"facebook\" rel=\"noopener noreferrer\"><i class=\"fa fa-facebook\"><\/i><\/a><\/span><!-- \/.extrait --><br> <\/div>\t<!-- \/.detail --> <\/div> <!-- \/.contenu-date --><\/li><li class=\"eo-event-venue-place-des-tiercerettes eo-event-cat-fabien-duscombs eo-event-cat-le-tigre-des-platanes eo-event-cat-marc-demereau eo-event-past eo-all-day\"><div class=\"date\"> <div class=\"jour\"> 29<\/div> <div class=\"mois\">May<\/div> <div class=\"annee\">2020<\/div> <\/div> <div class=\"contenu-date\"> <h4 class=\"titre\">Le Tigre des Platanes - <\/h4> <div class=\"detail\"> <span class=\"lieu\">Place des Tiercerettes, Toulouse<\/span><!-- \/.lieu --> - <span   class=\"heure\"><\/span><!-- \/.heure --><br> <span class=\"extrait\">Le Brueghel &#45; avec Ukandanz<\/span><!-- \/.extrait --><br> <\/div>\t<!-- \/.detail --> <\/div> <!-- \/.contenu-date --><\/li><li class=\"eo-event-venue-louverture eo-event-cat-fabien-duscombs eo-event-cat-le-tigre-des-platanes eo-event-cat-marc-demereau eo-event-past eo-all-day\"><div class=\"date\"> <div class=\"jour\"> 18<\/div> <div class=\"mois\">Apr<\/div> <div class=\"annee\">2020<\/div> <\/div> <div class=\"contenu-date\"> <h4 class=\"titre\">Le Tigre des Platanes &#8211; annul\u00e9 - <\/h4> <div class=\"detail\"> <span class=\"lieu\">L'Ouverture, Mauvezin (32)<\/span><!-- \/.lieu --> - <span   class=\"heure\"><\/span><!-- \/.heure --><br> <span class=\"extrait\"><\/span><!-- \/.extrait --><br> <\/div>\t<!-- \/.detail --> <\/div> <!-- \/.contenu-date --><\/li><li class=\"eo-event-venue-chez-pierrot eo-event-cat-fabien-duscombs eo-event-cat-le-tigre-des-platanes eo-event-cat-marc-demereau eo-event-cat-piero-pepin eo-event-past eo-all-day\"><div class=\"date\"> <div class=\"jour\"> 15<\/div> <div class=\"mois\">Feb<\/div> <div class=\"annee\">2020<\/div> <\/div> <div class=\"contenu-date\"> <h4 class=\"titre\">Le Tigre des Platanes - <\/h4> <div class=\"detail\"> <span class=\"lieu\">Chez Pierrot, Arcizans-Avant<\/span><!-- \/.lieu --> - <span   class=\"heure\"><\/span><!-- \/.heure --><br> <span class=\"extrait\"><\/span><!-- \/.extrait --><br> <\/div>\t<!-- \/.detail --> <\/div> <!-- \/.contenu-date --><\/li><li class=\"eo-event-venue-le-poulpe-du-lac eo-event-cat-fabien-duscombs eo-event-cat-le-tigre-des-platanes eo-event-cat-marc-demereau eo-event-cat-piero-pepin eo-event-past eo-all-day\"><div class=\"date\"> <div class=\"jour\"> 14<\/div> <div class=\"mois\">Feb<\/div> <div class=\"annee\">2020<\/div> <\/div> <div class=\"contenu-date\"> <h4 class=\"titre\">Le Tigre des Platanes - <\/h4> <div class=\"detail\"> <span class=\"lieu\">Le Poulpe du Lac, Sainte Croix Volvestre<\/span><!-- \/.lieu --> - <span   class=\"heure\"><\/span><!-- \/.heure --><br> <span class=\"extrait\"><\/span><!-- \/.extrait --><br> <\/div>\t<!-- \/.detail --> <\/div> <!-- \/.contenu-date --><\/li><li class=\"eo-event-venue-la-penac eo-event-cat-fabien-duscombs eo-event-cat-le-tigre-des-platanes eo-event-cat-marc-demereau eo-event-cat-piero-pepin eo-event-past eo-all-day\"><div class=\"date\"> <div class=\"jour\"> 30<\/div> <div class=\"mois\">Nov<\/div> <div class=\"annee\">2019<\/div> <\/div> <div class=\"contenu-date\"> <h4 class=\"titre\">Le Tigre des Platanes - <\/h4> <div class=\"detail\"> <span class=\"lieu\">La Pe\u00f1ac, Marciac (32)<\/span><!-- \/.lieu --> - <span   class=\"heure\"><\/span><!-- \/.heure --><br> <span class=\"extrait\"><\/span><!-- \/.extrait --><br> <\/div>\t<!-- \/.detail --> <\/div> <!-- \/.contenu-date --><\/li><li class=\"eo-event-venue-salle-des-fetes eo-event-cat-fabien-duscombs eo-event-cat-le-tigre-des-platanes eo-event-cat-marc-demereau eo-event-cat-piero-pepin eo-event-past eo-all-day\"><div class=\"date\"> <div class=\"jour\"> 29<\/div> <div class=\"mois\">Nov<\/div> <div class=\"annee\">2019<\/div> <\/div> <div class=\"contenu-date\"> <h4 class=\"titre\">Le Tigre des Platanes - <\/h4> <div class=\"detail\"> <span class=\"lieu\">Salle des f\u00eates, Lanta (31)<\/span><!-- \/.lieu --> - <span   class=\"heure\"><\/span><!-- \/.heure --><br> <span class=\"extrait\">+ l'Orchestre Merversible + Incessamment Sous Peu<\/span><!-- \/.extrait --><br> <\/div>\t<!-- \/.detail --> <\/div> <!-- \/.contenu-date --><\/li><li class=\"eo-event-venue-le-taquin eo-event-cat-fabien-duscombs eo-event-cat-le-tigre-des-platanes eo-event-cat-marc-demereau eo-event-cat-piero-pepin eo-event-past eo-all-day\"><div class=\"date\"> <div class=\"jour\"> 28<\/div> <div class=\"mois\">Nov<\/div> <div class=\"annee\">2019<\/div> <\/div> <div class=\"contenu-date\"> <h4 class=\"titre\">Le Tigre des Platanes - <\/h4> <div class=\"detail\"> <span class=\"lieu\">Le Taquin, Toulouse<\/span><!-- \/.lieu --> - <span   class=\"heure\"><\/span><!-- \/.heure --><br> <span class=\"extrait\">Culture Bar-Bars<\/span><!-- \/.extrait --><br> <\/div>\t<!-- \/.detail --> <\/div> <!-- \/.contenu-date --><\/li><li class=\"eo-event-venue-le-natio-revel eo-event-cat-fabien-duscombs eo-event-cat-le-tigre-des-platanes eo-event-cat-marc-demereau eo-event-cat-piero-pepin eo-event-past eo-all-day\"><div class=\"date\"> <div class=\"jour\"> 20<\/div> <div class=\"mois\">Oct<\/div> <div class=\"annee\">2019<\/div> <\/div> <div class=\"contenu-date\"> <h4 class=\"titre\">Le Tigre des Platanes - <\/h4> <div class=\"detail\"> <span class=\"lieu\">Le Natio Revel, Revel (31)<\/span><!-- \/.lieu --> - <span   class=\"heure\"><\/span><!-- \/.heure --><br> <span class=\"extrait\"><\/span><!-- \/.extrait --><br> <\/div>\t<!-- \/.detail --> <\/div> <!-- \/.contenu-date --><\/li><li class=\"eo-event-venue-la-renverse eo-event-cat-fabien-duscombs eo-event-cat-le-tigre-des-platanes eo-event-cat-marc-demereau eo-event-cat-piero-pepin eo-event-past\"><div class=\"date\"> <div class=\"jour\"> 06 <\/div> <div class=\"mois\">Jul <\/div> <div class=\"annee\">2019 <\/div> <\/div> <div class=\"contenu-date\"> <h4 class=\"titre\">Le Tigre des Platanes - <\/h4> <div class=\"detail\"> <span class=\"lieu\">La Renverse, Saint-Froult (17)<\/span><!-- \/.lieu --> - <span   class=\"heure\"> 19:00<\/span><!-- \/.heure --><br> <span class=\"extrait\"><a href=\"https:\/\/www.larenverse.fr\/events\/concert-le-tigre-des-platanes\" target=\"_blank\" title=\"+ d'infos\" alt=\"+ d'infos\" rel=\"noopener noreferrer\"><i class=\"fa fa-plus-square\"><\/i><\/a><\/span><!-- \/.extrait --><br> <\/div>\t<!-- \/.detail --> <\/div> <!-- \/.contenu-date --><\/li><li class=\"eo-event-venue-larsenic-cafe eo-event-cat-fabien-duscombs eo-event-cat-le-tigre-des-platanes eo-event-cat-marc-demereau eo-event-cat-piero-pepin eo-event-past eo-all-day\"><div class=\"date\"> <div class=\"jour\"> 05<\/div> <div class=\"mois\">Jul<\/div> <div class=\"annee\">2019<\/div> <\/div> <div class=\"contenu-date\"> <h4 class=\"titre\">Le Tigre des Platanes - <\/h4> <div class=\"detail\"> <span class=\"lieu\">L'Arsenic Caf\u00e9, Allemans (24)<\/span><!-- \/.lieu --> - <span   class=\"heure\"><\/span><!-- \/.heure --><br> <span class=\"extrait\"><\/span><!-- \/.extrait --><br> <\/div>\t<!-- \/.detail --> <\/div> <!-- \/.contenu-date --><\/li><li class=\"eo-event-venue-merou-palace eo-event-cat-fabien-duscombs eo-event-cat-le-tigre-des-platanes eo-event-cat-marc-demereau eo-event-cat-piero-pepin eo-event-past\"><div class=\"date\"> <div class=\"jour\"> 21 <\/div> <div class=\"mois\">Jun <\/div> <div class=\"annee\">2019 <\/div> <\/div> <div class=\"contenu-date\"> <h4 class=\"titre\">Le Tigre des Platanes - <\/h4> <div class=\"detail\"> <span class=\"lieu\">M\u00e9rou Palace, Graulhet (81)<\/span><!-- \/.lieu --> - <span   class=\"heure\"> 18:00<\/span><!-- \/.heure --><br> <span class=\"extrait\">vernissage exposition Voyage(s) &#45; <a href=\"http:\/\/www.volubilo.com\/exposition-voyages-du-15-juin-au-21-juillet-a-graulhet\" target=\"_blank\" title=\"+ d'infos\" alt=\"+ d'infos\" rel=\"noopener noreferrer\"><i class=\"fa fa-plus-square\"><\/i><\/a><\/span><!-- \/.extrait --><br> <\/div>\t<!-- \/.detail --> <\/div> <!-- \/.contenu-date --><\/li><li class=\"eo-event-venue-la-maison-de-la-terre eo-event-cat-fabien-duscombs eo-event-cat-le-tigre-des-platanes eo-event-cat-marc-demereau eo-event-cat-piero-pepin eo-event-past eo-all-day\"><div class=\"date\"> <div class=\"jour\"> 11<\/div> <div class=\"mois\">May<\/div> <div class=\"annee\">2019<\/div> <\/div> <div class=\"contenu-date\"> <h4 class=\"titre\">Le Tigre des Platanes - <\/h4> <div class=\"detail\"> <span class=\"lieu\">La Maison de la Terre, Poucharramet (31)<\/span><!-- \/.lieu --> - <span   class=\"heure\"><\/span><!-- \/.heure --><br> <span class=\"extrait\"><\/span><!-- \/.extrait --><br> <\/div>\t<!-- \/.detail --> <\/div> <!-- \/.contenu-date --><\/li><li class=\"eo-event-venue-librairie-compagnon eo-event-cat-fabien-duscombs eo-event-cat-le-tigre-des-platanes eo-event-cat-marc-demereau eo-event-cat-piero-pepin eo-event-past eo-all-day\"><div class=\"date\"> <div class=\"jour\"> 13<\/div> <div class=\"mois\">Apr<\/div> <div class=\"annee\">2019<\/div> <\/div> <div class=\"contenu-date\"> <h4 class=\"titre\">Le Tigre des Platanes - <\/h4> <div class=\"detail\"> <span class=\"lieu\">Librairie Compagnon, Grandris<\/span><!-- \/.lieu --> - <span   class=\"heure\"><\/span><!-- \/.heure --><br> <span class=\"extrait\"><\/span><!-- \/.extrait --><br> <\/div>\t<!-- \/.detail --> <\/div> <!-- \/.contenu-date --><\/li><li class=\"eo-event-venue-la-cave-de-la-damocha eo-event-cat-fabien-duscombs eo-event-cat-le-tigre-des-platanes eo-event-cat-marc-demereau eo-event-cat-piero-pepin eo-event-past eo-all-day\"><div class=\"date\"> <div class=\"jour\"> 12<\/div> <div class=\"mois\">Apr<\/div> <div class=\"annee\">2019<\/div> <\/div> <div class=\"contenu-date\"> <h4 class=\"titre\">Le Tigre des Platanes - <\/h4> <div class=\"detail\"> <span class=\"lieu\">La Cave Damocha, Clermont-Ferrand<\/span><!-- \/.lieu --> - <span   class=\"heure\"><\/span><!-- \/.heure --><br> <span class=\"extrait\"><\/span><!-- \/.extrait --><br> <\/div>\t<!-- \/.detail --> <\/div> <!-- \/.contenu-date --><\/li><li class=\"eo-event-venue-le-wagon eo-event-cat-fabien-duscombs eo-event-cat-le-tigre-des-platanes eo-event-cat-marc-demereau eo-event-cat-piero-pepin eo-event-past eo-all-day\"><div class=\"date\"> <div class=\"jour\"> 11<\/div> <div class=\"mois\">Apr<\/div> <div class=\"annee\">2019<\/div> <\/div> <div class=\"contenu-date\"> <h4 class=\"titre\">Le Tigre des Platanes - <\/h4> <div class=\"detail\"> <span class=\"lieu\">Le Wagon du Faget, Le Faget (31)<\/span><!-- \/.lieu --> - <span   class=\"heure\"><\/span><!-- \/.heure --><br> <span class=\"extrait\"><a href=\"https:\/\/www.facebook.com\/events\/591969667984966\/\" target=\"_blank\" title=\"\u00e9v\u00e9nement facebook\" alt=\"\u00e9v\u00e9nement facebook\" rel=\"noopener noreferrer\"><i class=\"fa fa-facebook\"><\/i><\/a><\/span><!-- \/.extrait --><br> <\/div>\t<!-- \/.detail --> <\/div> <!-- \/.contenu-date --><\/li><li class=\"eo-event-venue-theatre-du-pave eo-event-cat-fabien-duscombs eo-event-cat-le-tigre-des-platanes eo-event-cat-marc-demereau eo-event-cat-piero-pepin eo-event-past eo-all-day\"><div class=\"date\"> <div class=\"jour\"> 02<\/div> <div class=\"mois\">Mar<\/div> <div class=\"annee\">2019<\/div> <\/div> <div class=\"contenu-date\"> <h4 class=\"titre\">Le Tigre des Platanes - <\/h4> <div class=\"detail\"> <span class=\"lieu\">Th\u00e9\u00e2tre du Pav\u00e9, Toulouse<\/span><!-- \/.lieu --> - <span   class=\"heure\"><\/span><!-- \/.heure --><br> <span class=\"extrait\">Un Pav\u00e9 dans le Jazz &#45; <a href=\"https:\/\/unpavedanslejazz.fr\/archives\/2815\" target=\"_blank\" title=\"+ d'infos\" alt=\"+ d'infos\"><i class=\"fa fa-plus-square\"><\/i><\/a> <a href=\"https:\/\/www.facebook.com\/events\/1177060895797099\/\" target=\"_blank\" title=\"\u00e9v\u00e9nement facebook\" alt=\"\u00e9v\u00e9nement facebook\"><i class=\"fa fa-facebook\"><\/i><\/a> <a href=\"https:\/\/www.theatredupave.org\/wordpress\/reservez-vos-places\/\" target=\"_blank\" title=\"billeterie\" alt=\"billeterie\"><i class=\"fa fa-ticket\"><\/i><\/a><\/span><!-- \/.extrait --><br> <\/div>\t<!-- \/.detail --> <\/div> <!-- \/.contenu-date --><\/li><li class=\"eo-event-venue-cafe-le-bouche-a-oreille eo-event-cat-fabien-duscombs eo-event-cat-le-tigre-des-platanes eo-event-cat-marc-demereau eo-event-cat-piero-pepin eo-event-past eo-all-day\"><div class=\"date\"> <div class=\"jour\"> 01<\/div> <div class=\"mois\">Mar<\/div> <div class=\"annee\">2019<\/div> <\/div> <div class=\"contenu-date\"> <h4 class=\"titre\">Le Tigre des Platanes - <\/h4> <div class=\"detail\"> <span class=\"lieu\">Le Bouche \u00e0 Oreille, Simorre (32)<\/span><!-- \/.lieu --> - <span   class=\"heure\"><\/span><!-- \/.heure --><br> <span class=\"extrait\"><a href=\"https:\/\/www.facebook.com\/events\/2344213268936319\/\" target=\"_blank\" title=\"\u00e9v\u00e9nement facebook\" alt=\"\u00e9v\u00e9nement facebook\"><i class=\"fa fa-facebook\"><\/i><\/a><\/span><!-- \/.extrait --><br> <\/div>\t<!-- \/.detail --> <\/div> <!-- \/.contenu-date --><\/li><li class=\"eo-event-venue-cartes-sur-table eo-event-cat-fabien-duscombs eo-event-cat-le-tigre-des-platanes eo-event-cat-marc-demereau eo-event-cat-piero-pepin eo-event-past eo-all-day\"><div class=\"date\"> <div class=\"jour\"> 03<\/div> <div class=\"mois\">Nov<\/div> <div class=\"annee\">2018<\/div> <\/div> <div class=\"contenu-date\"> <h4 class=\"titre\">Le Tigre des Platanes - <\/h4> <div class=\"detail\"> <span class=\"lieu\">Cartes Sur Table, Gaillac<\/span><!-- \/.lieu --> - <span   class=\"heure\"><\/span><!-- \/.heure --><br> <span class=\"extrait\"><\/span><!-- \/.extrait --><br> <\/div>\t<!-- \/.detail --> <\/div> <!-- \/.contenu-date --><\/li><li class=\"eo-event-venue-limpro eo-event-cat-fabien-duscombs eo-event-cat-le-tigre-des-platanes eo-event-cat-marc-demereau eo-event-cat-piero-pepin eo-event-past eo-all-day\"><div class=\"date\"> <div class=\"jour\"> 02<\/div> <div class=\"mois\">Nov<\/div> <div class=\"annee\">2018<\/div> <\/div> <div class=\"contenu-date\"> <h4 class=\"titre\">Le Tigre des Platanes - <\/h4> <div class=\"detail\"> <span class=\"lieu\">L'Impro, Toulouse<\/span><!-- \/.lieu --> - <span   class=\"heure\"><\/span><!-- \/.heure --><br> <span class=\"extrait\"><\/span><!-- \/.extrait --><br> <\/div>\t<!-- \/.detail --> <\/div> <!-- \/.contenu-date --><\/li><li class=\"eo-event-venue-le-magneto eo-event-cat-fabien-duscombs eo-event-cat-le-tigre-des-platanes eo-event-cat-marc-demereau eo-event-cat-piero-pepin eo-event-past eo-all-day\"><div class=\"date\"> <div class=\"jour\"> 01<\/div> <div class=\"mois\">Nov<\/div> <div class=\"annee\">2018<\/div> <\/div> <div class=\"contenu-date\"> <h4 class=\"titre\">Le Tigre des Platanes - <\/h4> <div class=\"detail\"> <span class=\"lieu\">Le Magn\u00e9to, Bayonne<\/span><!-- \/.lieu --> - <span   class=\"heure\"><\/span><!-- \/.heure --><br> <span class=\"extrait\"><\/span><!-- \/.extrait --><br> <\/div>\t<!-- \/.detail --> <\/div> <!-- \/.contenu-date --><\/li><li class=\"eo-event-venue-celtic-pub eo-event-cat-fabien-duscombs eo-event-cat-le-tigre-des-platanes eo-event-cat-marc-demereau eo-event-cat-piero-pepin eo-event-past\"><div class=\"date\"> <div class=\"jour\"> 29 <\/div> <div class=\"mois\">Oct <\/div> <div class=\"annee\">2018 <\/div> <\/div> <div class=\"contenu-date\"> <h4 class=\"titre\">Le Tigre des Platanes - <\/h4> <div class=\"detail\"> <span class=\"lieu\">Le Celtic Pub, Tarbes<\/span><!-- \/.lieu --> - <span   class=\"heure\"> 20:00<\/span><!-- \/.heure --><br> <span class=\"extrait\"><a href=\"http:\/\/www.celticpub.fr\/la-prog\/action~month\/exact_date~1538344800\/request_format~json\/?ai1ec_source=undefined\/#event|le-tigre-des-platanes-2|1866\" target=\"_blank\" title=\"+ d'infos\" alt=\"+ d'infos\"><i class=\"fa fa-plus-square\"><\/i><\/a> <a href=\"https:\/\/www.facebook.com\/events\/2255759244688830\/\" target=\"_blank\" title=\"\u00e9v\u00e9nement facebook\" alt=\"\u00e9v\u00e9nement facebook\"><i class=\"fa fa-facebook\"><\/i><\/a><\/span><!-- \/.extrait --><br> <\/div>\t<!-- \/.detail --> <\/div> <!-- \/.contenu-date --><\/li><li class=\"eo-event-venue-cafe-le-bouche-a-oreille eo-event-cat-fabien-duscombs eo-event-cat-le-tigre-des-platanes eo-event-cat-marc-demereau eo-event-cat-piero-pepin eo-event-past eo-all-day\"><div class=\"date\"> <div class=\"jour\"> 11<\/div> <div class=\"mois\">Aug<\/div> <div class=\"annee\">2018<\/div> <\/div> <div class=\"contenu-date\"> <h4 class=\"titre\">Le Tigre des Platanes - <\/h4> <div class=\"detail\"> <span class=\"lieu\">Le Bouche \u00e0 Oreille, Simorre (32)<\/span><!-- \/.lieu --> - <span   class=\"heure\"><\/span><!-- \/.heure --><br> <span class=\"extrait\"><a href=\"https:\/\/www.facebook.com\/events\/1667642739984879\/\" target=\"_blank\" title=\"\u00e9v\u00e9nement facebook\" alt=\"\u00e9v\u00e9nement facebook\"><i class=\"fa fa-facebook\"><\/i><\/a><\/span><!-- \/.extrait --><br> <\/div>\t<!-- \/.detail --> <\/div> <!-- \/.contenu-date --><\/li><li class=\"eo-event-venue-jardin-loubet-de-sceaury eo-event-cat-fabien-duscombs eo-event-cat-le-tigre-des-platanes eo-event-cat-marc-demereau eo-event-cat-piero-pepin eo-event-past eo-all-day\"><div class=\"date\"> <div class=\"jour\"> 14<\/div> <div class=\"mois\">Jul<\/div> <div class=\"annee\">2018<\/div> <\/div> <div class=\"contenu-date\"> <h4 class=\"titre\">Le Tigre des Platanes - <\/h4> <div class=\"detail\"> <span class=\"lieu\">Jardin Loubet de Sceaury, Plan\u00e8zes (66)<\/span><!-- \/.lieu --> - <span   class=\"heure\"><\/span><!-- \/.heure --><br> <span class=\"extrait\"><b>Les musicales de l'Agly<\/b><\/span><!-- \/.extrait --><br> <\/div>\t<!-- \/.detail --> <\/div> <!-- \/.contenu-date --><\/li><li class=\"eo-event-venue-cafe-plum eo-event-cat-fabien-duscombs eo-event-cat-le-tigre-des-platanes eo-event-cat-marc-demereau eo-event-cat-piero-pepin eo-event-past eo-all-day\"><div class=\"date\"> <div class=\"jour\"> 26<\/div> <div class=\"mois\">May<\/div> <div class=\"annee\">2018<\/div> <\/div> <div class=\"contenu-date\"> <h4 class=\"titre\">Le Tigre des Platanes - <\/h4> <div class=\"detail\"> <span class=\"lieu\">Caf\u00e9 Pl\u00f9m, Lautrec<\/span><!-- \/.lieu --> - <span   class=\"heure\"><\/span><!-- \/.heure --><br> <span class=\"extrait\"><\/span><!-- \/.extrait --><br> <\/div>\t<!-- \/.detail --> <\/div> <!-- \/.contenu-date --><\/li><li class=\"eo-event-venue-lhubert eo-event-cat-fabien-duscombs eo-event-cat-le-tigre-des-platanes eo-event-cat-marc-demereau eo-event-cat-piero-pepin eo-event-past eo-all-day\"><div class=\"date\"> <div class=\"jour\"> 12<\/div> <div class=\"mois\">May<\/div> <div class=\"annee\">2018<\/div> <\/div> <div class=\"contenu-date\"> <h4 class=\"titre\">Le Tigre des Platanes - <\/h4> <div class=\"detail\"> <span class=\"lieu\">L'Hubert, Graulhet (81)<\/span><!-- \/.lieu --> - <span   class=\"heure\"><\/span><!-- \/.heure --><br> <span class=\"extrait\"><\/span><!-- \/.extrait --><br> <\/div>\t<!-- \/.detail --> <\/div> <!-- \/.contenu-date --><\/li><li class=\"eo-event-venue-foyer-rural eo-event-cat-fabien-duscombs eo-event-cat-le-tigre-des-platanes eo-event-cat-marc-demereau eo-event-cat-piero-pepin eo-event-past eo-all-day\"><div class=\"date\"> <div class=\"jour\"> 01<\/div> <div class=\"mois\">Jul<\/div> <div class=\"annee\">2017<\/div> <\/div> <div class=\"contenu-date\"> <h4 class=\"titre\">Le Tigre des Platanes - <\/h4> <div class=\"detail\"> <span class=\"lieu\">Foyer Rural, Odos (65)<\/span><!-- \/.lieu --> - <span   class=\"heure\"><\/span><!-- \/.heure --><br> <span class=\"extrait\"><strong>Odos Arts Festival #1<\/strong> <a href=\"https:\/\/www.facebook.com\/Odos-Arts-Festival-504983076556010\/\" target=\"_blank\" title=\"\u00e9v\u00e9nement facebook\" alt=\"\u00e9v\u00e9nement facebook \"><i class=\"fa fa-facebook\"><\/i><\/a><\/span><!-- \/.extrait --><br> <\/div>\t<!-- \/.detail --> <\/div> <!-- \/.contenu-date --><\/li><li class=\"eo-event-venue-samba-resille eo-event-cat-fabien-duscombs eo-event-cat-le-tigre-des-platanes eo-event-cat-marc-demereau eo-event-cat-piero-pepin eo-event-past\"><div class=\"date\"> <div class=\"jour\"> 01 <\/div> <div class=\"mois\">Dec <\/div> <div class=\"annee\">2016 <\/div> <\/div> <div class=\"contenu-date\"> <h4 class=\"titre\">Le Tigre des Platanes invite Imbert Imbert - <\/h4> <div class=\"detail\"> <span class=\"lieu\">Samba R\u00e9sille, Toulouse<\/span><!-- \/.lieu --> - <span   class=\"heure\"> 21:00<\/span><!-- \/.heure --><br> <span class=\"extrait\">avec Mandala Bouge &nbsp; <a href=\"http:\/\/www.mandalabouge.com\/wp\/le-tigre-des-platanes-2\/\" target=\"_blank\" title=\"Mandala Bouge\" alt=\"Mandala Bouge\"><i class=\"fa fa-plus-square\"><\/i><\/a> <a href=\"https:\/\/www.facebook.com\/events\/203762626733079\/\" target=\"_blank\" title=\"\u00c9v\u00e9nement facebook\" alt=\"\u00c9v\u00e9nement facebook\"><i class=\"fa fa-facebook\"><\/i><\/a>\r\n<\/span><!-- \/.extrait --><br> <\/div>\t<!-- \/.detail --> <\/div> <!-- \/.contenu-date --><\/li><li class=\"eo-event-venue-castelnaudary eo-event-cat-fabien-duscombs eo-event-cat-le-tigre-des-platanes eo-event-cat-marc-demereau eo-event-cat-piero-pepin eo-event-past\"><div class=\"date\"> <div class=\"jour\"> 10 <\/div> <div class=\"mois\">Aug <\/div> <div class=\"annee\">2016 <\/div> <\/div> <div class=\"contenu-date\"> <h4 class=\"titre\">Le Tigre des Platanes invite Imbert Imbert - <\/h4> <div class=\"detail\"> <span class=\"lieu\">Castelnaudary, Castelnaudary<\/span><!-- \/.lieu --> - <span   class=\"heure\"> 21:00<\/span><!-- \/.heure --><br> <span class=\"extrait\">Concert exceptionnel du Tigre avec Imbert Imbert \u00e0 la contrebasse &#45; dans le cadre du Festival Jazz in Cyb\u00e8le<\/span><!-- \/.extrait --><br> <\/div>\t<!-- \/.detail --> <\/div> <!-- \/.contenu-date --><\/li><li class=\"eo-event-venue-libere-familier eo-event-cat-fabien-duscombs eo-event-cat-le-tigre-des-platanes eo-event-cat-marc-demereau eo-event-cat-mathieu-sourisseau eo-event-cat-piero-pepin eo-event-past eo-all-day\"><div class=\"date\"> <div class=\"jour\"> 17<\/div> <div class=\"mois\">Jun<\/div> <div class=\"annee\">2016<\/div> <\/div> <div class=\"contenu-date\"> <h4 class=\"titre\">Le Tigre des Platanes - <\/h4> <div class=\"detail\"> <span class=\"lieu\">L'Ib\u00e8re Familier, Graulhet<\/span><!-- \/.lieu --> - <span   class=\"heure\"><\/span><!-- \/.heure --><br> <span class=\"extrait\"><\/span><!-- \/.extrait --><br> <\/div>\t<!-- \/.detail --> <\/div> <!-- \/.contenu-date --><\/li><li class=\"eo-event-venue-celtic-pub eo-event-cat-fabien-duscombs eo-event-cat-le-tigre-des-platanes eo-event-cat-marc-demereau eo-event-cat-mathieu-sourisseau eo-event-cat-piero-pepin eo-event-past eo-all-day\"><div class=\"date\"> <div class=\"jour\"> 16<\/div> <div class=\"mois\">Jun<\/div> <div class=\"annee\">2016<\/div> <\/div> <div class=\"contenu-date\"> <h4 class=\"titre\">Le Tigre des Platanes - <\/h4> <div class=\"detail\"> <span class=\"lieu\">Le Celtic Pub, Tarbes<\/span><!-- \/.lieu --> - <span   class=\"heure\"><\/span><!-- \/.heure --><br> <span class=\"extrait\"><\/span><!-- \/.extrait --><br> <\/div>\t<!-- \/.detail --> <\/div> <!-- \/.contenu-date --><\/li><\/ul><\/div><\/div><\/div><div id=\"pgc-6187-6-2\"  class=\"panel-grid-cell panel-grid-cell-empty\" ><\/div><\/div><\/div>","protected":false},"excerpt":{"rendered":"<p>Agenda Le Tigre des Platanes<\/p>\n","protected":false},"author":1,"featured_media":0,"parent":67,"menu_order":0,"comment_status":"closed","ping_status":"closed","template":"page-templates\/full-width.php","meta":{"om_disable_all_campaigns":false,"_monsterinsights_skip_tracking":false,"_monsterinsights_sitenote_active":false,"_monsterinsights_sitenote_note":"","_monsterinsights_sitenote_category":0,"_uf_show_specific_survey":0,"_uf_disable_surveys":false,"footnotes":""},"categories":[],"tags":[],"class_list":["post-6187","page","type-page","status-publish","hentry"],"aioseo_notices":[],"yoast_head":"<!-- This site is optimized with the Yoast SEO plugin v27.4 - https:\/\/yoast.com\/product\/yoast-seo-wordpress\/ -->\n<title>Agenda - Le Tigre des Platanes | Freddy Morezon<\/title>\n<meta name=\"robots\" content=\"index, follow, max-snippet:-1, max-image-preview:large, max-video-preview:-1\" \/>\n<link rel=\"canonical\" href=\"https:\/\/freddymorezon.org\/productions\/le-tigre-des-platanes\/agenda-le-tigre-des-platanes\/\" \/>\n<meta property=\"og:locale\" content=\"en_US\" \/>\n<meta property=\"og:type\" content=\"article\" \/>\n<meta property=\"og:title\" content=\"Agenda - Le Tigre des Platanes | Freddy Morezon\" \/>\n<meta property=\"og:description\" content=\"Agenda Le Tigre des Platanes\" \/>\n<meta property=\"og:url\" content=\"https:\/\/freddymorezon.org\/productions\/le-tigre-des-platanes\/agenda-le-tigre-des-platanes\/\" \/>\n<meta property=\"og:site_name\" content=\"Freddy Morezon\" \/>\n<meta property=\"article:publisher\" content=\"https:\/\/www.facebook.com\/freddy.morezon\/\" \/>\n<meta property=\"article:modified_time\" content=\"2025-06-10T09:55:00+00:00\" \/>\n<meta property=\"og:image\" content=\"https:\/\/freddymorezon.org\/wp-content\/uploads\/2016\/02\/mini-logo-header-site2.jpg\" \/>\n\t<meta property=\"og:image:width\" content=\"234\" \/>\n\t<meta property=\"og:image:height\" content=\"174\" \/>\n\t<meta property=\"og:image:type\" content=\"image\/jpeg\" \/>\n<meta name=\"twitter:card\" content=\"summary_large_image\" \/>\n<script type=\"application\/ld+json\" class=\"yoast-schema-graph\">{\"@context\":\"https:\\\/\\\/schema.org\",\"@graph\":[{\"@type\":\"WebPage\",\"@id\":\"https:\\\/\\\/freddymorezon.org\\\/productions\\\/le-tigre-des-platanes\\\/agenda-le-tigre-des-platanes\\\/\",\"url\":\"https:\\\/\\\/freddymorezon.org\\\/productions\\\/le-tigre-des-platanes\\\/agenda-le-tigre-des-platanes\\\/\",\"name\":\"Agenda - Le Tigre des Platanes | Freddy Morezon\",\"isPartOf\":{\"@id\":\"https:\\\/\\\/freddymorezon.org\\\/#website\"},\"datePublished\":\"2018-10-25T13:09:23+00:00\",\"dateModified\":\"2025-06-10T09:55:00+00:00\",\"breadcrumb\":{\"@id\":\"https:\\\/\\\/freddymorezon.org\\\/productions\\\/le-tigre-des-platanes\\\/agenda-le-tigre-des-platanes\\\/#breadcrumb\"},\"inLanguage\":\"en-US\",\"potentialAction\":[{\"@type\":\"ReadAction\",\"target\":[\"https:\\\/\\\/freddymorezon.org\\\/productions\\\/le-tigre-des-platanes\\\/agenda-le-tigre-des-platanes\\\/\"]}]},{\"@type\":\"BreadcrumbList\",\"@id\":\"https:\\\/\\\/freddymorezon.org\\\/productions\\\/le-tigre-des-platanes\\\/agenda-le-tigre-des-platanes\\\/#breadcrumb\",\"itemListElement\":[{\"@type\":\"ListItem\",\"position\":1,\"name\":\"Accueil\",\"item\":\"https:\\\/\\\/freddymorezon.org\\\/\"},{\"@type\":\"ListItem\",\"position\":2,\"name\":\"Productions\",\"item\":\"https:\\\/\\\/freddymorezon.org\\\/productions\\\/\"},{\"@type\":\"ListItem\",\"position\":3,\"name\":\"Le Tigre des Platanes\",\"item\":\"https:\\\/\\\/freddymorezon.org\\\/productions\\\/le-tigre-des-platanes\\\/\"},{\"@type\":\"ListItem\",\"position\":4,\"name\":\"Agenda &#8211; Le Tigre des Platanes\"}]},{\"@type\":\"WebSite\",\"@id\":\"https:\\\/\\\/freddymorezon.org\\\/#website\",\"url\":\"https:\\\/\\\/freddymorezon.org\\\/\",\"name\":\"Freddy Morezon\",\"description\":\"jazz - musique improvis\u00e9e - esth\u00e9tiques plurielles\",\"publisher\":{\"@id\":\"https:\\\/\\\/freddymorezon.org\\\/#organization\"},\"potentialAction\":[{\"@type\":\"SearchAction\",\"target\":{\"@type\":\"EntryPoint\",\"urlTemplate\":\"https:\\\/\\\/freddymorezon.org\\\/?s={search_term_string}\"},\"query-input\":{\"@type\":\"PropertyValueSpecification\",\"valueRequired\":true,\"valueName\":\"search_term_string\"}}],\"inLanguage\":\"en-US\"},{\"@type\":\"Organization\",\"@id\":\"https:\\\/\\\/freddymorezon.org\\\/#organization\",\"name\":\"Association Freddy Morezon\",\"url\":\"https:\\\/\\\/freddymorezon.org\\\/\",\"logo\":{\"@type\":\"ImageObject\",\"inLanguage\":\"en-US\",\"@id\":\"https:\\\/\\\/freddymorezon.org\\\/#\\\/schema\\\/logo\\\/image\\\/\",\"url\":\"https:\\\/\\\/freddymorezon.org\\\/wp-content\\\/uploads\\\/2016\\\/02\\\/mini-logo-header-site2.jpg\",\"contentUrl\":\"https:\\\/\\\/freddymorezon.org\\\/wp-content\\\/uploads\\\/2016\\\/02\\\/mini-logo-header-site2.jpg\",\"width\":234,\"height\":174,\"caption\":\"Association Freddy Morezon\"},\"image\":{\"@id\":\"https:\\\/\\\/freddymorezon.org\\\/#\\\/schema\\\/logo\\\/image\\\/\"},\"sameAs\":[\"https:\\\/\\\/www.facebook.com\\\/freddy.morezon\\\/\",\"https:\\\/\\\/www.instagram.com\\\/freddymorezon\\\/\",\"https:\\\/\\\/www.youtube.com\\\/user\\\/freddymorezon\",\"https:\\\/\\\/fr.linkedin.com\\\/company\\\/freddy-morezon-p.r.o.d.\"]}]}<\/script>\n<!-- \/ Yoast SEO plugin. -->","yoast_head_json":{"title":"Agenda - Le Tigre des Platanes | Freddy Morezon","robots":{"index":"index","follow":"follow","max-snippet":"max-snippet:-1","max-image-preview":"max-image-preview:large","max-video-preview":"max-video-preview:-1"},"canonical":"https:\/\/freddymorezon.org\/productions\/le-tigre-des-platanes\/agenda-le-tigre-des-platanes\/","og_locale":"en_US","og_type":"article","og_title":"Agenda - Le Tigre des Platanes | Freddy Morezon","og_description":"Agenda Le Tigre des Platanes","og_url":"https:\/\/freddymorezon.org\/productions\/le-tigre-des-platanes\/agenda-le-tigre-des-platanes\/","og_site_name":"Freddy Morezon","article_publisher":"https:\/\/www.facebook.com\/freddy.morezon\/","article_modified_time":"2025-06-10T09:55:00+00:00","og_image":[{"width":234,"height":174,"url":"https:\/\/freddymorezon.org\/wp-content\/uploads\/2016\/02\/mini-logo-header-site2.jpg","type":"image\/jpeg"}],"twitter_card":"summary_large_image","schema":{"@context":"https:\/\/schema.org","@graph":[{"@type":"WebPage","@id":"https:\/\/freddymorezon.org\/productions\/le-tigre-des-platanes\/agenda-le-tigre-des-platanes\/","url":"https:\/\/freddymorezon.org\/productions\/le-tigre-des-platanes\/agenda-le-tigre-des-platanes\/","name":"Agenda - Le Tigre des Platanes | Freddy Morezon","isPartOf":{"@id":"https:\/\/freddymorezon.org\/#website"},"datePublished":"2018-10-25T13:09:23+00:00","dateModified":"2025-06-10T09:55:00+00:00","breadcrumb":{"@id":"https:\/\/freddymorezon.org\/productions\/le-tigre-des-platanes\/agenda-le-tigre-des-platanes\/#breadcrumb"},"inLanguage":"en-US","potentialAction":[{"@type":"ReadAction","target":["https:\/\/freddymorezon.org\/productions\/le-tigre-des-platanes\/agenda-le-tigre-des-platanes\/"]}]},{"@type":"BreadcrumbList","@id":"https:\/\/freddymorezon.org\/productions\/le-tigre-des-platanes\/agenda-le-tigre-des-platanes\/#breadcrumb","itemListElement":[{"@type":"ListItem","position":1,"name":"Accueil","item":"https:\/\/freddymorezon.org\/"},{"@type":"ListItem","position":2,"name":"Productions","item":"https:\/\/freddymorezon.org\/productions\/"},{"@type":"ListItem","position":3,"name":"Le Tigre des Platanes","item":"https:\/\/freddymorezon.org\/productions\/le-tigre-des-platanes\/"},{"@type":"ListItem","position":4,"name":"Agenda &#8211; Le Tigre des Platanes"}]},{"@type":"WebSite","@id":"https:\/\/freddymorezon.org\/#website","url":"https:\/\/freddymorezon.org\/","name":"Freddy Morezon","description":"jazz - musique improvis\u00e9e - esth\u00e9tiques plurielles","publisher":{"@id":"https:\/\/freddymorezon.org\/#organization"},"potentialAction":[{"@type":"SearchAction","target":{"@type":"EntryPoint","urlTemplate":"https:\/\/freddymorezon.org\/?s={search_term_string}"},"query-input":{"@type":"PropertyValueSpecification","valueRequired":true,"valueName":"search_term_string"}}],"inLanguage":"en-US"},{"@type":"Organization","@id":"https:\/\/freddymorezon.org\/#organization","name":"Association Freddy Morezon","url":"https:\/\/freddymorezon.org\/","logo":{"@type":"ImageObject","inLanguage":"en-US","@id":"https:\/\/freddymorezon.org\/#\/schema\/logo\/image\/","url":"https:\/\/freddymorezon.org\/wp-content\/uploads\/2016\/02\/mini-logo-header-site2.jpg","contentUrl":"https:\/\/freddymorezon.org\/wp-content\/uploads\/2016\/02\/mini-logo-header-site2.jpg","width":234,"height":174,"caption":"Association Freddy Morezon"},"image":{"@id":"https:\/\/freddymorezon.org\/#\/schema\/logo\/image\/"},"sameAs":["https:\/\/www.facebook.com\/freddy.morezon\/","https:\/\/www.instagram.com\/freddymorezon\/","https:\/\/www.youtube.com\/user\/freddymorezon","https:\/\/fr.linkedin.com\/company\/freddy-morezon-p.r.o.d."]}]}},"_links":{"self":[{"href":"https:\/\/freddymorezon.org\/en\/wp-json\/wp\/v2\/pages\/6187","targetHints":{"allow":["GET"]}}],"collection":[{"href":"https:\/\/freddymorezon.org\/en\/wp-json\/wp\/v2\/pages"}],"about":[{"href":"https:\/\/freddymorezon.org\/en\/wp-json\/wp\/v2\/types\/page"}],"author":[{"embeddable":true,"href":"https:\/\/freddymorezon.org\/en\/wp-json\/wp\/v2\/users\/1"}],"replies":[{"embeddable":true,"href":"https:\/\/freddymorezon.org\/en\/wp-json\/wp\/v2\/comments?post=6187"}],"version-history":[{"count":20,"href":"https:\/\/freddymorezon.org\/en\/wp-json\/wp\/v2\/pages\/6187\/revisions"}],"predecessor-version":[{"id":23142,"href":"https:\/\/freddymorezon.org\/en\/wp-json\/wp\/v2\/pages\/6187\/revisions\/23142"}],"up":[{"embeddable":true,"href":"https:\/\/freddymorezon.org\/en\/wp-json\/wp\/v2\/pages\/67"}],"wp:attachment":[{"href":"https:\/\/freddymorezon.org\/en\/wp-json\/wp\/v2\/media?parent=6187"}],"wp:term":[{"taxonomy":"category","embeddable":true,"href":"https:\/\/freddymorezon.org\/en\/wp-json\/wp\/v2\/categories?post=6187"},{"taxonomy":"post_tag","embeddable":true,"href":"https:\/\/freddymorezon.org\/en\/wp-json\/wp\/v2\/tags?post=6187"}],"curies":[{"name":"wp","href":"https:\/\/api.w.org\/{rel}","templated":true}]}}